{"id":91907,"date":"2026-01-29T13:46:51","date_gmt":"2026-01-29T12:46:51","guid":{"rendered":"https:\/\/www.gb-mediensysteme.de\/events\/fairs-2\/"},"modified":"2026-08-26T12:51:59","modified_gmt":"2026-08-26T10:51:59","slug":"fairs","status":"publish","type":"page","link":"https:\/\/www.gb-mediensysteme.de\/en\/events\/fairs\/","title":{"rendered":"Fairs"},"content":{"rendered":"<p><div class=\"fusion-fullwidth fullwidth-box fusion-builder-row-1 fusion-flex-container has-pattern-background has-mask-background fusion-parallax-none nonhundred-percent-fullwidth non-hundred-percent-height-scrolling headerMinHeightStart headerMinHeightSubsite backgroundContain \" style=\"--awb-border-radius-top-left:0px;--awb-border-radius-top-right:0px;--awb-border-radius-bottom-right:0px;--awb-border-radius-bottom-left:0px;--awb-background-image:url(&quot;https:\/\/www.gb-mediensysteme.de\/wp-content\/uploads\/2026\/07\/sonnen-smarter-e-header-1.jpg&quot;);--awb-background-size:cover;--awb-flex-wrap:wrap;\" ><div class=\"fusion-builder-row fusion-row fusion-flex-align-items-flex-start fusion-flex-content-wrap\" style=\"max-width:1406.08px;margin-left: calc(-4% \/ 2 );margin-right: calc(-4% \/ 2 );\"><div class=\"fusion-layout-column fusion_builder_column fusion-builder-column-0 fusion_builder_column_1_1 1_1 fusion-flex-column fusion-flex-align-self-flex-end blauerStrich keinStrich\" style=\"--awb-bg-size:cover;--awb-width-large:100%;--awb-margin-top-large:0px;--awb-spacing-right-large:1.92%;--awb-margin-bottom-large:5vh;--awb-spacing-left-large:1.92%;--awb-width-medium:100%;--awb-order-medium:0;--awb-spacing-right-medium:1.92%;--awb-spacing-left-medium:1.92%;--awb-width-small:100%;--awb-order-small:0;--awb-spacing-right-small:1.92%;--awb-spacing-left-small:1.92%;\"><div class=\"fusion-column-wrapper fusion-column-has-shadow fusion-flex-justify-content-flex-end fusion-content-layout-column\"><nav class=\"fusion-breadcrumbs fusion-no-small-visibility awb-rankmath-breadcrumbs fusion-breadcrumbs-1 sm1-breadcrumb-bottom\" style=\"--awb-breadcrumb-sep:&#039;&gt;&#039;;\" aria-label=\"Breadcrumb\"><ol class=\"awb-breadcrumb-list\"><li class=\"fusion-breadcrumb-item awb-breadcrumb-sep awb-home\" ><a href=\"https:\/\/www.gb-mediensysteme.de\/en\/\" class=\"fusion-breadcrumb-link\"><span >Home<\/span><\/a><\/li><\/ol><\/nav><\/div><\/div><\/div><\/div><div class=\"fusion-fullwidth fullwidth-box fusion-builder-row-2 fusion-flex-container hundred-percent-fullwidth non-hundred-percent-height-scrolling secondaryBackground\" style=\"--awb-border-radius-top-left:0px;--awb-border-radius-top-right:0px;--awb-border-radius-bottom-right:0px;--awb-border-radius-bottom-left:0px;--awb-padding-top:0px;--awb-padding-bottom:3vh;--awb-flex-wrap:wrap;\" ><div class=\"fusion-builder-row fusion-row fusion-flex-align-items-flex-start fusion-flex-content-wrap\" style=\"width:104% !important;max-width:104% !important;margin-left: calc(-4% \/ 2 );margin-right: calc(-4% \/ 2 );\"><div class=\"fusion-layout-column fusion_builder_column fusion-builder-column-1 fusion_builder_column_1_1 1_1 fusion-flex-column\" style=\"--awb-padding-top:5vh;--awb-padding-bottom:0px;--awb-bg-size:cover;--awb-width-large:100%;--awb-margin-top-large:0px;--awb-spacing-right-large:1.92%;--awb-margin-bottom-large:0px;--awb-spacing-left-large:1.92%;--awb-width-medium:100%;--awb-order-medium:0;--awb-spacing-right-medium:1.92%;--awb-spacing-left-medium:1.92%;--awb-width-small:100%;--awb-order-small:0;--awb-spacing-right-small:1.92%;--awb-spacing-left-small:1.92%;\"><div class=\"fusion-column-wrapper fusion-column-has-shadow fusion-flex-justify-content-flex-start fusion-content-layout-column\"><div class=\"fusion-counters-box counters-box row fusion-clearfix fusion-columns-3 bold paddingCounter\" style=\"--awb-body-color:#001c31;--awb-body-size:28;--awb-border-color:rgba(46,49,58,0);--awb-color:#0094d5;--awb-border-color:rgba(46,49,58,0);\"><div class=\"fusion-counter-box fusion-column col-counter-box counter-box-wrapper col-lg-4 col-md-4 col-sm-4\" data-animationOffset=\"top-into-view\"><div class=\"counter-box-container\"><div class=\"content-box-percentage content-box-counter\"><i class=\"counter-box-icon fontawesome-icon fa-plus fas\" aria-hidden=\"true\"><\/i><span class=\"display-counter\" data-value=\"59.000\" data-direction=\"up\" data-decimals=\"3\">0<\/span><\/div><div class=\"counter-box-content\">Trade fair appearances realised<\/div><\/div><\/div><div class=\"fusion-counter-box fusion-column col-counter-box counter-box-wrapper col-lg-4 col-md-4 col-sm-4\" data-animationOffset=\"top-into-view\"><div class=\"counter-box-container\"><div class=\"content-box-percentage content-box-counter\"><i class=\"counter-box-icon fontawesome-icon fa-plus fas\" aria-hidden=\"true\"><\/i><span class=\"display-counter\" data-value=\"7.500\" data-direction=\"up\" data-decimals=\"3\">0<\/span><\/div><div class=\"counter-box-content\">digital &amp; hybrid events<\/div><\/div><\/div><div class=\"fusion-counter-box fusion-column col-counter-box counter-box-wrapper col-lg-4 col-md-4 col-sm-4\" data-animationOffset=\"top-into-view\"><div class=\"counter-box-container\"><div class=\"content-box-percentage content-box-counter\"><i class=\"counter-box-icon fontawesome-icon fa-plus fas\" aria-hidden=\"true\"><\/i><span class=\"display-counter\" data-value=\"180.000\" data-direction=\"up\" data-decimals=\"3\">0<\/span><\/div><div class=\"counter-box-content\">Events &amp; Experiences<\/div><\/div><\/div><\/div><\/div><\/div><\/div><\/div><div class=\"fusion-fullwidth fullwidth-box fusion-builder-row-3 fusion-flex-container has-pattern-background has-mask-background nonhundred-percent-fullwidth non-hundred-percent-height-scrolling\" style=\"--awb-border-radius-top-left:0px;--awb-border-radius-top-right:0px;--awb-border-radius-bottom-right:0px;--awb-border-radius-bottom-left:0px;--awb-padding-top:8vh;--awb-padding-bottom:0px;--awb-background-color:var(--awb-color2);--awb-flex-wrap:wrap;\" ><div class=\"fusion-builder-row fusion-row fusion-flex-align-items-flex-start fusion-flex-content-wrap\" style=\"max-width:1406.08px;margin-left: calc(-4% \/ 2 );margin-right: calc(-4% \/ 2 );\"><div class=\"fusion-layout-column fusion_builder_column fusion-builder-column-2 fusion_builder_column_1_1 1_1 fusion-flex-column width100\" style=\"--awb-padding-top:2vh;--awb-padding-top-medium:5vh;--awb-padding-top-small:5vh;--awb-bg-size:cover;--awb-width-large:100%;--awb-margin-top-large:0px;--awb-spacing-right-large:1.92%;--awb-margin-bottom-large:5vh;--awb-spacing-left-large:1.92%;--awb-width-medium:100%;--awb-order-medium:0;--awb-spacing-right-medium:1.92%;--awb-spacing-left-medium:1.92%;--awb-width-small:100%;--awb-order-small:0;--awb-spacing-right-small:1.92%;--awb-spacing-left-small:1.92%;\"><div class=\"fusion-column-wrapper fusion-column-has-shadow fusion-flex-justify-content-flex-start fusion-content-layout-column\"><div class=\"fusion-title title fusion-title-1 fusion-sep-none fusion-title-text fusion-title-size-one\" style=\"--awb-margin-top:0px;--awb-margin-top-small:0px;--awb-margin-right-small:0px;--awb-margin-bottom-small:2vh;--awb-margin-left-small:0px;\"><h1 class=\"fusion-title-heading title-heading-left fusion-responsive-typography-calculated\" style=\"margin:0;--fontSize:52.8;line-height:1.1;\">High-quality exhibition technology for your stand<\/h1><\/div><div class=\"fusion-text fusion-text-1\"><p>High-quality exhibition technology for your stand design is our passion. We design exhibition stands that make a strong impact. Thanks to our many years of experience, we can always offer you a tailor-made media technology solution. Convey your message and captivate exhibition visitors.<\/p>\n<\/div><\/div><\/div><\/div><\/div><div class=\"fusion-fullwidth fullwidth-box fusion-builder-row-4 fusion-flex-container has-pattern-background has-mask-background hundred-percent-fullwidth non-hundred-percent-height-scrolling\" style=\"--awb-border-radius-top-left:0px;--awb-border-radius-top-right:0px;--awb-border-radius-bottom-right:0px;--awb-border-radius-bottom-left:0px;--awb-padding-top:0px;--awb-padding-right:0px;--awb-padding-bottom:0px;--awb-padding-left:0px;--awb-flex-wrap:wrap;\" ><div class=\"fusion-builder-row fusion-row fusion-flex-align-items-flex-start fusion-flex-content-wrap\" style=\"width:104% !important;max-width:104% !important;margin-left: calc(-4% \/ 2 );margin-right: calc(-4% \/ 2 );\"><div class=\"fusion-layout-column fusion_builder_column fusion-builder-column-3 fusion_builder_column_1_1 1_1 fusion-flex-column\" style=\"--awb-padding-top:0px;--awb-padding-right:0px;--awb-padding-left:0px;--awb-bg-size:cover;--awb-width-large:100%;--awb-margin-top-large:0px;--awb-spacing-right-large:1.92%;--awb-margin-bottom-large:0px;--awb-spacing-left-large:1.92%;--awb-width-medium:100%;--awb-order-medium:0;--awb-spacing-right-medium:1.92%;--awb-spacing-left-medium:1.92%;--awb-width-small:100%;--awb-order-small:0;--awb-spacing-right-small:1.92%;--awb-spacing-left-small:1.92%;\"><div class=\"fusion-column-wrapper fusion-column-has-shadow fusion-flex-justify-content-flex-start fusion-content-layout-column\"><div class=\"fusion-image-element\" style=\"text-align:center;--awb-aspect-ratio:16 \/ 9;--awb-object-position:49% 39%;--awb-caption-title-font-family:var(--h2_typography-font-family);--awb-caption-title-font-weight:var(--h2_typography-font-weight);--awb-caption-title-font-style:var(--h2_typography-font-style);--awb-caption-title-size:var(--h2_typography-font-size);--awb-caption-title-transform:var(--h2_typography-text-transform);--awb-caption-title-line-height:var(--h2_typography-line-height);--awb-caption-title-letter-spacing:var(--h2_typography-letter-spacing);\"><span class=\" fusion-imageframe imageframe-none imageframe-1 hover-type-none has-aspect-ratio\"><img decoding=\"async\" width=\"3000\" height=\"2000\" alt=\"Messestand Sonnen - Intersolar 2023\" title=\"Messestand Sonnen &#8211; Intersolar 2023\" src=\"https:\/\/www.gb-mediensysteme.de\/wp-content\/uploads\/2026\/02\/MB161139-Sonnen-Intersolar-2023-1_copyright.jpg\" class=\"img-responsive wp-image-92023 img-with-aspect-ratio\" data-parent-fit=\"cover\" data-parent-container=\".fusion-image-element\" srcset=\"https:\/\/www.gb-mediensysteme.de\/wp-content\/uploads\/2026\/02\/MB161139-Sonnen-Intersolar-2023-1_copyright-200x133.jpg 200w, https:\/\/www.gb-mediensysteme.de\/wp-content\/uploads\/2026\/02\/MB161139-Sonnen-Intersolar-2023-1_copyright-400x267.jpg 400w, https:\/\/www.gb-mediensysteme.de\/wp-content\/uploads\/2026\/02\/MB161139-Sonnen-Intersolar-2023-1_copyright-600x400.jpg 600w, https:\/\/www.gb-mediensysteme.de\/wp-content\/uploads\/2026\/02\/MB161139-Sonnen-Intersolar-2023-1_copyright-800x533.jpg 800w, https:\/\/www.gb-mediensysteme.de\/wp-content\/uploads\/2026\/02\/MB161139-Sonnen-Intersolar-2023-1_copyright-1200x800.jpg 1200w, https:\/\/www.gb-mediensysteme.de\/wp-content\/uploads\/2026\/02\/MB161139-Sonnen-Intersolar-2023-1_copyright.jpg 3000w\" sizes=\"(max-width: 800px) 100vw, (max-width: 640px) 100vw, 3000px\" \/><\/span><\/div><\/div><\/div><\/div><\/div><div class=\"fusion-fullwidth fullwidth-box fusion-builder-row-5 fusion-flex-container has-pattern-background has-mask-background nonhundred-percent-fullwidth non-hundred-percent-height-scrolling\" style=\"--awb-border-radius-top-left:0px;--awb-border-radius-top-right:0px;--awb-border-radius-bottom-right:0px;--awb-border-radius-bottom-left:0px;--awb-flex-wrap:wrap;\" ><div class=\"fusion-builder-row fusion-row fusion-flex-align-items-flex-start fusion-flex-content-wrap\" style=\"max-width:1406.08px;margin-left: calc(-4% \/ 2 );margin-right: calc(-4% \/ 2 );\"><div class=\"fusion-layout-column fusion_builder_column fusion-builder-column-4 fusion_builder_column_1_1 1_1 fusion-flex-column\" style=\"--awb-bg-size:cover;--awb-width-large:100%;--awb-margin-top-large:0px;--awb-spacing-right-large:1.92%;--awb-margin-bottom-large:5vh;--awb-spacing-left-large:1.92%;--awb-width-medium:100%;--awb-order-medium:0;--awb-spacing-right-medium:1.92%;--awb-spacing-left-medium:1.92%;--awb-width-small:100%;--awb-order-small:0;--awb-spacing-right-small:1.92%;--awb-spacing-left-small:1.92%;\"><div class=\"fusion-column-wrapper fusion-column-has-shadow fusion-flex-justify-content-flex-start fusion-content-layout-column\"><div class=\"fusion-title title fusion-title-2 fusion-sep-none fusion-title-text fusion-title-size-two\" style=\"--awb-margin-top:0px;--awb-margin-top-small:0px;--awb-margin-right-small:0px;--awb-margin-bottom-small:2vh;--awb-margin-left-small:0px;--awb-font-size:2.4em;\"><h2 class=\"fusion-title-heading title-heading-left fusion-responsive-typography-calculated\" style=\"margin:0;font-size:1em;--fontSize:38.4;line-height:1.2;\"><strong>A small excerpt of our projects<\/strong><\/h2><\/div><\/div><\/div><div class=\"fusion-layout-column fusion_builder_column fusion-builder-column-5 fusion_builder_column_1_1 1_1 fusion-flex-column\" style=\"--awb-bg-size:cover;--awb-width-large:100%;--awb-margin-top-large:0px;--awb-spacing-right-large:1.92%;--awb-margin-bottom-large:5vh;--awb-spacing-left-large:1.92%;--awb-width-medium:100%;--awb-order-medium:0;--awb-spacing-right-medium:1.92%;--awb-spacing-left-medium:1.92%;--awb-width-small:100%;--awb-order-small:0;--awb-spacing-right-small:1.92%;--awb-spacing-left-small:1.92%;\"><div class=\"fusion-column-wrapper fusion-column-has-shadow fusion-flex-justify-content-flex-start fusion-content-layout-column\"><div class=\"fusion-post-cards fusion-post-cards-1 fusion-no-small-visibility awb-carousel awb-swiper awb-swiper-carousel awb-swiper-dots-position-bottom\" style=\"--awb-arrow-box-width:30px;--awb-arrow-box-height:30px;--awb-column-spacing:20px;--awb-dots-align:center;--awb-columns:3;--awb-active-filter-border-size:3px;--awb-filters-height:36px;\" data-post-type-label=\"portfolio\" data-autoplay=\"no\" data-autoplayspeed=\"2500\" data-autoplaypause=\"no\" data-loop=\"yes\" data-columns=\"3\" data-itemmargin=\"20\" data-itemmargin-medium=\"20\" data-itemmargin-small=\"20\" data-itemwidth=\"180\" data-touchscroll=\"drag\" data-freemode=\"no\" data-imagesize=\"auto\" data-scrollitems=\"0\" data-mousepointer=\"default\" data-layout=\"carousel\" data-centeredslides=\"no\" data-shadow=\"no\" data-speed=\"3200\" data-rotationangle=\"50\" data-depth=\"100\"><div class=\"swiper-wrapper fusion-flex-align-items-stretch\"><div class=\"fusion_builder_column fusion-builder-column-6 fusion-flex-column fusion-animated post-card swiper-slide\" style=\"--awb-bg-color:var(--awb-color2);--awb-bg-color-hover:#d3d3d3;--awb-bg-blend:overlay;--awb-bg-size:cover;--awb-transform:scaleX(1) scaleY(1);--awb-transform-hover:scaleX(1.03) scaleY(1.03);--awb-flex-grow:0;--awb-flex-shrink:0;--awb-flex-grow-medium:;--awb-flex-shrink-medium:;--awb-flex-grow-small:;--awb-flex-shrink-small:;\" data-animationType=\"slideShortInUp\" data-animationDuration=\"0.3\" data-animationOffset=\"top-into-view\" data-scroll-devices=\"small-visibility,medium-visibility,large-visibility\"><div class=\"fusion-column-wrapper fusion-column-has-shadow fusion-flex-justify-content-flex-start fusion-content-layout-column fusion-carousel-item-wrapper\"><div class=\"fusion-image-element\" style=\"--awb-aspect-ratio:4 \/ 3;--awb-caption-title-font-family:var(--h2_typography-font-family);--awb-caption-title-font-weight:var(--h2_typography-font-weight);--awb-caption-title-font-style:var(--h2_typography-font-style);--awb-caption-title-size:var(--h2_typography-font-size);--awb-caption-title-transform:var(--h2_typography-text-transform);--awb-caption-title-line-height:var(--h2_typography-line-height);--awb-caption-title-letter-spacing:var(--h2_typography-letter-spacing);--awb-filter:brightness(100%) contrast(100%);--awb-filter-transition:filter 0.3s ease, -webkit-backdrop-filter 0.3s ease, backdrop-filter 0.3s ease;--awb-filter-hover:brightness(110%) contrast(115%);\"><span class=\" fusion-imageframe imageframe-none imageframe-2 hover-type-zoomin has-aspect-ratio\"><img decoding=\"async\" width=\"558\" height=\"786\" alt=\"G+B Registration f\u00fcr SPIE\" title=\"G+B &#8211; WEBSITEKACHEL &#8211; Spie &#8211; 2026\" src=\"https:\/\/www.gb-mediensysteme.de\/wp-content\/uploads\/2026\/05\/GB-WEBSITEKACHEL-Spie-2026.jpg\" class=\"img-responsive wp-image-95234 img-with-aspect-ratio\" data-parent-fit=\"cover\" data-parent-container=\".fusion-image-element\" srcset=\"https:\/\/www.gb-mediensysteme.de\/wp-content\/uploads\/2026\/05\/GB-WEBSITEKACHEL-Spie-2026-200x282.jpg 200w, https:\/\/www.gb-mediensysteme.de\/wp-content\/uploads\/2026\/05\/GB-WEBSITEKACHEL-Spie-2026-400x563.jpg 400w, https:\/\/www.gb-mediensysteme.de\/wp-content\/uploads\/2026\/05\/GB-WEBSITEKACHEL-Spie-2026.jpg 558w\" sizes=\"(max-width: 800px) 100vw, (max-width: 640px) 100vw, 558px\" \/><\/span><\/div><div class=\"fusion-title title fusion-title-3 fusion-sep-none fusion-title-text fusion-title-size-two\" style=\"--awb-margin-top:15px;--awb-margin-right:20px;--awb-margin-left:20px;--awb-margin-top-small:20px;--awb-margin-right-small:0px;--awb-margin-bottom-small:2vh;--awb-margin-left-small:20px;--awb-font-size:20px;\"><h2 class=\"fusion-title-heading title-heading-left fusion-responsive-typography-calculated\" style=\"font-family:&quot;Ubuntu&quot;;font-style:normal;font-weight:400;margin:0;font-size:1em;--fontSize:20;line-height:1.2;\">SPIE In-House Trade Show 2026<\/h2><\/div><div class=\"fusion-text fusion-text-2\" style=\"--awb-content-alignment:left;--awb-font-size:13px;--awb-margin-right:20px;--awb-margin-left:20px;--awb-text-font-family:&quot;Ubuntu Sans&quot;;--awb-text-font-style:normal;--awb-text-font-weight:300;\"><p>Knowing exactly who is attending the in-house trade show at all times\u2014that was particularly important for this event. With G+B Registration, that\u2019s easy to manage.<\/p>\n<\/div><div class=\"fusion-separator fusion-full-width-sep\" style=\"align-self: center;margin-left: auto;margin-right: auto;flex-grow:1;width:100%;\"><\/div><div style=\"text-align:left;\"><a class=\"fusion-button button-flat fusion-button-default-size button-scheme-0 fusion-button-scheme-0 button-1 fusion-button-default-span fusion-button-default-type\" style=\"--awb-margin-bottom:20px;--awb-margin-left:20px;--button_accent_color:#003167;--button_border_color:#ffffff;--button_accent_hover_color:#ffffff;--button_border_hover_color:#ffffff;--button_gradient_top_color:#ffffff;--button_gradient_bottom_color:#ffffff;--button_gradient_top_color_hover:#003167;--button_gradient_bottom_color_hover:#003167;\" target=\"_self\" data-hover=\"bg_slide_right\" href=\"https:\/\/www.gb-mediensysteme.de\/en\/projekte\/spie-in-house-trade-show-2026\/\"><span class=\"fusion-button-text awb-button__text awb-button__text--default\">View project<\/span><i class=\"fa-angle-right fas awb-button__icon awb-button__icon--default button-icon-right\" aria-hidden=\"true\"><\/i><\/a><\/div><\/div><\/div>\n<div class=\"fusion_builder_column fusion-builder-column-7 fusion-flex-column fusion-animated post-card swiper-slide\" style=\"--awb-bg-color:var(--awb-color2);--awb-bg-color-hover:#d3d3d3;--awb-bg-blend:overlay;--awb-bg-size:cover;--awb-transform:scaleX(1) scaleY(1);--awb-transform-hover:scaleX(1.03) scaleY(1.03);--awb-flex-grow:0;--awb-flex-shrink:0;--awb-flex-grow-medium:;--awb-flex-shrink-medium:;--awb-flex-grow-small:;--awb-flex-shrink-small:;\" data-animationType=\"slideShortInUp\" data-animationDuration=\"0.3\" data-animationOffset=\"top-into-view\" data-scroll-devices=\"small-visibility,medium-visibility,large-visibility\"><div class=\"fusion-column-wrapper fusion-column-has-shadow fusion-flex-justify-content-flex-start fusion-content-layout-column fusion-carousel-item-wrapper\"><div class=\"fusion-image-element\" style=\"--awb-aspect-ratio:4 \/ 3;--awb-caption-title-font-family:var(--h2_typography-font-family);--awb-caption-title-font-weight:var(--h2_typography-font-weight);--awb-caption-title-font-style:var(--h2_typography-font-style);--awb-caption-title-size:var(--h2_typography-font-size);--awb-caption-title-transform:var(--h2_typography-text-transform);--awb-caption-title-line-height:var(--h2_typography-line-height);--awb-caption-title-letter-spacing:var(--h2_typography-letter-spacing);--awb-filter:brightness(100%) contrast(100%);--awb-filter-transition:filter 0.3s ease, -webkit-backdrop-filter 0.3s ease, backdrop-filter 0.3s ease;--awb-filter-hover:brightness(110%) contrast(115%);\"><span class=\" fusion-imageframe imageframe-none imageframe-3 hover-type-zoomin has-aspect-ratio\"><img decoding=\"async\" width=\"558\" height=\"786\" title=\"1livekrone-projektbild\" src=\"https:\/\/www.gb-mediensysteme.de\/wp-content\/uploads\/2026\/01\/1livekrone-projektbild.jpg\" class=\"img-responsive wp-image-91209 img-with-aspect-ratio\" data-parent-fit=\"cover\" data-parent-container=\".fusion-image-element\" alt srcset=\"https:\/\/www.gb-mediensysteme.de\/wp-content\/uploads\/2026\/01\/1livekrone-projektbild-200x282.jpg 200w, https:\/\/www.gb-mediensysteme.de\/wp-content\/uploads\/2026\/01\/1livekrone-projektbild-400x563.jpg 400w, https:\/\/www.gb-mediensysteme.de\/wp-content\/uploads\/2026\/01\/1livekrone-projektbild.jpg 558w\" sizes=\"(max-width: 800px) 100vw, (max-width: 640px) 100vw, 558px\" \/><\/span><\/div><div class=\"fusion-title title fusion-title-4 fusion-sep-none fusion-title-text fusion-title-size-two\" style=\"--awb-margin-top:15px;--awb-margin-right:20px;--awb-margin-left:20px;--awb-margin-top-small:20px;--awb-margin-right-small:0px;--awb-margin-bottom-small:2vh;--awb-margin-left-small:20px;--awb-font-size:20px;\"><h2 class=\"fusion-title-heading title-heading-left fusion-responsive-typography-calculated\" style=\"font-family:&quot;Ubuntu&quot;;font-style:normal;font-weight:400;margin:0;font-size:1em;--fontSize:20;line-height:1.2;\">1Live Krone 2025<\/h2><\/div><div class=\"fusion-text fusion-text-3\" style=\"--awb-content-alignment:left;--awb-font-size:13px;--awb-margin-right:20px;--awb-margin-left:20px;--awb-text-font-family:&quot;Ubuntu Sans&quot;;--awb-text-font-style:normal;--awb-text-font-weight:300;\"><p>The LED ceiling construction, in combination with the event's lighting design, created the perfect atmosphere for the artists' music.<\/p>\n<\/div><div class=\"fusion-separator fusion-full-width-sep\" style=\"align-self: center;margin-left: auto;margin-right: auto;flex-grow:1;width:100%;\"><\/div><div style=\"text-align:left;\"><a class=\"fusion-button button-flat fusion-button-default-size button-scheme-0 fusion-button-scheme-0 button-2 fusion-button-default-span fusion-button-default-type\" style=\"--awb-margin-bottom:20px;--awb-margin-left:20px;--button_accent_color:#003167;--button_border_color:#ffffff;--button_accent_hover_color:#ffffff;--button_border_hover_color:#ffffff;--button_gradient_top_color:#ffffff;--button_gradient_bottom_color:#ffffff;--button_gradient_top_color_hover:#003167;--button_gradient_bottom_color_hover:#003167;\" target=\"_self\" data-hover=\"bg_slide_right\" href=\"https:\/\/www.gb-mediensysteme.de\/en\/projekte\/1live-krone-2025\/\"><span class=\"fusion-button-text awb-button__text awb-button__text--default\">View project<\/span><i class=\"fa-angle-right fas awb-button__icon awb-button__icon--default button-icon-right\" aria-hidden=\"true\"><\/i><\/a><\/div><\/div><\/div>\n<div class=\"fusion_builder_column fusion-builder-column-8 fusion-flex-column fusion-animated post-card swiper-slide\" style=\"--awb-bg-color:var(--awb-color2);--awb-bg-color-hover:#d3d3d3;--awb-bg-blend:overlay;--awb-bg-size:cover;--awb-transform:scaleX(1) scaleY(1);--awb-transform-hover:scaleX(1.03) scaleY(1.03);--awb-flex-grow:0;--awb-flex-shrink:0;--awb-flex-grow-medium:;--awb-flex-shrink-medium:;--awb-flex-grow-small:;--awb-flex-shrink-small:;\" data-animationType=\"slideShortInUp\" data-animationDuration=\"0.3\" data-animationOffset=\"top-into-view\" data-scroll-devices=\"small-visibility,medium-visibility,large-visibility\"><div class=\"fusion-column-wrapper fusion-column-has-shadow fusion-flex-justify-content-flex-start fusion-content-layout-column fusion-carousel-item-wrapper\"><div class=\"fusion-image-element\" style=\"--awb-aspect-ratio:4 \/ 3;--awb-caption-title-font-family:var(--h2_typography-font-family);--awb-caption-title-font-weight:var(--h2_typography-font-weight);--awb-caption-title-font-style:var(--h2_typography-font-style);--awb-caption-title-size:var(--h2_typography-font-size);--awb-caption-title-transform:var(--h2_typography-text-transform);--awb-caption-title-line-height:var(--h2_typography-line-height);--awb-caption-title-letter-spacing:var(--h2_typography-letter-spacing);--awb-filter:brightness(100%) contrast(100%);--awb-filter-transition:filter 0.3s ease, -webkit-backdrop-filter 0.3s ease, backdrop-filter 0.3s ease;--awb-filter-hover:brightness(110%) contrast(115%);\"><span class=\" fusion-imageframe imageframe-none imageframe-4 hover-type-zoomin has-aspect-ratio\"><img decoding=\"async\" width=\"558\" height=\"786\" alt=\"Sonnen GmbH\" title=\"Sonnen GmbH\" src=\"https:\/\/www.gb-mediensysteme.de\/wp-content\/uploads\/2025\/06\/MB171226-Sonnen-GmbH-Smarter-E-2025-websitekachel-558x786-1.jpg\" class=\"img-responsive wp-image-78887 img-with-aspect-ratio\" data-parent-fit=\"cover\" data-parent-container=\".fusion-image-element\" srcset=\"https:\/\/www.gb-mediensysteme.de\/wp-content\/uploads\/2025\/06\/MB171226-Sonnen-GmbH-Smarter-E-2025-websitekachel-558x786-1-200x282.jpg 200w, https:\/\/www.gb-mediensysteme.de\/wp-content\/uploads\/2025\/06\/MB171226-Sonnen-GmbH-Smarter-E-2025-websitekachel-558x786-1-400x563.jpg 400w, https:\/\/www.gb-mediensysteme.de\/wp-content\/uploads\/2025\/06\/MB171226-Sonnen-GmbH-Smarter-E-2025-websitekachel-558x786-1.jpg 558w\" sizes=\"(max-width: 800px) 100vw, (max-width: 640px) 100vw, 558px\" \/><\/span><\/div><div class=\"fusion-title title fusion-title-5 fusion-sep-none fusion-title-text fusion-title-size-two\" style=\"--awb-margin-top:15px;--awb-margin-right:20px;--awb-margin-left:20px;--awb-margin-top-small:20px;--awb-margin-right-small:0px;--awb-margin-bottom-small:2vh;--awb-margin-left-small:20px;--awb-font-size:20px;\"><h2 class=\"fusion-title-heading title-heading-left fusion-responsive-typography-calculated\" style=\"font-family:&quot;Ubuntu&quot;;font-style:normal;font-weight:400;margin:0;font-size:1em;--fontSize:20;line-height:1.2;\">sonnen at The smarter E 2025<\/h2><\/div><div class=\"fusion-text fusion-text-4\" style=\"--awb-content-alignment:left;--awb-font-size:13px;--awb-margin-right:20px;--awb-margin-left:20px;--awb-text-font-family:&quot;Ubuntu Sans&quot;;--awb-text-font-style:normal;--awb-text-font-weight:300;\"><p>With large-format LED walls and clear visual guidance, we showcased the sonnen GmbH exhibition stand at smarter E 2025 \u2013 open, technically strong and immediately eye-catching.<\/p>\n<\/div><div class=\"fusion-separator fusion-full-width-sep\" style=\"align-self: center;margin-left: auto;margin-right: auto;flex-grow:1;width:100%;\"><\/div><div style=\"text-align:left;\"><a class=\"fusion-button button-flat fusion-button-default-size button-scheme-0 fusion-button-scheme-0 button-3 fusion-button-default-span fusion-button-default-type\" style=\"--awb-margin-bottom:20px;--awb-margin-left:20px;--button_accent_color:#003167;--button_border_color:#ffffff;--button_accent_hover_color:#ffffff;--button_border_hover_color:#ffffff;--button_gradient_top_color:#ffffff;--button_gradient_bottom_color:#ffffff;--button_gradient_top_color_hover:#003167;--button_gradient_bottom_color_hover:#003167;\" target=\"_self\" data-hover=\"bg_slide_right\" href=\"https:\/\/www.gb-mediensysteme.de\/en\/projekte\/sonnen-at-the-smarter-e-2025\/\"><span class=\"fusion-button-text awb-button__text awb-button__text--default\">View project<\/span><i class=\"fa-angle-right fas awb-button__icon awb-button__icon--default button-icon-right\" aria-hidden=\"true\"><\/i><\/a><\/div><\/div><\/div>\n<div class=\"fusion_builder_column fusion-builder-column-9 fusion-flex-column fusion-animated post-card swiper-slide\" style=\"--awb-bg-color:var(--awb-color2);--awb-bg-color-hover:#d3d3d3;--awb-bg-blend:overlay;--awb-bg-size:cover;--awb-transform:scaleX(1) scaleY(1);--awb-transform-hover:scaleX(1.03) scaleY(1.03);--awb-flex-grow:0;--awb-flex-shrink:0;--awb-flex-grow-medium:;--awb-flex-shrink-medium:;--awb-flex-grow-small:;--awb-flex-shrink-small:;\" data-animationType=\"slideShortInUp\" data-animationDuration=\"0.3\" data-animationOffset=\"top-into-view\" data-scroll-devices=\"small-visibility,medium-visibility,large-visibility\"><div class=\"fusion-column-wrapper fusion-column-has-shadow fusion-flex-justify-content-flex-start fusion-content-layout-column fusion-carousel-item-wrapper\"><div class=\"fusion-image-element\" style=\"--awb-aspect-ratio:4 \/ 3;--awb-caption-title-font-family:var(--h2_typography-font-family);--awb-caption-title-font-weight:var(--h2_typography-font-weight);--awb-caption-title-font-style:var(--h2_typography-font-style);--awb-caption-title-size:var(--h2_typography-font-size);--awb-caption-title-transform:var(--h2_typography-text-transform);--awb-caption-title-line-height:var(--h2_typography-line-height);--awb-caption-title-letter-spacing:var(--h2_typography-letter-spacing);--awb-filter:brightness(100%) contrast(100%);--awb-filter-transition:filter 0.3s ease, -webkit-backdrop-filter 0.3s ease, backdrop-filter 0.3s ease;--awb-filter-hover:brightness(110%) contrast(115%);\"><span class=\" fusion-imageframe imageframe-none imageframe-5 hover-type-zoomin has-aspect-ratio\"><img decoding=\"async\" width=\"558\" height=\"786\" title=\"Schwarzkopf Kapsel\" src=\"https:\/\/www.gb-mediensysteme.de\/wp-content\/uploads\/2024\/04\/Schwarzkopf-Kapsel.jpg\" class=\"img-responsive wp-image-57081 img-with-aspect-ratio\" data-parent-fit=\"cover\" data-parent-container=\".fusion-image-element\" alt \/><\/span><\/div><div class=\"fusion-title title fusion-title-6 fusion-sep-none fusion-title-text fusion-title-size-two\" style=\"--awb-margin-top:15px;--awb-margin-right:20px;--awb-margin-left:20px;--awb-margin-top-small:20px;--awb-margin-right-small:0px;--awb-margin-bottom-small:2vh;--awb-margin-left-small:20px;--awb-font-size:20px;\"><h2 class=\"fusion-title-heading title-heading-left fusion-responsive-typography-calculated\" style=\"font-family:&quot;Ubuntu&quot;;font-style:normal;font-weight:400;margin:0;font-size:1em;--fontSize:20;line-height:1.2;\">Schwarzkopf Colorcrafters 2023<\/h2><\/div><div class=\"fusion-text fusion-text-5\" style=\"--awb-content-alignment:left;--awb-font-size:13px;--awb-margin-right:20px;--awb-margin-left:20px;--awb-text-font-family:&quot;Ubuntu Sans&quot;;--awb-text-font-style:normal;--awb-text-font-weight:300;\"><p>With colour-fast LED technology and precise lighting, we supported the international Schwarzkopf Colorcrafters Event 2023 at Berlin's E-Werk \u2013 ensuring perfect presentation of the latest hair trends and optimal conditions for live styling, video content and social media.<\/p>\n<\/div><div class=\"fusion-separator fusion-full-width-sep\" style=\"align-self: center;margin-left: auto;margin-right: auto;flex-grow:1;width:100%;\"><\/div><div style=\"text-align:left;\"><a class=\"fusion-button button-flat fusion-button-default-size button-scheme-0 fusion-button-scheme-0 button-4 fusion-button-default-span fusion-button-default-type\" style=\"--awb-margin-bottom:20px;--awb-margin-left:20px;--button_accent_color:#003167;--button_border_color:#ffffff;--button_accent_hover_color:#ffffff;--button_border_hover_color:#ffffff;--button_gradient_top_color:#ffffff;--button_gradient_bottom_color:#ffffff;--button_gradient_top_color_hover:#003167;--button_gradient_bottom_color_hover:#003167;\" target=\"_self\" data-hover=\"bg_slide_right\" href=\"https:\/\/www.gb-mediensysteme.de\/en\/projekte\/schwarzkopf-colorcrafters-2023\/\"><span class=\"fusion-button-text awb-button__text awb-button__text--default\">View project<\/span><i class=\"fa-angle-right fas awb-button__icon awb-button__icon--default button-icon-right\" aria-hidden=\"true\"><\/i><\/a><\/div><\/div><\/div>\n<div class=\"fusion_builder_column fusion-builder-column-10 fusion-flex-column fusion-animated post-card swiper-slide\" style=\"--awb-bg-color:var(--awb-color2);--awb-bg-color-hover:#d3d3d3;--awb-bg-blend:overlay;--awb-bg-size:cover;--awb-transform:scaleX(1) scaleY(1);--awb-transform-hover:scaleX(1.03) scaleY(1.03);--awb-flex-grow:0;--awb-flex-shrink:0;--awb-flex-grow-medium:;--awb-flex-shrink-medium:;--awb-flex-grow-small:;--awb-flex-shrink-small:;\" data-animationType=\"slideShortInUp\" data-animationDuration=\"0.3\" data-animationOffset=\"top-into-view\" data-scroll-devices=\"small-visibility,medium-visibility,large-visibility\"><div class=\"fusion-column-wrapper fusion-column-has-shadow fusion-flex-justify-content-flex-start fusion-content-layout-column fusion-carousel-item-wrapper\"><div class=\"fusion-image-element\" style=\"--awb-aspect-ratio:4 \/ 3;--awb-caption-title-font-family:var(--h2_typography-font-family);--awb-caption-title-font-weight:var(--h2_typography-font-weight);--awb-caption-title-font-style:var(--h2_typography-font-style);--awb-caption-title-size:var(--h2_typography-font-size);--awb-caption-title-transform:var(--h2_typography-text-transform);--awb-caption-title-line-height:var(--h2_typography-line-height);--awb-caption-title-letter-spacing:var(--h2_typography-letter-spacing);--awb-filter:brightness(100%) contrast(100%);--awb-filter-transition:filter 0.3s ease, -webkit-backdrop-filter 0.3s ease, backdrop-filter 0.3s ease;--awb-filter-hover:brightness(110%) contrast(115%);\"><span class=\" fusion-imageframe imageframe-none imageframe-6 hover-type-zoomin has-aspect-ratio\"><img decoding=\"async\" width=\"558\" height=\"786\" alt=\"Siemens Hauptversammlung\" title=\"siemens-hv-3\" src=\"https:\/\/www.gb-mediensysteme.de\/wp-content\/uploads\/2025\/06\/siemens-hv-3.jpg\" class=\"img-responsive wp-image-79047 img-with-aspect-ratio\" data-parent-fit=\"cover\" data-parent-container=\".fusion-image-element\" srcset=\"https:\/\/www.gb-mediensysteme.de\/wp-content\/uploads\/2025\/06\/siemens-hv-3-200x282.jpg 200w, https:\/\/www.gb-mediensysteme.de\/wp-content\/uploads\/2025\/06\/siemens-hv-3-400x563.jpg 400w, https:\/\/www.gb-mediensysteme.de\/wp-content\/uploads\/2025\/06\/siemens-hv-3.jpg 558w\" sizes=\"(max-width: 800px) 100vw, (max-width: 640px) 100vw, 558px\" \/><\/span><\/div><div class=\"fusion-title title fusion-title-7 fusion-sep-none fusion-title-text fusion-title-size-two\" style=\"--awb-margin-top:15px;--awb-margin-right:20px;--awb-margin-left:20px;--awb-margin-top-small:20px;--awb-margin-right-small:0px;--awb-margin-bottom-small:2vh;--awb-margin-left-small:20px;--awb-font-size:20px;\"><h2 class=\"fusion-title-heading title-heading-left fusion-responsive-typography-calculated\" style=\"font-family:&quot;Ubuntu&quot;;font-style:normal;font-weight:400;margin:0;font-size:1em;--fontSize:20;line-height:1.2;\">Siemens Annual Shareholders&#8217; Meetings 2025<\/h2><\/div><div class=\"fusion-text fusion-text-6\" style=\"--awb-content-alignment:left;--awb-font-size:13px;--awb-margin-right:20px;--awb-margin-left:20px;--awb-text-font-family:&quot;Ubuntu Sans&quot;;--awb-text-font-style:normal;--awb-text-font-weight:300;\"><p>Using precise studio technology and reliable streaming, we held three virtual annual general meetings in just two weeks \u2013 for Siemens, Siemens Energy and Siemens Healthineers.<\/p>\n<\/div><div class=\"fusion-separator fusion-full-width-sep\" style=\"align-self: center;margin-left: auto;margin-right: auto;flex-grow:1;width:100%;\"><\/div><div style=\"text-align:left;\"><a class=\"fusion-button button-flat fusion-button-default-size button-scheme-0 fusion-button-scheme-0 button-5 fusion-button-default-span fusion-button-default-type\" style=\"--awb-margin-bottom:20px;--awb-margin-left:20px;--button_accent_color:#003167;--button_border_color:#ffffff;--button_accent_hover_color:#ffffff;--button_border_hover_color:#ffffff;--button_gradient_top_color:#ffffff;--button_gradient_bottom_color:#ffffff;--button_gradient_top_color_hover:#003167;--button_gradient_bottom_color_hover:#003167;\" target=\"_self\" data-hover=\"bg_slide_right\" href=\"https:\/\/www.gb-mediensysteme.de\/en\/projekte\/siemens-annual-shareholders-meetings-2025\/\"><span class=\"fusion-button-text awb-button__text awb-button__text--default\">View project<\/span><i class=\"fa-angle-right fas awb-button__icon awb-button__icon--default button-icon-right\" aria-hidden=\"true\"><\/i><\/a><\/div><\/div><\/div>\n<div class=\"fusion_builder_column fusion-builder-column-11 fusion-flex-column fusion-animated post-card swiper-slide\" style=\"--awb-bg-color:var(--awb-color2);--awb-bg-color-hover:#d3d3d3;--awb-bg-blend:overlay;--awb-bg-size:cover;--awb-transform:scaleX(1) scaleY(1);--awb-transform-hover:scaleX(1.03) scaleY(1.03);--awb-flex-grow:0;--awb-flex-shrink:0;--awb-flex-grow-medium:;--awb-flex-shrink-medium:;--awb-flex-grow-small:;--awb-flex-shrink-small:;\" data-animationType=\"slideShortInUp\" data-animationDuration=\"0.3\" data-animationOffset=\"top-into-view\" data-scroll-devices=\"small-visibility,medium-visibility,large-visibility\"><div class=\"fusion-column-wrapper fusion-column-has-shadow fusion-flex-justify-content-flex-start fusion-content-layout-column fusion-carousel-item-wrapper\"><div class=\"fusion-image-element\" style=\"--awb-aspect-ratio:4 \/ 3;--awb-caption-title-font-family:var(--h2_typography-font-family);--awb-caption-title-font-weight:var(--h2_typography-font-weight);--awb-caption-title-font-style:var(--h2_typography-font-style);--awb-caption-title-size:var(--h2_typography-font-size);--awb-caption-title-transform:var(--h2_typography-text-transform);--awb-caption-title-line-height:var(--h2_typography-line-height);--awb-caption-title-letter-spacing:var(--h2_typography-letter-spacing);--awb-filter:brightness(100%) contrast(100%);--awb-filter-transition:filter 0.3s ease, -webkit-backdrop-filter 0.3s ease, backdrop-filter 0.3s ease;--awb-filter-hover:brightness(110%) contrast(115%);\"><span class=\" fusion-imageframe imageframe-none imageframe-7 hover-type-zoomin has-aspect-ratio\"><img decoding=\"async\" width=\"558\" height=\"786\" title=\"bundesparteitag-cdu-2025\" src=\"https:\/\/www.gb-mediensysteme.de\/wp-content\/uploads\/2025\/06\/bundesparteitag-cdu-2025.jpg\" class=\"img-responsive wp-image-78741 img-with-aspect-ratio\" data-parent-fit=\"cover\" data-parent-container=\".fusion-image-element\" alt srcset=\"https:\/\/www.gb-mediensysteme.de\/wp-content\/uploads\/2025\/06\/bundesparteitag-cdu-2025-200x282.jpg 200w, https:\/\/www.gb-mediensysteme.de\/wp-content\/uploads\/2025\/06\/bundesparteitag-cdu-2025-400x563.jpg 400w, https:\/\/www.gb-mediensysteme.de\/wp-content\/uploads\/2025\/06\/bundesparteitag-cdu-2025.jpg 558w\" sizes=\"(max-width: 800px) 100vw, (max-width: 640px) 100vw, 558px\" \/><\/span><\/div><div class=\"fusion-title title fusion-title-8 fusion-sep-none fusion-title-text fusion-title-size-two\" style=\"--awb-margin-top:15px;--awb-margin-right:20px;--awb-margin-left:20px;--awb-margin-top-small:20px;--awb-margin-right-small:0px;--awb-margin-bottom-small:2vh;--awb-margin-left-small:20px;--awb-font-size:20px;\"><h2 class=\"fusion-title-heading title-heading-left fusion-responsive-typography-calculated\" style=\"font-family:&quot;Ubuntu&quot;;font-style:normal;font-weight:400;margin:0;font-size:1em;--fontSize:20;line-height:1.2;\">Federal Party Conference of the CDU 2025<\/h2><\/div><div class=\"fusion-text fusion-text-7\" style=\"--awb-content-alignment:left;--awb-font-size:13px;--awb-margin-right:20px;--awb-margin-left:20px;--awb-text-font-family:&quot;Ubuntu Sans&quot;;--awb-text-font-style:normal;--awb-text-font-weight:300;\"><p>Using state-of-the-art video technology, we were responsible for the entire visual implementation of the 37th CDU party conference \u2013 from large-scale LED installations to professional live image production for a consistent, media-effective event.<\/p>\n<\/div><div class=\"fusion-separator fusion-full-width-sep\" style=\"align-self: center;margin-left: auto;margin-right: auto;flex-grow:1;width:100%;\"><\/div><div style=\"text-align:left;\"><a class=\"fusion-button button-flat fusion-button-default-size button-scheme-0 fusion-button-scheme-0 button-6 fusion-button-default-span fusion-button-default-type\" style=\"--awb-margin-bottom:20px;--awb-margin-left:20px;--button_accent_color:#003167;--button_border_color:#ffffff;--button_accent_hover_color:#ffffff;--button_border_hover_color:#ffffff;--button_gradient_top_color:#ffffff;--button_gradient_bottom_color:#ffffff;--button_gradient_top_color_hover:#003167;--button_gradient_bottom_color_hover:#003167;\" target=\"_self\" data-hover=\"bg_slide_right\" href=\"https:\/\/www.gb-mediensysteme.de\/en\/projekte\/federal-party-conference-of-the-cdu-2025\/\"><span class=\"fusion-button-text awb-button__text awb-button__text--default\">View project<\/span><i class=\"fa-angle-right fas awb-button__icon awb-button__icon--default button-icon-right\" aria-hidden=\"true\"><\/i><\/a><\/div><\/div><\/div>\n<div class=\"fusion_builder_column fusion-builder-column-12 fusion-flex-column fusion-animated post-card swiper-slide\" style=\"--awb-bg-color:var(--awb-color2);--awb-bg-color-hover:#d3d3d3;--awb-bg-blend:overlay;--awb-bg-size:cover;--awb-transform:scaleX(1) scaleY(1);--awb-transform-hover:scaleX(1.03) scaleY(1.03);--awb-flex-grow:0;--awb-flex-shrink:0;--awb-flex-grow-medium:;--awb-flex-shrink-medium:;--awb-flex-grow-small:;--awb-flex-shrink-small:;\" data-animationType=\"slideShortInUp\" data-animationDuration=\"0.3\" data-animationOffset=\"top-into-view\" data-scroll-devices=\"small-visibility,medium-visibility,large-visibility\"><div class=\"fusion-column-wrapper fusion-column-has-shadow fusion-flex-justify-content-flex-start fusion-content-layout-column fusion-carousel-item-wrapper\"><div class=\"fusion-image-element\" style=\"--awb-aspect-ratio:4 \/ 3;--awb-caption-title-font-family:var(--h2_typography-font-family);--awb-caption-title-font-weight:var(--h2_typography-font-weight);--awb-caption-title-font-style:var(--h2_typography-font-style);--awb-caption-title-size:var(--h2_typography-font-size);--awb-caption-title-transform:var(--h2_typography-text-transform);--awb-caption-title-line-height:var(--h2_typography-line-height);--awb-caption-title-letter-spacing:var(--h2_typography-letter-spacing);--awb-filter:brightness(100%) contrast(100%);--awb-filter-transition:filter 0.3s ease, -webkit-backdrop-filter 0.3s ease, backdrop-filter 0.3s ease;--awb-filter-hover:brightness(110%) contrast(115%);\"><span class=\" fusion-imageframe imageframe-none imageframe-8 hover-type-zoomin has-aspect-ratio\"><img decoding=\"async\" width=\"558\" height=\"786\" title=\"MB161380 &#8211; CDU &#8211; Landestagung NRW &#8211; 2023 &#8211; Kachel\" src=\"https:\/\/www.gb-mediensysteme.de\/wp-content\/uploads\/2025\/04\/MB161380-CDU-Landestagung-NRW-2023-Kachel.jpg\" class=\"img-responsive wp-image-75895 img-with-aspect-ratio\" data-parent-fit=\"cover\" data-parent-container=\".fusion-image-element\" alt srcset=\"https:\/\/www.gb-mediensysteme.de\/wp-content\/uploads\/2025\/04\/MB161380-CDU-Landestagung-NRW-2023-Kachel-200x282.jpg 200w, https:\/\/www.gb-mediensysteme.de\/wp-content\/uploads\/2025\/04\/MB161380-CDU-Landestagung-NRW-2023-Kachel-400x563.jpg 400w, https:\/\/www.gb-mediensysteme.de\/wp-content\/uploads\/2025\/04\/MB161380-CDU-Landestagung-NRW-2023-Kachel.jpg 558w\" sizes=\"(max-width: 800px) 100vw, (max-width: 640px) 100vw, 558px\" \/><\/span><\/div><div class=\"fusion-title title fusion-title-9 fusion-sep-none fusion-title-text fusion-title-size-two\" style=\"--awb-margin-top:15px;--awb-margin-right:20px;--awb-margin-left:20px;--awb-margin-top-small:20px;--awb-margin-right-small:0px;--awb-margin-bottom-small:2vh;--awb-margin-left-small:20px;--awb-font-size:20px;\"><h2 class=\"fusion-title-heading title-heading-left fusion-responsive-typography-calculated\" style=\"font-family:&quot;Ubuntu&quot;;font-style:normal;font-weight:400;margin:0;font-size:1em;--fontSize:20;line-height:1.2;\">State Congress of Delegates of the Women&#8217;s Union<\/h2><\/div><div class=\"fusion-text fusion-text-8\" style=\"--awb-content-alignment:left;--awb-font-size:13px;--awb-margin-right:20px;--awb-margin-left:20px;--awb-text-font-family:&quot;Ubuntu Sans&quot;;--awb-text-font-style:normal;--awb-text-font-weight:300;\"><p>With the Online Voting Tool, we enabled digital elections in a matter of seconds at the state delegates' conference of the Women's Union of North Rhine-Westphalia \u2013 an efficient, mobile-friendly process that smoothly mapped the entire election process of the party conference.<\/p>\n<\/div><div class=\"fusion-separator fusion-full-width-sep\" style=\"align-self: center;margin-left: auto;margin-right: auto;flex-grow:1;width:100%;\"><\/div><div style=\"text-align:left;\"><a class=\"fusion-button button-flat fusion-button-default-size button-scheme-0 fusion-button-scheme-0 button-7 fusion-button-default-span fusion-button-default-type\" style=\"--awb-margin-bottom:20px;--awb-margin-left:20px;--button_accent_color:#003167;--button_border_color:#ffffff;--button_accent_hover_color:#ffffff;--button_border_hover_color:#ffffff;--button_gradient_top_color:#ffffff;--button_gradient_bottom_color:#ffffff;--button_gradient_top_color_hover:#003167;--button_gradient_bottom_color_hover:#003167;\" target=\"_self\" data-hover=\"bg_slide_right\" href=\"https:\/\/www.gb-mediensysteme.de\/en\/projekte\/state-congress-of-delegates-of-the-womens-union\/\"><span class=\"fusion-button-text awb-button__text awb-button__text--default\">View project<\/span><i class=\"fa-angle-right fas awb-button__icon awb-button__icon--default button-icon-right\" aria-hidden=\"true\"><\/i><\/a><\/div><\/div><\/div>\n<div class=\"fusion_builder_column fusion-builder-column-13 fusion-flex-column fusion-animated post-card swiper-slide\" style=\"--awb-bg-color:var(--awb-color2);--awb-bg-color-hover:#d3d3d3;--awb-bg-blend:overlay;--awb-bg-size:cover;--awb-transform:scaleX(1) scaleY(1);--awb-transform-hover:scaleX(1.03) scaleY(1.03);--awb-flex-grow:0;--awb-flex-shrink:0;--awb-flex-grow-medium:;--awb-flex-shrink-medium:;--awb-flex-grow-small:;--awb-flex-shrink-small:;\" data-animationType=\"slideShortInUp\" data-animationDuration=\"0.3\" data-animationOffset=\"top-into-view\" data-scroll-devices=\"small-visibility,medium-visibility,large-visibility\"><div class=\"fusion-column-wrapper fusion-column-has-shadow fusion-flex-justify-content-flex-start fusion-content-layout-column fusion-carousel-item-wrapper\"><div class=\"fusion-image-element\" style=\"--awb-aspect-ratio:4 \/ 3;--awb-caption-title-font-family:var(--h2_typography-font-family);--awb-caption-title-font-weight:var(--h2_typography-font-weight);--awb-caption-title-font-style:var(--h2_typography-font-style);--awb-caption-title-size:var(--h2_typography-font-size);--awb-caption-title-transform:var(--h2_typography-text-transform);--awb-caption-title-line-height:var(--h2_typography-line-height);--awb-caption-title-letter-spacing:var(--h2_typography-letter-spacing);--awb-filter:brightness(100%) contrast(100%);--awb-filter-transition:filter 0.3s ease, -webkit-backdrop-filter 0.3s ease, backdrop-filter 0.3s ease;--awb-filter-hover:brightness(110%) contrast(115%);\"><span class=\" fusion-imageframe imageframe-none imageframe-9 hover-type-zoomin has-aspect-ratio\"><img decoding=\"async\" width=\"558\" height=\"786\" title=\"Siemens\" src=\"https:\/\/www.gb-mediensysteme.de\/wp-content\/uploads\/2024\/12\/Siemens-1.jpg\" class=\"img-responsive wp-image-68068 img-with-aspect-ratio\" data-parent-fit=\"cover\" data-parent-container=\".fusion-image-element\" alt srcset=\"https:\/\/www.gb-mediensysteme.de\/wp-content\/uploads\/2024\/12\/Siemens-1-200x282.jpg 200w, https:\/\/www.gb-mediensysteme.de\/wp-content\/uploads\/2024\/12\/Siemens-1-400x563.jpg 400w, https:\/\/www.gb-mediensysteme.de\/wp-content\/uploads\/2024\/12\/Siemens-1.jpg 558w\" sizes=\"(max-width: 800px) 100vw, (max-width: 640px) 100vw, 558px\" \/><\/span><\/div><div class=\"fusion-title title fusion-title-10 fusion-sep-none fusion-title-text fusion-title-size-two\" style=\"--awb-margin-top:15px;--awb-margin-right:20px;--awb-margin-left:20px;--awb-margin-top-small:20px;--awb-margin-right-small:0px;--awb-margin-bottom-small:2vh;--awb-margin-left-small:20px;--awb-font-size:20px;\"><h2 class=\"fusion-title-heading title-heading-left fusion-responsive-typography-calculated\" style=\"font-family:&quot;Ubuntu&quot;;font-style:normal;font-weight:400;margin:0;font-size:1em;--fontSize:20;line-height:1.2;\">InnoTrans 2024<\/h2><\/div><div class=\"fusion-text fusion-text-9\" style=\"--awb-content-alignment:left;--awb-font-size:13px;--awb-margin-right:20px;--awb-margin-left:20px;--awb-text-font-family:&quot;Ubuntu Sans&quot;;--awb-text-font-style:normal;--awb-text-font-weight:300;\"><p>Using immersive 3D media architecture, large-scale LED installations and interactive technology, we created an impressive trade fair presence for Siemens Mobility at InnoTrans 2024 \u2013 including central media control, IT infrastructure and technical equipment for all exhibits.<\/p>\n<\/div><div class=\"fusion-separator fusion-full-width-sep\" style=\"align-self: center;margin-left: auto;margin-right: auto;flex-grow:1;width:100%;\"><\/div><div style=\"text-align:left;\"><a class=\"fusion-button button-flat fusion-button-default-size button-scheme-0 fusion-button-scheme-0 button-8 fusion-button-default-span fusion-button-default-type\" style=\"--awb-margin-bottom:20px;--awb-margin-left:20px;--button_accent_color:#003167;--button_border_color:#ffffff;--button_accent_hover_color:#ffffff;--button_border_hover_color:#ffffff;--button_gradient_top_color:#ffffff;--button_gradient_bottom_color:#ffffff;--button_gradient_top_color_hover:#003167;--button_gradient_bottom_color_hover:#003167;\" target=\"_self\" data-hover=\"bg_slide_right\" href=\"https:\/\/www.gb-mediensysteme.de\/en\/projekte\/innotrans-2024\/\"><span class=\"fusion-button-text awb-button__text awb-button__text--default\">View project<\/span><i class=\"fa-angle-right fas awb-button__icon awb-button__icon--default button-icon-right\" aria-hidden=\"true\"><\/i><\/a><\/div><\/div><\/div>\n<div class=\"fusion_builder_column fusion-builder-column-14 fusion-flex-column fusion-animated post-card swiper-slide\" style=\"--awb-bg-color:var(--awb-color2);--awb-bg-color-hover:#d3d3d3;--awb-bg-blend:overlay;--awb-bg-size:cover;--awb-transform:scaleX(1) scaleY(1);--awb-transform-hover:scaleX(1.03) scaleY(1.03);--awb-flex-grow:0;--awb-flex-shrink:0;--awb-flex-grow-medium:;--awb-flex-shrink-medium:;--awb-flex-grow-small:;--awb-flex-shrink-small:;\" data-animationType=\"slideShortInUp\" data-animationDuration=\"0.3\" data-animationOffset=\"top-into-view\" data-scroll-devices=\"small-visibility,medium-visibility,large-visibility\"><div class=\"fusion-column-wrapper fusion-column-has-shadow fusion-flex-justify-content-flex-start fusion-content-layout-column fusion-carousel-item-wrapper\"><div class=\"fusion-image-element\" style=\"--awb-aspect-ratio:4 \/ 3;--awb-caption-title-font-family:var(--h2_typography-font-family);--awb-caption-title-font-weight:var(--h2_typography-font-weight);--awb-caption-title-font-style:var(--h2_typography-font-style);--awb-caption-title-size:var(--h2_typography-font-size);--awb-caption-title-transform:var(--h2_typography-text-transform);--awb-caption-title-line-height:var(--h2_typography-line-height);--awb-caption-title-letter-spacing:var(--h2_typography-letter-spacing);--awb-filter:brightness(100%) contrast(100%);--awb-filter-transition:filter 0.3s ease, -webkit-backdrop-filter 0.3s ease, backdrop-filter 0.3s ease;--awb-filter-hover:brightness(110%) contrast(115%);\"><span class=\" fusion-imageframe imageframe-none imageframe-10 hover-type-zoomin has-aspect-ratio\"><img decoding=\"async\" width=\"558\" height=\"786\" title=\"Jugendliteraturpreis 3jpg\" src=\"https:\/\/www.gb-mediensysteme.de\/wp-content\/uploads\/2024\/12\/Jugendliteraturpreis-3jpg.jpg\" class=\"img-responsive wp-image-68141 img-with-aspect-ratio\" data-parent-fit=\"cover\" data-parent-container=\".fusion-image-element\" alt srcset=\"https:\/\/www.gb-mediensysteme.de\/wp-content\/uploads\/2024\/12\/Jugendliteraturpreis-3jpg-200x282.jpg 200w, https:\/\/www.gb-mediensysteme.de\/wp-content\/uploads\/2024\/12\/Jugendliteraturpreis-3jpg-400x563.jpg 400w, https:\/\/www.gb-mediensysteme.de\/wp-content\/uploads\/2024\/12\/Jugendliteraturpreis-3jpg.jpg 558w\" sizes=\"(max-width: 800px) 100vw, (max-width: 640px) 100vw, 558px\" \/><\/span><\/div><div class=\"fusion-title title fusion-title-11 fusion-sep-none fusion-title-text fusion-title-size-two\" style=\"--awb-margin-top:15px;--awb-margin-right:20px;--awb-margin-left:20px;--awb-margin-top-small:20px;--awb-margin-right-small:0px;--awb-margin-bottom-small:2vh;--awb-margin-left-small:20px;--awb-font-size:20px;\"><h2 class=\"fusion-title-heading title-heading-left fusion-responsive-typography-calculated\" style=\"font-family:&quot;Ubuntu&quot;;font-style:normal;font-weight:400;margin:0;font-size:1em;--fontSize:20;line-height:1.2;\">Youth Literature Prize 2024<\/h2><\/div><div class=\"fusion-text fusion-text-10\" style=\"--awb-content-alignment:left;--awb-font-size:13px;--awb-margin-right:20px;--awb-margin-left:20px;--awb-text-font-family:&quot;Ubuntu Sans&quot;;--awb-text-font-style:normal;--awb-text-font-weight:300;\"><p>Germany's most important youth literature prize staged: At the Frankfurt Book Fair, we ensured a smooth award ceremony in front of over 1,600 guests with precise lighting, video and stage technology \u2013 including professional streaming and atmospheric show technology.<\/p>\n<\/div><div class=\"fusion-separator fusion-full-width-sep\" style=\"align-self: center;margin-left: auto;margin-right: auto;flex-grow:1;width:100%;\"><\/div><div style=\"text-align:left;\"><a class=\"fusion-button button-flat fusion-button-default-size button-scheme-0 fusion-button-scheme-0 button-9 fusion-button-default-span fusion-button-default-type\" style=\"--awb-margin-bottom:20px;--awb-margin-left:20px;--button_accent_color:#003167;--button_border_color:#ffffff;--button_accent_hover_color:#ffffff;--button_border_hover_color:#ffffff;--button_gradient_top_color:#ffffff;--button_gradient_bottom_color:#ffffff;--button_gradient_top_color_hover:#003167;--button_gradient_bottom_color_hover:#003167;\" target=\"_self\" data-hover=\"bg_slide_right\" href=\"https:\/\/www.gb-mediensysteme.de\/en\/projekte\/youth-literature-prize-2024\/\"><span class=\"fusion-button-text awb-button__text awb-button__text--default\">View project<\/span><i class=\"fa-angle-right fas awb-button__icon awb-button__icon--default button-icon-right\" aria-hidden=\"true\"><\/i><\/a><\/div><\/div><\/div>\n<div class=\"fusion_builder_column fusion-builder-column-15 fusion-flex-column fusion-animated post-card swiper-slide\" style=\"--awb-bg-color:var(--awb-color2);--awb-bg-color-hover:#d3d3d3;--awb-bg-blend:overlay;--awb-bg-size:cover;--awb-transform:scaleX(1) scaleY(1);--awb-transform-hover:scaleX(1.03) scaleY(1.03);--awb-flex-grow:0;--awb-flex-shrink:0;--awb-flex-grow-medium:;--awb-flex-shrink-medium:;--awb-flex-grow-small:;--awb-flex-shrink-small:;\" data-animationType=\"slideShortInUp\" data-animationDuration=\"0.3\" data-animationOffset=\"top-into-view\" data-scroll-devices=\"small-visibility,medium-visibility,large-visibility\"><div class=\"fusion-column-wrapper fusion-column-has-shadow fusion-flex-justify-content-flex-start fusion-content-layout-column fusion-carousel-item-wrapper\"><div class=\"fusion-image-element\" style=\"--awb-aspect-ratio:4 \/ 3;--awb-caption-title-font-family:var(--h2_typography-font-family);--awb-caption-title-font-weight:var(--h2_typography-font-weight);--awb-caption-title-font-style:var(--h2_typography-font-style);--awb-caption-title-size:var(--h2_typography-font-size);--awb-caption-title-transform:var(--h2_typography-text-transform);--awb-caption-title-line-height:var(--h2_typography-line-height);--awb-caption-title-letter-spacing:var(--h2_typography-letter-spacing);--awb-filter:brightness(100%) contrast(100%);--awb-filter-transition:filter 0.3s ease, -webkit-backdrop-filter 0.3s ease, backdrop-filter 0.3s ease;--awb-filter-hover:brightness(110%) contrast(115%);\"><span class=\" fusion-imageframe imageframe-none imageframe-11 hover-type-zoomin has-aspect-ratio\"><img decoding=\"async\" width=\"558\" height=\"786\" title=\"Meisterfeier Handwerkskammer\" src=\"https:\/\/www.gb-mediensysteme.de\/wp-content\/uploads\/2024\/11\/Meisterfeier-Handwerkskammer.jpg\" class=\"img-responsive wp-image-67172 img-with-aspect-ratio\" data-parent-fit=\"cover\" data-parent-container=\".fusion-image-element\" alt srcset=\"https:\/\/www.gb-mediensysteme.de\/wp-content\/uploads\/2024\/11\/Meisterfeier-Handwerkskammer-200x282.jpg 200w, https:\/\/www.gb-mediensysteme.de\/wp-content\/uploads\/2024\/11\/Meisterfeier-Handwerkskammer-400x563.jpg 400w, https:\/\/www.gb-mediensysteme.de\/wp-content\/uploads\/2024\/11\/Meisterfeier-Handwerkskammer.jpg 558w\" sizes=\"(max-width: 800px) 100vw, (max-width: 640px) 100vw, 558px\" \/><\/span><\/div><div class=\"fusion-title title fusion-title-12 fusion-sep-none fusion-title-text fusion-title-size-two\" style=\"--awb-margin-top:15px;--awb-margin-right:20px;--awb-margin-left:20px;--awb-margin-top-small:20px;--awb-margin-right-small:0px;--awb-margin-bottom-small:2vh;--awb-margin-left-small:20px;--awb-font-size:20px;\"><h2 class=\"fusion-title-heading title-heading-left fusion-responsive-typography-calculated\" style=\"font-family:&quot;Ubuntu&quot;;font-style:normal;font-weight:400;margin:0;font-size:1em;--fontSize:20;line-height:1.2;\">Champion celebration at the HCC<\/h2><\/div><div class=\"fusion-text fusion-text-11\" style=\"--awb-content-alignment:left;--awb-font-size:13px;--awb-margin-right:20px;--awb-margin-left:20px;--awb-text-font-family:&quot;Ubuntu Sans&quot;;--awb-text-font-style:normal;--awb-text-font-weight:300;\"><p>We provided powerful video technology for the master craftsmen's celebration at the Hanover Chamber of Crafts \u2013 from large-scale projection to live streaming \u2013 and created the visual backdrop for the honouring of over 200 new master craftsmen and women.<\/p>\n<\/div><div class=\"fusion-separator fusion-full-width-sep\" style=\"align-self: center;margin-left: auto;margin-right: auto;flex-grow:1;width:100%;\"><\/div><div style=\"text-align:left;\"><a class=\"fusion-button button-flat fusion-button-default-size button-scheme-0 fusion-button-scheme-0 button-10 fusion-button-default-span fusion-button-default-type\" style=\"--awb-margin-bottom:20px;--awb-margin-left:20px;--button_accent_color:#003167;--button_border_color:#ffffff;--button_accent_hover_color:#ffffff;--button_border_hover_color:#ffffff;--button_gradient_top_color:#ffffff;--button_gradient_bottom_color:#ffffff;--button_gradient_top_color_hover:#003167;--button_gradient_bottom_color_hover:#003167;\" target=\"_self\" data-hover=\"bg_slide_right\" href=\"https:\/\/www.gb-mediensysteme.de\/en\/projekte\/champion-celebration-at-the-hcc\/\"><span class=\"fusion-button-text awb-button__text awb-button__text--default\">View project<\/span><i class=\"fa-angle-right fas awb-button__icon awb-button__icon--default button-icon-right\" aria-hidden=\"true\"><\/i><\/a><\/div><\/div><\/div>\n<div class=\"fusion_builder_column fusion-builder-column-16 fusion-flex-column fusion-animated post-card swiper-slide\" style=\"--awb-bg-color:var(--awb-color2);--awb-bg-color-hover:#d3d3d3;--awb-bg-blend:overlay;--awb-bg-size:cover;--awb-transform:scaleX(1) scaleY(1);--awb-transform-hover:scaleX(1.03) scaleY(1.03);--awb-flex-grow:0;--awb-flex-shrink:0;--awb-flex-grow-medium:;--awb-flex-shrink-medium:;--awb-flex-grow-small:;--awb-flex-shrink-small:;\" data-animationType=\"slideShortInUp\" data-animationDuration=\"0.3\" data-animationOffset=\"top-into-view\" data-scroll-devices=\"small-visibility,medium-visibility,large-visibility\"><div class=\"fusion-column-wrapper fusion-column-has-shadow fusion-flex-justify-content-flex-start fusion-content-layout-column fusion-carousel-item-wrapper\"><div class=\"fusion-image-element\" style=\"--awb-aspect-ratio:4 \/ 3;--awb-caption-title-font-family:var(--h2_typography-font-family);--awb-caption-title-font-weight:var(--h2_typography-font-weight);--awb-caption-title-font-style:var(--h2_typography-font-style);--awb-caption-title-size:var(--h2_typography-font-size);--awb-caption-title-transform:var(--h2_typography-text-transform);--awb-caption-title-line-height:var(--h2_typography-line-height);--awb-caption-title-letter-spacing:var(--h2_typography-letter-spacing);--awb-filter:brightness(100%) contrast(100%);--awb-filter-transition:filter 0.3s ease, -webkit-backdrop-filter 0.3s ease, backdrop-filter 0.3s ease;--awb-filter-hover:brightness(110%) contrast(115%);\"><span class=\" fusion-imageframe imageframe-none imageframe-12 hover-type-zoomin has-aspect-ratio\"><img decoding=\"async\" width=\"558\" height=\"786\" title=\"blau-panther\" src=\"https:\/\/www.gb-mediensysteme.de\/wp-content\/uploads\/2024\/12\/blau-panther.jpg\" class=\"img-responsive wp-image-67899 img-with-aspect-ratio\" data-parent-fit=\"cover\" data-parent-container=\".fusion-image-element\" alt srcset=\"https:\/\/www.gb-mediensysteme.de\/wp-content\/uploads\/2024\/12\/blau-panther-200x282.jpg 200w, https:\/\/www.gb-mediensysteme.de\/wp-content\/uploads\/2024\/12\/blau-panther-400x563.jpg 400w, https:\/\/www.gb-mediensysteme.de\/wp-content\/uploads\/2024\/12\/blau-panther.jpg 558w\" sizes=\"(max-width: 800px) 100vw, (max-width: 640px) 100vw, 558px\" \/><\/span><\/div><div class=\"fusion-title title fusion-title-13 fusion-sep-none fusion-title-text fusion-title-size-two\" style=\"--awb-margin-top:15px;--awb-margin-right:20px;--awb-margin-left:20px;--awb-margin-top-small:20px;--awb-margin-right-small:0px;--awb-margin-bottom-small:2vh;--awb-margin-left-small:20px;--awb-font-size:20px;\"><h2 class=\"fusion-title-heading title-heading-left fusion-responsive-typography-calculated\" style=\"font-family:&quot;Ubuntu&quot;;font-style:normal;font-weight:400;margin:0;font-size:1em;--fontSize:20;line-height:1.2;\">Blue Panther Award 2024<\/h2><\/div><div class=\"fusion-text fusion-text-12\" style=\"--awb-content-alignment:left;--awb-font-size:13px;--awb-margin-right:20px;--awb-margin-left:20px;--awb-text-font-family:&quot;Ubuntu Sans&quot;;--awb-text-font-style:normal;--awb-text-font-weight:300;\"><p>With a precise lighting, sound and LED concept, we transformed the Blauer Panther \u2013 TV & Streaming Award 2024 at BMW Welt into an impressive award backdrop \u2013 including large-scale LED installations, professional camera technology and atmospheric show lighting.<\/p>\n<\/div><div class=\"fusion-separator fusion-full-width-sep\" style=\"align-self: center;margin-left: auto;margin-right: auto;flex-grow:1;width:100%;\"><\/div><div style=\"text-align:left;\"><a class=\"fusion-button button-flat fusion-button-default-size button-scheme-0 fusion-button-scheme-0 button-11 fusion-button-default-span fusion-button-default-type\" style=\"--awb-margin-bottom:20px;--awb-margin-left:20px;--button_accent_color:#003167;--button_border_color:#ffffff;--button_accent_hover_color:#ffffff;--button_border_hover_color:#ffffff;--button_gradient_top_color:#ffffff;--button_gradient_bottom_color:#ffffff;--button_gradient_top_color_hover:#003167;--button_gradient_bottom_color_hover:#003167;\" target=\"_self\" data-hover=\"bg_slide_right\" href=\"https:\/\/www.gb-mediensysteme.de\/en\/projekte\/blue-panther-award-2024\/\"><span class=\"fusion-button-text awb-button__text awb-button__text--default\">View project<\/span><i class=\"fa-angle-right fas awb-button__icon awb-button__icon--default button-icon-right\" aria-hidden=\"true\"><\/i><\/a><\/div><\/div><\/div>\n<div class=\"fusion_builder_column fusion-builder-column-17 fusion-flex-column fusion-animated post-card swiper-slide\" style=\"--awb-bg-color:var(--awb-color2);--awb-bg-color-hover:#d3d3d3;--awb-bg-blend:overlay;--awb-bg-size:cover;--awb-transform:scaleX(1) scaleY(1);--awb-transform-hover:scaleX(1.03) scaleY(1.03);--awb-flex-grow:0;--awb-flex-shrink:0;--awb-flex-grow-medium:;--awb-flex-shrink-medium:;--awb-flex-grow-small:;--awb-flex-shrink-small:;\" data-animationType=\"slideShortInUp\" data-animationDuration=\"0.3\" data-animationOffset=\"top-into-view\" data-scroll-devices=\"small-visibility,medium-visibility,large-visibility\"><div class=\"fusion-column-wrapper fusion-column-has-shadow fusion-flex-justify-content-flex-start fusion-content-layout-column fusion-carousel-item-wrapper\"><div class=\"fusion-image-element\" style=\"--awb-aspect-ratio:4 \/ 3;--awb-caption-title-font-family:var(--h2_typography-font-family);--awb-caption-title-font-weight:var(--h2_typography-font-weight);--awb-caption-title-font-style:var(--h2_typography-font-style);--awb-caption-title-size:var(--h2_typography-font-size);--awb-caption-title-transform:var(--h2_typography-text-transform);--awb-caption-title-line-height:var(--h2_typography-line-height);--awb-caption-title-letter-spacing:var(--h2_typography-letter-spacing);--awb-filter:brightness(100%) contrast(100%);--awb-filter-transition:filter 0.3s ease, -webkit-backdrop-filter 0.3s ease, backdrop-filter 0.3s ease;--awb-filter-hover:brightness(110%) contrast(115%);\"><span class=\" fusion-imageframe imageframe-none imageframe-13 hover-type-zoomin has-aspect-ratio\"><img decoding=\"async\" width=\"558\" height=\"786\" title=\"Fuchsbau Festival\" src=\"https:\/\/www.gb-mediensysteme.de\/wp-content\/uploads\/2024\/08\/Fuchsbau-Festival.jpg\" class=\"img-responsive wp-image-62840 img-with-aspect-ratio\" data-parent-fit=\"cover\" data-parent-container=\".fusion-image-element\" alt srcset=\"https:\/\/www.gb-mediensysteme.de\/wp-content\/uploads\/2024\/08\/Fuchsbau-Festival-200x282.jpg 200w, https:\/\/www.gb-mediensysteme.de\/wp-content\/uploads\/2024\/08\/Fuchsbau-Festival-400x563.jpg 400w, https:\/\/www.gb-mediensysteme.de\/wp-content\/uploads\/2024\/08\/Fuchsbau-Festival.jpg 558w\" sizes=\"(max-width: 800px) 100vw, (max-width: 640px) 100vw, 558px\" \/><\/span><\/div><div class=\"fusion-title title fusion-title-14 fusion-sep-none fusion-title-text fusion-title-size-two\" style=\"--awb-margin-top:15px;--awb-margin-right:20px;--awb-margin-left:20px;--awb-margin-top-small:20px;--awb-margin-right-small:0px;--awb-margin-bottom-small:2vh;--awb-margin-left-small:20px;--awb-font-size:20px;\"><h2 class=\"fusion-title-heading title-heading-left fusion-responsive-typography-calculated\" style=\"font-family:&quot;Ubuntu&quot;;font-style:normal;font-weight:400;margin:0;font-size:1em;--fontSize:20;line-height:1.2;\">Fuchsbau Festival<\/h2><\/div><div class=\"fusion-text fusion-text-13\" style=\"--awb-content-alignment:left;--awb-font-size:13px;--awb-margin-right:20px;--awb-margin-left:20px;--awb-text-font-family:&quot;Ubuntu Sans&quot;;--awb-text-font-style:normal;--awb-text-font-weight:300;\"><p>We equipped the Fuchsbau Festival 2024 with an energetic audio setup and modern LED lighting scenes \u2013 from two main stages to panel areas \u2013 ensuring a smooth, impressive festival production full of creative moments.<\/p>\n<\/div><div class=\"fusion-separator fusion-full-width-sep\" style=\"align-self: center;margin-left: auto;margin-right: auto;flex-grow:1;width:100%;\"><\/div><div style=\"text-align:left;\"><a class=\"fusion-button button-flat fusion-button-default-size button-scheme-0 fusion-button-scheme-0 button-12 fusion-button-default-span fusion-button-default-type\" style=\"--awb-margin-bottom:20px;--awb-margin-left:20px;--button_accent_color:#003167;--button_border_color:#ffffff;--button_accent_hover_color:#ffffff;--button_border_hover_color:#ffffff;--button_gradient_top_color:#ffffff;--button_gradient_bottom_color:#ffffff;--button_gradient_top_color_hover:#003167;--button_gradient_bottom_color_hover:#003167;\" target=\"_self\" data-hover=\"bg_slide_right\" href=\"https:\/\/www.gb-mediensysteme.de\/en\/projekte\/fuchsbau-festival\/\"><span class=\"fusion-button-text awb-button__text awb-button__text--default\">View project<\/span><i class=\"fa-angle-right fas awb-button__icon awb-button__icon--default button-icon-right\" aria-hidden=\"true\"><\/i><\/a><\/div><\/div><\/div>\n<div class=\"fusion_builder_column fusion-builder-column-18 fusion-flex-column fusion-animated post-card swiper-slide\" style=\"--awb-bg-color:var(--awb-color2);--awb-bg-color-hover:#d3d3d3;--awb-bg-blend:overlay;--awb-bg-size:cover;--awb-transform:scaleX(1) scaleY(1);--awb-transform-hover:scaleX(1.03) scaleY(1.03);--awb-flex-grow:0;--awb-flex-shrink:0;--awb-flex-grow-medium:;--awb-flex-shrink-medium:;--awb-flex-grow-small:;--awb-flex-shrink-small:;\" data-animationType=\"slideShortInUp\" data-animationDuration=\"0.3\" data-animationOffset=\"top-into-view\" data-scroll-devices=\"small-visibility,medium-visibility,large-visibility\"><div class=\"fusion-column-wrapper fusion-column-has-shadow fusion-flex-justify-content-flex-start fusion-content-layout-column fusion-carousel-item-wrapper\"><div class=\"fusion-image-element\" style=\"--awb-aspect-ratio:4 \/ 3;--awb-caption-title-font-family:var(--h2_typography-font-family);--awb-caption-title-font-weight:var(--h2_typography-font-weight);--awb-caption-title-font-style:var(--h2_typography-font-style);--awb-caption-title-size:var(--h2_typography-font-size);--awb-caption-title-transform:var(--h2_typography-text-transform);--awb-caption-title-line-height:var(--h2_typography-line-height);--awb-caption-title-letter-spacing:var(--h2_typography-letter-spacing);--awb-filter:brightness(100%) contrast(100%);--awb-filter-transition:filter 0.3s ease, -webkit-backdrop-filter 0.3s ease, backdrop-filter 0.3s ease;--awb-filter-hover:brightness(110%) contrast(115%);\"><span class=\" fusion-imageframe imageframe-none imageframe-14 hover-type-zoomin has-aspect-ratio\"><img decoding=\"async\" width=\"558\" height=\"786\" title=\"Klassik am Odeonsplatz\" src=\"https:\/\/www.gb-mediensysteme.de\/wp-content\/uploads\/2024\/08\/Klassik-am-Odeonsplatz.jpg\" class=\"img-responsive wp-image-62760 img-with-aspect-ratio\" data-parent-fit=\"cover\" data-parent-container=\".fusion-image-element\" alt srcset=\"https:\/\/www.gb-mediensysteme.de\/wp-content\/uploads\/2024\/08\/Klassik-am-Odeonsplatz-200x282.jpg 200w, https:\/\/www.gb-mediensysteme.de\/wp-content\/uploads\/2024\/08\/Klassik-am-Odeonsplatz-400x563.jpg 400w, https:\/\/www.gb-mediensysteme.de\/wp-content\/uploads\/2024\/08\/Klassik-am-Odeonsplatz.jpg 558w\" sizes=\"(max-width: 800px) 100vw, (max-width: 640px) 100vw, 558px\" \/><\/span><\/div><div class=\"fusion-title title fusion-title-15 fusion-sep-none fusion-title-text fusion-title-size-two\" style=\"--awb-margin-top:15px;--awb-margin-right:20px;--awb-margin-left:20px;--awb-margin-top-small:20px;--awb-margin-right-small:0px;--awb-margin-bottom-small:2vh;--awb-margin-left-small:20px;--awb-font-size:20px;\"><h2 class=\"fusion-title-heading title-heading-left fusion-responsive-typography-calculated\" style=\"font-family:&quot;Ubuntu&quot;;font-style:normal;font-weight:400;margin:0;font-size:1em;--fontSize:20;line-height:1.2;\">Klassik am Odeonsplatz<\/h2><\/div><div class=\"fusion-text fusion-text-14\" style=\"--awb-content-alignment:left;--awb-font-size:13px;--awb-margin-right:20px;--awb-margin-left:20px;--awb-text-font-family:&quot;Ubuntu Sans&quot;;--awb-text-font-style:normal;--awb-text-font-weight:300;\"><p>We provided precise audio, video and lighting technology for the open-air classical music event \u2018Klassik am Odeonsplatz\u2019 \u2013 from high-quality sound systems and LED installations in the VIP area to LED trailers on stage for an impressive concert experience.<\/p>\n<\/div><div class=\"fusion-separator fusion-full-width-sep\" style=\"align-self: center;margin-left: auto;margin-right: auto;flex-grow:1;width:100%;\"><\/div><div style=\"text-align:left;\"><a class=\"fusion-button button-flat fusion-button-default-size button-scheme-0 fusion-button-scheme-0 button-13 fusion-button-default-span fusion-button-default-type\" style=\"--awb-margin-bottom:20px;--awb-margin-left:20px;--button_accent_color:#003167;--button_border_color:#ffffff;--button_accent_hover_color:#ffffff;--button_border_hover_color:#ffffff;--button_gradient_top_color:#ffffff;--button_gradient_bottom_color:#ffffff;--button_gradient_top_color_hover:#003167;--button_gradient_bottom_color_hover:#003167;\" target=\"_self\" data-hover=\"bg_slide_right\" href=\"https:\/\/www.gb-mediensysteme.de\/en\/projekte\/klassik-am-odeonsplatz\/\"><span class=\"fusion-button-text awb-button__text awb-button__text--default\">View project<\/span><i class=\"fa-angle-right fas awb-button__icon awb-button__icon--default button-icon-right\" aria-hidden=\"true\"><\/i><\/a><\/div><\/div><\/div>\n<div class=\"fusion_builder_column fusion-builder-column-19 fusion-flex-column fusion-animated post-card swiper-slide\" style=\"--awb-bg-color:var(--awb-color2);--awb-bg-color-hover:#d3d3d3;--awb-bg-blend:overlay;--awb-bg-size:cover;--awb-transform:scaleX(1) scaleY(1);--awb-transform-hover:scaleX(1.03) scaleY(1.03);--awb-flex-grow:0;--awb-flex-shrink:0;--awb-flex-grow-medium:;--awb-flex-shrink-medium:;--awb-flex-grow-small:;--awb-flex-shrink-small:;\" data-animationType=\"slideShortInUp\" data-animationDuration=\"0.3\" data-animationOffset=\"top-into-view\" data-scroll-devices=\"small-visibility,medium-visibility,large-visibility\"><div class=\"fusion-column-wrapper fusion-column-has-shadow fusion-flex-justify-content-flex-start fusion-content-layout-column fusion-carousel-item-wrapper\"><div class=\"fusion-image-element\" style=\"--awb-aspect-ratio:4 \/ 3;--awb-caption-title-font-family:var(--h2_typography-font-family);--awb-caption-title-font-weight:var(--h2_typography-font-weight);--awb-caption-title-font-style:var(--h2_typography-font-style);--awb-caption-title-size:var(--h2_typography-font-size);--awb-caption-title-transform:var(--h2_typography-text-transform);--awb-caption-title-line-height:var(--h2_typography-line-height);--awb-caption-title-letter-spacing:var(--h2_typography-letter-spacing);--awb-filter:brightness(100%) contrast(100%);--awb-filter-transition:filter 0.3s ease, -webkit-backdrop-filter 0.3s ease, backdrop-filter 0.3s ease;--awb-filter-hover:brightness(110%) contrast(115%);\"><span class=\" fusion-imageframe imageframe-none imageframe-15 hover-type-zoomin has-aspect-ratio\"><img decoding=\"async\" width=\"558\" height=\"786\" title=\"Achema Fair 2024\" src=\"https:\/\/www.gb-mediensysteme.de\/wp-content\/uploads\/2024\/06\/Achema-Messe-2024.jpg\" class=\"img-responsive wp-image-61994 img-with-aspect-ratio\" data-parent-fit=\"cover\" data-parent-container=\".fusion-image-element\" alt srcset=\"https:\/\/www.gb-mediensysteme.de\/wp-content\/uploads\/2024\/06\/Achema-Messe-2024-200x282.jpg 200w, https:\/\/www.gb-mediensysteme.de\/wp-content\/uploads\/2024\/06\/Achema-Messe-2024-400x563.jpg 400w, https:\/\/www.gb-mediensysteme.de\/wp-content\/uploads\/2024\/06\/Achema-Messe-2024.jpg 558w\" sizes=\"(max-width: 800px) 100vw, (max-width: 640px) 100vw, 558px\" \/><\/span><\/div><div class=\"fusion-title title fusion-title-16 fusion-sep-none fusion-title-text fusion-title-size-two\" style=\"--awb-margin-top:15px;--awb-margin-right:20px;--awb-margin-left:20px;--awb-margin-top-small:20px;--awb-margin-right-small:0px;--awb-margin-bottom-small:2vh;--awb-margin-left-small:20px;--awb-font-size:20px;\"><h2 class=\"fusion-title-heading title-heading-left fusion-responsive-typography-calculated\" style=\"font-family:&quot;Ubuntu&quot;;font-style:normal;font-weight:400;margin:0;font-size:1em;--fontSize:20;line-height:1.2;\">ACHEMA Trade Fair<\/h2><\/div><div class=\"fusion-text fusion-text-15\" style=\"--awb-content-alignment:left;--awb-font-size:13px;--awb-margin-right:20px;--awb-margin-left:20px;--awb-text-font-family:&quot;Ubuntu Sans&quot;;--awb-text-font-style:normal;--awb-text-font-weight:300;\"><p>We used state-of-the-art lighting and media technology to showcase Fette Compacting's trade fair appearance at ACHEMA 2024 \u2013 including dynamic Astera lighting effects and LED installations that impressively highlighted the company's innovative strength.<\/p>\n<\/div><div class=\"fusion-separator fusion-full-width-sep\" style=\"align-self: center;margin-left: auto;margin-right: auto;flex-grow:1;width:100%;\"><\/div><div style=\"text-align:left;\"><a class=\"fusion-button button-flat fusion-button-default-size button-scheme-0 fusion-button-scheme-0 button-14 fusion-button-default-span fusion-button-default-type\" style=\"--awb-margin-bottom:20px;--awb-margin-left:20px;--button_accent_color:#003167;--button_border_color:#ffffff;--button_accent_hover_color:#ffffff;--button_border_hover_color:#ffffff;--button_gradient_top_color:#ffffff;--button_gradient_bottom_color:#ffffff;--button_gradient_top_color_hover:#003167;--button_gradient_bottom_color_hover:#003167;\" target=\"_self\" data-hover=\"bg_slide_right\" href=\"https:\/\/www.gb-mediensysteme.de\/en\/projekte\/achema-trade-fair\/\"><span class=\"fusion-button-text awb-button__text awb-button__text--default\">View project<\/span><i class=\"fa-angle-right fas awb-button__icon awb-button__icon--default button-icon-right\" aria-hidden=\"true\"><\/i><\/a><\/div><\/div><\/div>\n<div class=\"fusion_builder_column fusion-builder-column-20 fusion-flex-column fusion-animated post-card swiper-slide\" style=\"--awb-bg-color:var(--awb-color2);--awb-bg-color-hover:#d3d3d3;--awb-bg-blend:overlay;--awb-bg-size:cover;--awb-transform:scaleX(1) scaleY(1);--awb-transform-hover:scaleX(1.03) scaleY(1.03);--awb-flex-grow:0;--awb-flex-shrink:0;--awb-flex-grow-medium:;--awb-flex-shrink-medium:;--awb-flex-grow-small:;--awb-flex-shrink-small:;\" data-animationType=\"slideShortInUp\" data-animationDuration=\"0.3\" data-animationOffset=\"top-into-view\" data-scroll-devices=\"small-visibility,medium-visibility,large-visibility\"><div class=\"fusion-column-wrapper fusion-column-has-shadow fusion-flex-justify-content-flex-start fusion-content-layout-column fusion-carousel-item-wrapper\"><div class=\"fusion-image-element\" style=\"--awb-aspect-ratio:4 \/ 3;--awb-caption-title-font-family:var(--h2_typography-font-family);--awb-caption-title-font-weight:var(--h2_typography-font-weight);--awb-caption-title-font-style:var(--h2_typography-font-style);--awb-caption-title-size:var(--h2_typography-font-size);--awb-caption-title-transform:var(--h2_typography-text-transform);--awb-caption-title-line-height:var(--h2_typography-line-height);--awb-caption-title-letter-spacing:var(--h2_typography-letter-spacing);--awb-filter:brightness(100%) contrast(100%);--awb-filter-transition:filter 0.3s ease, -webkit-backdrop-filter 0.3s ease, backdrop-filter 0.3s ease;--awb-filter-hover:brightness(110%) contrast(115%);\"><span class=\" fusion-imageframe imageframe-none imageframe-16 hover-type-zoomin has-aspect-ratio\"><img decoding=\"async\" width=\"558\" height=\"786\" title=\"Deutsch Messe 2024\" src=\"https:\/\/www.gb-mediensysteme.de\/wp-content\/uploads\/2024\/06\/Deutsch-Messe-2024.jpg\" class=\"img-responsive wp-image-61762 img-with-aspect-ratio\" data-parent-fit=\"cover\" data-parent-container=\".fusion-image-element\" alt srcset=\"https:\/\/www.gb-mediensysteme.de\/wp-content\/uploads\/2024\/06\/Deutsch-Messe-2024-200x282.jpg 200w, https:\/\/www.gb-mediensysteme.de\/wp-content\/uploads\/2024\/06\/Deutsch-Messe-2024-400x563.jpg 400w, https:\/\/www.gb-mediensysteme.de\/wp-content\/uploads\/2024\/06\/Deutsch-Messe-2024.jpg 558w\" sizes=\"(max-width: 800px) 100vw, (max-width: 640px) 100vw, 558px\" \/><\/span><\/div><div class=\"fusion-title title fusion-title-17 fusion-sep-none fusion-title-text fusion-title-size-two\" style=\"--awb-margin-top:15px;--awb-margin-right:20px;--awb-margin-left:20px;--awb-margin-top-small:20px;--awb-margin-right-small:0px;--awb-margin-bottom-small:2vh;--awb-margin-left-small:20px;--awb-font-size:20px;\"><h2 class=\"fusion-title-heading title-heading-left fusion-responsive-typography-calculated\" style=\"font-family:&quot;Ubuntu&quot;;font-style:normal;font-weight:400;margin:0;font-size:1em;--fontSize:20;line-height:1.2;\">Hanover Fair 2024<\/h2><\/div><div class=\"fusion-text fusion-text-16\" style=\"--awb-content-alignment:left;--awb-font-size:13px;--awb-margin-right:20px;--awb-margin-left:20px;--awb-text-font-family:&quot;Ubuntu Sans&quot;;--awb-text-font-style:normal;--awb-text-font-weight:300;\"><p>As a full-service partner of Deutsche Messe AG, we provided comprehensive audio, video and lighting technology for the Hannover Messe 2024 trade fair \u2013 from LED walls and displays to special constructions for over 100 exhibition stands and numerous accompanying events.<\/p>\n<\/div><div class=\"fusion-separator fusion-full-width-sep\" style=\"align-self: center;margin-left: auto;margin-right: auto;flex-grow:1;width:100%;\"><\/div><div style=\"text-align:left;\"><a class=\"fusion-button button-flat fusion-button-default-size button-scheme-0 fusion-button-scheme-0 button-15 fusion-button-default-span fusion-button-default-type\" style=\"--awb-margin-bottom:20px;--awb-margin-left:20px;--button_accent_color:#003167;--button_border_color:#ffffff;--button_accent_hover_color:#ffffff;--button_border_hover_color:#ffffff;--button_gradient_top_color:#ffffff;--button_gradient_bottom_color:#ffffff;--button_gradient_top_color_hover:#003167;--button_gradient_bottom_color_hover:#003167;\" target=\"_self\" data-hover=\"bg_slide_right\" href=\"https:\/\/www.gb-mediensysteme.de\/en\/projekte\/hanover-fair-2024\/\"><span class=\"fusion-button-text awb-button__text awb-button__text--default\">View project<\/span><i class=\"fa-angle-right fas awb-button__icon awb-button__icon--default button-icon-right\" aria-hidden=\"true\"><\/i><\/a><\/div><\/div><\/div>\n<div class=\"fusion_builder_column fusion-builder-column-21 fusion-flex-column fusion-animated post-card swiper-slide\" style=\"--awb-bg-color:var(--awb-color2);--awb-bg-color-hover:#d3d3d3;--awb-bg-blend:overlay;--awb-bg-size:cover;--awb-transform:scaleX(1) scaleY(1);--awb-transform-hover:scaleX(1.03) scaleY(1.03);--awb-flex-grow:0;--awb-flex-shrink:0;--awb-flex-grow-medium:;--awb-flex-shrink-medium:;--awb-flex-grow-small:;--awb-flex-shrink-small:;\" data-animationType=\"slideShortInUp\" data-animationDuration=\"0.3\" data-animationOffset=\"top-into-view\" data-scroll-devices=\"small-visibility,medium-visibility,large-visibility\"><div class=\"fusion-column-wrapper fusion-column-has-shadow fusion-flex-justify-content-flex-start fusion-content-layout-column fusion-carousel-item-wrapper\"><div class=\"fusion-image-element\" style=\"--awb-aspect-ratio:4 \/ 3;--awb-caption-title-font-family:var(--h2_typography-font-family);--awb-caption-title-font-weight:var(--h2_typography-font-weight);--awb-caption-title-font-style:var(--h2_typography-font-style);--awb-caption-title-size:var(--h2_typography-font-size);--awb-caption-title-transform:var(--h2_typography-text-transform);--awb-caption-title-line-height:var(--h2_typography-line-height);--awb-caption-title-letter-spacing:var(--h2_typography-letter-spacing);--awb-filter:brightness(100%) contrast(100%);--awb-filter-transition:filter 0.3s ease, -webkit-backdrop-filter 0.3s ease, backdrop-filter 0.3s ease;--awb-filter-hover:brightness(110%) contrast(115%);\"><span class=\" fusion-imageframe imageframe-none imageframe-17 hover-type-zoomin has-aspect-ratio\"><img decoding=\"async\" width=\"558\" height=\"786\" title=\"Deutsche Messe AG Wirtschaftsforum\" src=\"https:\/\/www.gb-mediensysteme.de\/wp-content\/uploads\/2024\/04\/Deutsche-Messe-AG-Wirtschaftsforum.jpg\" class=\"img-responsive wp-image-57161 img-with-aspect-ratio\" data-parent-fit=\"cover\" data-parent-container=\".fusion-image-element\" alt \/><\/span><\/div><div class=\"fusion-title title fusion-title-18 fusion-sep-none fusion-title-text fusion-title-size-two\" style=\"--awb-margin-top:15px;--awb-margin-right:20px;--awb-margin-left:20px;--awb-margin-top-small:20px;--awb-margin-right-small:0px;--awb-margin-bottom-small:2vh;--awb-margin-left-small:20px;--awb-font-size:20px;\"><h2 class=\"fusion-title-heading title-heading-left fusion-responsive-typography-calculated\" style=\"font-family:&quot;Ubuntu&quot;;font-style:normal;font-weight:400;margin:0;font-size:1em;--fontSize:20;line-height:1.2;\">Economic forum for the Hannover Messe<\/h2><\/div><div class=\"fusion-text fusion-text-17\" style=\"--awb-content-alignment:left;--awb-font-size:13px;--awb-margin-right:20px;--awb-margin-left:20px;--awb-text-font-family:&quot;Ubuntu Sans&quot;;--awb-text-font-style:normal;--awb-text-font-weight:300;\"><p>With camera-friendly lighting, precise audio technology and live streaming, we staged the Economic Forum at the Hannover Messe in the HCC \u2013 including projection, multi-camera production and coordination of stage and exhibition stand construction.<\/p>\n<\/div><div class=\"fusion-separator fusion-full-width-sep\" style=\"align-self: center;margin-left: auto;margin-right: auto;flex-grow:1;width:100%;\"><\/div><div style=\"text-align:left;\"><a class=\"fusion-button button-flat fusion-button-default-size button-scheme-0 fusion-button-scheme-0 button-16 fusion-button-default-span fusion-button-default-type\" style=\"--awb-margin-bottom:20px;--awb-margin-left:20px;--button_accent_color:#003167;--button_border_color:#ffffff;--button_accent_hover_color:#ffffff;--button_border_hover_color:#ffffff;--button_gradient_top_color:#ffffff;--button_gradient_bottom_color:#ffffff;--button_gradient_top_color_hover:#003167;--button_gradient_bottom_color_hover:#003167;\" target=\"_self\" data-hover=\"bg_slide_right\" href=\"https:\/\/www.gb-mediensysteme.de\/en\/projekte\/economic-forum-for-the-hannover-messe\/\"><span class=\"fusion-button-text awb-button__text awb-button__text--default\">View project<\/span><i class=\"fa-angle-right fas awb-button__icon awb-button__icon--default button-icon-right\" aria-hidden=\"true\"><\/i><\/a><\/div><\/div><\/div>\n<div class=\"fusion_builder_column fusion-builder-column-22 fusion-flex-column fusion-animated post-card swiper-slide\" style=\"--awb-bg-color:var(--awb-color2);--awb-bg-color-hover:#d3d3d3;--awb-bg-blend:overlay;--awb-bg-size:cover;--awb-transform:scaleX(1) scaleY(1);--awb-transform-hover:scaleX(1.03) scaleY(1.03);--awb-flex-grow:0;--awb-flex-shrink:0;--awb-flex-grow-medium:;--awb-flex-shrink-medium:;--awb-flex-grow-small:;--awb-flex-shrink-small:;\" data-animationType=\"slideShortInUp\" data-animationDuration=\"0.3\" data-animationOffset=\"top-into-view\" data-scroll-devices=\"small-visibility,medium-visibility,large-visibility\"><div class=\"fusion-column-wrapper fusion-column-has-shadow fusion-flex-justify-content-flex-start fusion-content-layout-column fusion-carousel-item-wrapper\"><div class=\"fusion-image-element\" style=\"--awb-aspect-ratio:4 \/ 3;--awb-caption-title-font-family:var(--h2_typography-font-family);--awb-caption-title-font-weight:var(--h2_typography-font-weight);--awb-caption-title-font-style:var(--h2_typography-font-style);--awb-caption-title-size:var(--h2_typography-font-size);--awb-caption-title-transform:var(--h2_typography-text-transform);--awb-caption-title-line-height:var(--h2_typography-line-height);--awb-caption-title-letter-spacing:var(--h2_typography-letter-spacing);--awb-filter:brightness(100%) contrast(100%);--awb-filter-transition:filter 0.3s ease, -webkit-backdrop-filter 0.3s ease, backdrop-filter 0.3s ease;--awb-filter-hover:brightness(110%) contrast(115%);\"><span class=\" fusion-imageframe imageframe-none imageframe-18 hover-type-zoomin has-aspect-ratio\"><img decoding=\"async\" width=\"558\" height=\"786\" title=\"Continental AG Jubilarfeier Kachel\" src=\"https:\/\/www.gb-mediensysteme.de\/wp-content\/uploads\/2024\/04\/Continental-AG-Jubilarfeier-Kachel.jpg\" class=\"img-responsive wp-image-57157 img-with-aspect-ratio\" data-parent-fit=\"cover\" data-parent-container=\".fusion-image-element\" alt \/><\/span><\/div><div class=\"fusion-title title fusion-title-19 fusion-sep-none fusion-title-text fusion-title-size-two\" style=\"--awb-margin-top:15px;--awb-margin-right:20px;--awb-margin-left:20px;--awb-margin-top-small:20px;--awb-margin-right-small:0px;--awb-margin-bottom-small:2vh;--awb-margin-left-small:20px;--awb-font-size:20px;\"><h2 class=\"fusion-title-heading title-heading-left fusion-responsive-typography-calculated\" style=\"font-family:&quot;Ubuntu&quot;;font-style:normal;font-weight:400;margin:0;font-size:1em;--fontSize:20;line-height:1.2;\">Continental anniversary celebration at the new company headquarters<\/h2><\/div><div class=\"fusion-text fusion-text-18\" style=\"--awb-content-alignment:left;--awb-font-size:13px;--awb-margin-right:20px;--awb-margin-left:20px;--awb-text-font-family:&quot;Ubuntu Sans&quot;;--awb-text-font-style:normal;--awb-text-font-weight:300;\"><p>We provided complete audio, lighting and stage technology for Continental AG's anniversary celebrations, ensuring clear sound, atmospheric lighting and the right technical setting for a special celebration in the foyer of the company's headquarters.<\/p>\n<\/div><div class=\"fusion-separator fusion-full-width-sep\" style=\"align-self: center;margin-left: auto;margin-right: auto;flex-grow:1;width:100%;\"><\/div><div style=\"text-align:left;\"><a class=\"fusion-button button-flat fusion-button-default-size button-scheme-0 fusion-button-scheme-0 button-17 fusion-button-default-span fusion-button-default-type\" style=\"--awb-margin-bottom:20px;--awb-margin-left:20px;--button_accent_color:#003167;--button_border_color:#ffffff;--button_accent_hover_color:#ffffff;--button_border_hover_color:#ffffff;--button_gradient_top_color:#ffffff;--button_gradient_bottom_color:#ffffff;--button_gradient_top_color_hover:#003167;--button_gradient_bottom_color_hover:#003167;\" target=\"_self\" data-hover=\"bg_slide_right\" href=\"https:\/\/www.gb-mediensysteme.de\/en\/projekte\/continental-anniversary-celebration-at-the-new-company-headquarters\/\"><span class=\"fusion-button-text awb-button__text awb-button__text--default\">View project<\/span><i class=\"fa-angle-right fas awb-button__icon awb-button__icon--default button-icon-right\" aria-hidden=\"true\"><\/i><\/a><\/div><\/div><\/div>\n<div class=\"fusion_builder_column fusion-builder-column-23 fusion-flex-column fusion-animated post-card swiper-slide\" style=\"--awb-bg-color:var(--awb-color2);--awb-bg-color-hover:#d3d3d3;--awb-bg-blend:overlay;--awb-bg-size:cover;--awb-transform:scaleX(1) scaleY(1);--awb-transform-hover:scaleX(1.03) scaleY(1.03);--awb-flex-grow:0;--awb-flex-shrink:0;--awb-flex-grow-medium:;--awb-flex-shrink-medium:;--awb-flex-grow-small:;--awb-flex-shrink-small:;\" data-animationType=\"slideShortInUp\" data-animationDuration=\"0.3\" data-animationOffset=\"top-into-view\" data-scroll-devices=\"small-visibility,medium-visibility,large-visibility\"><div class=\"fusion-column-wrapper fusion-column-has-shadow fusion-flex-justify-content-flex-start fusion-content-layout-column fusion-carousel-item-wrapper\"><div class=\"fusion-image-element\" style=\"--awb-aspect-ratio:4 \/ 3;--awb-caption-title-font-family:var(--h2_typography-font-family);--awb-caption-title-font-weight:var(--h2_typography-font-weight);--awb-caption-title-font-style:var(--h2_typography-font-style);--awb-caption-title-size:var(--h2_typography-font-size);--awb-caption-title-transform:var(--h2_typography-text-transform);--awb-caption-title-line-height:var(--h2_typography-line-height);--awb-caption-title-letter-spacing:var(--h2_typography-letter-spacing);--awb-filter:brightness(100%) contrast(100%);--awb-filter-transition:filter 0.3s ease, -webkit-backdrop-filter 0.3s ease, backdrop-filter 0.3s ease;--awb-filter-hover:brightness(110%) contrast(115%);\"><span class=\" fusion-imageframe imageframe-none imageframe-19 hover-type-zoomin has-aspect-ratio\"><img decoding=\"async\" width=\"558\" height=\"786\" title=\"Continental AG Kachel Headquarter\" src=\"https:\/\/www.gb-mediensysteme.de\/wp-content\/uploads\/2024\/04\/Continental-AG-Kachel-Headquarter.jpg\" class=\"img-responsive wp-image-57159 img-with-aspect-ratio\" data-parent-fit=\"cover\" data-parent-container=\".fusion-image-element\" alt \/><\/span><\/div><div class=\"fusion-title title fusion-title-20 fusion-sep-none fusion-title-text fusion-title-size-two\" style=\"--awb-margin-top:15px;--awb-margin-right:20px;--awb-margin-left:20px;--awb-margin-top-small:20px;--awb-margin-right-small:0px;--awb-margin-bottom-small:2vh;--awb-margin-left-small:20px;--awb-font-size:20px;\"><h2 class=\"fusion-title-heading title-heading-left fusion-responsive-typography-calculated\" style=\"font-family:&quot;Ubuntu&quot;;font-style:normal;font-weight:400;margin:0;font-size:1em;--fontSize:20;line-height:1.2;\">Continental AG opens new corporate headquarters<\/h2><\/div><div class=\"fusion-text fusion-text-19\" style=\"--awb-content-alignment:left;--awb-font-size:13px;--awb-margin-right:20px;--awb-margin-left:20px;--awb-text-font-family:&quot;Ubuntu Sans&quot;;--awb-text-font-style:normal;--awb-text-font-weight:300;\"><p>Video, audio, and lighting systems structured the grand opening of the new Continental corporate headquarters\u2014including a large-format LED wall, balanced sound reinforcement, and appropriate ambient lighting.<\/p>\n<\/div><div class=\"fusion-separator fusion-full-width-sep\" style=\"align-self: center;margin-left: auto;margin-right: auto;flex-grow:1;width:100%;\"><\/div><div style=\"text-align:left;\"><a class=\"fusion-button button-flat fusion-button-default-size button-scheme-0 fusion-button-scheme-0 button-18 fusion-button-default-span fusion-button-default-type\" style=\"--awb-margin-bottom:20px;--awb-margin-left:20px;--button_accent_color:#003167;--button_border_color:#ffffff;--button_accent_hover_color:#ffffff;--button_border_hover_color:#ffffff;--button_gradient_top_color:#ffffff;--button_gradient_bottom_color:#ffffff;--button_gradient_top_color_hover:#003167;--button_gradient_bottom_color_hover:#003167;\" target=\"_self\" data-hover=\"bg_slide_right\" href=\"https:\/\/www.gb-mediensysteme.de\/en\/projekte\/continental-ag-opens-new-company-headquarters\/\"><span class=\"fusion-button-text awb-button__text awb-button__text--default\">View project<\/span><i class=\"fa-angle-right fas awb-button__icon awb-button__icon--default button-icon-right\" aria-hidden=\"true\"><\/i><\/a><\/div><\/div><\/div>\n<div class=\"fusion_builder_column fusion-builder-column-24 fusion-flex-column fusion-animated post-card swiper-slide\" style=\"--awb-bg-color:var(--awb-color2);--awb-bg-color-hover:#d3d3d3;--awb-bg-blend:overlay;--awb-bg-size:cover;--awb-transform:scaleX(1) scaleY(1);--awb-transform-hover:scaleX(1.03) scaleY(1.03);--awb-flex-grow:0;--awb-flex-shrink:0;--awb-flex-grow-medium:;--awb-flex-shrink-medium:;--awb-flex-grow-small:;--awb-flex-shrink-small:;\" data-animationType=\"slideShortInUp\" data-animationDuration=\"0.3\" data-animationOffset=\"top-into-view\" data-scroll-devices=\"small-visibility,medium-visibility,large-visibility\"><div class=\"fusion-column-wrapper fusion-column-has-shadow fusion-flex-justify-content-flex-start fusion-content-layout-column fusion-carousel-item-wrapper\"><div class=\"fusion-image-element\" style=\"--awb-aspect-ratio:4 \/ 3;--awb-caption-title-font-family:var(--h2_typography-font-family);--awb-caption-title-font-weight:var(--h2_typography-font-weight);--awb-caption-title-font-style:var(--h2_typography-font-style);--awb-caption-title-size:var(--h2_typography-font-size);--awb-caption-title-transform:var(--h2_typography-text-transform);--awb-caption-title-line-height:var(--h2_typography-line-height);--awb-caption-title-letter-spacing:var(--h2_typography-letter-spacing);--awb-filter:brightness(100%) contrast(100%);--awb-filter-transition:filter 0.3s ease, -webkit-backdrop-filter 0.3s ease, backdrop-filter 0.3s ease;--awb-filter-hover:brightness(110%) contrast(115%);\"><span class=\" fusion-imageframe imageframe-none imageframe-20 hover-type-zoomin has-aspect-ratio\"><img decoding=\"async\" width=\"558\" height=\"786\" title=\"Deutsche Messe Kachel 24\" src=\"https:\/\/www.gb-mediensysteme.de\/wp-content\/uploads\/2024\/04\/Deutsche-Messe-Kachel-24.jpg\" class=\"img-responsive wp-image-57155 img-with-aspect-ratio\" data-parent-fit=\"cover\" data-parent-container=\".fusion-image-element\" alt \/><\/span><\/div><div class=\"fusion-title title fusion-title-21 fusion-sep-none fusion-title-text fusion-title-size-two\" style=\"--awb-margin-top:15px;--awb-margin-right:20px;--awb-margin-left:20px;--awb-margin-top-small:20px;--awb-margin-right-small:0px;--awb-margin-bottom-small:2vh;--awb-margin-left-small:20px;--awb-font-size:20px;\"><h2 class=\"fusion-title-heading title-heading-left fusion-responsive-typography-calculated\" style=\"font-family:&quot;Ubuntu&quot;;font-style:normal;font-weight:400;margin:0;font-size:1em;--fontSize:20;line-height:1.2;\">Gala Night Hanover Fair<\/h2><\/div><div class=\"fusion-text fusion-text-20\" style=\"--awb-content-alignment:left;--awb-font-size:13px;--awb-margin-right:20px;--awb-margin-left:20px;--awb-text-font-family:&quot;Ubuntu Sans&quot;;--awb-text-font-style:normal;--awb-text-font-weight:300;\"><p>With atmospheric lighting technology and clear sound, we staged the Hannover Messe Gala Night in the historic Herrenhausen Palace \u2013 and created the perfect technical setting for an exclusive evening with guests from the worlds of politics and business.<\/p>\n<\/div><div class=\"fusion-separator fusion-full-width-sep\" style=\"align-self: center;margin-left: auto;margin-right: auto;flex-grow:1;width:100%;\"><\/div><div style=\"text-align:left;\"><a class=\"fusion-button button-flat fusion-button-default-size button-scheme-0 fusion-button-scheme-0 button-19 fusion-button-default-span fusion-button-default-type\" style=\"--awb-margin-bottom:20px;--awb-margin-left:20px;--button_accent_color:#003167;--button_border_color:#ffffff;--button_accent_hover_color:#ffffff;--button_border_hover_color:#ffffff;--button_gradient_top_color:#ffffff;--button_gradient_bottom_color:#ffffff;--button_gradient_top_color_hover:#003167;--button_gradient_bottom_color_hover:#003167;\" target=\"_self\" data-hover=\"bg_slide_right\" href=\"https:\/\/www.gb-mediensysteme.de\/en\/projekte\/gala-night-hanover-fair\/\"><span class=\"fusion-button-text awb-button__text awb-button__text--default\">View project<\/span><i class=\"fa-angle-right fas awb-button__icon awb-button__icon--default button-icon-right\" aria-hidden=\"true\"><\/i><\/a><\/div><\/div><\/div>\n<div class=\"fusion_builder_column fusion-builder-column-25 fusion-flex-column fusion-animated post-card swiper-slide\" style=\"--awb-bg-color:var(--awb-color2);--awb-bg-color-hover:#d3d3d3;--awb-bg-blend:overlay;--awb-bg-size:cover;--awb-transform:scaleX(1) scaleY(1);--awb-transform-hover:scaleX(1.03) scaleY(1.03);--awb-flex-grow:0;--awb-flex-shrink:0;--awb-flex-grow-medium:;--awb-flex-shrink-medium:;--awb-flex-grow-small:;--awb-flex-shrink-small:;\" data-animationType=\"slideShortInUp\" data-animationDuration=\"0.3\" data-animationOffset=\"top-into-view\" data-scroll-devices=\"small-visibility,medium-visibility,large-visibility\"><div class=\"fusion-column-wrapper fusion-column-has-shadow fusion-flex-justify-content-flex-start fusion-content-layout-column fusion-carousel-item-wrapper\"><div class=\"fusion-image-element\" style=\"--awb-aspect-ratio:4 \/ 3;--awb-caption-title-font-family:var(--h2_typography-font-family);--awb-caption-title-font-weight:var(--h2_typography-font-weight);--awb-caption-title-font-style:var(--h2_typography-font-style);--awb-caption-title-size:var(--h2_typography-font-size);--awb-caption-title-transform:var(--h2_typography-text-transform);--awb-caption-title-line-height:var(--h2_typography-line-height);--awb-caption-title-letter-spacing:var(--h2_typography-letter-spacing);--awb-filter:brightness(100%) contrast(100%);--awb-filter-transition:filter 0.3s ease, -webkit-backdrop-filter 0.3s ease, backdrop-filter 0.3s ease;--awb-filter-hover:brightness(110%) contrast(115%);\"><span class=\" fusion-imageframe imageframe-none imageframe-21 hover-type-zoomin has-aspect-ratio\"><img decoding=\"async\" width=\"558\" height=\"786\" title=\"websitekachel-merz-2023\" src=\"https:\/\/www.gb-mediensysteme.de\/wp-content\/uploads\/2023\/12\/websitekachel-merz-2023.jpg\" class=\"img-responsive wp-image-53312 img-with-aspect-ratio\" data-parent-fit=\"cover\" data-parent-container=\".fusion-image-element\" alt \/><\/span><\/div><div class=\"fusion-title title fusion-title-22 fusion-sep-none fusion-title-text fusion-title-size-two\" style=\"--awb-margin-top:15px;--awb-margin-right:20px;--awb-margin-left:20px;--awb-margin-top-small:20px;--awb-margin-right-small:0px;--awb-margin-bottom-small:2vh;--awb-margin-left-small:20px;--awb-font-size:20px;\"><h2 class=\"fusion-title-heading title-heading-left fusion-responsive-typography-calculated\" style=\"font-family:&quot;Ubuntu&quot;;font-style:normal;font-weight:400;margin:0;font-size:1em;--fontSize:20;line-height:1.2;\">Merz 2023<\/h2><\/div><div class=\"fusion-text fusion-text-21\" style=\"--awb-content-alignment:left;--awb-font-size:13px;--awb-margin-right:20px;--awb-margin-left:20px;--awb-text-font-family:&quot;Ubuntu Sans&quot;;--awb-text-font-style:normal;--awb-text-font-weight:300;\"><p>A comprehensive set of audio, lighting and video technology, as well as 3D visualisation, supported the international Merz Expert Summit 2023 in Barcelona \u2013 from virtual site visits to large-format LED walls and complete technical event management.<\/p>\n<\/div><div class=\"fusion-separator fusion-full-width-sep\" style=\"align-self: center;margin-left: auto;margin-right: auto;flex-grow:1;width:100%;\"><\/div><div style=\"text-align:left;\"><a class=\"fusion-button button-flat fusion-button-default-size button-scheme-0 fusion-button-scheme-0 button-20 fusion-button-default-span fusion-button-default-type\" style=\"--awb-margin-bottom:20px;--awb-margin-left:20px;--button_accent_color:#003167;--button_border_color:#ffffff;--button_accent_hover_color:#ffffff;--button_border_hover_color:#ffffff;--button_gradient_top_color:#ffffff;--button_gradient_bottom_color:#ffffff;--button_gradient_top_color_hover:#003167;--button_gradient_bottom_color_hover:#003167;\" target=\"_self\" data-hover=\"bg_slide_right\" href=\"https:\/\/www.gb-mediensysteme.de\/en\/projekte\/merz-2023\/\"><span class=\"fusion-button-text awb-button__text awb-button__text--default\">View project<\/span><i class=\"fa-angle-right fas awb-button__icon awb-button__icon--default button-icon-right\" aria-hidden=\"true\"><\/i><\/a><\/div><\/div><\/div>\n<div class=\"fusion_builder_column fusion-builder-column-26 fusion-flex-column fusion-animated post-card swiper-slide\" style=\"--awb-bg-color:var(--awb-color2);--awb-bg-color-hover:#d3d3d3;--awb-bg-blend:overlay;--awb-bg-size:cover;--awb-transform:scaleX(1) scaleY(1);--awb-transform-hover:scaleX(1.03) scaleY(1.03);--awb-flex-grow:0;--awb-flex-shrink:0;--awb-flex-grow-medium:;--awb-flex-shrink-medium:;--awb-flex-grow-small:;--awb-flex-shrink-small:;\" data-animationType=\"slideShortInUp\" data-animationDuration=\"0.3\" data-animationOffset=\"top-into-view\" data-scroll-devices=\"small-visibility,medium-visibility,large-visibility\"><div class=\"fusion-column-wrapper fusion-column-has-shadow fusion-flex-justify-content-flex-start fusion-content-layout-column fusion-carousel-item-wrapper\"><div class=\"fusion-image-element\" style=\"--awb-aspect-ratio:4 \/ 3;--awb-caption-title-font-family:var(--h2_typography-font-family);--awb-caption-title-font-weight:var(--h2_typography-font-weight);--awb-caption-title-font-style:var(--h2_typography-font-style);--awb-caption-title-size:var(--h2_typography-font-size);--awb-caption-title-transform:var(--h2_typography-text-transform);--awb-caption-title-line-height:var(--h2_typography-line-height);--awb-caption-title-letter-spacing:var(--h2_typography-letter-spacing);--awb-filter:brightness(100%) contrast(100%);--awb-filter-transition:filter 0.3s ease, -webkit-backdrop-filter 0.3s ease, backdrop-filter 0.3s ease;--awb-filter-hover:brightness(110%) contrast(115%);\"><span class=\" fusion-imageframe imageframe-none imageframe-22 hover-type-zoomin has-aspect-ratio\"><img decoding=\"async\" width=\"558\" height=\"786\" title=\"cdu-zukunftskongress-kachel-2\" src=\"https:\/\/www.gb-mediensysteme.de\/wp-content\/uploads\/2023\/12\/cdu-zukunftskongress-kachel-2.jpg\" class=\"img-responsive wp-image-53525 img-with-aspect-ratio\" data-parent-fit=\"cover\" data-parent-container=\".fusion-image-element\" alt \/><\/span><\/div><div class=\"fusion-title title fusion-title-23 fusion-sep-none fusion-title-text fusion-title-size-two\" style=\"--awb-margin-top:15px;--awb-margin-right:20px;--awb-margin-left:20px;--awb-margin-top-small:20px;--awb-margin-right-small:0px;--awb-margin-bottom-small:2vh;--awb-margin-left-small:20px;--awb-font-size:20px;\"><h2 class=\"fusion-title-heading title-heading-left fusion-responsive-typography-calculated\" style=\"font-family:&quot;Ubuntu&quot;;font-style:normal;font-weight:400;margin:0;font-size:1em;--fontSize:20;line-height:1.2;\">CDU Future Congress<\/h2><\/div><div class=\"fusion-text fusion-text-22\" style=\"--awb-content-alignment:left;--awb-font-size:13px;--awb-margin-right:20px;--awb-margin-left:20px;--awb-text-font-family:&quot;Ubuntu Sans&quot;;--awb-text-font-style:normal;--awb-text-font-weight:300;\"><p>Stage, video, and app technology provided the technical framework for the CDU Future Congress\u2014including speaker control, digital live voting, and professional image processing for the audience on site and streaming online.<\/p>\n<\/div><div class=\"fusion-separator fusion-full-width-sep\" style=\"align-self: center;margin-left: auto;margin-right: auto;flex-grow:1;width:100%;\"><\/div><div style=\"text-align:left;\"><a class=\"fusion-button button-flat fusion-button-default-size button-scheme-0 fusion-button-scheme-0 button-21 fusion-button-default-span fusion-button-default-type\" style=\"--awb-margin-bottom:20px;--awb-margin-left:20px;--button_accent_color:#003167;--button_border_color:#ffffff;--button_accent_hover_color:#ffffff;--button_border_hover_color:#ffffff;--button_gradient_top_color:#ffffff;--button_gradient_bottom_color:#ffffff;--button_gradient_top_color_hover:#003167;--button_gradient_bottom_color_hover:#003167;\" target=\"_self\" data-hover=\"bg_slide_right\" href=\"https:\/\/www.gb-mediensysteme.de\/en\/projekte\/cdu-future-congress\/\"><span class=\"fusion-button-text awb-button__text awb-button__text--default\">View project<\/span><i class=\"fa-angle-right fas awb-button__icon awb-button__icon--default button-icon-right\" aria-hidden=\"true\"><\/i><\/a><\/div><\/div><\/div>\n<div class=\"fusion_builder_column fusion-builder-column-27 fusion-flex-column fusion-animated post-card swiper-slide\" style=\"--awb-bg-color:var(--awb-color2);--awb-bg-color-hover:#d3d3d3;--awb-bg-blend:overlay;--awb-bg-size:cover;--awb-transform:scaleX(1) scaleY(1);--awb-transform-hover:scaleX(1.03) scaleY(1.03);--awb-flex-grow:0;--awb-flex-shrink:0;--awb-flex-grow-medium:;--awb-flex-shrink-medium:;--awb-flex-grow-small:;--awb-flex-shrink-small:;\" data-animationType=\"slideShortInUp\" data-animationDuration=\"0.3\" data-animationOffset=\"top-into-view\" data-scroll-devices=\"small-visibility,medium-visibility,large-visibility\"><div class=\"fusion-column-wrapper fusion-column-has-shadow fusion-flex-justify-content-flex-start fusion-content-layout-column fusion-carousel-item-wrapper\"><div class=\"fusion-image-element\" style=\"--awb-aspect-ratio:4 \/ 3;--awb-caption-title-font-family:var(--h2_typography-font-family);--awb-caption-title-font-weight:var(--h2_typography-font-weight);--awb-caption-title-font-style:var(--h2_typography-font-style);--awb-caption-title-size:var(--h2_typography-font-size);--awb-caption-title-transform:var(--h2_typography-text-transform);--awb-caption-title-line-height:var(--h2_typography-line-height);--awb-caption-title-letter-spacing:var(--h2_typography-letter-spacing);--awb-filter:brightness(100%) contrast(100%);--awb-filter-transition:filter 0.3s ease, -webkit-backdrop-filter 0.3s ease, backdrop-filter 0.3s ease;--awb-filter-hover:brightness(110%) contrast(115%);\"><span class=\" fusion-imageframe imageframe-none imageframe-23 hover-type-zoomin has-aspect-ratio\"><img decoding=\"async\" width=\"558\" height=\"786\" title=\"websitekachel-logistics-summit\" src=\"https:\/\/www.gb-mediensysteme.de\/wp-content\/uploads\/2023\/12\/websitekachel-logistics-summit.jpg\" class=\"img-responsive wp-image-53310 img-with-aspect-ratio\" data-parent-fit=\"cover\" data-parent-container=\".fusion-image-element\" alt \/><\/span><\/div><div class=\"fusion-title title fusion-title-24 fusion-sep-none fusion-title-text fusion-title-size-two\" style=\"--awb-margin-top:15px;--awb-margin-right:20px;--awb-margin-left:20px;--awb-margin-top-small:20px;--awb-margin-right-small:0px;--awb-margin-bottom-small:2vh;--awb-margin-left-small:20px;--awb-font-size:20px;\"><h2 class=\"fusion-title-heading title-heading-left fusion-responsive-typography-calculated\" style=\"font-family:&quot;Ubuntu&quot;;font-style:normal;font-weight:400;margin:0;font-size:1em;--fontSize:20;line-height:1.2;\">Logistics Summit<\/h2><\/div><div class=\"fusion-text fusion-text-23\" style=\"--awb-content-alignment:left;--awb-font-size:13px;--awb-margin-right:20px;--awb-margin-left:20px;--awb-text-font-family:&quot;Ubuntu Sans&quot;;--awb-text-font-style:normal;--awb-text-font-weight:300;\"><\/div><div class=\"fusion-separator fusion-full-width-sep\" style=\"align-self: center;margin-left: auto;margin-right: auto;flex-grow:1;width:100%;\"><\/div><div style=\"text-align:left;\"><a class=\"fusion-button button-flat fusion-button-default-size button-scheme-0 fusion-button-scheme-0 button-22 fusion-button-default-span fusion-button-default-type\" style=\"--awb-margin-bottom:20px;--awb-margin-left:20px;--button_accent_color:#003167;--button_border_color:#ffffff;--button_accent_hover_color:#ffffff;--button_border_hover_color:#ffffff;--button_gradient_top_color:#ffffff;--button_gradient_bottom_color:#ffffff;--button_gradient_top_color_hover:#003167;--button_gradient_bottom_color_hover:#003167;\" target=\"_self\" data-hover=\"bg_slide_right\" href=\"https:\/\/www.gb-mediensysteme.de\/en\/projekte\/logistics-summit\/\"><span class=\"fusion-button-text awb-button__text awb-button__text--default\">View project<\/span><i class=\"fa-angle-right fas awb-button__icon awb-button__icon--default button-icon-right\" aria-hidden=\"true\"><\/i><\/a><\/div><\/div><\/div>\n<div class=\"fusion_builder_column fusion-builder-column-28 fusion-flex-column fusion-animated post-card swiper-slide\" style=\"--awb-bg-color:var(--awb-color2);--awb-bg-color-hover:#d3d3d3;--awb-bg-blend:overlay;--awb-bg-size:cover;--awb-transform:scaleX(1) scaleY(1);--awb-transform-hover:scaleX(1.03) scaleY(1.03);--awb-flex-grow:0;--awb-flex-shrink:0;--awb-flex-grow-medium:;--awb-flex-shrink-medium:;--awb-flex-grow-small:;--awb-flex-shrink-small:;\" data-animationType=\"slideShortInUp\" data-animationDuration=\"0.3\" data-animationOffset=\"top-into-view\" data-scroll-devices=\"small-visibility,medium-visibility,large-visibility\"><div class=\"fusion-column-wrapper fusion-column-has-shadow fusion-flex-justify-content-flex-start fusion-content-layout-column fusion-carousel-item-wrapper\"><div class=\"fusion-image-element\" style=\"--awb-aspect-ratio:4 \/ 3;--awb-caption-title-font-family:var(--h2_typography-font-family);--awb-caption-title-font-weight:var(--h2_typography-font-weight);--awb-caption-title-font-style:var(--h2_typography-font-style);--awb-caption-title-size:var(--h2_typography-font-size);--awb-caption-title-transform:var(--h2_typography-text-transform);--awb-caption-title-line-height:var(--h2_typography-line-height);--awb-caption-title-letter-spacing:var(--h2_typography-letter-spacing);--awb-filter:brightness(100%) contrast(100%);--awb-filter-transition:filter 0.3s ease, -webkit-backdrop-filter 0.3s ease, backdrop-filter 0.3s ease;--awb-filter-hover:brightness(110%) contrast(115%);\"><span class=\" fusion-imageframe imageframe-none imageframe-24 hover-type-zoomin has-aspect-ratio\"><img decoding=\"async\" width=\"558\" height=\"786\" title=\"websitekachel-accounting-summit\" src=\"https:\/\/www.gb-mediensysteme.de\/wp-content\/uploads\/2023\/12\/websitekachel-accounting-summit.jpg\" class=\"img-responsive wp-image-53306 img-with-aspect-ratio\" data-parent-fit=\"cover\" data-parent-container=\".fusion-image-element\" alt \/><\/span><\/div><div class=\"fusion-title title fusion-title-25 fusion-sep-none fusion-title-text fusion-title-size-two\" style=\"--awb-margin-top:15px;--awb-margin-right:20px;--awb-margin-left:20px;--awb-margin-top-small:20px;--awb-margin-right-small:0px;--awb-margin-bottom-small:2vh;--awb-margin-left-small:20px;--awb-font-size:20px;\"><h2 class=\"fusion-title-heading title-heading-left fusion-responsive-typography-calculated\" style=\"font-family:&quot;Ubuntu&quot;;font-style:normal;font-weight:400;margin:0;font-size:1em;--fontSize:20;line-height:1.2;\">Accounting Summit<\/h2><\/div><div class=\"fusion-text fusion-text-24\" style=\"--awb-content-alignment:left;--awb-font-size:13px;--awb-margin-right:20px;--awb-margin-left:20px;--awb-text-font-family:&quot;Ubuntu Sans&quot;;--awb-text-font-style:normal;--awb-text-font-weight:300;\"><\/div><div class=\"fusion-separator fusion-full-width-sep\" style=\"align-self: center;margin-left: auto;margin-right: auto;flex-grow:1;width:100%;\"><\/div><div style=\"text-align:left;\"><a class=\"fusion-button button-flat fusion-button-default-size button-scheme-0 fusion-button-scheme-0 button-23 fusion-button-default-span fusion-button-default-type\" style=\"--awb-margin-bottom:20px;--awb-margin-left:20px;--button_accent_color:#003167;--button_border_color:#ffffff;--button_accent_hover_color:#ffffff;--button_border_hover_color:#ffffff;--button_gradient_top_color:#ffffff;--button_gradient_bottom_color:#ffffff;--button_gradient_top_color_hover:#003167;--button_gradient_bottom_color_hover:#003167;\" target=\"_self\" data-hover=\"bg_slide_right\" href=\"https:\/\/www.gb-mediensysteme.de\/en\/projekte\/accounting-summit\/\"><span class=\"fusion-button-text awb-button__text awb-button__text--default\">View project<\/span><i class=\"fa-angle-right fas awb-button__icon awb-button__icon--default button-icon-right\" aria-hidden=\"true\"><\/i><\/a><\/div><\/div><\/div>\n<div class=\"fusion_builder_column fusion-builder-column-29 fusion-flex-column fusion-animated post-card swiper-slide\" style=\"--awb-bg-color:var(--awb-color2);--awb-bg-color-hover:#d3d3d3;--awb-bg-blend:overlay;--awb-bg-size:cover;--awb-transform:scaleX(1) scaleY(1);--awb-transform-hover:scaleX(1.03) scaleY(1.03);--awb-flex-grow:0;--awb-flex-shrink:0;--awb-flex-grow-medium:;--awb-flex-shrink-medium:;--awb-flex-grow-small:;--awb-flex-shrink-small:;\" data-animationType=\"slideShortInUp\" data-animationDuration=\"0.3\" data-animationOffset=\"top-into-view\" data-scroll-devices=\"small-visibility,medium-visibility,large-visibility\"><div class=\"fusion-column-wrapper fusion-column-has-shadow fusion-flex-justify-content-flex-start fusion-content-layout-column fusion-carousel-item-wrapper\"><div class=\"fusion-image-element\" style=\"--awb-aspect-ratio:4 \/ 3;--awb-caption-title-font-family:var(--h2_typography-font-family);--awb-caption-title-font-weight:var(--h2_typography-font-weight);--awb-caption-title-font-style:var(--h2_typography-font-style);--awb-caption-title-size:var(--h2_typography-font-size);--awb-caption-title-transform:var(--h2_typography-text-transform);--awb-caption-title-line-height:var(--h2_typography-line-height);--awb-caption-title-letter-spacing:var(--h2_typography-letter-spacing);--awb-filter:brightness(100%) contrast(100%);--awb-filter-transition:filter 0.3s ease, -webkit-backdrop-filter 0.3s ease, backdrop-filter 0.3s ease;--awb-filter-hover:brightness(110%) contrast(115%);\"><span class=\" fusion-imageframe imageframe-none imageframe-25 hover-type-zoomin has-aspect-ratio\"><img decoding=\"async\" width=\"558\" height=\"786\" title=\"websitekachel-metropole-ruhr\" src=\"https:\/\/www.gb-mediensysteme.de\/wp-content\/uploads\/2023\/12\/websitekachel-metropole-ruhr.jpg\" class=\"img-responsive wp-image-53314 img-with-aspect-ratio\" data-parent-fit=\"cover\" data-parent-container=\".fusion-image-element\" alt \/><\/span><\/div><div class=\"fusion-title title fusion-title-26 fusion-sep-none fusion-title-text fusion-title-size-two\" style=\"--awb-margin-top:15px;--awb-margin-right:20px;--awb-margin-left:20px;--awb-margin-top-small:20px;--awb-margin-right-small:0px;--awb-margin-bottom-small:2vh;--awb-margin-left-small:20px;--awb-font-size:20px;\"><h2 class=\"fusion-title-heading title-heading-left fusion-responsive-typography-calculated\" style=\"font-family:&quot;Ubuntu&quot;;font-style:normal;font-weight:400;margin:0;font-size:1em;--fontSize:20;line-height:1.2;\">Metropole Ruhr at Expo Real 2023<\/h2><\/div><div class=\"fusion-text fusion-text-25\" style=\"--awb-content-alignment:left;--awb-font-size:13px;--awb-margin-right:20px;--awb-margin-left:20px;--awb-text-font-family:&quot;Ubuntu Sans&quot;;--awb-text-font-style:normal;--awb-text-font-weight:300;\"><p>Integrated lighting, sound, and LED technology made the largest single stand of the Ruhr Metropolis at EXPO REAL in Munich possible\u2014supplemented by central media control and uniform display solutions.<\/p>\n<\/div><div class=\"fusion-separator fusion-full-width-sep\" style=\"align-self: center;margin-left: auto;margin-right: auto;flex-grow:1;width:100%;\"><\/div><div style=\"text-align:left;\"><a class=\"fusion-button button-flat fusion-button-default-size button-scheme-0 fusion-button-scheme-0 button-24 fusion-button-default-span fusion-button-default-type\" style=\"--awb-margin-bottom:20px;--awb-margin-left:20px;--button_accent_color:#003167;--button_border_color:#ffffff;--button_accent_hover_color:#ffffff;--button_border_hover_color:#ffffff;--button_gradient_top_color:#ffffff;--button_gradient_bottom_color:#ffffff;--button_gradient_top_color_hover:#003167;--button_gradient_bottom_color_hover:#003167;\" target=\"_self\" data-hover=\"bg_slide_right\" href=\"https:\/\/www.gb-mediensysteme.de\/en\/projekte\/metropole-ruhr-at-expo-real-2023\/\"><span class=\"fusion-button-text awb-button__text awb-button__text--default\">View project<\/span><i class=\"fa-angle-right fas awb-button__icon awb-button__icon--default button-icon-right\" aria-hidden=\"true\"><\/i><\/a><\/div><\/div><\/div>\n<div class=\"fusion_builder_column fusion-builder-column-30 fusion-flex-column fusion-animated post-card swiper-slide\" style=\"--awb-bg-color:var(--awb-color2);--awb-bg-color-hover:#d3d3d3;--awb-bg-blend:overlay;--awb-bg-size:cover;--awb-transform:scaleX(1) scaleY(1);--awb-transform-hover:scaleX(1.03) scaleY(1.03);--awb-flex-grow:0;--awb-flex-shrink:0;--awb-flex-grow-medium:;--awb-flex-shrink-medium:;--awb-flex-grow-small:;--awb-flex-shrink-small:;\" data-animationType=\"slideShortInUp\" data-animationDuration=\"0.3\" data-animationOffset=\"top-into-view\" data-scroll-devices=\"small-visibility,medium-visibility,large-visibility\"><div class=\"fusion-column-wrapper fusion-column-has-shadow fusion-flex-justify-content-flex-start fusion-content-layout-column fusion-carousel-item-wrapper\"><div class=\"fusion-image-element\" style=\"--awb-aspect-ratio:4 \/ 3;--awb-caption-title-font-family:var(--h2_typography-font-family);--awb-caption-title-font-weight:var(--h2_typography-font-weight);--awb-caption-title-font-style:var(--h2_typography-font-style);--awb-caption-title-size:var(--h2_typography-font-size);--awb-caption-title-transform:var(--h2_typography-text-transform);--awb-caption-title-line-height:var(--h2_typography-line-height);--awb-caption-title-letter-spacing:var(--h2_typography-letter-spacing);--awb-filter:brightness(100%) contrast(100%);--awb-filter-transition:filter 0.3s ease, -webkit-backdrop-filter 0.3s ease, backdrop-filter 0.3s ease;--awb-filter-hover:brightness(110%) contrast(115%);\"><span class=\" fusion-imageframe imageframe-none imageframe-26 hover-type-zoomin has-aspect-ratio\"><img decoding=\"async\" width=\"558\" height=\"786\" title=\"blauer-panther-kachel-2\" src=\"https:\/\/www.gb-mediensysteme.de\/wp-content\/uploads\/2023\/12\/blauer-panther-kachel-2.jpg\" class=\"img-responsive wp-image-53169 img-with-aspect-ratio\" data-parent-fit=\"cover\" data-parent-container=\".fusion-image-element\" alt \/><\/span><\/div><div class=\"fusion-title title fusion-title-27 fusion-sep-none fusion-title-text fusion-title-size-two\" style=\"--awb-margin-top:15px;--awb-margin-right:20px;--awb-margin-left:20px;--awb-margin-top-small:20px;--awb-margin-right-small:0px;--awb-margin-bottom-small:2vh;--awb-margin-left-small:20px;--awb-font-size:20px;\"><h2 class=\"fusion-title-heading title-heading-left fusion-responsive-typography-calculated\" style=\"font-family:&quot;Ubuntu&quot;;font-style:normal;font-weight:400;margin:0;font-size:1em;--fontSize:20;line-height:1.2;\">Blue Panther award ceremony<\/h2><\/div><div class=\"fusion-text fusion-text-26\" style=\"--awb-content-alignment:left;--awb-font-size:13px;--awb-margin-right:20px;--awb-margin-left:20px;--awb-text-font-family:&quot;Ubuntu Sans&quot;;--awb-text-font-style:normal;--awb-text-font-weight:300;\"><\/div><div class=\"fusion-separator fusion-full-width-sep\" style=\"align-self: center;margin-left: auto;margin-right: auto;flex-grow:1;width:100%;\"><\/div><div style=\"text-align:left;\"><a class=\"fusion-button button-flat fusion-button-default-size button-scheme-0 fusion-button-scheme-0 button-25 fusion-button-default-span fusion-button-default-type\" style=\"--awb-margin-bottom:20px;--awb-margin-left:20px;--button_accent_color:#003167;--button_border_color:#ffffff;--button_accent_hover_color:#ffffff;--button_border_hover_color:#ffffff;--button_gradient_top_color:#ffffff;--button_gradient_bottom_color:#ffffff;--button_gradient_top_color_hover:#003167;--button_gradient_bottom_color_hover:#003167;\" target=\"_self\" data-hover=\"bg_slide_right\" href=\"https:\/\/www.gb-mediensysteme.de\/en\/projekte\/blue-panther-award-ceremony\/\"><span class=\"fusion-button-text awb-button__text awb-button__text--default\">View project<\/span><i class=\"fa-angle-right fas awb-button__icon awb-button__icon--default button-icon-right\" aria-hidden=\"true\"><\/i><\/a><\/div><\/div><\/div>\n<div class=\"fusion_builder_column fusion-builder-column-31 fusion-flex-column fusion-animated post-card swiper-slide\" style=\"--awb-bg-color:var(--awb-color2);--awb-bg-color-hover:#d3d3d3;--awb-bg-blend:overlay;--awb-bg-size:cover;--awb-transform:scaleX(1) scaleY(1);--awb-transform-hover:scaleX(1.03) scaleY(1.03);--awb-flex-grow:0;--awb-flex-shrink:0;--awb-flex-grow-medium:;--awb-flex-shrink-medium:;--awb-flex-grow-small:;--awb-flex-shrink-small:;\" data-animationType=\"slideShortInUp\" data-animationDuration=\"0.3\" data-animationOffset=\"top-into-view\" data-scroll-devices=\"small-visibility,medium-visibility,large-visibility\"><div class=\"fusion-column-wrapper fusion-column-has-shadow fusion-flex-justify-content-flex-start fusion-content-layout-column fusion-carousel-item-wrapper\"><div class=\"fusion-image-element\" style=\"--awb-aspect-ratio:4 \/ 3;--awb-caption-title-font-family:var(--h2_typography-font-family);--awb-caption-title-font-weight:var(--h2_typography-font-weight);--awb-caption-title-font-style:var(--h2_typography-font-style);--awb-caption-title-size:var(--h2_typography-font-size);--awb-caption-title-transform:var(--h2_typography-text-transform);--awb-caption-title-line-height:var(--h2_typography-line-height);--awb-caption-title-letter-spacing:var(--h2_typography-letter-spacing);--awb-filter:brightness(100%) contrast(100%);--awb-filter-transition:filter 0.3s ease, -webkit-backdrop-filter 0.3s ease, backdrop-filter 0.3s ease;--awb-filter-hover:brightness(110%) contrast(115%);\"><span class=\" fusion-imageframe imageframe-none imageframe-27 hover-type-zoomin has-aspect-ratio\"><img decoding=\"async\" width=\"558\" height=\"786\" alt=\"VW IAA-Messestand\" title=\"VW IAA-Messestand\" src=\"https:\/\/www.gb-mediensysteme.de\/wp-content\/uploads\/2021\/12\/vw-iaa.jpg\" class=\"img-responsive wp-image-23006 img-with-aspect-ratio\" data-parent-fit=\"cover\" data-parent-container=\".fusion-image-element\" srcset=\"https:\/\/www.gb-mediensysteme.de\/wp-content\/uploads\/2021\/12\/vw-iaa-200x282.jpg 200w, https:\/\/www.gb-mediensysteme.de\/wp-content\/uploads\/2021\/12\/vw-iaa-400x563.jpg 400w, https:\/\/www.gb-mediensysteme.de\/wp-content\/uploads\/2021\/12\/vw-iaa.jpg 558w\" sizes=\"(max-width: 800px) 100vw, (max-width: 640px) 100vw, 558px\" \/><\/span><\/div><div class=\"fusion-title title fusion-title-28 fusion-sep-none fusion-title-text fusion-title-size-two\" style=\"--awb-margin-top:15px;--awb-margin-right:20px;--awb-margin-left:20px;--awb-margin-top-small:20px;--awb-margin-right-small:0px;--awb-margin-bottom-small:2vh;--awb-margin-left-small:20px;--awb-font-size:20px;\"><h2 class=\"fusion-title-heading title-heading-left fusion-responsive-typography-calculated\" style=\"font-family:&quot;Ubuntu&quot;;font-style:normal;font-weight:400;margin:0;font-size:1em;--fontSize:20;line-height:1.2;\">Volkswagen at the IAA 2021<\/h2><\/div><div class=\"fusion-text fusion-text-27\" style=\"--awb-content-alignment:left;--awb-font-size:13px;--awb-margin-right:20px;--awb-margin-left:20px;--awb-text-font-family:&quot;Ubuntu Sans&quot;;--awb-text-font-style:normal;--awb-text-font-weight:300;\"><p>Extensive video, audio, and streaming technology characterized Volkswagen AG's presence at the IAA in Munich\u2014including a hybrid world premiere and press conference.<\/p>\n<\/div><div class=\"fusion-separator fusion-full-width-sep\" style=\"align-self: center;margin-left: auto;margin-right: auto;flex-grow:1;width:100%;\"><\/div><div style=\"text-align:left;\"><a class=\"fusion-button button-flat fusion-button-default-size button-scheme-0 fusion-button-scheme-0 button-26 fusion-button-default-span fusion-button-default-type\" style=\"--awb-margin-bottom:20px;--awb-margin-left:20px;--button_accent_color:#003167;--button_border_color:#ffffff;--button_accent_hover_color:#ffffff;--button_border_hover_color:#ffffff;--button_gradient_top_color:#ffffff;--button_gradient_bottom_color:#ffffff;--button_gradient_top_color_hover:#003167;--button_gradient_bottom_color_hover:#003167;\" target=\"_self\" data-hover=\"bg_slide_right\" href=\"https:\/\/www.gb-mediensysteme.de\/en\/projekte\/dbwv-2021-3\/\"><span class=\"fusion-button-text awb-button__text awb-button__text--default\">View project<\/span><i class=\"fa-angle-right fas awb-button__icon awb-button__icon--default button-icon-right\" aria-hidden=\"true\"><\/i><\/a><\/div><\/div><\/div>\n<div class=\"fusion_builder_column fusion-builder-column-32 fusion-flex-column fusion-animated post-card swiper-slide\" style=\"--awb-bg-color:var(--awb-color2);--awb-bg-color-hover:#d3d3d3;--awb-bg-blend:overlay;--awb-bg-size:cover;--awb-transform:scaleX(1) scaleY(1);--awb-transform-hover:scaleX(1.03) scaleY(1.03);--awb-flex-grow:0;--awb-flex-shrink:0;--awb-flex-grow-medium:;--awb-flex-shrink-medium:;--awb-flex-grow-small:;--awb-flex-shrink-small:;\" data-animationType=\"slideShortInUp\" data-animationDuration=\"0.3\" data-animationOffset=\"top-into-view\" data-scroll-devices=\"small-visibility,medium-visibility,large-visibility\"><div class=\"fusion-column-wrapper fusion-column-has-shadow fusion-flex-justify-content-flex-start fusion-content-layout-column fusion-carousel-item-wrapper\"><div class=\"fusion-image-element\" style=\"--awb-aspect-ratio:4 \/ 3;--awb-caption-title-font-family:var(--h2_typography-font-family);--awb-caption-title-font-weight:var(--h2_typography-font-weight);--awb-caption-title-font-style:var(--h2_typography-font-style);--awb-caption-title-size:var(--h2_typography-font-size);--awb-caption-title-transform:var(--h2_typography-text-transform);--awb-caption-title-line-height:var(--h2_typography-line-height);--awb-caption-title-letter-spacing:var(--h2_typography-letter-spacing);--awb-filter:brightness(100%) contrast(100%);--awb-filter-transition:filter 0.3s ease, -webkit-backdrop-filter 0.3s ease, backdrop-filter 0.3s ease;--awb-filter-hover:brightness(110%) contrast(115%);\"><span class=\" fusion-imageframe imageframe-none imageframe-28 hover-type-zoomin has-aspect-ratio\"><img decoding=\"async\" width=\"558\" height=\"786\" alt=\"Mitsubishi Projekt\" title=\"Mitsubishi-Projekt\" src=\"https:\/\/www.gb-mediensysteme.de\/wp-content\/uploads\/2023\/03\/Mitsubishi-Projekt.png\" class=\"img-responsive wp-image-40325 img-with-aspect-ratio\" data-parent-fit=\"cover\" data-parent-container=\".fusion-image-element\" srcset=\"https:\/\/www.gb-mediensysteme.de\/wp-content\/uploads\/2023\/03\/Mitsubishi-Projekt-200x282.png 200w, https:\/\/www.gb-mediensysteme.de\/wp-content\/uploads\/2023\/03\/Mitsubishi-Projekt-400x563.png 400w, https:\/\/www.gb-mediensysteme.de\/wp-content\/uploads\/2023\/03\/Mitsubishi-Projekt.png 558w\" sizes=\"(max-width: 800px) 100vw, (max-width: 640px) 100vw, 558px\" \/><\/span><\/div><div class=\"fusion-title title fusion-title-29 fusion-sep-none fusion-title-text fusion-title-size-two\" style=\"--awb-margin-top:15px;--awb-margin-right:20px;--awb-margin-left:20px;--awb-margin-top-small:20px;--awb-margin-right-small:0px;--awb-margin-bottom-small:2vh;--awb-margin-left-small:20px;--awb-font-size:20px;\"><h2 class=\"fusion-title-heading title-heading-left fusion-responsive-typography-calculated\" style=\"font-family:&quot;Ubuntu&quot;;font-style:normal;font-weight:400;margin:0;font-size:1em;--fontSize:20;line-height:1.2;\">Mitsubishi Dealer Day 2023<\/h2><\/div><div class=\"fusion-text fusion-text-28\" style=\"--awb-content-alignment:left;--awb-font-size:13px;--awb-margin-right:20px;--awb-margin-left:20px;--awb-text-font-family:&quot;Ubuntu Sans&quot;;--awb-text-font-style:normal;--awb-text-font-weight:300;\"><\/div><div class=\"fusion-separator fusion-full-width-sep\" style=\"align-self: center;margin-left: auto;margin-right: auto;flex-grow:1;width:100%;\"><\/div><div style=\"text-align:left;\"><a class=\"fusion-button button-flat fusion-button-default-size button-scheme-0 fusion-button-scheme-0 button-27 fusion-button-default-span fusion-button-default-type\" style=\"--awb-margin-bottom:20px;--awb-margin-left:20px;--button_accent_color:#003167;--button_border_color:#ffffff;--button_accent_hover_color:#ffffff;--button_border_hover_color:#ffffff;--button_gradient_top_color:#ffffff;--button_gradient_bottom_color:#ffffff;--button_gradient_top_color_hover:#003167;--button_gradient_bottom_color_hover:#003167;\" target=\"_self\" data-hover=\"bg_slide_right\" href=\"https:\/\/www.gb-mediensysteme.de\/en\/projekte\/mitsubishi-dealer-day-2023\/\"><span class=\"fusion-button-text awb-button__text awb-button__text--default\">View project<\/span><i class=\"fa-angle-right fas awb-button__icon awb-button__icon--default button-icon-right\" aria-hidden=\"true\"><\/i><\/a><\/div><\/div><\/div>\n<div class=\"fusion_builder_column fusion-builder-column-33 fusion-flex-column fusion-animated post-card swiper-slide\" style=\"--awb-bg-color:var(--awb-color2);--awb-bg-color-hover:#d3d3d3;--awb-bg-blend:overlay;--awb-bg-size:cover;--awb-transform:scaleX(1) scaleY(1);--awb-transform-hover:scaleX(1.03) scaleY(1.03);--awb-flex-grow:0;--awb-flex-shrink:0;--awb-flex-grow-medium:;--awb-flex-shrink-medium:;--awb-flex-grow-small:;--awb-flex-shrink-small:;\" data-animationType=\"slideShortInUp\" data-animationDuration=\"0.3\" data-animationOffset=\"top-into-view\" data-scroll-devices=\"small-visibility,medium-visibility,large-visibility\"><div class=\"fusion-column-wrapper fusion-column-has-shadow fusion-flex-justify-content-flex-start fusion-content-layout-column fusion-carousel-item-wrapper\"><div class=\"fusion-image-element\" style=\"--awb-aspect-ratio:4 \/ 3;--awb-caption-title-font-family:var(--h2_typography-font-family);--awb-caption-title-font-weight:var(--h2_typography-font-weight);--awb-caption-title-font-style:var(--h2_typography-font-style);--awb-caption-title-size:var(--h2_typography-font-size);--awb-caption-title-transform:var(--h2_typography-text-transform);--awb-caption-title-line-height:var(--h2_typography-line-height);--awb-caption-title-letter-spacing:var(--h2_typography-letter-spacing);--awb-filter:brightness(100%) contrast(100%);--awb-filter-transition:filter 0.3s ease, -webkit-backdrop-filter 0.3s ease, backdrop-filter 0.3s ease;--awb-filter-hover:brightness(110%) contrast(115%);\"><span class=\" fusion-imageframe imageframe-none imageframe-29 hover-type-zoomin has-aspect-ratio\"><img decoding=\"async\" width=\"558\" height=\"786\" alt=\"Schwarzkopf\" title=\"schwarzkopf-kachel\" src=\"https:\/\/www.gb-mediensysteme.de\/wp-content\/uploads\/2023\/03\/schwarzkopf-kachel.png\" class=\"img-responsive wp-image-39913 img-with-aspect-ratio\" data-parent-fit=\"cover\" data-parent-container=\".fusion-image-element\" srcset=\"https:\/\/www.gb-mediensysteme.de\/wp-content\/uploads\/2023\/03\/schwarzkopf-kachel-200x282.png 200w, https:\/\/www.gb-mediensysteme.de\/wp-content\/uploads\/2023\/03\/schwarzkopf-kachel-400x563.png 400w, https:\/\/www.gb-mediensysteme.de\/wp-content\/uploads\/2023\/03\/schwarzkopf-kachel.png 558w\" sizes=\"(max-width: 800px) 100vw, (max-width: 640px) 100vw, 558px\" \/><\/span><\/div><div class=\"fusion-title title fusion-title-30 fusion-sep-none fusion-title-text fusion-title-size-two\" style=\"--awb-margin-top:15px;--awb-margin-right:20px;--awb-margin-left:20px;--awb-margin-top-small:20px;--awb-margin-right-small:0px;--awb-margin-bottom-small:2vh;--awb-margin-left-small:20px;--awb-font-size:20px;\"><h2 class=\"fusion-title-heading title-heading-left fusion-responsive-typography-calculated\" style=\"font-family:&quot;Ubuntu&quot;;font-style:normal;font-weight:400;margin:0;font-size:1em;--fontSize:20;line-height:1.2;\">Schwarzkopf Masterbrand Professional 2023<\/h2><\/div><div class=\"fusion-text fusion-text-29\" style=\"--awb-content-alignment:left;--awb-font-size:13px;--awb-margin-right:20px;--awb-margin-left:20px;--awb-text-font-family:&quot;Ubuntu Sans&quot;;--awb-text-font-style:normal;--awb-text-font-weight:300;\"><\/div><div class=\"fusion-separator fusion-full-width-sep\" style=\"align-self: center;margin-left: auto;margin-right: auto;flex-grow:1;width:100%;\"><\/div><div style=\"text-align:left;\"><a class=\"fusion-button button-flat fusion-button-default-size button-scheme-0 fusion-button-scheme-0 button-28 fusion-button-default-span fusion-button-default-type\" style=\"--awb-margin-bottom:20px;--awb-margin-left:20px;--button_accent_color:#003167;--button_border_color:#ffffff;--button_accent_hover_color:#ffffff;--button_border_hover_color:#ffffff;--button_gradient_top_color:#ffffff;--button_gradient_bottom_color:#ffffff;--button_gradient_top_color_hover:#003167;--button_gradient_bottom_color_hover:#003167;\" target=\"_self\" data-hover=\"bg_slide_right\" href=\"https:\/\/www.gb-mediensysteme.de\/en\/projekte\/schwarzkopf-masterbrand-professional-2023\/\"><span class=\"fusion-button-text awb-button__text awb-button__text--default\">View project<\/span><i class=\"fa-angle-right fas awb-button__icon awb-button__icon--default button-icon-right\" aria-hidden=\"true\"><\/i><\/a><\/div><\/div><\/div>\n<div class=\"fusion_builder_column fusion-builder-column-34 fusion-flex-column fusion-animated post-card swiper-slide\" style=\"--awb-bg-color:var(--awb-color2);--awb-bg-color-hover:#d3d3d3;--awb-bg-blend:overlay;--awb-bg-size:cover;--awb-transform:scaleX(1) scaleY(1);--awb-transform-hover:scaleX(1.03) scaleY(1.03);--awb-flex-grow:0;--awb-flex-shrink:0;--awb-flex-grow-medium:;--awb-flex-shrink-medium:;--awb-flex-grow-small:;--awb-flex-shrink-small:;\" data-animationType=\"slideShortInUp\" data-animationDuration=\"0.3\" data-animationOffset=\"top-into-view\" data-scroll-devices=\"small-visibility,medium-visibility,large-visibility\"><div class=\"fusion-column-wrapper fusion-column-has-shadow fusion-flex-justify-content-flex-start fusion-content-layout-column fusion-carousel-item-wrapper\"><div class=\"fusion-image-element\" style=\"--awb-aspect-ratio:4 \/ 3;--awb-caption-title-font-family:var(--h2_typography-font-family);--awb-caption-title-font-weight:var(--h2_typography-font-weight);--awb-caption-title-font-style:var(--h2_typography-font-style);--awb-caption-title-size:var(--h2_typography-font-size);--awb-caption-title-transform:var(--h2_typography-text-transform);--awb-caption-title-line-height:var(--h2_typography-line-height);--awb-caption-title-letter-spacing:var(--h2_typography-letter-spacing);--awb-filter:brightness(100%) contrast(100%);--awb-filter-transition:filter 0.3s ease, -webkit-backdrop-filter 0.3s ease, backdrop-filter 0.3s ease;--awb-filter-hover:brightness(110%) contrast(115%);\"><span class=\" fusion-imageframe imageframe-none imageframe-30 hover-type-zoomin has-aspect-ratio\"><img decoding=\"async\" width=\"558\" height=\"786\" alt=\"FTTH Kachel\" title=\"ftth-kachel-hell\" src=\"https:\/\/www.gb-mediensysteme.de\/wp-content\/uploads\/2022\/08\/ftth-kachel-hell.jpg\" class=\"img-responsive wp-image-32391 img-with-aspect-ratio\" data-parent-fit=\"cover\" data-parent-container=\".fusion-image-element\" srcset=\"https:\/\/www.gb-mediensysteme.de\/wp-content\/uploads\/2022\/08\/ftth-kachel-hell-200x282.jpg 200w, https:\/\/www.gb-mediensysteme.de\/wp-content\/uploads\/2022\/08\/ftth-kachel-hell-400x563.jpg 400w, https:\/\/www.gb-mediensysteme.de\/wp-content\/uploads\/2022\/08\/ftth-kachel-hell.jpg 558w\" sizes=\"(max-width: 800px) 100vw, (max-width: 640px) 100vw, 558px\" \/><\/span><\/div><div class=\"fusion-title title fusion-title-31 fusion-sep-none fusion-title-text fusion-title-size-two\" style=\"--awb-margin-top:15px;--awb-margin-right:20px;--awb-margin-left:20px;--awb-margin-top-small:20px;--awb-margin-right-small:0px;--awb-margin-bottom-small:2vh;--awb-margin-left-small:20px;--awb-font-size:20px;\"><h2 class=\"fusion-title-heading title-heading-left fusion-responsive-typography-calculated\" style=\"font-family:&quot;Ubuntu&quot;;font-style:normal;font-weight:400;margin:0;font-size:1em;--fontSize:20;line-height:1.2;\">FTTH Conference Vienna<\/h2><\/div><div class=\"fusion-text fusion-text-30\" style=\"--awb-content-alignment:left;--awb-font-size:13px;--awb-margin-right:20px;--awb-margin-left:20px;--awb-text-font-family:&quot;Ubuntu Sans&quot;;--awb-text-font-style:normal;--awb-text-font-weight:300;\"><\/div><div class=\"fusion-separator fusion-full-width-sep\" style=\"align-self: center;margin-left: auto;margin-right: auto;flex-grow:1;width:100%;\"><\/div><div style=\"text-align:left;\"><a class=\"fusion-button button-flat fusion-button-default-size button-scheme-0 fusion-button-scheme-0 button-29 fusion-button-default-span fusion-button-default-type\" style=\"--awb-margin-bottom:20px;--awb-margin-left:20px;--button_accent_color:#003167;--button_border_color:#ffffff;--button_accent_hover_color:#ffffff;--button_border_hover_color:#ffffff;--button_gradient_top_color:#ffffff;--button_gradient_bottom_color:#ffffff;--button_gradient_top_color_hover:#003167;--button_gradient_bottom_color_hover:#003167;\" target=\"_self\" data-hover=\"bg_slide_right\" href=\"https:\/\/www.gb-mediensysteme.de\/en\/projekte\/ftth-conference-vienna-2\/\"><span class=\"fusion-button-text awb-button__text awb-button__text--default\">View project<\/span><i class=\"fa-angle-right fas awb-button__icon awb-button__icon--default button-icon-right\" aria-hidden=\"true\"><\/i><\/a><\/div><\/div><\/div>\n<div class=\"fusion_builder_column fusion-builder-column-35 fusion-flex-column fusion-animated post-card swiper-slide\" style=\"--awb-bg-color:var(--awb-color2);--awb-bg-color-hover:#d3d3d3;--awb-bg-blend:overlay;--awb-bg-size:cover;--awb-transform:scaleX(1) scaleY(1);--awb-transform-hover:scaleX(1.03) scaleY(1.03);--awb-flex-grow:0;--awb-flex-shrink:0;--awb-flex-grow-medium:;--awb-flex-shrink-medium:;--awb-flex-grow-small:;--awb-flex-shrink-small:;\" data-animationType=\"slideShortInUp\" data-animationDuration=\"0.3\" data-animationOffset=\"top-into-view\" data-scroll-devices=\"small-visibility,medium-visibility,large-visibility\"><div class=\"fusion-column-wrapper fusion-column-has-shadow fusion-flex-justify-content-flex-start fusion-content-layout-column fusion-carousel-item-wrapper\"><div class=\"fusion-image-element\" style=\"--awb-aspect-ratio:4 \/ 3;--awb-caption-title-font-family:var(--h2_typography-font-family);--awb-caption-title-font-weight:var(--h2_typography-font-weight);--awb-caption-title-font-style:var(--h2_typography-font-style);--awb-caption-title-size:var(--h2_typography-font-size);--awb-caption-title-transform:var(--h2_typography-text-transform);--awb-caption-title-line-height:var(--h2_typography-line-height);--awb-caption-title-letter-spacing:var(--h2_typography-letter-spacing);--awb-filter:brightness(100%) contrast(100%);--awb-filter-transition:filter 0.3s ease, -webkit-backdrop-filter 0.3s ease, backdrop-filter 0.3s ease;--awb-filter-hover:brightness(110%) contrast(115%);\"><span class=\" fusion-imageframe imageframe-none imageframe-31 hover-type-zoomin has-aspect-ratio\"><img decoding=\"async\" width=\"558\" height=\"786\" alt=\"FTTH Kachel\" title=\"ftth-kachel-hell\" src=\"https:\/\/www.gb-mediensysteme.de\/wp-content\/uploads\/2022\/08\/ftth-kachel-hell.jpg\" class=\"img-responsive wp-image-32391 img-with-aspect-ratio\" data-parent-fit=\"cover\" data-parent-container=\".fusion-image-element\" srcset=\"https:\/\/www.gb-mediensysteme.de\/wp-content\/uploads\/2022\/08\/ftth-kachel-hell-200x282.jpg 200w, https:\/\/www.gb-mediensysteme.de\/wp-content\/uploads\/2022\/08\/ftth-kachel-hell-400x563.jpg 400w, https:\/\/www.gb-mediensysteme.de\/wp-content\/uploads\/2022\/08\/ftth-kachel-hell.jpg 558w\" sizes=\"(max-width: 800px) 100vw, (max-width: 640px) 100vw, 558px\" \/><\/span><\/div><div class=\"fusion-title title fusion-title-32 fusion-sep-none fusion-title-text fusion-title-size-two\" style=\"--awb-margin-top:15px;--awb-margin-right:20px;--awb-margin-left:20px;--awb-margin-top-small:20px;--awb-margin-right-small:0px;--awb-margin-bottom-small:2vh;--awb-margin-left-small:20px;--awb-font-size:20px;\"><h2 class=\"fusion-title-heading title-heading-left fusion-responsive-typography-calculated\" style=\"font-family:&quot;Ubuntu&quot;;font-style:normal;font-weight:400;margin:0;font-size:1em;--fontSize:20;line-height:1.2;\">FTTH Conference Vienna<\/h2><\/div><div class=\"fusion-text fusion-text-31\" style=\"--awb-content-alignment:left;--awb-font-size:13px;--awb-margin-right:20px;--awb-margin-left:20px;--awb-text-font-family:&quot;Ubuntu Sans&quot;;--awb-text-font-style:normal;--awb-text-font-weight:300;\"><\/div><div class=\"fusion-separator fusion-full-width-sep\" style=\"align-self: center;margin-left: auto;margin-right: auto;flex-grow:1;width:100%;\"><\/div><div style=\"text-align:left;\"><a class=\"fusion-button button-flat fusion-button-default-size button-scheme-0 fusion-button-scheme-0 button-30 fusion-button-default-span fusion-button-default-type\" style=\"--awb-margin-bottom:20px;--awb-margin-left:20px;--button_accent_color:#003167;--button_border_color:#ffffff;--button_accent_hover_color:#ffffff;--button_border_hover_color:#ffffff;--button_gradient_top_color:#ffffff;--button_gradient_bottom_color:#ffffff;--button_gradient_top_color_hover:#003167;--button_gradient_bottom_color_hover:#003167;\" target=\"_self\" data-hover=\"bg_slide_right\" href=\"https:\/\/www.gb-mediensysteme.de\/en\/projekte\/ftth-conference-vienna\/\"><span class=\"fusion-button-text awb-button__text awb-button__text--default\">View project<\/span><i class=\"fa-angle-right fas awb-button__icon awb-button__icon--default button-icon-right\" aria-hidden=\"true\"><\/i><\/a><\/div><\/div><\/div>\n<div class=\"fusion_builder_column fusion-builder-column-36 fusion-flex-column fusion-animated post-card swiper-slide\" style=\"--awb-bg-color:var(--awb-color2);--awb-bg-color-hover:#d3d3d3;--awb-bg-blend:overlay;--awb-bg-size:cover;--awb-transform:scaleX(1) scaleY(1);--awb-transform-hover:scaleX(1.03) scaleY(1.03);--awb-flex-grow:0;--awb-flex-shrink:0;--awb-flex-grow-medium:;--awb-flex-shrink-medium:;--awb-flex-grow-small:;--awb-flex-shrink-small:;\" data-animationType=\"slideShortInUp\" data-animationDuration=\"0.3\" data-animationOffset=\"top-into-view\" data-scroll-devices=\"small-visibility,medium-visibility,large-visibility\"><div class=\"fusion-column-wrapper fusion-column-has-shadow fusion-flex-justify-content-flex-start fusion-content-layout-column fusion-carousel-item-wrapper\"><div class=\"fusion-image-element\" style=\"--awb-aspect-ratio:4 \/ 3;--awb-caption-title-font-family:var(--h2_typography-font-family);--awb-caption-title-font-weight:var(--h2_typography-font-weight);--awb-caption-title-font-style:var(--h2_typography-font-style);--awb-caption-title-size:var(--h2_typography-font-size);--awb-caption-title-transform:var(--h2_typography-text-transform);--awb-caption-title-line-height:var(--h2_typography-line-height);--awb-caption-title-letter-spacing:var(--h2_typography-letter-spacing);--awb-filter:brightness(100%) contrast(100%);--awb-filter-transition:filter 0.3s ease, -webkit-backdrop-filter 0.3s ease, backdrop-filter 0.3s ease;--awb-filter-hover:brightness(110%) contrast(115%);\"><span class=\" fusion-imageframe imageframe-none imageframe-32 hover-type-zoomin has-aspect-ratio\"><img decoding=\"async\" width=\"558\" height=\"786\" alt=\"ZEG Eurobike\" title=\"ZEG Eurobike\" src=\"https:\/\/www.gb-mediensysteme.de\/wp-content\/uploads\/2022\/08\/zeg_eurobike.jpg\" class=\"img-responsive wp-image-31431 img-with-aspect-ratio\" data-parent-fit=\"cover\" data-parent-container=\".fusion-image-element\" srcset=\"https:\/\/www.gb-mediensysteme.de\/wp-content\/uploads\/2022\/08\/zeg_eurobike-200x282.jpg 200w, https:\/\/www.gb-mediensysteme.de\/wp-content\/uploads\/2022\/08\/zeg_eurobike-400x563.jpg 400w, https:\/\/www.gb-mediensysteme.de\/wp-content\/uploads\/2022\/08\/zeg_eurobike.jpg 558w\" sizes=\"(max-width: 800px) 100vw, (max-width: 640px) 100vw, 558px\" \/><\/span><\/div><div class=\"fusion-title title fusion-title-33 fusion-sep-none fusion-title-text fusion-title-size-two\" style=\"--awb-margin-top:15px;--awb-margin-right:20px;--awb-margin-left:20px;--awb-margin-top-small:20px;--awb-margin-right-small:0px;--awb-margin-bottom-small:2vh;--awb-margin-left-small:20px;--awb-font-size:20px;\"><h2 class=\"fusion-title-heading title-heading-left fusion-responsive-typography-calculated\" style=\"font-family:&quot;Ubuntu&quot;;font-style:normal;font-weight:400;margin:0;font-size:1em;--fontSize:20;line-height:1.2;\">ZEG trade fair party in the Festhalle Frankfurt<\/h2><\/div><div class=\"fusion-text fusion-text-32\" style=\"--awb-content-alignment:left;--awb-font-size:13px;--awb-margin-right:20px;--awb-margin-left:20px;--awb-text-font-family:&quot;Ubuntu Sans&quot;;--awb-text-font-style:normal;--awb-text-font-weight:300;\"><\/div><div class=\"fusion-separator fusion-full-width-sep\" style=\"align-self: center;margin-left: auto;margin-right: auto;flex-grow:1;width:100%;\"><\/div><div style=\"text-align:left;\"><a class=\"fusion-button button-flat fusion-button-default-size button-scheme-0 fusion-button-scheme-0 button-31 fusion-button-default-span fusion-button-default-type\" style=\"--awb-margin-bottom:20px;--awb-margin-left:20px;--button_accent_color:#003167;--button_border_color:#ffffff;--button_accent_hover_color:#ffffff;--button_border_hover_color:#ffffff;--button_gradient_top_color:#ffffff;--button_gradient_bottom_color:#ffffff;--button_gradient_top_color_hover:#003167;--button_gradient_bottom_color_hover:#003167;\" target=\"_self\" data-hover=\"bg_slide_right\" href=\"https:\/\/www.gb-mediensysteme.de\/en\/projekte\/zeg-trade-fair-party-in-the-festhalle-frankfurt\/\"><span class=\"fusion-button-text awb-button__text awb-button__text--default\">View project<\/span><i class=\"fa-angle-right fas awb-button__icon awb-button__icon--default button-icon-right\" aria-hidden=\"true\"><\/i><\/a><\/div><\/div><\/div>\n<div class=\"fusion_builder_column fusion-builder-column-37 fusion-flex-column fusion-animated post-card swiper-slide\" style=\"--awb-bg-color:var(--awb-color2);--awb-bg-color-hover:#d3d3d3;--awb-bg-blend:overlay;--awb-bg-size:cover;--awb-transform:scaleX(1) scaleY(1);--awb-transform-hover:scaleX(1.03) scaleY(1.03);--awb-flex-grow:0;--awb-flex-shrink:0;--awb-flex-grow-medium:;--awb-flex-shrink-medium:;--awb-flex-grow-small:;--awb-flex-shrink-small:;\" data-animationType=\"slideShortInUp\" data-animationDuration=\"0.3\" data-animationOffset=\"top-into-view\" data-scroll-devices=\"small-visibility,medium-visibility,large-visibility\"><div class=\"fusion-column-wrapper fusion-column-has-shadow fusion-flex-justify-content-flex-start fusion-content-layout-column fusion-carousel-item-wrapper\"><div class=\"fusion-image-element\" style=\"--awb-aspect-ratio:4 \/ 3;--awb-caption-title-font-family:var(--h2_typography-font-family);--awb-caption-title-font-weight:var(--h2_typography-font-weight);--awb-caption-title-font-style:var(--h2_typography-font-style);--awb-caption-title-size:var(--h2_typography-font-size);--awb-caption-title-transform:var(--h2_typography-text-transform);--awb-caption-title-line-height:var(--h2_typography-line-height);--awb-caption-title-letter-spacing:var(--h2_typography-letter-spacing);--awb-filter:brightness(100%) contrast(100%);--awb-filter-transition:filter 0.3s ease, -webkit-backdrop-filter 0.3s ease, backdrop-filter 0.3s ease;--awb-filter-hover:brightness(110%) contrast(115%);\"><span class=\" fusion-imageframe imageframe-none imageframe-33 hover-type-zoomin has-aspect-ratio\"><img decoding=\"async\" width=\"558\" height=\"786\" alt=\"Yves Saint Laurent Level Up - the Gaming Experience\" title=\"Yves Saint Laurent Level Up &#8211; the Gaming Experience\" src=\"https:\/\/www.gb-mediensysteme.de\/wp-content\/uploads\/2021\/11\/yves-saint-laurent-projekt.jpg\" class=\"img-responsive wp-image-22161 img-with-aspect-ratio\" data-parent-fit=\"cover\" data-parent-container=\".fusion-image-element\" srcset=\"https:\/\/www.gb-mediensysteme.de\/wp-content\/uploads\/2021\/11\/yves-saint-laurent-projekt-200x282.jpg 200w, https:\/\/www.gb-mediensysteme.de\/wp-content\/uploads\/2021\/11\/yves-saint-laurent-projekt-400x563.jpg 400w, https:\/\/www.gb-mediensysteme.de\/wp-content\/uploads\/2021\/11\/yves-saint-laurent-projekt.jpg 558w\" sizes=\"(max-width: 800px) 100vw, (max-width: 640px) 100vw, 558px\" \/><\/span><\/div><div class=\"fusion-title title fusion-title-34 fusion-sep-none fusion-title-text fusion-title-size-two\" style=\"--awb-margin-top:15px;--awb-margin-right:20px;--awb-margin-left:20px;--awb-margin-top-small:20px;--awb-margin-right-small:0px;--awb-margin-bottom-small:2vh;--awb-margin-left-small:20px;--awb-font-size:20px;\"><h2 class=\"fusion-title-heading title-heading-left fusion-responsive-typography-calculated\" style=\"font-family:&quot;Ubuntu&quot;;font-style:normal;font-weight:400;margin:0;font-size:1em;--fontSize:20;line-height:1.2;\">Yves Saint Laurent<\/h2><\/div><div class=\"fusion-text fusion-text-33\" style=\"--awb-content-alignment:left;--awb-font-size:13px;--awb-margin-right:20px;--awb-margin-left:20px;--awb-text-font-family:&quot;Ubuntu Sans&quot;;--awb-text-font-style:normal;--awb-text-font-weight:300;\"><p>An elaborately staged live gaming experience, featuring lighting, sound and video technology as well as visual direction, made Yves Saint Laurent\u2019s interactive educational event possible, attracting over 1,800 participants and generating a high level of interaction \u2013 delivered as an immersive digital event.<\/p>\n<\/div><div class=\"fusion-separator fusion-full-width-sep\" style=\"align-self: center;margin-left: auto;margin-right: auto;flex-grow:1;width:100%;\"><\/div><div style=\"text-align:left;\"><a class=\"fusion-button button-flat fusion-button-default-size button-scheme-0 fusion-button-scheme-0 button-32 fusion-button-default-span fusion-button-default-type\" style=\"--awb-margin-bottom:20px;--awb-margin-left:20px;--button_accent_color:#003167;--button_border_color:#ffffff;--button_accent_hover_color:#ffffff;--button_border_hover_color:#ffffff;--button_gradient_top_color:#ffffff;--button_gradient_bottom_color:#ffffff;--button_gradient_top_color_hover:#003167;--button_gradient_bottom_color_hover:#003167;\" target=\"_self\" data-hover=\"bg_slide_right\" href=\"https:\/\/www.gb-mediensysteme.de\/en\/projekte\/yves-saint-laurent\/\"><span class=\"fusion-button-text awb-button__text awb-button__text--default\">View project<\/span><i class=\"fa-angle-right fas awb-button__icon awb-button__icon--default button-icon-right\" aria-hidden=\"true\"><\/i><\/a><\/div><\/div><\/div>\n<div class=\"fusion_builder_column fusion-builder-column-38 fusion-flex-column fusion-animated post-card swiper-slide\" style=\"--awb-bg-color:var(--awb-color2);--awb-bg-color-hover:#d3d3d3;--awb-bg-blend:overlay;--awb-bg-size:cover;--awb-transform:scaleX(1) scaleY(1);--awb-transform-hover:scaleX(1.03) scaleY(1.03);--awb-flex-grow:0;--awb-flex-shrink:0;--awb-flex-grow-medium:;--awb-flex-shrink-medium:;--awb-flex-grow-small:;--awb-flex-shrink-small:;\" data-animationType=\"slideShortInUp\" data-animationDuration=\"0.3\" data-animationOffset=\"top-into-view\" data-scroll-devices=\"small-visibility,medium-visibility,large-visibility\"><div class=\"fusion-column-wrapper fusion-column-has-shadow fusion-flex-justify-content-flex-start fusion-content-layout-column fusion-carousel-item-wrapper\"><div class=\"fusion-image-element\" style=\"--awb-aspect-ratio:4 \/ 3;--awb-caption-title-font-family:var(--h2_typography-font-family);--awb-caption-title-font-weight:var(--h2_typography-font-weight);--awb-caption-title-font-style:var(--h2_typography-font-style);--awb-caption-title-size:var(--h2_typography-font-size);--awb-caption-title-transform:var(--h2_typography-text-transform);--awb-caption-title-line-height:var(--h2_typography-line-height);--awb-caption-title-letter-spacing:var(--h2_typography-letter-spacing);--awb-filter:brightness(100%) contrast(100%);--awb-filter-transition:filter 0.3s ease, -webkit-backdrop-filter 0.3s ease, backdrop-filter 0.3s ease;--awb-filter-hover:brightness(110%) contrast(115%);\"><span class=\" fusion-imageframe imageframe-none imageframe-34 hover-type-zoomin has-aspect-ratio\"><img decoding=\"async\" width=\"558\" height=\"786\" alt=\"Event 2025\" title=\"Event 2025\" src=\"https:\/\/www.gb-mediensysteme.de\/wp-content\/uploads\/2021\/11\/event-2025.jpg\" class=\"img-responsive wp-image-21914 img-with-aspect-ratio\" data-parent-fit=\"cover\" data-parent-container=\".fusion-image-element\" srcset=\"https:\/\/www.gb-mediensysteme.de\/wp-content\/uploads\/2021\/11\/event-2025-200x282.jpg 200w, https:\/\/www.gb-mediensysteme.de\/wp-content\/uploads\/2021\/11\/event-2025-400x563.jpg 400w, https:\/\/www.gb-mediensysteme.de\/wp-content\/uploads\/2021\/11\/event-2025.jpg 558w\" sizes=\"(max-width: 800px) 100vw, (max-width: 640px) 100vw, 558px\" \/><\/span><\/div><div class=\"fusion-title title fusion-title-35 fusion-sep-none fusion-title-text fusion-title-size-two\" style=\"--awb-margin-top:15px;--awb-margin-right:20px;--awb-margin-left:20px;--awb-margin-top-small:20px;--awb-margin-right-small:0px;--awb-margin-bottom-small:2vh;--awb-margin-left-small:20px;--awb-font-size:20px;\"><h2 class=\"fusion-title-heading title-heading-left fusion-responsive-typography-calculated\" style=\"font-family:&quot;Ubuntu&quot;;font-style:normal;font-weight:400;margin:0;font-size:1em;--fontSize:20;line-height:1.2;\">Event 2025<\/h2><\/div><div class=\"fusion-text fusion-text-34\" style=\"--awb-content-alignment:left;--awb-font-size:13px;--awb-margin-right:20px;--awb-margin-left:20px;--awb-text-font-family:&quot;Ubuntu Sans&quot;;--awb-text-font-style:normal;--awb-text-font-weight:300;\"><\/div><div class=\"fusion-separator fusion-full-width-sep\" style=\"align-self: center;margin-left: auto;margin-right: auto;flex-grow:1;width:100%;\"><\/div><div style=\"text-align:left;\"><a class=\"fusion-button button-flat fusion-button-default-size button-scheme-0 fusion-button-scheme-0 button-33 fusion-button-default-span fusion-button-default-type\" style=\"--awb-margin-bottom:20px;--awb-margin-left:20px;--button_accent_color:#003167;--button_border_color:#ffffff;--button_accent_hover_color:#ffffff;--button_border_hover_color:#ffffff;--button_gradient_top_color:#ffffff;--button_gradient_bottom_color:#ffffff;--button_gradient_top_color_hover:#003167;--button_gradient_bottom_color_hover:#003167;\" target=\"_self\" data-hover=\"bg_slide_right\" href=\"https:\/\/www.gb-mediensysteme.de\/en\/projekte\/event-2025\/\"><span class=\"fusion-button-text awb-button__text awb-button__text--default\">View project<\/span><i class=\"fa-angle-right fas awb-button__icon awb-button__icon--default button-icon-right\" aria-hidden=\"true\"><\/i><\/a><\/div><\/div><\/div>\n<div class=\"fusion_builder_column fusion-builder-column-39 fusion-flex-column fusion-animated post-card swiper-slide\" style=\"--awb-bg-color:var(--awb-color2);--awb-bg-color-hover:#d3d3d3;--awb-bg-blend:overlay;--awb-bg-size:cover;--awb-transform:scaleX(1) scaleY(1);--awb-transform-hover:scaleX(1.03) scaleY(1.03);--awb-flex-grow:0;--awb-flex-shrink:0;--awb-flex-grow-medium:;--awb-flex-shrink-medium:;--awb-flex-grow-small:;--awb-flex-shrink-small:;\" data-animationType=\"slideShortInUp\" data-animationDuration=\"0.3\" data-animationOffset=\"top-into-view\" data-scroll-devices=\"small-visibility,medium-visibility,large-visibility\"><div class=\"fusion-column-wrapper fusion-column-has-shadow fusion-flex-justify-content-flex-start fusion-content-layout-column fusion-carousel-item-wrapper\"><div class=\"fusion-image-element\" style=\"--awb-aspect-ratio:4 \/ 3;--awb-caption-title-font-family:var(--h2_typography-font-family);--awb-caption-title-font-weight:var(--h2_typography-font-weight);--awb-caption-title-font-style:var(--h2_typography-font-style);--awb-caption-title-size:var(--h2_typography-font-size);--awb-caption-title-transform:var(--h2_typography-text-transform);--awb-caption-title-line-height:var(--h2_typography-line-height);--awb-caption-title-letter-spacing:var(--h2_typography-letter-spacing);--awb-filter:brightness(100%) contrast(100%);--awb-filter-transition:filter 0.3s ease, -webkit-backdrop-filter 0.3s ease, backdrop-filter 0.3s ease;--awb-filter-hover:brightness(110%) contrast(115%);\"><span class=\" fusion-imageframe imageframe-none imageframe-35 hover-type-zoomin has-aspect-ratio\"><img decoding=\"async\" width=\"558\" height=\"786\" alt=\"dbwv digital assembly tile\" title=\"dbwv digital assembly tile\" src=\"https:\/\/www.gb-mediensysteme.de\/wp-content\/uploads\/2021\/08\/dbwv-digitale-versammlung-kachel.jpg\" class=\"img-responsive wp-image-21999 img-with-aspect-ratio\" data-parent-fit=\"cover\" data-parent-container=\".fusion-image-element\" srcset=\"https:\/\/www.gb-mediensysteme.de\/wp-content\/uploads\/2021\/08\/dbwv-digitale-versammlung-kachel-200x282.jpg 200w, https:\/\/www.gb-mediensysteme.de\/wp-content\/uploads\/2021\/08\/dbwv-digitale-versammlung-kachel-400x563.jpg 400w, https:\/\/www.gb-mediensysteme.de\/wp-content\/uploads\/2021\/08\/dbwv-digitale-versammlung-kachel.jpg 558w\" sizes=\"(max-width: 800px) 100vw, (max-width: 640px) 100vw, 558px\" \/><\/span><\/div><div class=\"fusion-title title fusion-title-36 fusion-sep-none fusion-title-text fusion-title-size-two\" style=\"--awb-margin-top:15px;--awb-margin-right:20px;--awb-margin-left:20px;--awb-margin-top-small:20px;--awb-margin-right-small:0px;--awb-margin-bottom-small:2vh;--awb-margin-left-small:20px;--awb-font-size:20px;\"><h2 class=\"fusion-title-heading title-heading-left fusion-responsive-typography-calculated\" style=\"font-family:&quot;Ubuntu&quot;;font-style:normal;font-weight:400;margin:0;font-size:1em;--fontSize:20;line-height:1.2;\">German Bundeswehr Association<\/h2><\/div><div class=\"fusion-text fusion-text-35\" style=\"--awb-content-alignment:left;--awb-font-size:13px;--awb-margin-right:20px;--awb-margin-left:20px;--awb-text-font-family:&quot;Ubuntu Sans&quot;;--awb-text-font-style:normal;--awb-text-font-weight:300;\"><p>A robust streaming infrastructure and an interactive platform enabled the German Bundeswehr Association to hold its digital regional assemblies as part of the live-stream production, featuring live links, votes and complex elections \u2013 delivered in both studio and hybrid formats.<\/p>\n<\/div><div class=\"fusion-separator fusion-full-width-sep\" style=\"align-self: center;margin-left: auto;margin-right: auto;flex-grow:1;width:100%;\"><\/div><div style=\"text-align:left;\"><a class=\"fusion-button button-flat fusion-button-default-size button-scheme-0 fusion-button-scheme-0 button-34 fusion-button-default-span fusion-button-default-type\" style=\"--awb-margin-bottom:20px;--awb-margin-left:20px;--button_accent_color:#003167;--button_border_color:#ffffff;--button_accent_hover_color:#ffffff;--button_border_hover_color:#ffffff;--button_gradient_top_color:#ffffff;--button_gradient_bottom_color:#ffffff;--button_gradient_top_color_hover:#003167;--button_gradient_bottom_color_hover:#003167;\" target=\"_self\" data-hover=\"bg_slide_right\" href=\"https:\/\/www.gb-mediensysteme.de\/en\/projekte\/dbwv-2021-2\/\"><span class=\"fusion-button-text awb-button__text awb-button__text--default\">View project<\/span><i class=\"fa-angle-right fas awb-button__icon awb-button__icon--default button-icon-right\" aria-hidden=\"true\"><\/i><\/a><\/div><\/div><\/div>\n<div class=\"fusion_builder_column fusion-builder-column-40 fusion-flex-column fusion-animated post-card swiper-slide\" style=\"--awb-bg-color:var(--awb-color2);--awb-bg-color-hover:#d3d3d3;--awb-bg-blend:overlay;--awb-bg-size:cover;--awb-transform:scaleX(1) scaleY(1);--awb-transform-hover:scaleX(1.03) scaleY(1.03);--awb-flex-grow:0;--awb-flex-shrink:0;--awb-flex-grow-medium:;--awb-flex-shrink-medium:;--awb-flex-grow-small:;--awb-flex-shrink-small:;\" data-animationType=\"slideShortInUp\" data-animationDuration=\"0.3\" data-animationOffset=\"top-into-view\" data-scroll-devices=\"small-visibility,medium-visibility,large-visibility\"><div class=\"fusion-column-wrapper fusion-column-has-shadow fusion-flex-justify-content-flex-start fusion-content-layout-column fusion-carousel-item-wrapper\"><div class=\"fusion-image-element\" style=\"--awb-aspect-ratio:4 \/ 3;--awb-caption-title-font-family:var(--h2_typography-font-family);--awb-caption-title-font-weight:var(--h2_typography-font-weight);--awb-caption-title-font-style:var(--h2_typography-font-style);--awb-caption-title-size:var(--h2_typography-font-size);--awb-caption-title-transform:var(--h2_typography-text-transform);--awb-caption-title-line-height:var(--h2_typography-line-height);--awb-caption-title-letter-spacing:var(--h2_typography-letter-spacing);--awb-filter:brightness(100%) contrast(100%);--awb-filter-transition:filter 0.3s ease, -webkit-backdrop-filter 0.3s ease, backdrop-filter 0.3s ease;--awb-filter-hover:brightness(110%) contrast(115%);\"><span class=\" fusion-imageframe imageframe-none imageframe-36 hover-type-zoomin has-aspect-ratio\"><img decoding=\"async\" width=\"558\" height=\"786\" alt=\"Deutsche Wohnen Annual General Meeting\" title=\"Deutsche Wohnen Annual General Meeting\" src=\"https:\/\/www.gb-mediensysteme.de\/wp-content\/uploads\/2021\/10\/deutsche-wohnen-hauptvesammlung.jpg\" class=\"img-responsive wp-image-20949 img-with-aspect-ratio\" data-parent-fit=\"cover\" data-parent-container=\".fusion-image-element\" srcset=\"https:\/\/www.gb-mediensysteme.de\/wp-content\/uploads\/2021\/10\/deutsche-wohnen-hauptvesammlung-200x282.jpg 200w, https:\/\/www.gb-mediensysteme.de\/wp-content\/uploads\/2021\/10\/deutsche-wohnen-hauptvesammlung-400x563.jpg 400w, https:\/\/www.gb-mediensysteme.de\/wp-content\/uploads\/2021\/10\/deutsche-wohnen-hauptvesammlung.jpg 558w\" sizes=\"(max-width: 800px) 100vw, (max-width: 640px) 100vw, 558px\" \/><\/span><\/div><div class=\"fusion-title title fusion-title-37 fusion-sep-none fusion-title-text fusion-title-size-two\" style=\"--awb-margin-top:15px;--awb-margin-right:20px;--awb-margin-left:20px;--awb-margin-top-small:20px;--awb-margin-right-small:0px;--awb-margin-bottom-small:2vh;--awb-margin-left-small:20px;--awb-font-size:20px;\"><h2 class=\"fusion-title-heading title-heading-left fusion-responsive-typography-calculated\" style=\"font-family:&quot;Ubuntu&quot;;font-style:normal;font-weight:400;margin:0;font-size:1em;--fontSize:20;line-height:1.2;\">Deutsche Wohnen SE Annual General Meeting<\/h2><\/div><div class=\"fusion-text fusion-text-36\" style=\"--awb-content-alignment:left;--awb-font-size:13px;--awb-margin-right:20px;--awb-margin-left:20px;--awb-text-font-family:&quot;Ubuntu Sans&quot;;--awb-text-font-style:normal;--awb-text-font-weight:300;\"><p>Streaming and studio technology transformed the Berlin headquarters of Deutsche Wohnen SE into a studio for a digital annual general meeting.<\/p>\n<\/div><div class=\"fusion-separator fusion-full-width-sep\" style=\"align-self: center;margin-left: auto;margin-right: auto;flex-grow:1;width:100%;\"><\/div><div style=\"text-align:left;\"><a class=\"fusion-button button-flat fusion-button-default-size button-scheme-0 fusion-button-scheme-0 button-35 fusion-button-default-span fusion-button-default-type\" style=\"--awb-margin-bottom:20px;--awb-margin-left:20px;--button_accent_color:#003167;--button_border_color:#ffffff;--button_accent_hover_color:#ffffff;--button_border_hover_color:#ffffff;--button_gradient_top_color:#ffffff;--button_gradient_bottom_color:#ffffff;--button_gradient_top_color_hover:#003167;--button_gradient_bottom_color_hover:#003167;\" target=\"_self\" data-hover=\"bg_slide_right\" href=\"https:\/\/www.gb-mediensysteme.de\/en\/projekte\/deutsche-wohnen-se-general-meeting\/\"><span class=\"fusion-button-text awb-button__text awb-button__text--default\">View project<\/span><i class=\"fa-angle-right fas awb-button__icon awb-button__icon--default button-icon-right\" aria-hidden=\"true\"><\/i><\/a><\/div><\/div><\/div>\n<div class=\"fusion_builder_column fusion-builder-column-41 fusion-flex-column fusion-animated post-card swiper-slide\" style=\"--awb-bg-color:var(--awb-color2);--awb-bg-color-hover:#d3d3d3;--awb-bg-blend:overlay;--awb-bg-size:cover;--awb-transform:scaleX(1) scaleY(1);--awb-transform-hover:scaleX(1.03) scaleY(1.03);--awb-flex-grow:0;--awb-flex-shrink:0;--awb-flex-grow-medium:;--awb-flex-shrink-medium:;--awb-flex-grow-small:;--awb-flex-shrink-small:;\" data-animationType=\"slideShortInUp\" data-animationDuration=\"0.3\" data-animationOffset=\"top-into-view\" data-scroll-devices=\"small-visibility,medium-visibility,large-visibility\"><div class=\"fusion-column-wrapper fusion-column-has-shadow fusion-flex-justify-content-flex-start fusion-content-layout-column fusion-carousel-item-wrapper\"><div class=\"fusion-image-element\" style=\"--awb-aspect-ratio:4 \/ 3;--awb-caption-title-font-family:var(--h2_typography-font-family);--awb-caption-title-font-weight:var(--h2_typography-font-weight);--awb-caption-title-font-style:var(--h2_typography-font-style);--awb-caption-title-size:var(--h2_typography-font-size);--awb-caption-title-transform:var(--h2_typography-text-transform);--awb-caption-title-line-height:var(--h2_typography-line-height);--awb-caption-title-letter-spacing:var(--h2_typography-letter-spacing);--awb-filter:brightness(100%) contrast(100%);--awb-filter-transition:filter 0.3s ease, -webkit-backdrop-filter 0.3s ease, backdrop-filter 0.3s ease;--awb-filter-hover:brightness(110%) contrast(115%);\"><span class=\" fusion-imageframe imageframe-none imageframe-37 hover-type-zoomin has-aspect-ratio\"><img decoding=\"async\" width=\"558\" height=\"786\" alt=\" Gothaer insurance hybrid topseller forum\" title=\"Gothaer insurance hybrid topseller forum\" src=\"https:\/\/www.gb-mediensysteme.de\/wp-content\/uploads\/2021\/09\/gothaer.jpg\" class=\"img-responsive wp-image-20331 img-with-aspect-ratio\" data-parent-fit=\"cover\" data-parent-container=\".fusion-image-element\" srcset=\"https:\/\/www.gb-mediensysteme.de\/wp-content\/uploads\/2021\/09\/gothaer-200x282.jpg 200w, https:\/\/www.gb-mediensysteme.de\/wp-content\/uploads\/2021\/09\/gothaer-400x563.jpg 400w, https:\/\/www.gb-mediensysteme.de\/wp-content\/uploads\/2021\/09\/gothaer.jpg 558w\" sizes=\"(max-width: 800px) 100vw, (max-width: 640px) 100vw, 558px\" \/><\/span><\/div><div class=\"fusion-title title fusion-title-38 fusion-sep-none fusion-title-text fusion-title-size-two\" style=\"--awb-margin-top:15px;--awb-margin-right:20px;--awb-margin-left:20px;--awb-margin-top-small:20px;--awb-margin-right-small:0px;--awb-margin-bottom-small:2vh;--awb-margin-left-small:20px;--awb-font-size:20px;\"><h2 class=\"fusion-title-heading title-heading-left fusion-responsive-typography-calculated\" style=\"font-family:&quot;Ubuntu&quot;;font-style:normal;font-weight:400;margin:0;font-size:1em;--fontSize:20;line-height:1.2;\">Topseller Forum hybrid for the first time<\/h2><\/div><div class=\"fusion-text fusion-text-37\" style=\"--awb-content-alignment:left;--awb-font-size:13px;--awb-margin-right:20px;--awb-margin-left:20px;--awb-text-font-family:&quot;Ubuntu Sans&quot;;--awb-text-font-style:normal;--awb-text-font-weight:300;\"><p>A hybrid event solution featuring a stage, set design, lighting, sound, and streaming made it possible for Gothaer Insurance to host its Top Seller Forum, with 120 guests on-site and over 500 participants joining digitally\u2014technically implemented as a combined live and online event.<\/p>\n<\/div><div class=\"fusion-separator fusion-full-width-sep\" style=\"align-self: center;margin-left: auto;margin-right: auto;flex-grow:1;width:100%;\"><\/div><div style=\"text-align:left;\"><a class=\"fusion-button button-flat fusion-button-default-size button-scheme-0 fusion-button-scheme-0 button-36 fusion-button-default-span fusion-button-default-type\" style=\"--awb-margin-bottom:20px;--awb-margin-left:20px;--button_accent_color:#003167;--button_border_color:#ffffff;--button_accent_hover_color:#ffffff;--button_border_hover_color:#ffffff;--button_gradient_top_color:#ffffff;--button_gradient_bottom_color:#ffffff;--button_gradient_top_color_hover:#003167;--button_gradient_bottom_color_hover:#003167;\" target=\"_self\" data-hover=\"bg_slide_right\" href=\"https:\/\/www.gb-mediensysteme.de\/en\/projekte\/topseller-forum-hybrid-for-the-first-time\/\"><span class=\"fusion-button-text awb-button__text awb-button__text--default\">View project<\/span><i class=\"fa-angle-right fas awb-button__icon awb-button__icon--default button-icon-right\" aria-hidden=\"true\"><\/i><\/a><\/div><\/div><\/div>\n<div class=\"fusion_builder_column fusion-builder-column-42 fusion-flex-column fusion-animated post-card swiper-slide\" style=\"--awb-bg-color:var(--awb-color2);--awb-bg-color-hover:#d3d3d3;--awb-bg-blend:overlay;--awb-bg-size:cover;--awb-transform:scaleX(1) scaleY(1);--awb-transform-hover:scaleX(1.03) scaleY(1.03);--awb-flex-grow:0;--awb-flex-shrink:0;--awb-flex-grow-medium:;--awb-flex-shrink-medium:;--awb-flex-grow-small:;--awb-flex-shrink-small:;\" data-animationType=\"slideShortInUp\" data-animationDuration=\"0.3\" data-animationOffset=\"top-into-view\" data-scroll-devices=\"small-visibility,medium-visibility,large-visibility\"><div class=\"fusion-column-wrapper fusion-column-has-shadow fusion-flex-justify-content-flex-start fusion-content-layout-column fusion-carousel-item-wrapper\"><div class=\"fusion-image-element\" style=\"--awb-aspect-ratio:4 \/ 3;--awb-caption-title-font-family:var(--h2_typography-font-family);--awb-caption-title-font-weight:var(--h2_typography-font-weight);--awb-caption-title-font-style:var(--h2_typography-font-style);--awb-caption-title-size:var(--h2_typography-font-size);--awb-caption-title-transform:var(--h2_typography-text-transform);--awb-caption-title-line-height:var(--h2_typography-line-height);--awb-caption-title-letter-spacing:var(--h2_typography-letter-spacing);--awb-filter:brightness(100%) contrast(100%);--awb-filter-transition:filter 0.3s ease, -webkit-backdrop-filter 0.3s ease, backdrop-filter 0.3s ease;--awb-filter-hover:brightness(110%) contrast(115%);\"><span class=\" fusion-imageframe imageframe-none imageframe-38 hover-type-zoomin has-aspect-ratio\"><img decoding=\"async\" width=\"558\" height=\"786\" alt=\"Russia Day 2021\" title=\"Russia Day 2021\" src=\"https:\/\/www.gb-mediensysteme.de\/wp-content\/uploads\/2021\/07\/russlandtag.jpg\" class=\"img-responsive wp-image-18732 img-with-aspect-ratio\" data-parent-fit=\"cover\" data-parent-container=\".fusion-image-element\" srcset=\"https:\/\/www.gb-mediensysteme.de\/wp-content\/uploads\/2021\/07\/russlandtag-200x282.jpg 200w, https:\/\/www.gb-mediensysteme.de\/wp-content\/uploads\/2021\/07\/russlandtag-400x563.jpg 400w, https:\/\/www.gb-mediensysteme.de\/wp-content\/uploads\/2021\/07\/russlandtag.jpg 558w\" sizes=\"(max-width: 800px) 100vw, (max-width: 640px) 100vw, 558px\" \/><\/span><\/div><div class=\"fusion-title title fusion-title-39 fusion-sep-none fusion-title-text fusion-title-size-two\" style=\"--awb-margin-top:15px;--awb-margin-right:20px;--awb-margin-left:20px;--awb-margin-top-small:20px;--awb-margin-right-small:0px;--awb-margin-bottom-small:2vh;--awb-margin-left-small:20px;--awb-font-size:20px;\"><h2 class=\"fusion-title-heading title-heading-left fusion-responsive-typography-calculated\" style=\"font-family:&quot;Ubuntu&quot;;font-style:normal;font-weight:400;margin:0;font-size:1em;--fontSize:20;line-height:1.2;\">Russia Day: 4th Entrepreneur Day in Mecklenburg-Western Pomerania<\/h2><\/div><div class=\"fusion-text fusion-text-38\" style=\"--awb-content-alignment:left;--awb-font-size:13px;--awb-margin-right:20px;--awb-margin-left:20px;--awb-text-font-family:&quot;Ubuntu Sans&quot;;--awb-text-font-style:normal;--awb-text-font-weight:300;\"><\/div><div class=\"fusion-separator fusion-full-width-sep\" style=\"align-self: center;margin-left: auto;margin-right: auto;flex-grow:1;width:100%;\"><\/div><div style=\"text-align:left;\"><a class=\"fusion-button button-flat fusion-button-default-size button-scheme-0 fusion-button-scheme-0 button-37 fusion-button-default-span fusion-button-default-type\" style=\"--awb-margin-bottom:20px;--awb-margin-left:20px;--button_accent_color:#003167;--button_border_color:#ffffff;--button_accent_hover_color:#ffffff;--button_border_hover_color:#ffffff;--button_gradient_top_color:#ffffff;--button_gradient_bottom_color:#ffffff;--button_gradient_top_color_hover:#003167;--button_gradient_bottom_color_hover:#003167;\" target=\"_self\" data-hover=\"bg_slide_right\" href=\"https:\/\/www.gb-mediensysteme.de\/en\/projekte\/russia-day-4th-entrepreneur-day-in-mecklenburg-western-pomerania\/\"><span class=\"fusion-button-text awb-button__text awb-button__text--default\">View project<\/span><i class=\"fa-angle-right fas awb-button__icon awb-button__icon--default button-icon-right\" aria-hidden=\"true\"><\/i><\/a><\/div><\/div><\/div>\n<div class=\"fusion_builder_column fusion-builder-column-43 fusion-flex-column fusion-animated post-card swiper-slide\" style=\"--awb-bg-color:var(--awb-color2);--awb-bg-color-hover:#d3d3d3;--awb-bg-blend:overlay;--awb-bg-size:cover;--awb-transform:scaleX(1) scaleY(1);--awb-transform-hover:scaleX(1.03) scaleY(1.03);--awb-flex-grow:0;--awb-flex-shrink:0;--awb-flex-grow-medium:;--awb-flex-shrink-medium:;--awb-flex-grow-small:;--awb-flex-shrink-small:;\" data-animationType=\"slideShortInUp\" data-animationDuration=\"0.3\" data-animationOffset=\"top-into-view\" data-scroll-devices=\"small-visibility,medium-visibility,large-visibility\"><div class=\"fusion-column-wrapper fusion-column-has-shadow fusion-flex-justify-content-flex-start fusion-content-layout-column fusion-carousel-item-wrapper\"><div class=\"fusion-image-element\" style=\"--awb-aspect-ratio:4 \/ 3;--awb-caption-title-font-family:var(--h2_typography-font-family);--awb-caption-title-font-weight:var(--h2_typography-font-weight);--awb-caption-title-font-style:var(--h2_typography-font-style);--awb-caption-title-size:var(--h2_typography-font-size);--awb-caption-title-transform:var(--h2_typography-text-transform);--awb-caption-title-line-height:var(--h2_typography-line-height);--awb-caption-title-letter-spacing:var(--h2_typography-letter-spacing);--awb-filter:brightness(100%) contrast(100%);--awb-filter-transition:filter 0.3s ease, -webkit-backdrop-filter 0.3s ease, backdrop-filter 0.3s ease;--awb-filter-hover:brightness(110%) contrast(115%);\"><span class=\" fusion-imageframe imageframe-none imageframe-39 hover-type-zoomin has-aspect-ratio\"><img decoding=\"async\" width=\"558\" height=\"786\" alt=\"Bavarian Civil Service Association\" title=\"Bavarian Civil Service Association\" src=\"https:\/\/www.gb-mediensysteme.de\/wp-content\/uploads\/2021\/05\/bayerischer-beamtenbund.jpg\" class=\"img-responsive wp-image-15759 img-with-aspect-ratio\" data-parent-fit=\"cover\" data-parent-container=\".fusion-image-element\" srcset=\"https:\/\/www.gb-mediensysteme.de\/wp-content\/uploads\/2021\/05\/bayerischer-beamtenbund-200x282.jpg 200w, https:\/\/www.gb-mediensysteme.de\/wp-content\/uploads\/2021\/05\/bayerischer-beamtenbund-400x563.jpg 400w, https:\/\/www.gb-mediensysteme.de\/wp-content\/uploads\/2021\/05\/bayerischer-beamtenbund.jpg 558w\" sizes=\"(max-width: 800px) 100vw, (max-width: 640px) 100vw, 558px\" \/><\/span><\/div><div class=\"fusion-title title fusion-title-40 fusion-sep-none fusion-title-text fusion-title-size-two\" style=\"--awb-margin-top:15px;--awb-margin-right:20px;--awb-margin-left:20px;--awb-margin-top-small:20px;--awb-margin-right-small:0px;--awb-margin-bottom-small:2vh;--awb-margin-left-small:20px;--awb-font-size:20px;\"><h2 class=\"fusion-title-heading title-heading-left fusion-responsive-typography-calculated\" style=\"font-family:&quot;Ubuntu&quot;;font-style:normal;font-weight:400;margin:0;font-size:1em;--fontSize:20;line-height:1.2;\">Delegates&#8217; Conference of the Bavarian Civil Servants&#8217; Association<\/h2><\/div><div class=\"fusion-text fusion-text-39\" style=\"--awb-content-alignment:left;--awb-font-size:13px;--awb-margin-right:20px;--awb-margin-left:20px;--awb-text-font-family:&quot;Ubuntu Sans&quot;;--awb-text-font-style:normal;--awb-text-font-weight:300;\"><p>A comprehensive streaming and event solution enabled the Bavarian Civil Servants\u2019 Association to hold its digital delegates\u2019 conference, featuring an interactive platform, live broadcasts, voting and video requests to speak \u2013 delivered as a technically sophisticated multi-day event with a studio setup and 270\u00b0 LED backdrops.<\/p>\n<\/div><div class=\"fusion-separator fusion-full-width-sep\" style=\"align-self: center;margin-left: auto;margin-right: auto;flex-grow:1;width:100%;\"><\/div><div style=\"text-align:left;\"><a class=\"fusion-button button-flat fusion-button-default-size button-scheme-0 fusion-button-scheme-0 button-38 fusion-button-default-span fusion-button-default-type\" style=\"--awb-margin-bottom:20px;--awb-margin-left:20px;--button_accent_color:#003167;--button_border_color:#ffffff;--button_accent_hover_color:#ffffff;--button_border_hover_color:#ffffff;--button_gradient_top_color:#ffffff;--button_gradient_bottom_color:#ffffff;--button_gradient_top_color_hover:#003167;--button_gradient_bottom_color_hover:#003167;\" target=\"_self\" data-hover=\"bg_slide_right\" href=\"https:\/\/www.gb-mediensysteme.de\/en\/projekte\/delegates-conference-of-the-bavarian-civil-servants-association\/\"><span class=\"fusion-button-text awb-button__text awb-button__text--default\">View project<\/span><i class=\"fa-angle-right fas awb-button__icon awb-button__icon--default button-icon-right\" aria-hidden=\"true\"><\/i><\/a><\/div><\/div><\/div>\n<div class=\"fusion_builder_column fusion-builder-column-44 fusion-flex-column fusion-animated post-card swiper-slide\" style=\"--awb-bg-color:var(--awb-color2);--awb-bg-color-hover:#d3d3d3;--awb-bg-blend:overlay;--awb-bg-size:cover;--awb-transform:scaleX(1) scaleY(1);--awb-transform-hover:scaleX(1.03) scaleY(1.03);--awb-flex-grow:0;--awb-flex-shrink:0;--awb-flex-grow-medium:;--awb-flex-shrink-medium:;--awb-flex-grow-small:;--awb-flex-shrink-small:;\" data-animationType=\"slideShortInUp\" data-animationDuration=\"0.3\" data-animationOffset=\"top-into-view\" data-scroll-devices=\"small-visibility,medium-visibility,large-visibility\"><div class=\"fusion-column-wrapper fusion-column-has-shadow fusion-flex-justify-content-flex-start fusion-content-layout-column fusion-carousel-item-wrapper\"><div class=\"fusion-image-element\" style=\"--awb-aspect-ratio:4 \/ 3;--awb-caption-title-font-family:var(--h2_typography-font-family);--awb-caption-title-font-weight:var(--h2_typography-font-weight);--awb-caption-title-font-style:var(--h2_typography-font-style);--awb-caption-title-size:var(--h2_typography-font-size);--awb-caption-title-transform:var(--h2_typography-text-transform);--awb-caption-title-line-height:var(--h2_typography-line-height);--awb-caption-title-letter-spacing:var(--h2_typography-letter-spacing);--awb-filter:brightness(100%) contrast(100%);--awb-filter-transition:filter 0.3s ease, -webkit-backdrop-filter 0.3s ease, backdrop-filter 0.3s ease;--awb-filter-hover:brightness(110%) contrast(115%);\"><span class=\" fusion-imageframe imageframe-none imageframe-40 hover-type-zoomin has-aspect-ratio\"><img decoding=\"async\" width=\"558\" height=\"786\" alt=\"ISH\" title=\"ISH\" src=\"https:\/\/www.gb-mediensysteme.de\/wp-content\/uploads\/2021\/04\/ish_kachel.jpg\" class=\"img-responsive wp-image-14927 img-with-aspect-ratio\" data-parent-fit=\"cover\" data-parent-container=\".fusion-image-element\" srcset=\"https:\/\/www.gb-mediensysteme.de\/wp-content\/uploads\/2021\/04\/ish_kachel-200x282.jpg 200w, https:\/\/www.gb-mediensysteme.de\/wp-content\/uploads\/2021\/04\/ish_kachel-400x563.jpg 400w, https:\/\/www.gb-mediensysteme.de\/wp-content\/uploads\/2021\/04\/ish_kachel.jpg 558w\" sizes=\"(max-width: 800px) 100vw, (max-width: 640px) 100vw, 558px\" \/><\/span><\/div><div class=\"fusion-title title fusion-title-41 fusion-sep-none fusion-title-text fusion-title-size-two\" style=\"--awb-margin-top:15px;--awb-margin-right:20px;--awb-margin-left:20px;--awb-margin-top-small:20px;--awb-margin-right-small:0px;--awb-margin-bottom-small:2vh;--awb-margin-left-small:20px;--awb-font-size:20px;\"><h2 class=\"fusion-title-heading title-heading-left fusion-responsive-typography-calculated\" style=\"font-family:&quot;Ubuntu&quot;;font-style:normal;font-weight:400;margin:0;font-size:1em;--fontSize:20;line-height:1.2;\">ISH digital 2021<\/h2><\/div><div class=\"fusion-text fusion-text-40\" style=\"--awb-content-alignment:left;--awb-font-size:13px;--awb-margin-right:20px;--awb-margin-left:20px;--awb-text-font-family:&quot;Ubuntu Sans&quot;;--awb-text-font-style:normal;--awb-text-font-weight:300;\"><\/div><div class=\"fusion-separator fusion-full-width-sep\" style=\"align-self: center;margin-left: auto;margin-right: auto;flex-grow:1;width:100%;\"><\/div><div style=\"text-align:left;\"><a class=\"fusion-button button-flat fusion-button-default-size button-scheme-0 fusion-button-scheme-0 button-39 fusion-button-default-span fusion-button-default-type\" style=\"--awb-margin-bottom:20px;--awb-margin-left:20px;--button_accent_color:#003167;--button_border_color:#ffffff;--button_accent_hover_color:#ffffff;--button_border_hover_color:#ffffff;--button_gradient_top_color:#ffffff;--button_gradient_bottom_color:#ffffff;--button_gradient_top_color_hover:#003167;--button_gradient_bottom_color_hover:#003167;\" target=\"_self\" data-hover=\"bg_slide_right\" href=\"https:\/\/www.gb-mediensysteme.de\/en\/projekte\/ish-digital-2021\/\"><span class=\"fusion-button-text awb-button__text awb-button__text--default\">View project<\/span><i class=\"fa-angle-right fas awb-button__icon awb-button__icon--default button-icon-right\" aria-hidden=\"true\"><\/i><\/a><\/div><\/div><\/div>\n<div class=\"fusion_builder_column fusion-builder-column-45 fusion-flex-column fusion-animated post-card swiper-slide\" style=\"--awb-bg-color:var(--awb-color2);--awb-bg-color-hover:#d3d3d3;--awb-bg-blend:overlay;--awb-bg-size:cover;--awb-transform:scaleX(1) scaleY(1);--awb-transform-hover:scaleX(1.03) scaleY(1.03);--awb-flex-grow:0;--awb-flex-shrink:0;--awb-flex-grow-medium:;--awb-flex-shrink-medium:;--awb-flex-grow-small:;--awb-flex-shrink-small:;\" data-animationType=\"slideShortInUp\" data-animationDuration=\"0.3\" data-animationOffset=\"top-into-view\" data-scroll-devices=\"small-visibility,medium-visibility,large-visibility\"><div class=\"fusion-column-wrapper fusion-column-has-shadow fusion-flex-justify-content-flex-start fusion-content-layout-column fusion-carousel-item-wrapper\"><div class=\"fusion-image-element\" style=\"--awb-aspect-ratio:4 \/ 3;--awb-caption-title-font-family:var(--h2_typography-font-family);--awb-caption-title-font-weight:var(--h2_typography-font-weight);--awb-caption-title-font-style:var(--h2_typography-font-style);--awb-caption-title-size:var(--h2_typography-font-size);--awb-caption-title-transform:var(--h2_typography-text-transform);--awb-caption-title-line-height:var(--h2_typography-line-height);--awb-caption-title-letter-spacing:var(--h2_typography-letter-spacing);--awb-filter:brightness(100%) contrast(100%);--awb-filter-transition:filter 0.3s ease, -webkit-backdrop-filter 0.3s ease, backdrop-filter 0.3s ease;--awb-filter-hover:brightness(110%) contrast(115%);\"><span class=\" fusion-imageframe imageframe-none imageframe-41 hover-type-zoomin has-aspect-ratio\"><img decoding=\"async\" width=\"558\" height=\"786\" alt=\"CDU Party Congress 2021\" title=\"CDU Party Congress 2021\" src=\"https:\/\/www.gb-mediensysteme.de\/wp-content\/uploads\/2021\/02\/cdu-4.jpg\" class=\"img-responsive wp-image-14038 img-with-aspect-ratio\" data-parent-fit=\"cover\" data-parent-container=\".fusion-image-element\" srcset=\"https:\/\/www.gb-mediensysteme.de\/wp-content\/uploads\/2021\/02\/cdu-4-200x282.jpg 200w, https:\/\/www.gb-mediensysteme.de\/wp-content\/uploads\/2021\/02\/cdu-4-400x563.jpg 400w, https:\/\/www.gb-mediensysteme.de\/wp-content\/uploads\/2021\/02\/cdu-4.jpg 558w\" sizes=\"(max-width: 800px) 100vw, (max-width: 640px) 100vw, 558px\" \/><\/span><\/div><div class=\"fusion-title title fusion-title-42 fusion-sep-none fusion-title-text fusion-title-size-two\" style=\"--awb-margin-top:15px;--awb-margin-right:20px;--awb-margin-left:20px;--awb-margin-top-small:20px;--awb-margin-right-small:0px;--awb-margin-bottom-small:2vh;--awb-margin-left-small:20px;--awb-font-size:20px;\"><h2 class=\"fusion-title-heading title-heading-left fusion-responsive-typography-calculated\" style=\"font-family:&quot;Ubuntu&quot;;font-style:normal;font-weight:400;margin:0;font-size:1em;--fontSize:20;line-height:1.2;\">#wegenmorgen &#8211; digital in action for the CDU<\/h2><\/div><div class=\"fusion-text fusion-text-41\" style=\"--awb-content-alignment:left;--awb-font-size:13px;--awb-margin-right:20px;--awb-margin-left:20px;--awb-text-font-family:&quot;Ubuntu Sans&quot;;--awb-text-font-style:normal;--awb-text-font-weight:300;\"><p>A high-performance streaming platform and state-of-the-art studio technology enabled the CDU\u2019s digital party conference, attended by 1,001 delegates, to feature a live broadcast in front of an LED screen as well as secure voting and elections \u2013 all delivered as a fully digital party conference.<\/p>\n<\/div><div class=\"fusion-separator fusion-full-width-sep\" style=\"align-self: center;margin-left: auto;margin-right: auto;flex-grow:1;width:100%;\"><\/div><div style=\"text-align:left;\"><a class=\"fusion-button button-flat fusion-button-default-size button-scheme-0 fusion-button-scheme-0 button-40 fusion-button-default-span fusion-button-default-type\" style=\"--awb-margin-bottom:20px;--awb-margin-left:20px;--button_accent_color:#003167;--button_border_color:#ffffff;--button_accent_hover_color:#ffffff;--button_border_hover_color:#ffffff;--button_gradient_top_color:#ffffff;--button_gradient_bottom_color:#ffffff;--button_gradient_top_color_hover:#003167;--button_gradient_bottom_color_hover:#003167;\" target=\"_self\" data-hover=\"bg_slide_right\" href=\"https:\/\/www.gb-mediensysteme.de\/en\/projekte\/wegenmorgen-digital-in-action-for-the-cdu\/\"><span class=\"fusion-button-text awb-button__text awb-button__text--default\">View project<\/span><i class=\"fa-angle-right fas awb-button__icon awb-button__icon--default button-icon-right\" aria-hidden=\"true\"><\/i><\/a><\/div><\/div><\/div>\n<div class=\"fusion_builder_column fusion-builder-column-46 fusion-flex-column fusion-animated post-card swiper-slide\" style=\"--awb-bg-color:var(--awb-color2);--awb-bg-color-hover:#d3d3d3;--awb-bg-blend:overlay;--awb-bg-size:cover;--awb-transform:scaleX(1) scaleY(1);--awb-transform-hover:scaleX(1.03) scaleY(1.03);--awb-flex-grow:0;--awb-flex-shrink:0;--awb-flex-grow-medium:;--awb-flex-shrink-medium:;--awb-flex-grow-small:;--awb-flex-shrink-small:;\" data-animationType=\"slideShortInUp\" data-animationDuration=\"0.3\" data-animationOffset=\"top-into-view\" data-scroll-devices=\"small-visibility,medium-visibility,large-visibility\"><div class=\"fusion-column-wrapper fusion-column-has-shadow fusion-flex-justify-content-flex-start fusion-content-layout-column fusion-carousel-item-wrapper\"><div class=\"fusion-image-element\" style=\"--awb-aspect-ratio:4 \/ 3;--awb-caption-title-font-family:var(--h2_typography-font-family);--awb-caption-title-font-weight:var(--h2_typography-font-weight);--awb-caption-title-font-style:var(--h2_typography-font-style);--awb-caption-title-size:var(--h2_typography-font-size);--awb-caption-title-transform:var(--h2_typography-text-transform);--awb-caption-title-line-height:var(--h2_typography-line-height);--awb-caption-title-letter-spacing:var(--h2_typography-letter-spacing);--awb-filter:brightness(100%) contrast(100%);--awb-filter-transition:filter 0.3s ease, -webkit-backdrop-filter 0.3s ease, backdrop-filter 0.3s ease;--awb-filter-hover:brightness(110%) contrast(115%);\"><span class=\" fusion-imageframe imageframe-none imageframe-42 hover-type-zoomin has-aspect-ratio\"><img decoding=\"async\" width=\"558\" height=\"786\" alt=\"IBM Think Digital Summit\" title=\"IBM Think Digital Summit\" src=\"https:\/\/www.gb-mediensysteme.de\/wp-content\/uploads\/2020\/12\/ibm-1.jpg\" class=\"img-responsive wp-image-13729 img-with-aspect-ratio\" data-parent-fit=\"cover\" data-parent-container=\".fusion-image-element\" srcset=\"https:\/\/www.gb-mediensysteme.de\/wp-content\/uploads\/2020\/12\/ibm-1-200x282.jpg 200w, https:\/\/www.gb-mediensysteme.de\/wp-content\/uploads\/2020\/12\/ibm-1-400x563.jpg 400w, https:\/\/www.gb-mediensysteme.de\/wp-content\/uploads\/2020\/12\/ibm-1.jpg 558w\" sizes=\"(max-width: 800px) 100vw, (max-width: 640px) 100vw, 558px\" \/><\/span><\/div><div class=\"fusion-title title fusion-title-43 fusion-sep-none fusion-title-text fusion-title-size-two\" style=\"--awb-margin-top:15px;--awb-margin-right:20px;--awb-margin-left:20px;--awb-margin-top-small:20px;--awb-margin-right-small:0px;--awb-margin-bottom-small:2vh;--awb-margin-left-small:20px;--awb-font-size:20px;\"><h2 class=\"fusion-title-heading title-heading-left fusion-responsive-typography-calculated\" style=\"font-family:&quot;Ubuntu&quot;;font-style:normal;font-weight:400;margin:0;font-size:1em;--fontSize:20;line-height:1.2;\">IBM Think Digital Summit &#8211; in attendance for GPJ<\/h2><\/div><div class=\"fusion-text fusion-text-42\" style=\"--awb-content-alignment:left;--awb-font-size:13px;--awb-margin-right:20px;--awb-margin-left:20px;--awb-text-font-family:&quot;Ubuntu Sans&quot;;--awb-text-font-style:normal;--awb-text-font-weight:300;\"><\/div><div class=\"fusion-separator fusion-full-width-sep\" style=\"align-self: center;margin-left: auto;margin-right: auto;flex-grow:1;width:100%;\"><\/div><div style=\"text-align:left;\"><a class=\"fusion-button button-flat fusion-button-default-size button-scheme-0 fusion-button-scheme-0 button-41 fusion-button-default-span fusion-button-default-type\" style=\"--awb-margin-bottom:20px;--awb-margin-left:20px;--button_accent_color:#003167;--button_border_color:#ffffff;--button_accent_hover_color:#ffffff;--button_border_hover_color:#ffffff;--button_gradient_top_color:#ffffff;--button_gradient_bottom_color:#ffffff;--button_gradient_top_color_hover:#003167;--button_gradient_bottom_color_hover:#003167;\" target=\"_self\" data-hover=\"bg_slide_right\" href=\"https:\/\/www.gb-mediensysteme.de\/en\/projekte\/ibm-think-digital-summit\/\"><span class=\"fusion-button-text awb-button__text awb-button__text--default\">View project<\/span><i class=\"fa-angle-right fas awb-button__icon awb-button__icon--default button-icon-right\" aria-hidden=\"true\"><\/i><\/a><\/div><\/div><\/div>\n<div class=\"fusion_builder_column fusion-builder-column-47 fusion-flex-column fusion-animated post-card swiper-slide\" style=\"--awb-bg-color:var(--awb-color2);--awb-bg-color-hover:#d3d3d3;--awb-bg-blend:overlay;--awb-bg-size:cover;--awb-transform:scaleX(1) scaleY(1);--awb-transform-hover:scaleX(1.03) scaleY(1.03);--awb-flex-grow:0;--awb-flex-shrink:0;--awb-flex-grow-medium:;--awb-flex-shrink-medium:;--awb-flex-grow-small:;--awb-flex-shrink-small:;\" data-animationType=\"slideShortInUp\" data-animationDuration=\"0.3\" data-animationOffset=\"top-into-view\" data-scroll-devices=\"small-visibility,medium-visibility,large-visibility\"><div class=\"fusion-column-wrapper fusion-column-has-shadow fusion-flex-justify-content-flex-start fusion-content-layout-column fusion-carousel-item-wrapper\"><div class=\"fusion-image-element\" style=\"--awb-aspect-ratio:4 \/ 3;--awb-caption-title-font-family:var(--h2_typography-font-family);--awb-caption-title-font-weight:var(--h2_typography-font-weight);--awb-caption-title-font-style:var(--h2_typography-font-style);--awb-caption-title-size:var(--h2_typography-font-size);--awb-caption-title-transform:var(--h2_typography-text-transform);--awb-caption-title-line-height:var(--h2_typography-line-height);--awb-caption-title-letter-spacing:var(--h2_typography-letter-spacing);--awb-filter:brightness(100%) contrast(100%);--awb-filter-transition:filter 0.3s ease, -webkit-backdrop-filter 0.3s ease, backdrop-filter 0.3s ease;--awb-filter-hover:brightness(110%) contrast(115%);\"><span class=\" fusion-imageframe imageframe-none imageframe-43 hover-type-zoomin has-aspect-ratio\"><img decoding=\"async\" width=\"558\" height=\"786\" alt=\"Babelbox\" title=\"Babelbox\" src=\"https:\/\/www.gb-mediensysteme.de\/wp-content\/uploads\/2020\/12\/babelbox.jpg\" class=\"img-responsive wp-image-11810 img-with-aspect-ratio\" data-parent-fit=\"cover\" data-parent-container=\".fusion-image-element\" srcset=\"https:\/\/www.gb-mediensysteme.de\/wp-content\/uploads\/2020\/12\/babelbox-200x282.jpg 200w, https:\/\/www.gb-mediensysteme.de\/wp-content\/uploads\/2020\/12\/babelbox-400x563.jpg 400w, https:\/\/www.gb-mediensysteme.de\/wp-content\/uploads\/2020\/12\/babelbox.jpg 558w\" sizes=\"(max-width: 800px) 100vw, (max-width: 640px) 100vw, 558px\" \/><\/span><\/div><div class=\"fusion-title title fusion-title-44 fusion-sep-none fusion-title-text fusion-title-size-two\" style=\"--awb-margin-top:15px;--awb-margin-right:20px;--awb-margin-left:20px;--awb-margin-top-small:20px;--awb-margin-right-small:0px;--awb-margin-bottom-small:2vh;--awb-margin-left-small:20px;--awb-font-size:20px;\"><h2 class=\"fusion-title-heading title-heading-left fusion-responsive-typography-calculated\" style=\"font-family:&quot;Ubuntu&quot;;font-style:normal;font-weight:400;margin:0;font-size:1em;--fontSize:20;line-height:1.2;\">BabelBox &#8211; digital interpreting technology<\/h2><\/div><div class=\"fusion-text fusion-text-43\" style=\"--awb-content-alignment:left;--awb-font-size:13px;--awb-margin-right:20px;--awb-margin-left:20px;--awb-text-font-family:&quot;Ubuntu Sans&quot;;--awb-text-font-style:normal;--awb-text-font-weight:300;\"><\/div><div class=\"fusion-separator fusion-full-width-sep\" style=\"align-self: center;margin-left: auto;margin-right: auto;flex-grow:1;width:100%;\"><\/div><div style=\"text-align:left;\"><a class=\"fusion-button button-flat fusion-button-default-size button-scheme-0 fusion-button-scheme-0 button-42 fusion-button-default-span fusion-button-default-type\" style=\"--awb-margin-bottom:20px;--awb-margin-left:20px;--button_accent_color:#003167;--button_border_color:#ffffff;--button_accent_hover_color:#ffffff;--button_border_hover_color:#ffffff;--button_gradient_top_color:#ffffff;--button_gradient_bottom_color:#ffffff;--button_gradient_top_color_hover:#003167;--button_gradient_bottom_color_hover:#003167;\" target=\"_self\" data-hover=\"bg_slide_right\" href=\"https:\/\/www.gb-mediensysteme.de\/en\/projekte\/agcs-leadership-summit-digital-2-2\/\"><span class=\"fusion-button-text awb-button__text awb-button__text--default\">View project<\/span><i class=\"fa-angle-right fas awb-button__icon awb-button__icon--default button-icon-right\" aria-hidden=\"true\"><\/i><\/a><\/div><\/div><\/div>\n<div class=\"fusion_builder_column fusion-builder-column-48 fusion-flex-column fusion-animated post-card swiper-slide\" style=\"--awb-bg-color:var(--awb-color2);--awb-bg-color-hover:#d3d3d3;--awb-bg-blend:overlay;--awb-bg-size:cover;--awb-transform:scaleX(1) scaleY(1);--awb-transform-hover:scaleX(1.03) scaleY(1.03);--awb-flex-grow:0;--awb-flex-shrink:0;--awb-flex-grow-medium:;--awb-flex-shrink-medium:;--awb-flex-grow-small:;--awb-flex-shrink-small:;\" data-animationType=\"slideShortInUp\" data-animationDuration=\"0.3\" data-animationOffset=\"top-into-view\" data-scroll-devices=\"small-visibility,medium-visibility,large-visibility\"><div class=\"fusion-column-wrapper fusion-column-has-shadow fusion-flex-justify-content-flex-start fusion-content-layout-column fusion-carousel-item-wrapper\"><div class=\"fusion-image-element\" style=\"--awb-aspect-ratio:4 \/ 3;--awb-caption-title-font-family:var(--h2_typography-font-family);--awb-caption-title-font-weight:var(--h2_typography-font-weight);--awb-caption-title-font-style:var(--h2_typography-font-style);--awb-caption-title-size:var(--h2_typography-font-size);--awb-caption-title-transform:var(--h2_typography-text-transform);--awb-caption-title-line-height:var(--h2_typography-line-height);--awb-caption-title-letter-spacing:var(--h2_typography-letter-spacing);--awb-filter:brightness(100%) contrast(100%);--awb-filter-transition:filter 0.3s ease, -webkit-backdrop-filter 0.3s ease, backdrop-filter 0.3s ease;--awb-filter-hover:brightness(110%) contrast(115%);\"><span class=\" fusion-imageframe imageframe-none imageframe-44 hover-type-zoomin has-aspect-ratio\"><img decoding=\"async\" width=\"558\" height=\"786\" alt=\"Lufthansa AG Annual General Meeting\" title=\"Lufthansa AG Annual General Meeting\" src=\"https:\/\/www.gb-mediensysteme.de\/wp-content\/uploads\/2020\/11\/lufthansa-1.jpg\" class=\"img-responsive wp-image-13884 img-with-aspect-ratio\" data-parent-fit=\"cover\" data-parent-container=\".fusion-image-element\" srcset=\"https:\/\/www.gb-mediensysteme.de\/wp-content\/uploads\/2020\/11\/lufthansa-1-200x282.jpg 200w, https:\/\/www.gb-mediensysteme.de\/wp-content\/uploads\/2020\/11\/lufthansa-1-400x563.jpg 400w, https:\/\/www.gb-mediensysteme.de\/wp-content\/uploads\/2020\/11\/lufthansa-1.jpg 558w\" sizes=\"(max-width: 800px) 100vw, (max-width: 640px) 100vw, 558px\" \/><\/span><\/div><div class=\"fusion-title title fusion-title-45 fusion-sep-none fusion-title-text fusion-title-size-two\" style=\"--awb-margin-top:15px;--awb-margin-right:20px;--awb-margin-left:20px;--awb-margin-top-small:20px;--awb-margin-right-small:0px;--awb-margin-bottom-small:2vh;--awb-margin-left-small:20px;--awb-font-size:20px;\"><h2 class=\"fusion-title-heading title-heading-left fusion-responsive-typography-calculated\" style=\"font-family:&quot;Ubuntu&quot;;font-style:normal;font-weight:400;margin:0;font-size:1em;--fontSize:20;line-height:1.2;\">Deutsche Lufthansa AG<\/h2><\/div><div class=\"fusion-text fusion-text-44\" style=\"--awb-content-alignment:left;--awb-font-size:13px;--awb-margin-right:20px;--awb-margin-left:20px;--awb-text-font-family:&quot;Ubuntu Sans&quot;;--awb-text-font-style:normal;--awb-text-font-weight:300;\"><p>Lighting, sound, video, and conference technology formed the technical basis for the Deutsche Lufthansa AG Annual General Meeting in Frankfurt's Jahrhunderthalle \u2013 with an impressive soft-edge projection spanning more than 25 meters in width.<\/p>\n<\/div><div class=\"fusion-separator fusion-full-width-sep\" style=\"align-self: center;margin-left: auto;margin-right: auto;flex-grow:1;width:100%;\"><\/div><div style=\"text-align:left;\"><a class=\"fusion-button button-flat fusion-button-default-size button-scheme-0 fusion-button-scheme-0 button-43 fusion-button-default-span fusion-button-default-type\" style=\"--awb-margin-bottom:20px;--awb-margin-left:20px;--button_accent_color:#003167;--button_border_color:#ffffff;--button_accent_hover_color:#ffffff;--button_border_hover_color:#ffffff;--button_gradient_top_color:#ffffff;--button_gradient_bottom_color:#ffffff;--button_gradient_top_color_hover:#003167;--button_gradient_bottom_color_hover:#003167;\" target=\"_self\" data-hover=\"bg_slide_right\" href=\"https:\/\/www.gb-mediensysteme.de\/en\/projekte\/deutsche-lufthansa-ag\/\"><span class=\"fusion-button-text awb-button__text awb-button__text--default\">View project<\/span><i class=\"fa-angle-right fas awb-button__icon awb-button__icon--default button-icon-right\" aria-hidden=\"true\"><\/i><\/a><\/div><\/div><\/div>\n<div class=\"fusion_builder_column fusion-builder-column-49 fusion-flex-column fusion-animated post-card swiper-slide\" style=\"--awb-bg-color:var(--awb-color2);--awb-bg-color-hover:#d3d3d3;--awb-bg-blend:overlay;--awb-bg-size:cover;--awb-transform:scaleX(1) scaleY(1);--awb-transform-hover:scaleX(1.03) scaleY(1.03);--awb-flex-grow:0;--awb-flex-shrink:0;--awb-flex-grow-medium:;--awb-flex-shrink-medium:;--awb-flex-grow-small:;--awb-flex-shrink-small:;\" data-animationType=\"slideShortInUp\" data-animationDuration=\"0.3\" data-animationOffset=\"top-into-view\" data-scroll-devices=\"small-visibility,medium-visibility,large-visibility\"><div class=\"fusion-column-wrapper fusion-column-has-shadow fusion-flex-justify-content-flex-start fusion-content-layout-column fusion-carousel-item-wrapper\"><div class=\"fusion-image-element\" style=\"--awb-aspect-ratio:4 \/ 3;--awb-caption-title-font-family:var(--h2_typography-font-family);--awb-caption-title-font-weight:var(--h2_typography-font-weight);--awb-caption-title-font-style:var(--h2_typography-font-style);--awb-caption-title-size:var(--h2_typography-font-size);--awb-caption-title-transform:var(--h2_typography-text-transform);--awb-caption-title-line-height:var(--h2_typography-line-height);--awb-caption-title-letter-spacing:var(--h2_typography-letter-spacing);--awb-filter:brightness(100%) contrast(100%);--awb-filter-transition:filter 0.3s ease, -webkit-backdrop-filter 0.3s ease, backdrop-filter 0.3s ease;--awb-filter-hover:brightness(110%) contrast(115%);\"><span class=\" fusion-imageframe imageframe-none imageframe-45 hover-type-zoomin has-aspect-ratio\"><img decoding=\"async\" width=\"558\" height=\"786\" alt=\"Martin Luther Reformation Gala\" title=\"Martin Luther Reformation Gala\" src=\"https:\/\/www.gb-mediensysteme.de\/wp-content\/uploads\/2020\/11\/marthin-luther-reformationsgala.jpg\" class=\"img-responsive wp-image-13712 img-with-aspect-ratio\" data-parent-fit=\"cover\" data-parent-container=\".fusion-image-element\" srcset=\"https:\/\/www.gb-mediensysteme.de\/wp-content\/uploads\/2020\/11\/marthin-luther-reformationsgala-200x282.jpg 200w, https:\/\/www.gb-mediensysteme.de\/wp-content\/uploads\/2020\/11\/marthin-luther-reformationsgala-400x563.jpg 400w, https:\/\/www.gb-mediensysteme.de\/wp-content\/uploads\/2020\/11\/marthin-luther-reformationsgala.jpg 558w\" sizes=\"(max-width: 800px) 100vw, (max-width: 640px) 100vw, 558px\" \/><\/span><\/div><div class=\"fusion-title title fusion-title-46 fusion-sep-none fusion-title-text fusion-title-size-two\" style=\"--awb-margin-top:15px;--awb-margin-right:20px;--awb-margin-left:20px;--awb-margin-top-small:20px;--awb-margin-right-small:0px;--awb-margin-bottom-small:2vh;--awb-margin-left-small:20px;--awb-font-size:20px;\"><h2 class=\"fusion-title-heading title-heading-left fusion-responsive-typography-calculated\" style=\"font-family:&quot;Ubuntu&quot;;font-style:normal;font-weight:400;margin:0;font-size:1em;--fontSize:20;line-height:1.2;\">Martin Luther Reformationsgala<\/h2><\/div><div class=\"fusion-text fusion-text-45\" style=\"--awb-content-alignment:left;--awb-font-size:13px;--awb-margin-right:20px;--awb-margin-left:20px;--awb-text-font-family:&quot;Ubuntu Sans&quot;;--awb-text-font-style:normal;--awb-text-font-weight:300;\"><\/div><div class=\"fusion-separator fusion-full-width-sep\" style=\"align-self: center;margin-left: auto;margin-right: auto;flex-grow:1;width:100%;\"><\/div><div style=\"text-align:left;\"><a class=\"fusion-button button-flat fusion-button-default-size button-scheme-0 fusion-button-scheme-0 button-44 fusion-button-default-span fusion-button-default-type\" style=\"--awb-margin-bottom:20px;--awb-margin-left:20px;--button_accent_color:#003167;--button_border_color:#ffffff;--button_accent_hover_color:#ffffff;--button_border_hover_color:#ffffff;--button_gradient_top_color:#ffffff;--button_gradient_bottom_color:#ffffff;--button_gradient_top_color_hover:#003167;--button_gradient_bottom_color_hover:#003167;\" target=\"_self\" data-hover=\"bg_slide_right\" href=\"https:\/\/www.gb-mediensysteme.de\/en\/projekte\/martin-luther-reformationsgala\/\"><span class=\"fusion-button-text awb-button__text awb-button__text--default\">View project<\/span><i class=\"fa-angle-right fas awb-button__icon awb-button__icon--default button-icon-right\" aria-hidden=\"true\"><\/i><\/a><\/div><\/div><\/div>\n<div class=\"fusion_builder_column fusion-builder-column-50 fusion-flex-column fusion-animated post-card swiper-slide\" style=\"--awb-bg-color:var(--awb-color2);--awb-bg-color-hover:#d3d3d3;--awb-bg-blend:overlay;--awb-bg-size:cover;--awb-transform:scaleX(1) scaleY(1);--awb-transform-hover:scaleX(1.03) scaleY(1.03);--awb-flex-grow:0;--awb-flex-shrink:0;--awb-flex-grow-medium:;--awb-flex-shrink-medium:;--awb-flex-grow-small:;--awb-flex-shrink-small:;\" data-animationType=\"slideShortInUp\" data-animationDuration=\"0.3\" data-animationOffset=\"top-into-view\" data-scroll-devices=\"small-visibility,medium-visibility,large-visibility\"><div class=\"fusion-column-wrapper fusion-column-has-shadow fusion-flex-justify-content-flex-start fusion-content-layout-column fusion-carousel-item-wrapper\"><div class=\"fusion-image-element\" style=\"--awb-aspect-ratio:4 \/ 3;--awb-caption-title-font-family:var(--h2_typography-font-family);--awb-caption-title-font-weight:var(--h2_typography-font-weight);--awb-caption-title-font-style:var(--h2_typography-font-style);--awb-caption-title-size:var(--h2_typography-font-size);--awb-caption-title-transform:var(--h2_typography-text-transform);--awb-caption-title-line-height:var(--h2_typography-line-height);--awb-caption-title-letter-spacing:var(--h2_typography-letter-spacing);--awb-filter:brightness(100%) contrast(100%);--awb-filter-transition:filter 0.3s ease, -webkit-backdrop-filter 0.3s ease, backdrop-filter 0.3s ease;--awb-filter-hover:brightness(110%) contrast(115%);\"><span class=\" fusion-imageframe imageframe-none imageframe-46 hover-type-zoomin has-aspect-ratio\"><img decoding=\"async\" width=\"558\" height=\"786\" alt=\"Frankfurt Book Fair\" title=\"Frankfurt Book Fair\" src=\"https:\/\/www.gb-mediensysteme.de\/wp-content\/uploads\/2020\/11\/frankfurter-buchmesse-2.jpg\" class=\"img-responsive wp-image-13877 img-with-aspect-ratio\" data-parent-fit=\"cover\" data-parent-container=\".fusion-image-element\" srcset=\"https:\/\/www.gb-mediensysteme.de\/wp-content\/uploads\/2020\/11\/frankfurter-buchmesse-2-200x282.jpg 200w, https:\/\/www.gb-mediensysteme.de\/wp-content\/uploads\/2020\/11\/frankfurter-buchmesse-2-400x563.jpg 400w, https:\/\/www.gb-mediensysteme.de\/wp-content\/uploads\/2020\/11\/frankfurter-buchmesse-2.jpg 558w\" sizes=\"(max-width: 800px) 100vw, (max-width: 640px) 100vw, 558px\" \/><\/span><\/div><div class=\"fusion-title title fusion-title-47 fusion-sep-none fusion-title-text fusion-title-size-two\" style=\"--awb-margin-top:15px;--awb-margin-right:20px;--awb-margin-left:20px;--awb-margin-top-small:20px;--awb-margin-right-small:0px;--awb-margin-bottom-small:2vh;--awb-margin-left-small:20px;--awb-font-size:20px;\"><h2 class=\"fusion-title-heading title-heading-left fusion-responsive-typography-calculated\" style=\"font-family:&quot;Ubuntu&quot;;font-style:normal;font-weight:400;margin:0;font-size:1em;--fontSize:20;line-height:1.2;\">Frankfurt Book Fair<\/h2><\/div><div class=\"fusion-text fusion-text-46\" style=\"--awb-content-alignment:left;--awb-font-size:13px;--awb-margin-right:20px;--awb-margin-left:20px;--awb-text-font-family:&quot;Ubuntu Sans&quot;;--awb-text-font-style:normal;--awb-text-font-weight:300;\"><\/div><div class=\"fusion-separator fusion-full-width-sep\" style=\"align-self: center;margin-left: auto;margin-right: auto;flex-grow:1;width:100%;\"><\/div><div style=\"text-align:left;\"><a class=\"fusion-button button-flat fusion-button-default-size button-scheme-0 fusion-button-scheme-0 button-45 fusion-button-default-span fusion-button-default-type\" style=\"--awb-margin-bottom:20px;--awb-margin-left:20px;--button_accent_color:#003167;--button_border_color:#ffffff;--button_accent_hover_color:#ffffff;--button_border_hover_color:#ffffff;--button_gradient_top_color:#ffffff;--button_gradient_bottom_color:#ffffff;--button_gradient_top_color_hover:#003167;--button_gradient_bottom_color_hover:#003167;\" target=\"_self\" data-hover=\"bg_slide_right\" href=\"https:\/\/www.gb-mediensysteme.de\/en\/projekte\/frankfurt-buchmesse\/\"><span class=\"fusion-button-text awb-button__text awb-button__text--default\">View project<\/span><i class=\"fa-angle-right fas awb-button__icon awb-button__icon--default button-icon-right\" aria-hidden=\"true\"><\/i><\/a><\/div><\/div><\/div>\n<div class=\"fusion_builder_column fusion-builder-column-51 fusion-flex-column fusion-animated post-card swiper-slide\" style=\"--awb-bg-color:var(--awb-color2);--awb-bg-color-hover:#d3d3d3;--awb-bg-blend:overlay;--awb-bg-size:cover;--awb-transform:scaleX(1) scaleY(1);--awb-transform-hover:scaleX(1.03) scaleY(1.03);--awb-flex-grow:0;--awb-flex-shrink:0;--awb-flex-grow-medium:;--awb-flex-shrink-medium:;--awb-flex-grow-small:;--awb-flex-shrink-small:;\" data-animationType=\"slideShortInUp\" data-animationDuration=\"0.3\" data-animationOffset=\"top-into-view\" data-scroll-devices=\"small-visibility,medium-visibility,large-visibility\"><div class=\"fusion-column-wrapper fusion-column-has-shadow fusion-flex-justify-content-flex-start fusion-content-layout-column fusion-carousel-item-wrapper\"><div class=\"fusion-image-element\" style=\"--awb-aspect-ratio:4 \/ 3;--awb-caption-title-font-family:var(--h2_typography-font-family);--awb-caption-title-font-weight:var(--h2_typography-font-weight);--awb-caption-title-font-style:var(--h2_typography-font-style);--awb-caption-title-size:var(--h2_typography-font-size);--awb-caption-title-transform:var(--h2_typography-text-transform);--awb-caption-title-line-height:var(--h2_typography-line-height);--awb-caption-title-letter-spacing:var(--h2_typography-letter-spacing);--awb-filter:brightness(100%) contrast(100%);--awb-filter-transition:filter 0.3s ease, -webkit-backdrop-filter 0.3s ease, backdrop-filter 0.3s ease;--awb-filter-hover:brightness(110%) contrast(115%);\"><span class=\" fusion-imageframe imageframe-none imageframe-47 hover-type-zoomin has-aspect-ratio\"><img decoding=\"async\" width=\"558\" height=\"786\" alt=\"Hessian Film Award\" title=\"Hessian Film Award\" src=\"https:\/\/www.gb-mediensysteme.de\/wp-content\/uploads\/2020\/11\/hessischer-fimlpreis.jpg\" class=\"img-responsive wp-image-13717 img-with-aspect-ratio\" data-parent-fit=\"cover\" data-parent-container=\".fusion-image-element\" srcset=\"https:\/\/www.gb-mediensysteme.de\/wp-content\/uploads\/2020\/11\/hessischer-fimlpreis-200x282.jpg 200w, https:\/\/www.gb-mediensysteme.de\/wp-content\/uploads\/2020\/11\/hessischer-fimlpreis-400x563.jpg 400w, https:\/\/www.gb-mediensysteme.de\/wp-content\/uploads\/2020\/11\/hessischer-fimlpreis.jpg 558w\" sizes=\"(max-width: 800px) 100vw, (max-width: 640px) 100vw, 558px\" \/><\/span><\/div><div class=\"fusion-title title fusion-title-48 fusion-sep-none fusion-title-text fusion-title-size-two\" style=\"--awb-margin-top:15px;--awb-margin-right:20px;--awb-margin-left:20px;--awb-margin-top-small:20px;--awb-margin-right-small:0px;--awb-margin-bottom-small:2vh;--awb-margin-left-small:20px;--awb-font-size:20px;\"><h2 class=\"fusion-title-heading title-heading-left fusion-responsive-typography-calculated\" style=\"font-family:&quot;Ubuntu&quot;;font-style:normal;font-weight:400;margin:0;font-size:1em;--fontSize:20;line-height:1.2;\">Hessian film and cinema award<\/h2><\/div><div class=\"fusion-text fusion-text-47\" style=\"--awb-content-alignment:left;--awb-font-size:13px;--awb-margin-right:20px;--awb-margin-left:20px;--awb-text-font-family:&quot;Ubuntu Sans&quot;;--awb-text-font-style:normal;--awb-text-font-weight:300;\"><\/div><div class=\"fusion-separator fusion-full-width-sep\" style=\"align-self: center;margin-left: auto;margin-right: auto;flex-grow:1;width:100%;\"><\/div><div style=\"text-align:left;\"><a class=\"fusion-button button-flat fusion-button-default-size button-scheme-0 fusion-button-scheme-0 button-46 fusion-button-default-span fusion-button-default-type\" style=\"--awb-margin-bottom:20px;--awb-margin-left:20px;--button_accent_color:#003167;--button_border_color:#ffffff;--button_accent_hover_color:#ffffff;--button_border_hover_color:#ffffff;--button_gradient_top_color:#ffffff;--button_gradient_bottom_color:#ffffff;--button_gradient_top_color_hover:#003167;--button_gradient_bottom_color_hover:#003167;\" target=\"_self\" data-hover=\"bg_slide_right\" href=\"https:\/\/www.gb-mediensysteme.de\/en\/projekte\/hessian-film-and-cinema-award\/\"><span class=\"fusion-button-text awb-button__text awb-button__text--default\">View project<\/span><i class=\"fa-angle-right fas awb-button__icon awb-button__icon--default button-icon-right\" aria-hidden=\"true\"><\/i><\/a><\/div><\/div><\/div>\n<div class=\"fusion_builder_column fusion-builder-column-52 fusion-flex-column fusion-animated post-card swiper-slide\" style=\"--awb-bg-color:var(--awb-color2);--awb-bg-color-hover:#d3d3d3;--awb-bg-blend:overlay;--awb-bg-size:cover;--awb-transform:scaleX(1) scaleY(1);--awb-transform-hover:scaleX(1.03) scaleY(1.03);--awb-flex-grow:0;--awb-flex-shrink:0;--awb-flex-grow-medium:;--awb-flex-shrink-medium:;--awb-flex-grow-small:;--awb-flex-shrink-small:;\" data-animationType=\"slideShortInUp\" data-animationDuration=\"0.3\" data-animationOffset=\"top-into-view\" data-scroll-devices=\"small-visibility,medium-visibility,large-visibility\"><div class=\"fusion-column-wrapper fusion-column-has-shadow fusion-flex-justify-content-flex-start fusion-content-layout-column fusion-carousel-item-wrapper\"><div class=\"fusion-image-element\" style=\"--awb-aspect-ratio:4 \/ 3;--awb-caption-title-font-family:var(--h2_typography-font-family);--awb-caption-title-font-weight:var(--h2_typography-font-weight);--awb-caption-title-font-style:var(--h2_typography-font-style);--awb-caption-title-size:var(--h2_typography-font-size);--awb-caption-title-transform:var(--h2_typography-text-transform);--awb-caption-title-line-height:var(--h2_typography-line-height);--awb-caption-title-letter-spacing:var(--h2_typography-letter-spacing);--awb-filter:brightness(100%) contrast(100%);--awb-filter-transition:filter 0.3s ease, -webkit-backdrop-filter 0.3s ease, backdrop-filter 0.3s ease;--awb-filter-hover:brightness(110%) contrast(115%);\"><span class=\" fusion-imageframe imageframe-none imageframe-48 hover-type-zoomin has-aspect-ratio\"><img decoding=\"async\" width=\"558\" height=\"786\" alt=\"expo real\" title=\"expo real\" src=\"https:\/\/www.gb-mediensysteme.de\/wp-content\/uploads\/2020\/11\/expo-real-2.jpg\" class=\"img-responsive wp-image-13870 img-with-aspect-ratio\" data-parent-fit=\"cover\" data-parent-container=\".fusion-image-element\" srcset=\"https:\/\/www.gb-mediensysteme.de\/wp-content\/uploads\/2020\/11\/expo-real-2-200x282.jpg 200w, https:\/\/www.gb-mediensysteme.de\/wp-content\/uploads\/2020\/11\/expo-real-2-400x563.jpg 400w, https:\/\/www.gb-mediensysteme.de\/wp-content\/uploads\/2020\/11\/expo-real-2.jpg 558w\" sizes=\"(max-width: 800px) 100vw, (max-width: 640px) 100vw, 558px\" \/><\/span><\/div><div class=\"fusion-title title fusion-title-49 fusion-sep-none fusion-title-text fusion-title-size-two\" style=\"--awb-margin-top:15px;--awb-margin-right:20px;--awb-margin-left:20px;--awb-margin-top-small:20px;--awb-margin-right-small:0px;--awb-margin-bottom-small:2vh;--awb-margin-left-small:20px;--awb-font-size:20px;\"><h2 class=\"fusion-title-heading title-heading-left fusion-responsive-typography-calculated\" style=\"font-family:&quot;Ubuntu&quot;;font-style:normal;font-weight:400;margin:0;font-size:1em;--fontSize:20;line-height:1.2;\">EXPO REAL<\/h2><\/div><div class=\"fusion-text fusion-text-48\" style=\"--awb-content-alignment:left;--awb-font-size:13px;--awb-margin-right:20px;--awb-margin-left:20px;--awb-text-font-family:&quot;Ubuntu Sans&quot;;--awb-text-font-style:normal;--awb-text-font-weight:300;\"><\/div><div class=\"fusion-separator fusion-full-width-sep\" style=\"align-self: center;margin-left: auto;margin-right: auto;flex-grow:1;width:100%;\"><\/div><div style=\"text-align:left;\"><a class=\"fusion-button button-flat fusion-button-default-size button-scheme-0 fusion-button-scheme-0 button-47 fusion-button-default-span fusion-button-default-type\" style=\"--awb-margin-bottom:20px;--awb-margin-left:20px;--button_accent_color:#003167;--button_border_color:#ffffff;--button_accent_hover_color:#ffffff;--button_border_hover_color:#ffffff;--button_gradient_top_color:#ffffff;--button_gradient_bottom_color:#ffffff;--button_gradient_top_color_hover:#003167;--button_gradient_bottom_color_hover:#003167;\" target=\"_self\" data-hover=\"bg_slide_right\" href=\"https:\/\/www.gb-mediensysteme.de\/en\/projekte\/expo-real\/\"><span class=\"fusion-button-text awb-button__text awb-button__text--default\">View project<\/span><i class=\"fa-angle-right fas awb-button__icon awb-button__icon--default button-icon-right\" aria-hidden=\"true\"><\/i><\/a><\/div><\/div><\/div>\n<div class=\"fusion_builder_column fusion-builder-column-53 fusion-flex-column fusion-animated post-card swiper-slide\" style=\"--awb-bg-color:var(--awb-color2);--awb-bg-color-hover:#d3d3d3;--awb-bg-blend:overlay;--awb-bg-size:cover;--awb-transform:scaleX(1) scaleY(1);--awb-transform-hover:scaleX(1.03) scaleY(1.03);--awb-flex-grow:0;--awb-flex-shrink:0;--awb-flex-grow-medium:;--awb-flex-shrink-medium:;--awb-flex-grow-small:;--awb-flex-shrink-small:;\" data-animationType=\"slideShortInUp\" data-animationDuration=\"0.3\" data-animationOffset=\"top-into-view\" data-scroll-devices=\"small-visibility,medium-visibility,large-visibility\"><div class=\"fusion-column-wrapper fusion-column-has-shadow fusion-flex-justify-content-flex-start fusion-content-layout-column fusion-carousel-item-wrapper\"><div class=\"fusion-image-element\" style=\"--awb-aspect-ratio:4 \/ 3;--awb-caption-title-font-family:var(--h2_typography-font-family);--awb-caption-title-font-weight:var(--h2_typography-font-weight);--awb-caption-title-font-style:var(--h2_typography-font-style);--awb-caption-title-size:var(--h2_typography-font-size);--awb-caption-title-transform:var(--h2_typography-text-transform);--awb-caption-title-line-height:var(--h2_typography-line-height);--awb-caption-title-letter-spacing:var(--h2_typography-letter-spacing);--awb-filter:brightness(100%) contrast(100%);--awb-filter-transition:filter 0.3s ease, -webkit-backdrop-filter 0.3s ease, backdrop-filter 0.3s ease;--awb-filter-hover:brightness(110%) contrast(115%);\"><span class=\" fusion-imageframe imageframe-none imageframe-49 hover-type-zoomin has-aspect-ratio\"><img decoding=\"async\" width=\"558\" height=\"786\" alt=\"Skoda&#039;s Presence at the Trade Show\" title=\"Skoda&#8217;s Presence at the Trade Show\" src=\"https:\/\/www.gb-mediensysteme.de\/wp-content\/uploads\/2020\/11\/skoda-2.jpg\" class=\"img-responsive wp-image-13864 img-with-aspect-ratio\" data-parent-fit=\"cover\" data-parent-container=\".fusion-image-element\" srcset=\"https:\/\/www.gb-mediensysteme.de\/wp-content\/uploads\/2020\/11\/skoda-2-200x282.jpg 200w, https:\/\/www.gb-mediensysteme.de\/wp-content\/uploads\/2020\/11\/skoda-2-400x563.jpg 400w, https:\/\/www.gb-mediensysteme.de\/wp-content\/uploads\/2020\/11\/skoda-2.jpg 558w\" sizes=\"(max-width: 800px) 100vw, (max-width: 640px) 100vw, 558px\" \/><\/span><\/div><div class=\"fusion-title title fusion-title-50 fusion-sep-none fusion-title-text fusion-title-size-two\" style=\"--awb-margin-top:15px;--awb-margin-right:20px;--awb-margin-left:20px;--awb-margin-top-small:20px;--awb-margin-right-small:0px;--awb-margin-bottom-small:2vh;--awb-margin-left-small:20px;--awb-font-size:20px;\"><h2 class=\"fusion-title-heading title-heading-left fusion-responsive-typography-calculated\" style=\"font-family:&quot;Ubuntu&quot;;font-style:normal;font-weight:400;margin:0;font-size:1em;--fontSize:20;line-height:1.2;\">\u0160koda&#8217;s presence at the IAA<\/h2><\/div><div class=\"fusion-text fusion-text-49\" style=\"--awb-content-alignment:left;--awb-font-size:13px;--awb-margin-right:20px;--awb-margin-left:20px;--awb-text-font-family:&quot;Ubuntu Sans&quot;;--awb-text-font-style:normal;--awb-text-font-weight:300;\"><\/div><div class=\"fusion-separator fusion-full-width-sep\" style=\"align-self: center;margin-left: auto;margin-right: auto;flex-grow:1;width:100%;\"><\/div><div style=\"text-align:left;\"><a class=\"fusion-button button-flat fusion-button-default-size button-scheme-0 fusion-button-scheme-0 button-48 fusion-button-default-span fusion-button-default-type\" style=\"--awb-margin-bottom:20px;--awb-margin-left:20px;--button_accent_color:#003167;--button_border_color:#ffffff;--button_accent_hover_color:#ffffff;--button_border_hover_color:#ffffff;--button_gradient_top_color:#ffffff;--button_gradient_bottom_color:#ffffff;--button_gradient_top_color_hover:#003167;--button_gradient_bottom_color_hover:#003167;\" target=\"_self\" data-hover=\"bg_slide_right\" href=\"https:\/\/www.gb-mediensysteme.de\/en\/projekte\/skodas-presence-at-the-iaa\/\"><span class=\"fusion-button-text awb-button__text awb-button__text--default\">View project<\/span><i class=\"fa-angle-right fas awb-button__icon awb-button__icon--default button-icon-right\" aria-hidden=\"true\"><\/i><\/a><\/div><\/div><\/div>\n<div class=\"fusion_builder_column fusion-builder-column-54 fusion-flex-column fusion-animated post-card swiper-slide\" style=\"--awb-bg-color:var(--awb-color2);--awb-bg-color-hover:#d3d3d3;--awb-bg-blend:overlay;--awb-bg-size:cover;--awb-transform:scaleX(1) scaleY(1);--awb-transform-hover:scaleX(1.03) scaleY(1.03);--awb-flex-grow:0;--awb-flex-shrink:0;--awb-flex-grow-medium:;--awb-flex-shrink-medium:;--awb-flex-grow-small:;--awb-flex-shrink-small:;\" data-animationType=\"slideShortInUp\" data-animationDuration=\"0.3\" data-animationOffset=\"top-into-view\" data-scroll-devices=\"small-visibility,medium-visibility,large-visibility\"><div class=\"fusion-column-wrapper fusion-column-has-shadow fusion-flex-justify-content-flex-start fusion-content-layout-column fusion-carousel-item-wrapper\"><div class=\"fusion-image-element\" style=\"--awb-aspect-ratio:4 \/ 3;--awb-caption-title-font-family:var(--h2_typography-font-family);--awb-caption-title-font-weight:var(--h2_typography-font-weight);--awb-caption-title-font-style:var(--h2_typography-font-style);--awb-caption-title-size:var(--h2_typography-font-size);--awb-caption-title-transform:var(--h2_typography-text-transform);--awb-caption-title-line-height:var(--h2_typography-line-height);--awb-caption-title-letter-spacing:var(--h2_typography-letter-spacing);--awb-filter:brightness(100%) contrast(100%);--awb-filter-transition:filter 0.3s ease, -webkit-backdrop-filter 0.3s ease, backdrop-filter 0.3s ease;--awb-filter-hover:brightness(110%) contrast(115%);\"><span class=\" fusion-imageframe imageframe-none imageframe-50 hover-type-zoomin has-aspect-ratio\"><img decoding=\"async\" width=\"558\" height=\"786\" alt=\"EMO Hanover\" title=\"EMO Hannover\" src=\"https:\/\/www.gb-mediensysteme.de\/wp-content\/uploads\/2020\/11\/emo-hannover-1.jpg\" class=\"img-responsive wp-image-13854 img-with-aspect-ratio\" data-parent-fit=\"cover\" data-parent-container=\".fusion-image-element\" srcset=\"https:\/\/www.gb-mediensysteme.de\/wp-content\/uploads\/2020\/11\/emo-hannover-1-200x282.jpg 200w, https:\/\/www.gb-mediensysteme.de\/wp-content\/uploads\/2020\/11\/emo-hannover-1-400x563.jpg 400w, https:\/\/www.gb-mediensysteme.de\/wp-content\/uploads\/2020\/11\/emo-hannover-1.jpg 558w\" sizes=\"(max-width: 800px) 100vw, (max-width: 640px) 100vw, 558px\" \/><\/span><\/div><div class=\"fusion-title title fusion-title-51 fusion-sep-none fusion-title-text fusion-title-size-two\" style=\"--awb-margin-top:15px;--awb-margin-right:20px;--awb-margin-left:20px;--awb-margin-top-small:20px;--awb-margin-right-small:0px;--awb-margin-bottom-small:2vh;--awb-margin-left-small:20px;--awb-font-size:20px;\"><h2 class=\"fusion-title-heading title-heading-left fusion-responsive-typography-calculated\" style=\"font-family:&quot;Ubuntu&quot;;font-style:normal;font-weight:400;margin:0;font-size:1em;--fontSize:20;line-height:1.2;\">EMO Hannover<\/h2><\/div><div class=\"fusion-text fusion-text-50\" style=\"--awb-content-alignment:left;--awb-font-size:13px;--awb-margin-right:20px;--awb-margin-left:20px;--awb-text-font-family:&quot;Ubuntu Sans&quot;;--awb-text-font-style:normal;--awb-text-font-weight:300;\"><\/div><div class=\"fusion-separator fusion-full-width-sep\" style=\"align-self: center;margin-left: auto;margin-right: auto;flex-grow:1;width:100%;\"><\/div><div style=\"text-align:left;\"><a class=\"fusion-button button-flat fusion-button-default-size button-scheme-0 fusion-button-scheme-0 button-49 fusion-button-default-span fusion-button-default-type\" style=\"--awb-margin-bottom:20px;--awb-margin-left:20px;--button_accent_color:#003167;--button_border_color:#ffffff;--button_accent_hover_color:#ffffff;--button_border_hover_color:#ffffff;--button_gradient_top_color:#ffffff;--button_gradient_bottom_color:#ffffff;--button_gradient_top_color_hover:#003167;--button_gradient_bottom_color_hover:#003167;\" target=\"_self\" data-hover=\"bg_slide_right\" href=\"https:\/\/www.gb-mediensysteme.de\/en\/projekte\/emo-hannover\/\"><span class=\"fusion-button-text awb-button__text awb-button__text--default\">View project<\/span><i class=\"fa-angle-right fas awb-button__icon awb-button__icon--default button-icon-right\" aria-hidden=\"true\"><\/i><\/a><\/div><\/div><\/div>\n<div class=\"fusion_builder_column fusion-builder-column-55 fusion-flex-column fusion-animated post-card swiper-slide\" style=\"--awb-bg-color:var(--awb-color2);--awb-bg-color-hover:#d3d3d3;--awb-bg-blend:overlay;--awb-bg-size:cover;--awb-transform:scaleX(1) scaleY(1);--awb-transform-hover:scaleX(1.03) scaleY(1.03);--awb-flex-grow:0;--awb-flex-shrink:0;--awb-flex-grow-medium:;--awb-flex-shrink-medium:;--awb-flex-grow-small:;--awb-flex-shrink-small:;\" data-animationType=\"slideShortInUp\" data-animationDuration=\"0.3\" data-animationOffset=\"top-into-view\" data-scroll-devices=\"small-visibility,medium-visibility,large-visibility\"><div class=\"fusion-column-wrapper fusion-column-has-shadow fusion-flex-justify-content-flex-start fusion-content-layout-column fusion-carousel-item-wrapper\"><div class=\"fusion-image-element\" style=\"--awb-aspect-ratio:4 \/ 3;--awb-caption-title-font-family:var(--h2_typography-font-family);--awb-caption-title-font-weight:var(--h2_typography-font-weight);--awb-caption-title-font-style:var(--h2_typography-font-style);--awb-caption-title-size:var(--h2_typography-font-size);--awb-caption-title-transform:var(--h2_typography-text-transform);--awb-caption-title-line-height:var(--h2_typography-line-height);--awb-caption-title-letter-spacing:var(--h2_typography-letter-spacing);--awb-filter:brightness(100%) contrast(100%);--awb-filter-transition:filter 0.3s ease, -webkit-backdrop-filter 0.3s ease, backdrop-filter 0.3s ease;--awb-filter-hover:brightness(110%) contrast(115%);\"><span class=\" fusion-imageframe imageframe-none imageframe-51 hover-type-zoomin has-aspect-ratio\"><img decoding=\"async\" width=\"558\" height=\"786\" alt=\"Gamescom Square Enix Stand\" title=\"Gamescom Square Enix Stand\" src=\"https:\/\/www.gb-mediensysteme.de\/wp-content\/uploads\/2020\/11\/gamescom-square-enix-1.jpg\" class=\"img-responsive wp-image-13849 img-with-aspect-ratio\" data-parent-fit=\"cover\" data-parent-container=\".fusion-image-element\" srcset=\"https:\/\/www.gb-mediensysteme.de\/wp-content\/uploads\/2020\/11\/gamescom-square-enix-1-200x282.jpg 200w, https:\/\/www.gb-mediensysteme.de\/wp-content\/uploads\/2020\/11\/gamescom-square-enix-1-400x563.jpg 400w, https:\/\/www.gb-mediensysteme.de\/wp-content\/uploads\/2020\/11\/gamescom-square-enix-1.jpg 558w\" sizes=\"(max-width: 800px) 100vw, (max-width: 640px) 100vw, 558px\" \/><\/span><\/div><div class=\"fusion-title title fusion-title-52 fusion-sep-none fusion-title-text fusion-title-size-two\" style=\"--awb-margin-top:15px;--awb-margin-right:20px;--awb-margin-left:20px;--awb-margin-top-small:20px;--awb-margin-right-small:0px;--awb-margin-bottom-small:2vh;--awb-margin-left-small:20px;--awb-font-size:20px;\"><h2 class=\"fusion-title-heading title-heading-left fusion-responsive-typography-calculated\" style=\"font-family:&quot;Ubuntu&quot;;font-style:normal;font-weight:400;margin:0;font-size:1em;--fontSize:20;line-height:1.2;\">Gamescom<\/h2><\/div><div class=\"fusion-text fusion-text-51\" style=\"--awb-content-alignment:left;--awb-font-size:13px;--awb-margin-right:20px;--awb-margin-left:20px;--awb-text-font-family:&quot;Ubuntu Sans&quot;;--awb-text-font-style:normal;--awb-text-font-weight:300;\"><\/div><div class=\"fusion-separator fusion-full-width-sep\" style=\"align-self: center;margin-left: auto;margin-right: auto;flex-grow:1;width:100%;\"><\/div><div style=\"text-align:left;\"><a class=\"fusion-button button-flat fusion-button-default-size button-scheme-0 fusion-button-scheme-0 button-50 fusion-button-default-span fusion-button-default-type\" style=\"--awb-margin-bottom:20px;--awb-margin-left:20px;--button_accent_color:#003167;--button_border_color:#ffffff;--button_accent_hover_color:#ffffff;--button_border_hover_color:#ffffff;--button_gradient_top_color:#ffffff;--button_gradient_bottom_color:#ffffff;--button_gradient_top_color_hover:#003167;--button_gradient_bottom_color_hover:#003167;\" target=\"_self\" data-hover=\"bg_slide_right\" href=\"https:\/\/www.gb-mediensysteme.de\/en\/projekte\/gamescom\/\"><span class=\"fusion-button-text awb-button__text awb-button__text--default\">View project<\/span><i class=\"fa-angle-right fas awb-button__icon awb-button__icon--default button-icon-right\" aria-hidden=\"true\"><\/i><\/a><\/div><\/div><\/div>\n<div class=\"fusion_builder_column fusion-builder-column-56 fusion-flex-column fusion-animated post-card swiper-slide\" style=\"--awb-bg-color:var(--awb-color2);--awb-bg-color-hover:#d3d3d3;--awb-bg-blend:overlay;--awb-bg-size:cover;--awb-transform:scaleX(1) scaleY(1);--awb-transform-hover:scaleX(1.03) scaleY(1.03);--awb-flex-grow:0;--awb-flex-shrink:0;--awb-flex-grow-medium:;--awb-flex-shrink-medium:;--awb-flex-grow-small:;--awb-flex-shrink-small:;\" data-animationType=\"slideShortInUp\" data-animationDuration=\"0.3\" data-animationOffset=\"top-into-view\" data-scroll-devices=\"small-visibility,medium-visibility,large-visibility\"><div class=\"fusion-column-wrapper fusion-column-has-shadow fusion-flex-justify-content-flex-start fusion-content-layout-column fusion-carousel-item-wrapper\"><div class=\"fusion-image-element\" style=\"--awb-aspect-ratio:4 \/ 3;--awb-caption-title-font-family:var(--h2_typography-font-family);--awb-caption-title-font-weight:var(--h2_typography-font-weight);--awb-caption-title-font-style:var(--h2_typography-font-style);--awb-caption-title-size:var(--h2_typography-font-size);--awb-caption-title-transform:var(--h2_typography-text-transform);--awb-caption-title-line-height:var(--h2_typography-line-height);--awb-caption-title-letter-spacing:var(--h2_typography-letter-spacing);--awb-filter:brightness(100%) contrast(100%);--awb-filter-transition:filter 0.3s ease, -webkit-backdrop-filter 0.3s ease, backdrop-filter 0.3s ease;--awb-filter-hover:brightness(110%) contrast(115%);\"><span class=\" fusion-imageframe imageframe-none imageframe-52 hover-type-zoomin has-aspect-ratio\"><img decoding=\"async\" width=\"558\" height=\"786\" alt=\"Babtec Mitutoyo exhibition stand\" title=\"Babtec Mitutoyo exhibition stand\" src=\"https:\/\/www.gb-mediensysteme.de\/wp-content\/uploads\/2020\/11\/babtec-mitutoyo.jpg\" class=\"img-responsive wp-image-13838 img-with-aspect-ratio\" data-parent-fit=\"cover\" data-parent-container=\".fusion-image-element\" srcset=\"https:\/\/www.gb-mediensysteme.de\/wp-content\/uploads\/2020\/11\/babtec-mitutoyo-200x282.jpg 200w, https:\/\/www.gb-mediensysteme.de\/wp-content\/uploads\/2020\/11\/babtec-mitutoyo-400x563.jpg 400w, https:\/\/www.gb-mediensysteme.de\/wp-content\/uploads\/2020\/11\/babtec-mitutoyo.jpg 558w\" sizes=\"(max-width: 800px) 100vw, (max-width: 640px) 100vw, 558px\" \/><\/span><\/div><div class=\"fusion-title title fusion-title-53 fusion-sep-none fusion-title-text fusion-title-size-two\" style=\"--awb-margin-top:15px;--awb-margin-right:20px;--awb-margin-left:20px;--awb-margin-top-small:20px;--awb-margin-right-small:0px;--awb-margin-bottom-small:2vh;--awb-margin-left-small:20px;--awb-font-size:20px;\"><h2 class=\"fusion-title-heading title-heading-left fusion-responsive-typography-calculated\" style=\"font-family:&quot;Ubuntu&quot;;font-style:normal;font-weight:400;margin:0;font-size:1em;--fontSize:20;line-height:1.2;\">Mitutoyo and Babtec at Control<\/h2><\/div><div class=\"fusion-text fusion-text-52\" style=\"--awb-content-alignment:left;--awb-font-size:13px;--awb-margin-right:20px;--awb-margin-left:20px;--awb-text-font-family:&quot;Ubuntu Sans&quot;;--awb-text-font-style:normal;--awb-text-font-weight:300;\"><\/div><div class=\"fusion-separator fusion-full-width-sep\" style=\"align-self: center;margin-left: auto;margin-right: auto;flex-grow:1;width:100%;\"><\/div><div style=\"text-align:left;\"><a class=\"fusion-button button-flat fusion-button-default-size button-scheme-0 fusion-button-scheme-0 button-51 fusion-button-default-span fusion-button-default-type\" style=\"--awb-margin-bottom:20px;--awb-margin-left:20px;--button_accent_color:#003167;--button_border_color:#ffffff;--button_accent_hover_color:#ffffff;--button_border_hover_color:#ffffff;--button_gradient_top_color:#ffffff;--button_gradient_bottom_color:#ffffff;--button_gradient_top_color_hover:#003167;--button_gradient_bottom_color_hover:#003167;\" target=\"_self\" data-hover=\"bg_slide_right\" href=\"https:\/\/www.gb-mediensysteme.de\/en\/projekte\/mitutoyo-and-babtec-at-control\/\"><span class=\"fusion-button-text awb-button__text awb-button__text--default\">View project<\/span><i class=\"fa-angle-right fas awb-button__icon awb-button__icon--default button-icon-right\" aria-hidden=\"true\"><\/i><\/a><\/div><\/div><\/div>\n<div class=\"fusion_builder_column fusion-builder-column-57 fusion-flex-column fusion-animated post-card swiper-slide\" style=\"--awb-bg-color:var(--awb-color2);--awb-bg-color-hover:#d3d3d3;--awb-bg-blend:overlay;--awb-bg-size:cover;--awb-transform:scaleX(1) scaleY(1);--awb-transform-hover:scaleX(1.03) scaleY(1.03);--awb-flex-grow:0;--awb-flex-shrink:0;--awb-flex-grow-medium:;--awb-flex-shrink-medium:;--awb-flex-grow-small:;--awb-flex-shrink-small:;\" data-animationType=\"slideShortInUp\" data-animationDuration=\"0.3\" data-animationOffset=\"top-into-view\" data-scroll-devices=\"small-visibility,medium-visibility,large-visibility\"><div class=\"fusion-column-wrapper fusion-column-has-shadow fusion-flex-justify-content-flex-start fusion-content-layout-column fusion-carousel-item-wrapper\"><div class=\"fusion-image-element\" style=\"--awb-aspect-ratio:4 \/ 3;--awb-caption-title-font-family:var(--h2_typography-font-family);--awb-caption-title-font-weight:var(--h2_typography-font-weight);--awb-caption-title-font-style:var(--h2_typography-font-style);--awb-caption-title-size:var(--h2_typography-font-size);--awb-caption-title-transform:var(--h2_typography-text-transform);--awb-caption-title-line-height:var(--h2_typography-line-height);--awb-caption-title-letter-spacing:var(--h2_typography-letter-spacing);--awb-filter:brightness(100%) contrast(100%);--awb-filter-transition:filter 0.3s ease, -webkit-backdrop-filter 0.3s ease, backdrop-filter 0.3s ease;--awb-filter-hover:brightness(110%) contrast(115%);\"><span class=\" fusion-imageframe imageframe-none imageframe-53 hover-type-zoomin has-aspect-ratio\"><img decoding=\"async\" width=\"558\" height=\"786\" alt=\"Allianz Annual General Meeting\" title=\"Allianz Annual General Meeting\" src=\"https:\/\/www.gb-mediensysteme.de\/wp-content\/uploads\/2020\/11\/allianz-hauptversammlung.jpg\" class=\"img-responsive wp-image-13891 img-with-aspect-ratio\" data-parent-fit=\"cover\" data-parent-container=\".fusion-image-element\" srcset=\"https:\/\/www.gb-mediensysteme.de\/wp-content\/uploads\/2020\/11\/allianz-hauptversammlung-200x282.jpg 200w, https:\/\/www.gb-mediensysteme.de\/wp-content\/uploads\/2020\/11\/allianz-hauptversammlung-400x563.jpg 400w, https:\/\/www.gb-mediensysteme.de\/wp-content\/uploads\/2020\/11\/allianz-hauptversammlung.jpg 558w\" sizes=\"(max-width: 800px) 100vw, (max-width: 640px) 100vw, 558px\" \/><\/span><\/div><div class=\"fusion-title title fusion-title-54 fusion-sep-none fusion-title-text fusion-title-size-two\" style=\"--awb-margin-top:15px;--awb-margin-right:20px;--awb-margin-left:20px;--awb-margin-top-small:20px;--awb-margin-right-small:0px;--awb-margin-bottom-small:2vh;--awb-margin-left-small:20px;--awb-font-size:20px;\"><h2 class=\"fusion-title-heading title-heading-left fusion-responsive-typography-calculated\" style=\"font-family:&quot;Ubuntu&quot;;font-style:normal;font-weight:400;margin:0;font-size:1em;--fontSize:20;line-height:1.2;\">Allianz SE<\/h2><\/div><div class=\"fusion-text fusion-text-53\" style=\"--awb-content-alignment:left;--awb-font-size:13px;--awb-margin-right:20px;--awb-margin-left:20px;--awb-text-font-family:&quot;Ubuntu Sans&quot;;--awb-text-font-style:normal;--awb-text-font-weight:300;\"><p>Precise event technology and tightly coordinated workflows enabled the successful realisation of an Allianz SE event at Munich\u2019s Olympiahalle \u2013 delivered within a demanding schedule by a long-standing, well-coordinated G+B team.<\/p>\n<\/div><div class=\"fusion-separator fusion-full-width-sep\" style=\"align-self: center;margin-left: auto;margin-right: auto;flex-grow:1;width:100%;\"><\/div><div style=\"text-align:left;\"><a class=\"fusion-button button-flat fusion-button-default-size button-scheme-0 fusion-button-scheme-0 button-52 fusion-button-default-span fusion-button-default-type\" style=\"--awb-margin-bottom:20px;--awb-margin-left:20px;--button_accent_color:#003167;--button_border_color:#ffffff;--button_accent_hover_color:#ffffff;--button_border_hover_color:#ffffff;--button_gradient_top_color:#ffffff;--button_gradient_bottom_color:#ffffff;--button_gradient_top_color_hover:#003167;--button_gradient_bottom_color_hover:#003167;\" target=\"_self\" data-hover=\"bg_slide_right\" href=\"https:\/\/www.gb-mediensysteme.de\/en\/projekte\/allianz-se\/\"><span class=\"fusion-button-text awb-button__text awb-button__text--default\">View project<\/span><i class=\"fa-angle-right fas awb-button__icon awb-button__icon--default button-icon-right\" aria-hidden=\"true\"><\/i><\/a><\/div><\/div><\/div>\n<div class=\"fusion_builder_column fusion-builder-column-58 fusion-flex-column fusion-animated post-card swiper-slide\" style=\"--awb-bg-color:var(--awb-color2);--awb-bg-color-hover:#d3d3d3;--awb-bg-blend:overlay;--awb-bg-size:cover;--awb-transform:scaleX(1) scaleY(1);--awb-transform-hover:scaleX(1.03) scaleY(1.03);--awb-flex-grow:0;--awb-flex-shrink:0;--awb-flex-grow-medium:;--awb-flex-shrink-medium:;--awb-flex-grow-small:;--awb-flex-shrink-small:;\" data-animationType=\"slideShortInUp\" data-animationDuration=\"0.3\" data-animationOffset=\"top-into-view\" data-scroll-devices=\"small-visibility,medium-visibility,large-visibility\"><div class=\"fusion-column-wrapper fusion-column-has-shadow fusion-flex-justify-content-flex-start fusion-content-layout-column fusion-carousel-item-wrapper\"><div class=\"fusion-image-element\" style=\"--awb-aspect-ratio:4 \/ 3;--awb-caption-title-font-family:var(--h2_typography-font-family);--awb-caption-title-font-weight:var(--h2_typography-font-weight);--awb-caption-title-font-style:var(--h2_typography-font-style);--awb-caption-title-size:var(--h2_typography-font-size);--awb-caption-title-transform:var(--h2_typography-text-transform);--awb-caption-title-line-height:var(--h2_typography-line-height);--awb-caption-title-letter-spacing:var(--h2_typography-letter-spacing);--awb-filter:brightness(100%) contrast(100%);--awb-filter-transition:filter 0.3s ease, -webkit-backdrop-filter 0.3s ease, backdrop-filter 0.3s ease;--awb-filter-hover:brightness(110%) contrast(115%);\"><span class=\" fusion-imageframe imageframe-none imageframe-54 hover-type-zoomin has-aspect-ratio\"><img decoding=\"async\" width=\"558\" height=\"786\" alt=\"Siemens Annual General Meeting\" title=\"Siemens Annual General Meeting\" src=\"https:\/\/www.gb-mediensysteme.de\/wp-content\/uploads\/2020\/11\/siemens-hauptversammlung-1.jpg\" class=\"img-responsive wp-image-13833 img-with-aspect-ratio\" data-parent-fit=\"cover\" data-parent-container=\".fusion-image-element\" srcset=\"https:\/\/www.gb-mediensysteme.de\/wp-content\/uploads\/2020\/11\/siemens-hauptversammlung-1-200x282.jpg 200w, https:\/\/www.gb-mediensysteme.de\/wp-content\/uploads\/2020\/11\/siemens-hauptversammlung-1-400x563.jpg 400w, https:\/\/www.gb-mediensysteme.de\/wp-content\/uploads\/2020\/11\/siemens-hauptversammlung-1.jpg 558w\" sizes=\"(max-width: 800px) 100vw, (max-width: 640px) 100vw, 558px\" \/><\/span><\/div><div class=\"fusion-title title fusion-title-55 fusion-sep-none fusion-title-text fusion-title-size-two\" style=\"--awb-margin-top:15px;--awb-margin-right:20px;--awb-margin-left:20px;--awb-margin-top-small:20px;--awb-margin-right-small:0px;--awb-margin-bottom-small:2vh;--awb-margin-left-small:20px;--awb-font-size:20px;\"><h2 class=\"fusion-title-heading title-heading-left fusion-responsive-typography-calculated\" style=\"font-family:&quot;Ubuntu&quot;;font-style:normal;font-weight:400;margin:0;font-size:1em;--fontSize:20;line-height:1.2;\">Siemens AG<\/h2><\/div><div class=\"fusion-text fusion-text-54\" style=\"--awb-content-alignment:left;--awb-font-size:13px;--awb-margin-right:20px;--awb-margin-left:20px;--awb-text-font-family:&quot;Ubuntu Sans&quot;;--awb-text-font-style:normal;--awb-text-font-weight:300;\"><\/div><div class=\"fusion-separator fusion-full-width-sep\" style=\"align-self: center;margin-left: auto;margin-right: auto;flex-grow:1;width:100%;\"><\/div><div style=\"text-align:left;\"><a class=\"fusion-button button-flat fusion-button-default-size button-scheme-0 fusion-button-scheme-0 button-53 fusion-button-default-span fusion-button-default-type\" style=\"--awb-margin-bottom:20px;--awb-margin-left:20px;--button_accent_color:#003167;--button_border_color:#ffffff;--button_accent_hover_color:#ffffff;--button_border_hover_color:#ffffff;--button_gradient_top_color:#ffffff;--button_gradient_bottom_color:#ffffff;--button_gradient_top_color_hover:#003167;--button_gradient_bottom_color_hover:#003167;\" target=\"_self\" data-hover=\"bg_slide_right\" href=\"https:\/\/www.gb-mediensysteme.de\/en\/projekte\/siemens-ag\/\"><span class=\"fusion-button-text awb-button__text awb-button__text--default\">View project<\/span><i class=\"fa-angle-right fas awb-button__icon awb-button__icon--default button-icon-right\" aria-hidden=\"true\"><\/i><\/a><\/div><\/div><\/div>\n<div class=\"fusion_builder_column fusion-builder-column-59 fusion-flex-column fusion-animated post-card swiper-slide\" style=\"--awb-bg-color:var(--awb-color2);--awb-bg-color-hover:#d3d3d3;--awb-bg-blend:overlay;--awb-bg-size:cover;--awb-transform:scaleX(1) scaleY(1);--awb-transform-hover:scaleX(1.03) scaleY(1.03);--awb-flex-grow:0;--awb-flex-shrink:0;--awb-flex-grow-medium:;--awb-flex-shrink-medium:;--awb-flex-grow-small:;--awb-flex-shrink-small:;\" data-animationType=\"slideShortInUp\" data-animationDuration=\"0.3\" data-animationOffset=\"top-into-view\" data-scroll-devices=\"small-visibility,medium-visibility,large-visibility\"><div class=\"fusion-column-wrapper fusion-column-has-shadow fusion-flex-justify-content-flex-start fusion-content-layout-column fusion-carousel-item-wrapper\"><div class=\"fusion-image-element\" style=\"--awb-aspect-ratio:4 \/ 3;--awb-caption-title-font-family:var(--h2_typography-font-family);--awb-caption-title-font-weight:var(--h2_typography-font-weight);--awb-caption-title-font-style:var(--h2_typography-font-style);--awb-caption-title-size:var(--h2_typography-font-size);--awb-caption-title-transform:var(--h2_typography-text-transform);--awb-caption-title-line-height:var(--h2_typography-line-height);--awb-caption-title-letter-spacing:var(--h2_typography-letter-spacing);--awb-filter:brightness(100%) contrast(100%);--awb-filter-transition:filter 0.3s ease, -webkit-backdrop-filter 0.3s ease, backdrop-filter 0.3s ease;--awb-filter-hover:brightness(110%) contrast(115%);\"><span class=\" fusion-imageframe imageframe-none imageframe-55 hover-type-zoomin has-aspect-ratio\"><img decoding=\"async\" width=\"558\" height=\"786\" alt=\"Fette Compacting exhibition stand\" title=\"Fette Compacting exhibition stand\" src=\"https:\/\/www.gb-mediensysteme.de\/wp-content\/uploads\/2020\/11\/fette-compacting-messestand-1.jpg\" class=\"img-responsive wp-image-13828 img-with-aspect-ratio\" data-parent-fit=\"cover\" data-parent-container=\".fusion-image-element\" srcset=\"https:\/\/www.gb-mediensysteme.de\/wp-content\/uploads\/2020\/11\/fette-compacting-messestand-1-200x282.jpg 200w, https:\/\/www.gb-mediensysteme.de\/wp-content\/uploads\/2020\/11\/fette-compacting-messestand-1-400x563.jpg 400w, https:\/\/www.gb-mediensysteme.de\/wp-content\/uploads\/2020\/11\/fette-compacting-messestand-1.jpg 558w\" sizes=\"(max-width: 800px) 100vw, (max-width: 640px) 100vw, 558px\" \/><\/span><\/div><div class=\"fusion-title title fusion-title-56 fusion-sep-none fusion-title-text fusion-title-size-two\" style=\"--awb-margin-top:15px;--awb-margin-right:20px;--awb-margin-left:20px;--awb-margin-top-small:20px;--awb-margin-right-small:0px;--awb-margin-bottom-small:2vh;--awb-margin-left-small:20px;--awb-font-size:20px;\"><h2 class=\"fusion-title-heading title-heading-left fusion-responsive-typography-calculated\" style=\"font-family:&quot;Ubuntu&quot;;font-style:normal;font-weight:400;margin:0;font-size:1em;--fontSize:20;line-height:1.2;\">Fette Compacing at the interpack<\/h2><\/div><div class=\"fusion-text fusion-text-55\" style=\"--awb-content-alignment:left;--awb-font-size:13px;--awb-margin-right:20px;--awb-margin-left:20px;--awb-text-font-family:&quot;Ubuntu Sans&quot;;--awb-text-font-style:normal;--awb-text-font-weight:300;\"><\/div><div class=\"fusion-separator fusion-full-width-sep\" style=\"align-self: center;margin-left: auto;margin-right: auto;flex-grow:1;width:100%;\"><\/div><div style=\"text-align:left;\"><a class=\"fusion-button button-flat fusion-button-default-size button-scheme-0 fusion-button-scheme-0 button-54 fusion-button-default-span fusion-button-default-type\" style=\"--awb-margin-bottom:20px;--awb-margin-left:20px;--button_accent_color:#003167;--button_border_color:#ffffff;--button_accent_hover_color:#ffffff;--button_border_hover_color:#ffffff;--button_gradient_top_color:#ffffff;--button_gradient_bottom_color:#ffffff;--button_gradient_top_color_hover:#003167;--button_gradient_bottom_color_hover:#003167;\" target=\"_self\" data-hover=\"bg_slide_right\" href=\"https:\/\/www.gb-mediensysteme.de\/en\/projekte\/fette-compacing-at-the-interpack\/\"><span class=\"fusion-button-text awb-button__text awb-button__text--default\">View project<\/span><i class=\"fa-angle-right fas awb-button__icon awb-button__icon--default button-icon-right\" aria-hidden=\"true\"><\/i><\/a><\/div><\/div><\/div>\n<div class=\"fusion_builder_column fusion-builder-column-60 fusion-flex-column fusion-animated post-card swiper-slide\" style=\"--awb-bg-color:var(--awb-color2);--awb-bg-color-hover:#d3d3d3;--awb-bg-blend:overlay;--awb-bg-size:cover;--awb-transform:scaleX(1) scaleY(1);--awb-transform-hover:scaleX(1.03) scaleY(1.03);--awb-flex-grow:0;--awb-flex-shrink:0;--awb-flex-grow-medium:;--awb-flex-shrink-medium:;--awb-flex-grow-small:;--awb-flex-shrink-small:;\" data-animationType=\"slideShortInUp\" data-animationDuration=\"0.3\" data-animationOffset=\"top-into-view\" data-scroll-devices=\"small-visibility,medium-visibility,large-visibility\"><div class=\"fusion-column-wrapper fusion-column-has-shadow fusion-flex-justify-content-flex-start fusion-content-layout-column fusion-carousel-item-wrapper\"><div class=\"fusion-image-element\" style=\"--awb-aspect-ratio:4 \/ 3;--awb-caption-title-font-family:var(--h2_typography-font-family);--awb-caption-title-font-weight:var(--h2_typography-font-weight);--awb-caption-title-font-style:var(--h2_typography-font-style);--awb-caption-title-size:var(--h2_typography-font-size);--awb-caption-title-transform:var(--h2_typography-text-transform);--awb-caption-title-line-height:var(--h2_typography-line-height);--awb-caption-title-letter-spacing:var(--h2_typography-letter-spacing);--awb-filter:brightness(100%) contrast(100%);--awb-filter-transition:filter 0.3s ease, -webkit-backdrop-filter 0.3s ease, backdrop-filter 0.3s ease;--awb-filter-hover:brightness(110%) contrast(115%);\"><span class=\" fusion-imageframe imageframe-none imageframe-56 hover-type-zoomin has-aspect-ratio\"><img decoding=\"async\" width=\"558\" height=\"786\" alt=\"Hanover Fair Opening\" title=\"Hanover Fair Opening\" src=\"https:\/\/www.gb-mediensysteme.de\/wp-content\/uploads\/2020\/11\/hannover-messung-eroeffnung.jpg\" class=\"img-responsive wp-image-13822 img-with-aspect-ratio\" data-parent-fit=\"cover\" data-parent-container=\".fusion-image-element\" srcset=\"https:\/\/www.gb-mediensysteme.de\/wp-content\/uploads\/2020\/11\/hannover-messung-eroeffnung-200x282.jpg 200w, https:\/\/www.gb-mediensysteme.de\/wp-content\/uploads\/2020\/11\/hannover-messung-eroeffnung-400x563.jpg 400w, https:\/\/www.gb-mediensysteme.de\/wp-content\/uploads\/2020\/11\/hannover-messung-eroeffnung.jpg 558w\" sizes=\"(max-width: 800px) 100vw, (max-width: 640px) 100vw, 558px\" \/><\/span><\/div><div class=\"fusion-title title fusion-title-57 fusion-sep-none fusion-title-text fusion-title-size-two\" style=\"--awb-margin-top:15px;--awb-margin-right:20px;--awb-margin-left:20px;--awb-margin-top-small:20px;--awb-margin-right-small:0px;--awb-margin-bottom-small:2vh;--awb-margin-left-small:20px;--awb-font-size:20px;\"><h2 class=\"fusion-title-heading title-heading-left fusion-responsive-typography-calculated\" style=\"font-family:&quot;Ubuntu&quot;;font-style:normal;font-weight:400;margin:0;font-size:1em;--fontSize:20;line-height:1.2;\">Hannover Messe Opening<\/h2><\/div><div class=\"fusion-text fusion-text-56\" style=\"--awb-content-alignment:left;--awb-font-size:13px;--awb-margin-right:20px;--awb-margin-left:20px;--awb-text-font-family:&quot;Ubuntu Sans&quot;;--awb-text-font-style:normal;--awb-text-font-weight:300;\"><\/div><div class=\"fusion-separator fusion-full-width-sep\" style=\"align-self: center;margin-left: auto;margin-right: auto;flex-grow:1;width:100%;\"><\/div><div style=\"text-align:left;\"><a class=\"fusion-button button-flat fusion-button-default-size button-scheme-0 fusion-button-scheme-0 button-55 fusion-button-default-span fusion-button-default-type\" style=\"--awb-margin-bottom:20px;--awb-margin-left:20px;--button_accent_color:#003167;--button_border_color:#ffffff;--button_accent_hover_color:#ffffff;--button_border_hover_color:#ffffff;--button_gradient_top_color:#ffffff;--button_gradient_bottom_color:#ffffff;--button_gradient_top_color_hover:#003167;--button_gradient_bottom_color_hover:#003167;\" target=\"_self\" data-hover=\"bg_slide_right\" href=\"https:\/\/www.gb-mediensysteme.de\/en\/projekte\/hannover-messe-opening\/\"><span class=\"fusion-button-text awb-button__text awb-button__text--default\">View project<\/span><i class=\"fa-angle-right fas awb-button__icon awb-button__icon--default button-icon-right\" aria-hidden=\"true\"><\/i><\/a><\/div><\/div><\/div>\n<div class=\"fusion_builder_column fusion-builder-column-61 fusion-flex-column fusion-animated post-card swiper-slide\" style=\"--awb-bg-color:var(--awb-color2);--awb-bg-color-hover:#d3d3d3;--awb-bg-blend:overlay;--awb-bg-size:cover;--awb-transform:scaleX(1) scaleY(1);--awb-transform-hover:scaleX(1.03) scaleY(1.03);--awb-flex-grow:0;--awb-flex-shrink:0;--awb-flex-grow-medium:;--awb-flex-shrink-medium:;--awb-flex-grow-small:;--awb-flex-shrink-small:;\" data-animationType=\"slideShortInUp\" data-animationDuration=\"0.3\" data-animationOffset=\"top-into-view\" data-scroll-devices=\"small-visibility,medium-visibility,large-visibility\"><div class=\"fusion-column-wrapper fusion-column-has-shadow fusion-flex-justify-content-flex-start fusion-content-layout-column fusion-carousel-item-wrapper\"><div class=\"fusion-image-element\" style=\"--awb-aspect-ratio:4 \/ 3;--awb-caption-title-font-family:var(--h2_typography-font-family);--awb-caption-title-font-weight:var(--h2_typography-font-weight);--awb-caption-title-font-style:var(--h2_typography-font-style);--awb-caption-title-size:var(--h2_typography-font-size);--awb-caption-title-transform:var(--h2_typography-text-transform);--awb-caption-title-line-height:var(--h2_typography-line-height);--awb-caption-title-letter-spacing:var(--h2_typography-letter-spacing);--awb-filter:brightness(100%) contrast(100%);--awb-filter-transition:filter 0.3s ease, -webkit-backdrop-filter 0.3s ease, backdrop-filter 0.3s ease;--awb-filter-hover:brightness(110%) contrast(115%);\"><span class=\" fusion-imageframe imageframe-none imageframe-57 hover-type-zoomin has-aspect-ratio\"><img decoding=\"async\" width=\"558\" height=\"786\" alt=\"Hanover Fair\" title=\"Hanover Fair\" src=\"https:\/\/www.gb-mediensysteme.de\/wp-content\/uploads\/2020\/11\/hannover-messe-2.jpg\" class=\"img-responsive wp-image-13817 img-with-aspect-ratio\" data-parent-fit=\"cover\" data-parent-container=\".fusion-image-element\" srcset=\"https:\/\/www.gb-mediensysteme.de\/wp-content\/uploads\/2020\/11\/hannover-messe-2-200x282.jpg 200w, https:\/\/www.gb-mediensysteme.de\/wp-content\/uploads\/2020\/11\/hannover-messe-2-400x563.jpg 400w, https:\/\/www.gb-mediensysteme.de\/wp-content\/uploads\/2020\/11\/hannover-messe-2.jpg 558w\" sizes=\"(max-width: 800px) 100vw, (max-width: 640px) 100vw, 558px\" \/><\/span><\/div><div class=\"fusion-title title fusion-title-58 fusion-sep-none fusion-title-text fusion-title-size-two\" style=\"--awb-margin-top:15px;--awb-margin-right:20px;--awb-margin-left:20px;--awb-margin-top-small:20px;--awb-margin-right-small:0px;--awb-margin-bottom-small:2vh;--awb-margin-left-small:20px;--awb-font-size:20px;\"><h2 class=\"fusion-title-heading title-heading-left fusion-responsive-typography-calculated\" style=\"font-family:&quot;Ubuntu&quot;;font-style:normal;font-weight:400;margin:0;font-size:1em;--fontSize:20;line-height:1.2;\">Hanover Messe<\/h2><\/div><div class=\"fusion-text fusion-text-57\" style=\"--awb-content-alignment:left;--awb-font-size:13px;--awb-margin-right:20px;--awb-margin-left:20px;--awb-text-font-family:&quot;Ubuntu Sans&quot;;--awb-text-font-style:normal;--awb-text-font-weight:300;\"><\/div><div class=\"fusion-separator fusion-full-width-sep\" style=\"align-self: center;margin-left: auto;margin-right: auto;flex-grow:1;width:100%;\"><\/div><div style=\"text-align:left;\"><a class=\"fusion-button button-flat fusion-button-default-size button-scheme-0 fusion-button-scheme-0 button-56 fusion-button-default-span fusion-button-default-type\" style=\"--awb-margin-bottom:20px;--awb-margin-left:20px;--button_accent_color:#003167;--button_border_color:#ffffff;--button_accent_hover_color:#ffffff;--button_border_hover_color:#ffffff;--button_gradient_top_color:#ffffff;--button_gradient_bottom_color:#ffffff;--button_gradient_top_color_hover:#003167;--button_gradient_bottom_color_hover:#003167;\" target=\"_self\" data-hover=\"bg_slide_right\" href=\"https:\/\/www.gb-mediensysteme.de\/en\/projekte\/hanover-messe\/\"><span class=\"fusion-button-text awb-button__text awb-button__text--default\">View project<\/span><i class=\"fa-angle-right fas awb-button__icon awb-button__icon--default button-icon-right\" aria-hidden=\"true\"><\/i><\/a><\/div><\/div><\/div>\n<div class=\"fusion_builder_column fusion-builder-column-62 fusion-flex-column fusion-animated post-card swiper-slide\" style=\"--awb-bg-color:var(--awb-color2);--awb-bg-color-hover:#d3d3d3;--awb-bg-blend:overlay;--awb-bg-size:cover;--awb-transform:scaleX(1) scaleY(1);--awb-transform-hover:scaleX(1.03) scaleY(1.03);--awb-flex-grow:0;--awb-flex-shrink:0;--awb-flex-grow-medium:;--awb-flex-shrink-medium:;--awb-flex-grow-small:;--awb-flex-shrink-small:;\" data-animationType=\"slideShortInUp\" data-animationDuration=\"0.3\" data-animationOffset=\"top-into-view\" data-scroll-devices=\"small-visibility,medium-visibility,large-visibility\"><div class=\"fusion-column-wrapper fusion-column-has-shadow fusion-flex-justify-content-flex-start fusion-content-layout-column fusion-carousel-item-wrapper\"><div class=\"fusion-image-element\" style=\"--awb-aspect-ratio:4 \/ 3;--awb-caption-title-font-family:var(--h2_typography-font-family);--awb-caption-title-font-weight:var(--h2_typography-font-weight);--awb-caption-title-font-style:var(--h2_typography-font-style);--awb-caption-title-size:var(--h2_typography-font-size);--awb-caption-title-transform:var(--h2_typography-text-transform);--awb-caption-title-line-height:var(--h2_typography-line-height);--awb-caption-title-letter-spacing:var(--h2_typography-letter-spacing);--awb-filter:brightness(100%) contrast(100%);--awb-filter-transition:filter 0.3s ease, -webkit-backdrop-filter 0.3s ease, backdrop-filter 0.3s ease;--awb-filter-hover:brightness(110%) contrast(115%);\"><span class=\" fusion-imageframe imageframe-none imageframe-58 hover-type-zoomin has-aspect-ratio\"><img decoding=\"async\" width=\"558\" height=\"786\" alt=\"Gamescom\" title=\"Gamescom\" src=\"https:\/\/www.gb-mediensysteme.de\/wp-content\/uploads\/2020\/11\/gamescom-1.jpg\" class=\"img-responsive wp-image-13812 img-with-aspect-ratio\" data-parent-fit=\"cover\" data-parent-container=\".fusion-image-element\" srcset=\"https:\/\/www.gb-mediensysteme.de\/wp-content\/uploads\/2020\/11\/gamescom-1-200x282.jpg 200w, https:\/\/www.gb-mediensysteme.de\/wp-content\/uploads\/2020\/11\/gamescom-1-400x563.jpg 400w, https:\/\/www.gb-mediensysteme.de\/wp-content\/uploads\/2020\/11\/gamescom-1.jpg 558w\" sizes=\"(max-width: 800px) 100vw, (max-width: 640px) 100vw, 558px\" \/><\/span><\/div><div class=\"fusion-title title fusion-title-59 fusion-sep-none fusion-title-text fusion-title-size-two\" style=\"--awb-margin-top:15px;--awb-margin-right:20px;--awb-margin-left:20px;--awb-margin-top-small:20px;--awb-margin-right-small:0px;--awb-margin-bottom-small:2vh;--awb-margin-left-small:20px;--awb-font-size:20px;\"><h2 class=\"fusion-title-heading title-heading-left fusion-responsive-typography-calculated\" style=\"font-family:&quot;Ubuntu&quot;;font-style:normal;font-weight:400;margin:0;font-size:1em;--fontSize:20;line-height:1.2;\">Gamescom 2019 &#8211; G+B inspires with technical staging<\/h2><\/div><div class=\"fusion-text fusion-text-58\" style=\"--awb-content-alignment:left;--awb-font-size:13px;--awb-margin-right:20px;--awb-margin-left:20px;--awb-text-font-family:&quot;Ubuntu Sans&quot;;--awb-text-font-style:normal;--awb-text-font-weight:300;\"><\/div><div class=\"fusion-separator fusion-full-width-sep\" style=\"align-self: center;margin-left: auto;margin-right: auto;flex-grow:1;width:100%;\"><\/div><div style=\"text-align:left;\"><a class=\"fusion-button button-flat fusion-button-default-size button-scheme-0 fusion-button-scheme-0 button-57 fusion-button-default-span fusion-button-default-type\" style=\"--awb-margin-bottom:20px;--awb-margin-left:20px;--button_accent_color:#003167;--button_border_color:#ffffff;--button_accent_hover_color:#ffffff;--button_border_hover_color:#ffffff;--button_gradient_top_color:#ffffff;--button_gradient_bottom_color:#ffffff;--button_gradient_top_color_hover:#003167;--button_gradient_bottom_color_hover:#003167;\" target=\"_self\" data-hover=\"bg_slide_right\" href=\"https:\/\/www.gb-mediensysteme.de\/en\/projekte\/gamescom-2019-gb-inspires-with-technical-staging\/\"><span class=\"fusion-button-text awb-button__text awb-button__text--default\">View project<\/span><i class=\"fa-angle-right fas awb-button__icon awb-button__icon--default button-icon-right\" aria-hidden=\"true\"><\/i><\/a><\/div><\/div><\/div>\n<div class=\"fusion_builder_column fusion-builder-column-63 fusion-flex-column fusion-animated post-card swiper-slide\" style=\"--awb-bg-color:var(--awb-color2);--awb-bg-color-hover:#d3d3d3;--awb-bg-blend:overlay;--awb-bg-size:cover;--awb-transform:scaleX(1) scaleY(1);--awb-transform-hover:scaleX(1.03) scaleY(1.03);--awb-flex-grow:0;--awb-flex-shrink:0;--awb-flex-grow-medium:;--awb-flex-shrink-medium:;--awb-flex-grow-small:;--awb-flex-shrink-small:;\" data-animationType=\"slideShortInUp\" data-animationDuration=\"0.3\" data-animationOffset=\"top-into-view\" data-scroll-devices=\"small-visibility,medium-visibility,large-visibility\"><div class=\"fusion-column-wrapper fusion-column-has-shadow fusion-flex-justify-content-flex-start fusion-content-layout-column fusion-carousel-item-wrapper\"><div class=\"fusion-image-element\" style=\"--awb-aspect-ratio:4 \/ 3;--awb-caption-title-font-family:var(--h2_typography-font-family);--awb-caption-title-font-weight:var(--h2_typography-font-weight);--awb-caption-title-font-style:var(--h2_typography-font-style);--awb-caption-title-size:var(--h2_typography-font-size);--awb-caption-title-transform:var(--h2_typography-text-transform);--awb-caption-title-line-height:var(--h2_typography-line-height);--awb-caption-title-letter-spacing:var(--h2_typography-letter-spacing);--awb-filter:brightness(100%) contrast(100%);--awb-filter-transition:filter 0.3s ease, -webkit-backdrop-filter 0.3s ease, backdrop-filter 0.3s ease;--awb-filter-hover:brightness(110%) contrast(115%);\"><span class=\" fusion-imageframe imageframe-none imageframe-59 hover-type-zoomin has-aspect-ratio\"><img decoding=\"async\" width=\"558\" height=\"786\" title=\"CDU-Parteitag-2019-Kachel\" src=\"https:\/\/www.gb-mediensysteme.de\/wp-content\/uploads\/2020\/11\/CDU-Parteitag-2019-Kachel-1.jpg\" class=\"img-responsive wp-image-53535 img-with-aspect-ratio\" data-parent-fit=\"cover\" data-parent-container=\".fusion-image-element\" alt \/><\/span><\/div><div class=\"fusion-title title fusion-title-60 fusion-sep-none fusion-title-text fusion-title-size-two\" style=\"--awb-margin-top:15px;--awb-margin-right:20px;--awb-margin-left:20px;--awb-margin-top-small:20px;--awb-margin-right-small:0px;--awb-margin-bottom-small:2vh;--awb-margin-left-small:20px;--awb-font-size:20px;\"><h2 class=\"fusion-title-heading title-heading-left fusion-responsive-typography-calculated\" style=\"font-family:&quot;Ubuntu&quot;;font-style:normal;font-weight:400;margin:0;font-size:1em;--fontSize:20;line-height:1.2;\">GAHRENS + BATTERMANN digitizes the CDU party conference 2019<\/h2><\/div><div class=\"fusion-text fusion-text-59\" style=\"--awb-content-alignment:left;--awb-font-size:13px;--awb-margin-right:20px;--awb-margin-left:20px;--awb-text-font-family:&quot;Ubuntu Sans&quot;;--awb-text-font-style:normal;--awb-text-font-weight:300;\"><\/div><div class=\"fusion-separator fusion-full-width-sep\" style=\"align-self: center;margin-left: auto;margin-right: auto;flex-grow:1;width:100%;\"><\/div><div style=\"text-align:left;\"><a class=\"fusion-button button-flat fusion-button-default-size button-scheme-0 fusion-button-scheme-0 button-58 fusion-button-default-span fusion-button-default-type\" style=\"--awb-margin-bottom:20px;--awb-margin-left:20px;--button_accent_color:#003167;--button_border_color:#ffffff;--button_accent_hover_color:#ffffff;--button_border_hover_color:#ffffff;--button_gradient_top_color:#ffffff;--button_gradient_bottom_color:#ffffff;--button_gradient_top_color_hover:#003167;--button_gradient_bottom_color_hover:#003167;\" target=\"_self\" data-hover=\"bg_slide_right\" href=\"https:\/\/www.gb-mediensysteme.de\/en\/projekte\/gahrens-battermann-digitizes-the-cdu-party-conference-2019\/\"><span class=\"fusion-button-text awb-button__text awb-button__text--default\">View project<\/span><i class=\"fa-angle-right fas awb-button__icon awb-button__icon--default button-icon-right\" aria-hidden=\"true\"><\/i><\/a><\/div><\/div><\/div>\n<div class=\"fusion_builder_column fusion-builder-column-64 fusion-flex-column fusion-animated post-card swiper-slide\" style=\"--awb-bg-color:var(--awb-color2);--awb-bg-color-hover:#d3d3d3;--awb-bg-blend:overlay;--awb-bg-size:cover;--awb-transform:scaleX(1) scaleY(1);--awb-transform-hover:scaleX(1.03) scaleY(1.03);--awb-flex-grow:0;--awb-flex-shrink:0;--awb-flex-grow-medium:;--awb-flex-shrink-medium:;--awb-flex-grow-small:;--awb-flex-shrink-small:;\" data-animationType=\"slideShortInUp\" data-animationDuration=\"0.3\" data-animationOffset=\"top-into-view\" data-scroll-devices=\"small-visibility,medium-visibility,large-visibility\"><div class=\"fusion-column-wrapper fusion-column-has-shadow fusion-flex-justify-content-flex-start fusion-content-layout-column fusion-carousel-item-wrapper\"><div class=\"fusion-image-element\" style=\"--awb-aspect-ratio:4 \/ 3;--awb-caption-title-font-family:var(--h2_typography-font-family);--awb-caption-title-font-weight:var(--h2_typography-font-weight);--awb-caption-title-font-style:var(--h2_typography-font-style);--awb-caption-title-size:var(--h2_typography-font-size);--awb-caption-title-transform:var(--h2_typography-text-transform);--awb-caption-title-line-height:var(--h2_typography-line-height);--awb-caption-title-letter-spacing:var(--h2_typography-letter-spacing);--awb-filter:brightness(100%) contrast(100%);--awb-filter-transition:filter 0.3s ease, -webkit-backdrop-filter 0.3s ease, backdrop-filter 0.3s ease;--awb-filter-hover:brightness(110%) contrast(115%);\"><span class=\" fusion-imageframe imageframe-none imageframe-60 hover-type-zoomin has-aspect-ratio\"><img decoding=\"async\" width=\"558\" height=\"786\" alt=\"Digital X\" title=\"Digital X\" src=\"https:\/\/www.gb-mediensysteme.de\/wp-content\/uploads\/2020\/11\/digital-x-2.jpg\" class=\"img-responsive wp-image-13802 img-with-aspect-ratio\" data-parent-fit=\"cover\" data-parent-container=\".fusion-image-element\" srcset=\"https:\/\/www.gb-mediensysteme.de\/wp-content\/uploads\/2020\/11\/digital-x-2-200x282.jpg 200w, https:\/\/www.gb-mediensysteme.de\/wp-content\/uploads\/2020\/11\/digital-x-2-400x563.jpg 400w, https:\/\/www.gb-mediensysteme.de\/wp-content\/uploads\/2020\/11\/digital-x-2.jpg 558w\" sizes=\"(max-width: 800px) 100vw, (max-width: 640px) 100vw, 558px\" \/><\/span><\/div><div class=\"fusion-title title fusion-title-61 fusion-sep-none fusion-title-text fusion-title-size-two\" style=\"--awb-margin-top:15px;--awb-margin-right:20px;--awb-margin-left:20px;--awb-margin-top-small:20px;--awb-margin-right-small:0px;--awb-margin-bottom-small:2vh;--awb-margin-left-small:20px;--awb-font-size:20px;\"><h2 class=\"fusion-title-heading title-heading-left fusion-responsive-typography-calculated\" style=\"font-family:&quot;Ubuntu&quot;;font-style:normal;font-weight:400;margin:0;font-size:1em;--fontSize:20;line-height:1.2;\">On roadshow with Telekom and Digital X<\/h2><\/div><div class=\"fusion-text fusion-text-60\" style=\"--awb-content-alignment:left;--awb-font-size:13px;--awb-margin-right:20px;--awb-margin-left:20px;--awb-text-font-family:&quot;Ubuntu Sans&quot;;--awb-text-font-style:normal;--awb-text-font-weight:300;\"><\/div><div class=\"fusion-separator fusion-full-width-sep\" style=\"align-self: center;margin-left: auto;margin-right: auto;flex-grow:1;width:100%;\"><\/div><div style=\"text-align:left;\"><a class=\"fusion-button button-flat fusion-button-default-size button-scheme-0 fusion-button-scheme-0 button-59 fusion-button-default-span fusion-button-default-type\" style=\"--awb-margin-bottom:20px;--awb-margin-left:20px;--button_accent_color:#003167;--button_border_color:#ffffff;--button_accent_hover_color:#ffffff;--button_border_hover_color:#ffffff;--button_gradient_top_color:#ffffff;--button_gradient_bottom_color:#ffffff;--button_gradient_top_color_hover:#003167;--button_gradient_bottom_color_hover:#003167;\" target=\"_self\" data-hover=\"bg_slide_right\" href=\"https:\/\/www.gb-mediensysteme.de\/en\/projekte\/on-roadshow-with-telekom-and-digital-x\/\"><span class=\"fusion-button-text awb-button__text awb-button__text--default\">View project<\/span><i class=\"fa-angle-right fas awb-button__icon awb-button__icon--default button-icon-right\" aria-hidden=\"true\"><\/i><\/a><\/div><\/div><\/div>\n<div class=\"fusion_builder_column fusion-builder-column-65 fusion-flex-column fusion-animated post-card swiper-slide\" style=\"--awb-bg-color:var(--awb-color2);--awb-bg-color-hover:#d3d3d3;--awb-bg-blend:overlay;--awb-bg-size:cover;--awb-transform:scaleX(1) scaleY(1);--awb-transform-hover:scaleX(1.03) scaleY(1.03);--awb-flex-grow:0;--awb-flex-shrink:0;--awb-flex-grow-medium:;--awb-flex-shrink-medium:;--awb-flex-grow-small:;--awb-flex-shrink-small:;\" data-animationType=\"slideShortInUp\" data-animationDuration=\"0.3\" data-animationOffset=\"top-into-view\" data-scroll-devices=\"small-visibility,medium-visibility,large-visibility\"><div class=\"fusion-column-wrapper fusion-column-has-shadow fusion-flex-justify-content-flex-start fusion-content-layout-column fusion-carousel-item-wrapper\"><div class=\"fusion-image-element\" style=\"--awb-aspect-ratio:4 \/ 3;--awb-caption-title-font-family:var(--h2_typography-font-family);--awb-caption-title-font-weight:var(--h2_typography-font-weight);--awb-caption-title-font-style:var(--h2_typography-font-style);--awb-caption-title-size:var(--h2_typography-font-size);--awb-caption-title-transform:var(--h2_typography-text-transform);--awb-caption-title-line-height:var(--h2_typography-line-height);--awb-caption-title-letter-spacing:var(--h2_typography-letter-spacing);--awb-filter:brightness(100%) contrast(100%);--awb-filter-transition:filter 0.3s ease, -webkit-backdrop-filter 0.3s ease, backdrop-filter 0.3s ease;--awb-filter-hover:brightness(110%) contrast(115%);\"><span class=\" fusion-imageframe imageframe-none imageframe-61 hover-type-zoomin has-aspect-ratio\"><img decoding=\"async\" width=\"558\" height=\"786\" alt=\"Premiere Porsche\" title=\"Premiere Porsche\" src=\"https:\/\/www.gb-mediensysteme.de\/wp-content\/uploads\/2020\/11\/porsche.jpg\" class=\"img-responsive wp-image-13694 img-with-aspect-ratio\" data-parent-fit=\"cover\" data-parent-container=\".fusion-image-element\" srcset=\"https:\/\/www.gb-mediensysteme.de\/wp-content\/uploads\/2020\/11\/porsche-200x282.jpg 200w, https:\/\/www.gb-mediensysteme.de\/wp-content\/uploads\/2020\/11\/porsche-400x563.jpg 400w, https:\/\/www.gb-mediensysteme.de\/wp-content\/uploads\/2020\/11\/porsche.jpg 558w\" sizes=\"(max-width: 800px) 100vw, (max-width: 640px) 100vw, 558px\" \/><\/span><\/div><div class=\"fusion-title title fusion-title-62 fusion-sep-none fusion-title-text fusion-title-size-two\" style=\"--awb-margin-top:15px;--awb-margin-right:20px;--awb-margin-left:20px;--awb-margin-top-small:20px;--awb-margin-right-small:0px;--awb-margin-bottom-small:2vh;--awb-margin-left-small:20px;--awb-font-size:20px;\"><h2 class=\"fusion-title-heading title-heading-left fusion-responsive-typography-calculated\" style=\"font-family:&quot;Ubuntu&quot;;font-style:normal;font-weight:400;margin:0;font-size:1em;--fontSize:20;line-height:1.2;\">A highlight right at the beginning of the year &#8211; the premiere of the new PORSCHE Taycan<\/h2><\/div><div class=\"fusion-text fusion-text-61\" style=\"--awb-content-alignment:left;--awb-font-size:13px;--awb-margin-right:20px;--awb-margin-left:20px;--awb-text-font-family:&quot;Ubuntu Sans&quot;;--awb-text-font-style:normal;--awb-text-font-weight:300;\"><\/div><div class=\"fusion-separator fusion-full-width-sep\" style=\"align-self: center;margin-left: auto;margin-right: auto;flex-grow:1;width:100%;\"><\/div><div style=\"text-align:left;\"><a class=\"fusion-button button-flat fusion-button-default-size button-scheme-0 fusion-button-scheme-0 button-60 fusion-button-default-span fusion-button-default-type\" style=\"--awb-margin-bottom:20px;--awb-margin-left:20px;--button_accent_color:#003167;--button_border_color:#ffffff;--button_accent_hover_color:#ffffff;--button_border_hover_color:#ffffff;--button_gradient_top_color:#ffffff;--button_gradient_bottom_color:#ffffff;--button_gradient_top_color_hover:#003167;--button_gradient_bottom_color_hover:#003167;\" target=\"_self\" data-hover=\"bg_slide_right\" href=\"https:\/\/www.gb-mediensysteme.de\/en\/projekte\/a-highlight-right-at-the-beginning-of-the-year-the-premiere-of-the-new-porsche-taycan\/\"><span class=\"fusion-button-text awb-button__text awb-button__text--default\">View project<\/span><i class=\"fa-angle-right fas awb-button__icon awb-button__icon--default button-icon-right\" aria-hidden=\"true\"><\/i><\/a><\/div><\/div><\/div>\n<div class=\"fusion_builder_column fusion-builder-column-66 fusion-flex-column fusion-animated post-card swiper-slide\" style=\"--awb-bg-color:var(--awb-color2);--awb-bg-color-hover:#d3d3d3;--awb-bg-blend:overlay;--awb-bg-size:cover;--awb-transform:scaleX(1) scaleY(1);--awb-transform-hover:scaleX(1.03) scaleY(1.03);--awb-flex-grow:0;--awb-flex-shrink:0;--awb-flex-grow-medium:;--awb-flex-shrink-medium:;--awb-flex-grow-small:;--awb-flex-shrink-small:;\" data-animationType=\"slideShortInUp\" data-animationDuration=\"0.3\" data-animationOffset=\"top-into-view\" data-scroll-devices=\"small-visibility,medium-visibility,large-visibility\"><div class=\"fusion-column-wrapper fusion-column-has-shadow fusion-flex-justify-content-flex-start fusion-content-layout-column fusion-carousel-item-wrapper\"><div class=\"fusion-image-element\" style=\"--awb-aspect-ratio:4 \/ 3;--awb-caption-title-font-family:var(--h2_typography-font-family);--awb-caption-title-font-weight:var(--h2_typography-font-weight);--awb-caption-title-font-style:var(--h2_typography-font-style);--awb-caption-title-size:var(--h2_typography-font-size);--awb-caption-title-transform:var(--h2_typography-text-transform);--awb-caption-title-line-height:var(--h2_typography-line-height);--awb-caption-title-letter-spacing:var(--h2_typography-letter-spacing);--awb-filter:brightness(100%) contrast(100%);--awb-filter-transition:filter 0.3s ease, -webkit-backdrop-filter 0.3s ease, backdrop-filter 0.3s ease;--awb-filter-hover:brightness(110%) contrast(115%);\"><span class=\" fusion-imageframe imageframe-none imageframe-62 hover-type-zoomin has-aspect-ratio\"><img decoding=\"async\" width=\"558\" height=\"786\" alt=\"Merz Expert Summit\" title=\"Merz Expert Summit\" src=\"https:\/\/www.gb-mediensysteme.de\/wp-content\/uploads\/2020\/11\/merz-expert-summit-1.jpg\" class=\"img-responsive wp-image-13788 img-with-aspect-ratio\" data-parent-fit=\"cover\" data-parent-container=\".fusion-image-element\" srcset=\"https:\/\/www.gb-mediensysteme.de\/wp-content\/uploads\/2020\/11\/merz-expert-summit-1-200x282.jpg 200w, https:\/\/www.gb-mediensysteme.de\/wp-content\/uploads\/2020\/11\/merz-expert-summit-1-400x563.jpg 400w, https:\/\/www.gb-mediensysteme.de\/wp-content\/uploads\/2020\/11\/merz-expert-summit-1.jpg 558w\" sizes=\"(max-width: 800px) 100vw, (max-width: 640px) 100vw, 558px\" \/><\/span><\/div><div class=\"fusion-title title fusion-title-63 fusion-sep-none fusion-title-text fusion-title-size-two\" style=\"--awb-margin-top:15px;--awb-margin-right:20px;--awb-margin-left:20px;--awb-margin-top-small:20px;--awb-margin-right-small:0px;--awb-margin-bottom-small:2vh;--awb-margin-left-small:20px;--awb-font-size:20px;\"><h2 class=\"fusion-title-heading title-heading-left fusion-responsive-typography-calculated\" style=\"font-family:&quot;Ubuntu&quot;;font-style:normal;font-weight:400;margin:0;font-size:1em;--fontSize:20;line-height:1.2;\">For the 7th time event technology service provider for the Merz Expert Summit<\/h2><\/div><div class=\"fusion-text fusion-text-62\" style=\"--awb-content-alignment:left;--awb-font-size:13px;--awb-margin-right:20px;--awb-margin-left:20px;--awb-text-font-family:&quot;Ubuntu Sans&quot;;--awb-text-font-style:normal;--awb-text-font-weight:300;\"><\/div><div class=\"fusion-separator fusion-full-width-sep\" style=\"align-self: center;margin-left: auto;margin-right: auto;flex-grow:1;width:100%;\"><\/div><div style=\"text-align:left;\"><a class=\"fusion-button button-flat fusion-button-default-size button-scheme-0 fusion-button-scheme-0 button-61 fusion-button-default-span fusion-button-default-type\" style=\"--awb-margin-bottom:20px;--awb-margin-left:20px;--button_accent_color:#003167;--button_border_color:#ffffff;--button_accent_hover_color:#ffffff;--button_border_hover_color:#ffffff;--button_gradient_top_color:#ffffff;--button_gradient_bottom_color:#ffffff;--button_gradient_top_color_hover:#003167;--button_gradient_bottom_color_hover:#003167;\" target=\"_self\" data-hover=\"bg_slide_right\" href=\"https:\/\/www.gb-mediensysteme.de\/en\/projekte\/for-the-7th-time-event-technology-service-provider-for-the-merz-expert-summit\/\"><span class=\"fusion-button-text awb-button__text awb-button__text--default\">View project<\/span><i class=\"fa-angle-right fas awb-button__icon awb-button__icon--default button-icon-right\" aria-hidden=\"true\"><\/i><\/a><\/div><\/div><\/div>\n<div class=\"fusion_builder_column fusion-builder-column-67 fusion-flex-column fusion-animated post-card swiper-slide\" style=\"--awb-bg-color:var(--awb-color2);--awb-bg-color-hover:#d3d3d3;--awb-bg-blend:overlay;--awb-bg-size:cover;--awb-transform:scaleX(1) scaleY(1);--awb-transform-hover:scaleX(1.03) scaleY(1.03);--awb-flex-grow:0;--awb-flex-shrink:0;--awb-flex-grow-medium:;--awb-flex-shrink-medium:;--awb-flex-grow-small:;--awb-flex-shrink-small:;\" data-animationType=\"slideShortInUp\" data-animationDuration=\"0.3\" data-animationOffset=\"top-into-view\" data-scroll-devices=\"small-visibility,medium-visibility,large-visibility\"><div class=\"fusion-column-wrapper fusion-column-has-shadow fusion-flex-justify-content-flex-start fusion-content-layout-column fusion-carousel-item-wrapper\"><div class=\"fusion-image-element\" style=\"--awb-aspect-ratio:4 \/ 3;--awb-caption-title-font-family:var(--h2_typography-font-family);--awb-caption-title-font-weight:var(--h2_typography-font-weight);--awb-caption-title-font-style:var(--h2_typography-font-style);--awb-caption-title-size:var(--h2_typography-font-size);--awb-caption-title-transform:var(--h2_typography-text-transform);--awb-caption-title-line-height:var(--h2_typography-line-height);--awb-caption-title-letter-spacing:var(--h2_typography-letter-spacing);--awb-filter:brightness(100%) contrast(100%);--awb-filter-transition:filter 0.3s ease, -webkit-backdrop-filter 0.3s ease, backdrop-filter 0.3s ease;--awb-filter-hover:brightness(110%) contrast(115%);\"><span class=\" fusion-imageframe imageframe-none imageframe-63 hover-type-zoomin has-aspect-ratio\"><img decoding=\"async\" width=\"558\" height=\"786\" alt=\"BDA Virtual Conference \" title=\"BDA Virtual Conference\" src=\"https:\/\/www.gb-mediensysteme.de\/wp-content\/uploads\/2020\/11\/bda-virtuelle-geschaeftsfuehrer-konferenz-1.jpg\" class=\"img-responsive wp-image-13780 img-with-aspect-ratio\" data-parent-fit=\"cover\" data-parent-container=\".fusion-image-element\" srcset=\"https:\/\/www.gb-mediensysteme.de\/wp-content\/uploads\/2020\/11\/bda-virtuelle-geschaeftsfuehrer-konferenz-1-200x282.jpg 200w, https:\/\/www.gb-mediensysteme.de\/wp-content\/uploads\/2020\/11\/bda-virtuelle-geschaeftsfuehrer-konferenz-1-400x563.jpg 400w, https:\/\/www.gb-mediensysteme.de\/wp-content\/uploads\/2020\/11\/bda-virtuelle-geschaeftsfuehrer-konferenz-1.jpg 558w\" sizes=\"(max-width: 800px) 100vw, (max-width: 640px) 100vw, 558px\" \/><\/span><\/div><div class=\"fusion-title title fusion-title-64 fusion-sep-none fusion-title-text fusion-title-size-two\" style=\"--awb-margin-top:15px;--awb-margin-right:20px;--awb-margin-left:20px;--awb-margin-top-small:20px;--awb-margin-right-small:0px;--awb-margin-bottom-small:2vh;--awb-margin-left-small:20px;--awb-font-size:20px;\"><h2 class=\"fusion-title-heading title-heading-left fusion-responsive-typography-calculated\" style=\"font-family:&quot;Ubuntu&quot;;font-style:normal;font-weight:400;margin:0;font-size:1em;--fontSize:20;line-height:1.2;\">Purely virtual meeting of the Confederation of German Employers&#8217; Associations<\/h2><\/div><div class=\"fusion-text fusion-text-63\" style=\"--awb-content-alignment:left;--awb-font-size:13px;--awb-margin-right:20px;--awb-margin-left:20px;--awb-text-font-family:&quot;Ubuntu Sans&quot;;--awb-text-font-style:normal;--awb-text-font-weight:300;\"><p>Eine durchdachte Kombination aus Studio-, Streaming- und Interaktionsl\u00f6sungen erm\u00f6glichte die virtuelle Gesch\u00e4ftsf\u00fchrerkonferenz der BDA mit Live-Zuschaltungen, Votings und aktivem Austausch \u2013 umgesetzt als vernetztes Konferenzformat.<\/p>\n<\/div><div class=\"fusion-separator fusion-full-width-sep\" style=\"align-self: center;margin-left: auto;margin-right: auto;flex-grow:1;width:100%;\"><\/div><div style=\"text-align:left;\"><a class=\"fusion-button button-flat fusion-button-default-size button-scheme-0 fusion-button-scheme-0 button-62 fusion-button-default-span fusion-button-default-type\" style=\"--awb-margin-bottom:20px;--awb-margin-left:20px;--button_accent_color:#003167;--button_border_color:#ffffff;--button_accent_hover_color:#ffffff;--button_border_hover_color:#ffffff;--button_gradient_top_color:#ffffff;--button_gradient_bottom_color:#ffffff;--button_gradient_top_color_hover:#003167;--button_gradient_bottom_color_hover:#003167;\" target=\"_self\" data-hover=\"bg_slide_right\" href=\"https:\/\/www.gb-mediensysteme.de\/en\/projekte\/the-confederation-of-german-employers-associations-meets-purely-virtually-for-the-managing-directors-conference-and-gb-provides-the-appropriate-framework\/\"><span class=\"fusion-button-text awb-button__text awb-button__text--default\">View project<\/span><i class=\"fa-angle-right fas awb-button__icon awb-button__icon--default button-icon-right\" aria-hidden=\"true\"><\/i><\/a><\/div><\/div><\/div>\n<div class=\"fusion_builder_column fusion-builder-column-68 fusion-flex-column fusion-animated post-card swiper-slide\" style=\"--awb-bg-color:var(--awb-color2);--awb-bg-color-hover:#d3d3d3;--awb-bg-blend:overlay;--awb-bg-size:cover;--awb-transform:scaleX(1) scaleY(1);--awb-transform-hover:scaleX(1.03) scaleY(1.03);--awb-flex-grow:0;--awb-flex-shrink:0;--awb-flex-grow-medium:;--awb-flex-shrink-medium:;--awb-flex-grow-small:;--awb-flex-shrink-small:;\" data-animationType=\"slideShortInUp\" data-animationDuration=\"0.3\" data-animationOffset=\"top-into-view\" data-scroll-devices=\"small-visibility,medium-visibility,large-visibility\"><div class=\"fusion-column-wrapper fusion-column-has-shadow fusion-flex-justify-content-flex-start fusion-content-layout-column fusion-carousel-item-wrapper\"><div class=\"fusion-image-element\" style=\"--awb-aspect-ratio:4 \/ 3;--awb-caption-title-font-family:var(--h2_typography-font-family);--awb-caption-title-font-weight:var(--h2_typography-font-weight);--awb-caption-title-font-style:var(--h2_typography-font-style);--awb-caption-title-size:var(--h2_typography-font-size);--awb-caption-title-transform:var(--h2_typography-text-transform);--awb-caption-title-line-height:var(--h2_typography-line-height);--awb-caption-title-letter-spacing:var(--h2_typography-letter-spacing);--awb-filter:brightness(100%) contrast(100%);--awb-filter-transition:filter 0.3s ease, -webkit-backdrop-filter 0.3s ease, backdrop-filter 0.3s ease;--awb-filter-hover:brightness(110%) contrast(115%);\"><span class=\" fusion-imageframe imageframe-none imageframe-64 hover-type-zoomin has-aspect-ratio\"><img decoding=\"async\" width=\"558\" height=\"786\" alt=\"Talanx AG Virtual Annual General Meeting\" title=\"Talanx AG Virtual Annual General Meeting\" src=\"https:\/\/www.gb-mediensysteme.de\/wp-content\/uploads\/2020\/11\/talanx-virtuelle-hauptversammlung.jpg\" class=\"img-responsive wp-image-13773 img-with-aspect-ratio\" data-parent-fit=\"cover\" data-parent-container=\".fusion-image-element\" srcset=\"https:\/\/www.gb-mediensysteme.de\/wp-content\/uploads\/2020\/11\/talanx-virtuelle-hauptversammlung-200x282.jpg 200w, https:\/\/www.gb-mediensysteme.de\/wp-content\/uploads\/2020\/11\/talanx-virtuelle-hauptversammlung-400x563.jpg 400w, https:\/\/www.gb-mediensysteme.de\/wp-content\/uploads\/2020\/11\/talanx-virtuelle-hauptversammlung.jpg 558w\" sizes=\"(max-width: 800px) 100vw, (max-width: 640px) 100vw, 558px\" \/><\/span><\/div><div class=\"fusion-title title fusion-title-65 fusion-sep-none fusion-title-text fusion-title-size-two\" style=\"--awb-margin-top:15px;--awb-margin-right:20px;--awb-margin-left:20px;--awb-margin-top-small:20px;--awb-margin-right-small:0px;--awb-margin-bottom-small:2vh;--awb-margin-left-small:20px;--awb-font-size:20px;\"><h2 class=\"fusion-title-heading title-heading-left fusion-responsive-typography-calculated\" style=\"font-family:&quot;Ubuntu&quot;;font-style:normal;font-weight:400;margin:0;font-size:1em;--fontSize:20;line-height:1.2;\">Talanx AG Annual General Meeting 2020 purely virtual for the first time<\/h2><\/div><div class=\"fusion-text fusion-text-64\" style=\"--awb-content-alignment:left;--awb-font-size:13px;--awb-margin-right:20px;--awb-margin-left:20px;--awb-text-font-family:&quot;Ubuntu Sans&quot;;--awb-text-font-style:normal;--awb-text-font-weight:300;\"><p>Streaming and studio technology enabled Talanx AG to hold its first purely virtual Annual General Meeting, which was implemented at short notice at the company's headquarters in Hanover.<\/p>\n<\/div><div class=\"fusion-separator fusion-full-width-sep\" style=\"align-self: center;margin-left: auto;margin-right: auto;flex-grow:1;width:100%;\"><\/div><div style=\"text-align:left;\"><a class=\"fusion-button button-flat fusion-button-default-size button-scheme-0 fusion-button-scheme-0 button-63 fusion-button-default-span fusion-button-default-type\" style=\"--awb-margin-bottom:20px;--awb-margin-left:20px;--button_accent_color:#003167;--button_border_color:#ffffff;--button_accent_hover_color:#ffffff;--button_border_hover_color:#ffffff;--button_gradient_top_color:#ffffff;--button_gradient_bottom_color:#ffffff;--button_gradient_top_color_hover:#003167;--button_gradient_bottom_color_hover:#003167;\" target=\"_self\" data-hover=\"bg_slide_right\" href=\"https:\/\/www.gb-mediensysteme.de\/en\/projekte\/talanx-ag-annual-general-meeting-2020-purely-virtual-for-the-first-time\/\"><span class=\"fusion-button-text awb-button__text awb-button__text--default\">View project<\/span><i class=\"fa-angle-right fas awb-button__icon awb-button__icon--default button-icon-right\" aria-hidden=\"true\"><\/i><\/a><\/div><\/div><\/div>\n<div class=\"fusion_builder_column fusion-builder-column-69 fusion-flex-column fusion-animated post-card swiper-slide\" style=\"--awb-bg-color:var(--awb-color2);--awb-bg-color-hover:#d3d3d3;--awb-bg-blend:overlay;--awb-bg-size:cover;--awb-transform:scaleX(1) scaleY(1);--awb-transform-hover:scaleX(1.03) scaleY(1.03);--awb-flex-grow:0;--awb-flex-shrink:0;--awb-flex-grow-medium:;--awb-flex-shrink-medium:;--awb-flex-grow-small:;--awb-flex-shrink-small:;\" data-animationType=\"slideShortInUp\" data-animationDuration=\"0.3\" data-animationOffset=\"top-into-view\" data-scroll-devices=\"small-visibility,medium-visibility,large-visibility\"><div class=\"fusion-column-wrapper fusion-column-has-shadow fusion-flex-justify-content-flex-start fusion-content-layout-column fusion-carousel-item-wrapper\"><div class=\"fusion-image-element\" style=\"--awb-aspect-ratio:4 \/ 3;--awb-caption-title-font-family:var(--h2_typography-font-family);--awb-caption-title-font-weight:var(--h2_typography-font-weight);--awb-caption-title-font-style:var(--h2_typography-font-style);--awb-caption-title-size:var(--h2_typography-font-size);--awb-caption-title-transform:var(--h2_typography-text-transform);--awb-caption-title-line-height:var(--h2_typography-line-height);--awb-caption-title-letter-spacing:var(--h2_typography-letter-spacing);--awb-filter:brightness(100%) contrast(100%);--awb-filter-transition:filter 0.3s ease, -webkit-backdrop-filter 0.3s ease, backdrop-filter 0.3s ease;--awb-filter-hover:brightness(110%) contrast(115%);\"><span class=\" fusion-imageframe imageframe-none imageframe-65 hover-type-zoomin has-aspect-ratio\"><img decoding=\"async\" width=\"558\" height=\"786\" alt=\"CSU digital party conference\" title=\"CSU digital party conference\" src=\"https:\/\/www.gb-mediensysteme.de\/wp-content\/uploads\/2020\/11\/csu-parteitag-digital-1.jpg\" class=\"img-responsive wp-image-13767 img-with-aspect-ratio\" data-parent-fit=\"cover\" data-parent-container=\".fusion-image-element\" srcset=\"https:\/\/www.gb-mediensysteme.de\/wp-content\/uploads\/2020\/11\/csu-parteitag-digital-1-200x282.jpg 200w, https:\/\/www.gb-mediensysteme.de\/wp-content\/uploads\/2020\/11\/csu-parteitag-digital-1-400x563.jpg 400w, https:\/\/www.gb-mediensysteme.de\/wp-content\/uploads\/2020\/11\/csu-parteitag-digital-1.jpg 558w\" sizes=\"(max-width: 800px) 100vw, (max-width: 640px) 100vw, 558px\" \/><\/span><\/div><div class=\"fusion-title title fusion-title-66 fusion-sep-none fusion-title-text fusion-title-size-two\" style=\"--awb-margin-top:15px;--awb-margin-right:20px;--awb-margin-left:20px;--awb-margin-top-small:20px;--awb-margin-right-small:0px;--awb-margin-bottom-small:2vh;--awb-margin-left-small:20px;--awb-font-size:20px;\"><h2 class=\"fusion-title-heading title-heading-left fusion-responsive-typography-calculated\" style=\"font-family:&quot;Ubuntu&quot;;font-style:normal;font-weight:400;margin:0;font-size:1em;--fontSize:20;line-height:1.2;\">CSU goes digital &#8211; and everything went smoothly with G+B!<\/h2><\/div><div class=\"fusion-text fusion-text-65\" style=\"--awb-content-alignment:left;--awb-font-size:13px;--awb-margin-right:20px;--awb-margin-left:20px;--awb-text-font-family:&quot;Ubuntu Sans&quot;;--awb-text-font-style:normal;--awb-text-font-weight:300;\"><p>A high-performance studio and streaming solution made it possible to hold the first-ever fully virtual CSU party conference, attended by 242 delegates \u2013 delivered using reliable media technology and organised seamlessly.<\/p>\n<\/div><div class=\"fusion-separator fusion-full-width-sep\" style=\"align-self: center;margin-left: auto;margin-right: auto;flex-grow:1;width:100%;\"><\/div><div style=\"text-align:left;\"><a class=\"fusion-button button-flat fusion-button-default-size button-scheme-0 fusion-button-scheme-0 button-64 fusion-button-default-span fusion-button-default-type\" style=\"--awb-margin-bottom:20px;--awb-margin-left:20px;--button_accent_color:#003167;--button_border_color:#ffffff;--button_accent_hover_color:#ffffff;--button_border_hover_color:#ffffff;--button_gradient_top_color:#ffffff;--button_gradient_bottom_color:#ffffff;--button_gradient_top_color_hover:#003167;--button_gradient_bottom_color_hover:#003167;\" target=\"_self\" data-hover=\"bg_slide_right\" href=\"https:\/\/www.gb-mediensysteme.de\/en\/projekte\/csu-goes-digital-and-everything-went-smoothly-with-gb\/\"><span class=\"fusion-button-text awb-button__text awb-button__text--default\">View project<\/span><i class=\"fa-angle-right fas awb-button__icon awb-button__icon--default button-icon-right\" aria-hidden=\"true\"><\/i><\/a><\/div><\/div><\/div>\n<div class=\"fusion_builder_column fusion-builder-column-70 fusion-flex-column fusion-animated post-card swiper-slide\" style=\"--awb-bg-color:var(--awb-color2);--awb-bg-color-hover:#d3d3d3;--awb-bg-blend:overlay;--awb-bg-size:cover;--awb-transform:scaleX(1) scaleY(1);--awb-transform-hover:scaleX(1.03) scaleY(1.03);--awb-flex-grow:0;--awb-flex-shrink:0;--awb-flex-grow-medium:;--awb-flex-shrink-medium:;--awb-flex-grow-small:;--awb-flex-shrink-small:;\" data-animationType=\"slideShortInUp\" data-animationDuration=\"0.3\" data-animationOffset=\"top-into-view\" data-scroll-devices=\"small-visibility,medium-visibility,large-visibility\"><div class=\"fusion-column-wrapper fusion-column-has-shadow fusion-flex-justify-content-flex-start fusion-content-layout-column fusion-carousel-item-wrapper\"><div class=\"fusion-image-element\" style=\"--awb-aspect-ratio:4 \/ 3;--awb-caption-title-font-family:var(--h2_typography-font-family);--awb-caption-title-font-weight:var(--h2_typography-font-weight);--awb-caption-title-font-style:var(--h2_typography-font-style);--awb-caption-title-size:var(--h2_typography-font-size);--awb-caption-title-transform:var(--h2_typography-text-transform);--awb-caption-title-line-height:var(--h2_typography-line-height);--awb-caption-title-letter-spacing:var(--h2_typography-letter-spacing);--awb-filter:brightness(100%) contrast(100%);--awb-filter-transition:filter 0.3s ease, -webkit-backdrop-filter 0.3s ease, backdrop-filter 0.3s ease;--awb-filter-hover:brightness(110%) contrast(115%);\"><span class=\" fusion-imageframe imageframe-none imageframe-66 hover-type-zoomin has-aspect-ratio\"><img decoding=\"async\" width=\"558\" height=\"786\" alt=\"BMW World\" title=\"BMW World\" src=\"https:\/\/www.gb-mediensysteme.de\/wp-content\/uploads\/2020\/11\/bmw-welt-1.jpg\" class=\"img-responsive wp-image-13702 img-with-aspect-ratio\" data-parent-fit=\"cover\" data-parent-container=\".fusion-image-element\" srcset=\"https:\/\/www.gb-mediensysteme.de\/wp-content\/uploads\/2020\/11\/bmw-welt-1-200x282.jpg 200w, https:\/\/www.gb-mediensysteme.de\/wp-content\/uploads\/2020\/11\/bmw-welt-1-400x563.jpg 400w, https:\/\/www.gb-mediensysteme.de\/wp-content\/uploads\/2020\/11\/bmw-welt-1.jpg 558w\" sizes=\"(max-width: 800px) 100vw, (max-width: 640px) 100vw, 558px\" \/><\/span><\/div><div class=\"fusion-title title fusion-title-67 fusion-sep-none fusion-title-text fusion-title-size-two\" style=\"--awb-margin-top:15px;--awb-margin-right:20px;--awb-margin-left:20px;--awb-margin-top-small:20px;--awb-margin-right-small:0px;--awb-margin-bottom-small:2vh;--awb-margin-left-small:20px;--awb-font-size:20px;\"><h2 class=\"fusion-title-heading title-heading-left fusion-responsive-typography-calculated\" style=\"font-family:&quot;Ubuntu&quot;;font-style:normal;font-weight:400;margin:0;font-size:1em;--fontSize:20;line-height:1.2;\">G+B is a competent partner of BMW Welt<\/h2><\/div><div class=\"fusion-text fusion-text-66\" style=\"--awb-content-alignment:left;--awb-font-size:13px;--awb-margin-right:20px;--awb-margin-left:20px;--awb-text-font-family:&quot;Ubuntu Sans&quot;;--awb-text-font-style:normal;--awb-text-font-weight:300;\"><p>Three fully equipped studios with flexible set-ups and state-of-the-art camera, lighting and video technology enable BMW Welt to host high-quality digital events \u2013 from conferences to international product presentations.<\/p>\n<\/div><div class=\"fusion-separator fusion-full-width-sep\" style=\"align-self: center;margin-left: auto;margin-right: auto;flex-grow:1;width:100%;\"><\/div><div style=\"text-align:left;\"><a class=\"fusion-button button-flat fusion-button-default-size button-scheme-0 fusion-button-scheme-0 button-65 fusion-button-default-span fusion-button-default-type\" style=\"--awb-margin-bottom:20px;--awb-margin-left:20px;--button_accent_color:#003167;--button_border_color:#ffffff;--button_accent_hover_color:#ffffff;--button_border_hover_color:#ffffff;--button_gradient_top_color:#ffffff;--button_gradient_bottom_color:#ffffff;--button_gradient_top_color_hover:#003167;--button_gradient_bottom_color_hover:#003167;\" target=\"_self\" data-hover=\"bg_slide_right\" href=\"https:\/\/www.gb-mediensysteme.de\/en\/projekte\/gb-is-a-competent-partner-of-bmw-welt\/\"><span class=\"fusion-button-text awb-button__text awb-button__text--default\">View project<\/span><i class=\"fa-angle-right fas awb-button__icon awb-button__icon--default button-icon-right\" aria-hidden=\"true\"><\/i><\/a><\/div><\/div><\/div>\n<div class=\"fusion_builder_column fusion-builder-column-71 fusion-flex-column fusion-animated post-card swiper-slide\" style=\"--awb-bg-color:var(--awb-color2);--awb-bg-color-hover:#d3d3d3;--awb-bg-blend:overlay;--awb-bg-size:cover;--awb-transform:scaleX(1) scaleY(1);--awb-transform-hover:scaleX(1.03) scaleY(1.03);--awb-flex-grow:0;--awb-flex-shrink:0;--awb-flex-grow-medium:;--awb-flex-shrink-medium:;--awb-flex-grow-small:;--awb-flex-shrink-small:;\" data-animationType=\"slideShortInUp\" data-animationDuration=\"0.3\" data-animationOffset=\"top-into-view\" data-scroll-devices=\"small-visibility,medium-visibility,large-visibility\"><div class=\"fusion-column-wrapper fusion-column-has-shadow fusion-flex-justify-content-flex-start fusion-content-layout-column fusion-carousel-item-wrapper\"><div class=\"fusion-image-element\" style=\"--awb-aspect-ratio:4 \/ 3;--awb-caption-title-font-family:var(--h2_typography-font-family);--awb-caption-title-font-weight:var(--h2_typography-font-weight);--awb-caption-title-font-style:var(--h2_typography-font-style);--awb-caption-title-size:var(--h2_typography-font-size);--awb-caption-title-transform:var(--h2_typography-text-transform);--awb-caption-title-line-height:var(--h2_typography-line-height);--awb-caption-title-letter-spacing:var(--h2_typography-letter-spacing);--awb-filter:brightness(100%) contrast(100%);--awb-filter-transition:filter 0.3s ease, -webkit-backdrop-filter 0.3s ease, backdrop-filter 0.3s ease;--awb-filter-hover:brightness(110%) contrast(115%);\"><span class=\" fusion-imageframe imageframe-none imageframe-67 hover-type-zoomin has-aspect-ratio\"><img decoding=\"async\" width=\"558\" height=\"786\" alt=\"Allianz Leadership Week\" title=\"Allianz Leadership Week\" src=\"https:\/\/www.gb-mediensysteme.de\/wp-content\/uploads\/2020\/11\/allianz-leadership-week-2.jpg\" class=\"img-responsive wp-image-13761 img-with-aspect-ratio\" data-parent-fit=\"cover\" data-parent-container=\".fusion-image-element\" srcset=\"https:\/\/www.gb-mediensysteme.de\/wp-content\/uploads\/2020\/11\/allianz-leadership-week-2-200x282.jpg 200w, https:\/\/www.gb-mediensysteme.de\/wp-content\/uploads\/2020\/11\/allianz-leadership-week-2-400x563.jpg 400w, https:\/\/www.gb-mediensysteme.de\/wp-content\/uploads\/2020\/11\/allianz-leadership-week-2.jpg 558w\" sizes=\"(max-width: 800px) 100vw, (max-width: 640px) 100vw, 558px\" \/><\/span><\/div><div class=\"fusion-title title fusion-title-68 fusion-sep-none fusion-title-text fusion-title-size-two\" style=\"--awb-margin-top:15px;--awb-margin-right:20px;--awb-margin-left:20px;--awb-margin-top-small:20px;--awb-margin-right-small:0px;--awb-margin-bottom-small:2vh;--awb-margin-left-small:20px;--awb-font-size:20px;\"><h2 class=\"fusion-title-heading title-heading-left fusion-responsive-typography-calculated\" style=\"font-family:&quot;Ubuntu&quot;;font-style:normal;font-weight:400;margin:0;font-size:1em;--fontSize:20;line-height:1.2;\">Allianz Leadership Week completely digital for the first time<\/h2><\/div><div class=\"fusion-text fusion-text-67\" style=\"--awb-content-alignment:left;--awb-font-size:13px;--awb-margin-right:20px;--awb-margin-left:20px;--awb-text-font-family:&quot;Ubuntu Sans&quot;;--awb-text-font-style:normal;--awb-text-font-weight:300;\"><p>Streaming, studio and interactive technology made the Allianz Leadership Week fully digital for the first time \u2013 delivered from a temporary studio in Munich\u2019s Highlight Towers for 200 international executives worldwide.<\/p>\n<\/div><div class=\"fusion-separator fusion-full-width-sep\" style=\"align-self: center;margin-left: auto;margin-right: auto;flex-grow:1;width:100%;\"><\/div><div style=\"text-align:left;\"><a class=\"fusion-button button-flat fusion-button-default-size button-scheme-0 fusion-button-scheme-0 button-66 fusion-button-default-span fusion-button-default-type\" style=\"--awb-margin-bottom:20px;--awb-margin-left:20px;--button_accent_color:#003167;--button_border_color:#ffffff;--button_accent_hover_color:#ffffff;--button_border_hover_color:#ffffff;--button_gradient_top_color:#ffffff;--button_gradient_bottom_color:#ffffff;--button_gradient_top_color_hover:#003167;--button_gradient_bottom_color_hover:#003167;\" target=\"_self\" data-hover=\"bg_slide_right\" href=\"https:\/\/www.gb-mediensysteme.de\/en\/projekte\/allianz-leadership-week-completely-digital-for-the-first-time\/\"><span class=\"fusion-button-text awb-button__text awb-button__text--default\">View project<\/span><i class=\"fa-angle-right fas awb-button__icon awb-button__icon--default button-icon-right\" aria-hidden=\"true\"><\/i><\/a><\/div><\/div><\/div>\n<div class=\"fusion_builder_column fusion-builder-column-72 fusion-flex-column fusion-animated post-card swiper-slide\" style=\"--awb-bg-color:var(--awb-color2);--awb-bg-color-hover:#d3d3d3;--awb-bg-blend:overlay;--awb-bg-size:cover;--awb-transform:scaleX(1) scaleY(1);--awb-transform-hover:scaleX(1.03) scaleY(1.03);--awb-flex-grow:0;--awb-flex-shrink:0;--awb-flex-grow-medium:;--awb-flex-shrink-medium:;--awb-flex-grow-small:;--awb-flex-shrink-small:;\" data-animationType=\"slideShortInUp\" data-animationDuration=\"0.3\" data-animationOffset=\"top-into-view\" data-scroll-devices=\"small-visibility,medium-visibility,large-visibility\"><div class=\"fusion-column-wrapper fusion-column-has-shadow fusion-flex-justify-content-flex-start fusion-content-layout-column fusion-carousel-item-wrapper\"><div class=\"fusion-image-element\" style=\"--awb-aspect-ratio:4 \/ 3;--awb-caption-title-font-family:var(--h2_typography-font-family);--awb-caption-title-font-weight:var(--h2_typography-font-weight);--awb-caption-title-font-style:var(--h2_typography-font-style);--awb-caption-title-size:var(--h2_typography-font-size);--awb-caption-title-transform:var(--h2_typography-text-transform);--awb-caption-title-line-height:var(--h2_typography-line-height);--awb-caption-title-letter-spacing:var(--h2_typography-letter-spacing);--awb-filter:brightness(100%) contrast(100%);--awb-filter-transition:filter 0.3s ease, -webkit-backdrop-filter 0.3s ease, backdrop-filter 0.3s ease;--awb-filter-hover:brightness(110%) contrast(115%);\"><span class=\" fusion-imageframe imageframe-none imageframe-68 hover-type-zoomin has-aspect-ratio\"><img decoding=\"async\" width=\"558\" height=\"786\" alt=\"Rhein-Energie Annual Conference\" title=\"Rhein-Energie Annual Conference\" src=\"https:\/\/www.gb-mediensysteme.de\/wp-content\/uploads\/2020\/11\/rhein-energie-1.jpg\" class=\"img-responsive wp-image-13751 img-with-aspect-ratio\" data-parent-fit=\"cover\" data-parent-container=\".fusion-image-element\" srcset=\"https:\/\/www.gb-mediensysteme.de\/wp-content\/uploads\/2020\/11\/rhein-energie-1-200x282.jpg 200w, https:\/\/www.gb-mediensysteme.de\/wp-content\/uploads\/2020\/11\/rhein-energie-1-400x563.jpg 400w, https:\/\/www.gb-mediensysteme.de\/wp-content\/uploads\/2020\/11\/rhein-energie-1.jpg 558w\" sizes=\"(max-width: 800px) 100vw, (max-width: 640px) 100vw, 558px\" \/><\/span><\/div><div class=\"fusion-title title fusion-title-69 fusion-sep-none fusion-title-text fusion-title-size-two\" style=\"--awb-margin-top:15px;--awb-margin-right:20px;--awb-margin-left:20px;--awb-margin-top-small:20px;--awb-margin-right-small:0px;--awb-margin-bottom-small:2vh;--awb-margin-left-small:20px;--awb-font-size:20px;\"><h2 class=\"fusion-title-heading title-heading-left fusion-responsive-typography-calculated\" style=\"font-family:&quot;Ubuntu&quot;;font-style:normal;font-weight:400;margin:0;font-size:1em;--fontSize:20;line-height:1.2;\">First hybrid annual press conference of RheinEnergie<\/h2><\/div><div class=\"fusion-text fusion-text-68\" style=\"--awb-content-alignment:left;--awb-font-size:13px;--awb-margin-right:20px;--awb-margin-left:20px;--awb-text-font-family:&quot;Ubuntu Sans&quot;;--awb-text-font-style:normal;--awb-text-font-weight:300;\"><p>A hybrid press conference featuring live streaming, a chat function, and document access enabled RheinEnergie to engage with journalists both on-site and online\u2014implemented as a connected media event.<\/p>\n<\/div><div class=\"fusion-separator fusion-full-width-sep\" style=\"align-self: center;margin-left: auto;margin-right: auto;flex-grow:1;width:100%;\"><\/div><div style=\"text-align:left;\"><a class=\"fusion-button button-flat fusion-button-default-size button-scheme-0 fusion-button-scheme-0 button-67 fusion-button-default-span fusion-button-default-type\" style=\"--awb-margin-bottom:20px;--awb-margin-left:20px;--button_accent_color:#003167;--button_border_color:#ffffff;--button_accent_hover_color:#ffffff;--button_border_hover_color:#ffffff;--button_gradient_top_color:#ffffff;--button_gradient_bottom_color:#ffffff;--button_gradient_top_color_hover:#003167;--button_gradient_bottom_color_hover:#003167;\" target=\"_self\" data-hover=\"bg_slide_right\" href=\"https:\/\/www.gb-mediensysteme.de\/en\/projekte\/first-hybrid-annual-press-conference-of-rheinenergie\/\"><span class=\"fusion-button-text awb-button__text awb-button__text--default\">View project<\/span><i class=\"fa-angle-right fas awb-button__icon awb-button__icon--default button-icon-right\" aria-hidden=\"true\"><\/i><\/a><\/div><\/div><\/div>\n<div class=\"fusion_builder_column fusion-builder-column-73 fusion-flex-column fusion-animated post-card swiper-slide\" style=\"--awb-bg-color:var(--awb-color2);--awb-bg-color-hover:#d3d3d3;--awb-bg-blend:overlay;--awb-bg-size:cover;--awb-transform:scaleX(1) scaleY(1);--awb-transform-hover:scaleX(1.03) scaleY(1.03);--awb-flex-grow:0;--awb-flex-shrink:0;--awb-flex-grow-medium:;--awb-flex-shrink-medium:;--awb-flex-grow-small:;--awb-flex-shrink-small:;\" data-animationType=\"slideShortInUp\" data-animationDuration=\"0.3\" data-animationOffset=\"top-into-view\" data-scroll-devices=\"small-visibility,medium-visibility,large-visibility\"><div class=\"fusion-column-wrapper fusion-column-has-shadow fusion-flex-justify-content-flex-start fusion-content-layout-column fusion-carousel-item-wrapper\"><div class=\"fusion-image-element\" style=\"--awb-aspect-ratio:4 \/ 3;--awb-caption-title-font-family:var(--h2_typography-font-family);--awb-caption-title-font-weight:var(--h2_typography-font-weight);--awb-caption-title-font-style:var(--h2_typography-font-style);--awb-caption-title-size:var(--h2_typography-font-size);--awb-caption-title-transform:var(--h2_typography-text-transform);--awb-caption-title-line-height:var(--h2_typography-line-height);--awb-caption-title-letter-spacing:var(--h2_typography-letter-spacing);--awb-filter:brightness(100%) contrast(100%);--awb-filter-transition:filter 0.3s ease, -webkit-backdrop-filter 0.3s ease, backdrop-filter 0.3s ease;--awb-filter-hover:brightness(110%) contrast(115%);\"><span class=\" fusion-imageframe imageframe-none imageframe-69 hover-type-zoomin has-aspect-ratio\"><img decoding=\"async\" width=\"558\" height=\"786\" alt=\"Grimme Online Award\" title=\"Grimme Online Award\" src=\"https:\/\/www.gb-mediensysteme.de\/wp-content\/uploads\/2020\/11\/grimme-online-award-2.jpg\" class=\"img-responsive wp-image-13707 img-with-aspect-ratio\" data-parent-fit=\"cover\" data-parent-container=\".fusion-image-element\" srcset=\"https:\/\/www.gb-mediensysteme.de\/wp-content\/uploads\/2020\/11\/grimme-online-award-2-200x282.jpg 200w, https:\/\/www.gb-mediensysteme.de\/wp-content\/uploads\/2020\/11\/grimme-online-award-2-400x563.jpg 400w, https:\/\/www.gb-mediensysteme.de\/wp-content\/uploads\/2020\/11\/grimme-online-award-2.jpg 558w\" sizes=\"(max-width: 800px) 100vw, (max-width: 640px) 100vw, 558px\" \/><\/span><\/div><div class=\"fusion-title title fusion-title-70 fusion-sep-none fusion-title-text fusion-title-size-two\" style=\"--awb-margin-top:15px;--awb-margin-right:20px;--awb-margin-left:20px;--awb-margin-top-small:20px;--awb-margin-right-small:0px;--awb-margin-bottom-small:2vh;--awb-margin-left-small:20px;--awb-font-size:20px;\"><h2 class=\"fusion-title-heading title-heading-left fusion-responsive-typography-calculated\" style=\"font-family:&quot;Ubuntu&quot;;font-style:normal;font-weight:400;margin:0;font-size:1em;--fontSize:20;line-height:1.2;\">Grimme Online Award 2020 \u2013 the winner is\u2026<\/h2><\/div><div class=\"fusion-text fusion-text-69\" style=\"--awb-content-alignment:left;--awb-font-size:13px;--awb-margin-right:20px;--awb-margin-left:20px;--awb-text-font-family:&quot;Ubuntu Sans&quot;;--awb-text-font-style:normal;--awb-text-font-weight:300;\"><\/div><div class=\"fusion-separator fusion-full-width-sep\" style=\"align-self: center;margin-left: auto;margin-right: auto;flex-grow:1;width:100%;\"><\/div><div style=\"text-align:left;\"><a class=\"fusion-button button-flat fusion-button-default-size button-scheme-0 fusion-button-scheme-0 button-68 fusion-button-default-span fusion-button-default-type\" style=\"--awb-margin-bottom:20px;--awb-margin-left:20px;--button_accent_color:#003167;--button_border_color:#ffffff;--button_accent_hover_color:#ffffff;--button_border_hover_color:#ffffff;--button_gradient_top_color:#ffffff;--button_gradient_bottom_color:#ffffff;--button_gradient_top_color_hover:#003167;--button_gradient_bottom_color_hover:#003167;\" target=\"_self\" data-hover=\"bg_slide_right\" href=\"https:\/\/www.gb-mediensysteme.de\/en\/projekte\/grimme-online-award-2020-the-winner-is\/\"><span class=\"fusion-button-text awb-button__text awb-button__text--default\">View project<\/span><i class=\"fa-angle-right fas awb-button__icon awb-button__icon--default button-icon-right\" aria-hidden=\"true\"><\/i><\/a><\/div><\/div><\/div>\n<div class=\"fusion_builder_column fusion-builder-column-74 fusion-flex-column fusion-animated post-card swiper-slide\" style=\"--awb-bg-color:var(--awb-color2);--awb-bg-color-hover:#d3d3d3;--awb-bg-blend:overlay;--awb-bg-size:cover;--awb-transform:scaleX(1) scaleY(1);--awb-transform-hover:scaleX(1.03) scaleY(1.03);--awb-flex-grow:0;--awb-flex-shrink:0;--awb-flex-grow-medium:;--awb-flex-shrink-medium:;--awb-flex-grow-small:;--awb-flex-shrink-small:;\" data-animationType=\"slideShortInUp\" data-animationDuration=\"0.3\" data-animationOffset=\"top-into-view\" data-scroll-devices=\"small-visibility,medium-visibility,large-visibility\"><div class=\"fusion-column-wrapper fusion-column-has-shadow fusion-flex-justify-content-flex-start fusion-content-layout-column fusion-carousel-item-wrapper\"><div class=\"fusion-image-element\" style=\"--awb-aspect-ratio:4 \/ 3;--awb-caption-title-font-family:var(--h2_typography-font-family);--awb-caption-title-font-weight:var(--h2_typography-font-weight);--awb-caption-title-font-style:var(--h2_typography-font-style);--awb-caption-title-size:var(--h2_typography-font-size);--awb-caption-title-transform:var(--h2_typography-text-transform);--awb-caption-title-line-height:var(--h2_typography-line-height);--awb-caption-title-letter-spacing:var(--h2_typography-letter-spacing);--awb-filter:brightness(100%) contrast(100%);--awb-filter-transition:filter 0.3s ease, -webkit-backdrop-filter 0.3s ease, backdrop-filter 0.3s ease;--awb-filter-hover:brightness(110%) contrast(115%);\"><span class=\" fusion-imageframe imageframe-none imageframe-70 hover-type-zoomin has-aspect-ratio\"><img decoding=\"async\" width=\"558\" height=\"786\" alt=\"Conference\" title=\"Conference\" src=\"https:\/\/www.gb-mediensysteme.de\/wp-content\/uploads\/2020\/12\/bge-base-1.jpg\" class=\"img-responsive wp-image-13744 img-with-aspect-ratio\" data-parent-fit=\"cover\" data-parent-container=\".fusion-image-element\" srcset=\"https:\/\/www.gb-mediensysteme.de\/wp-content\/uploads\/2020\/12\/bge-base-1-200x282.jpg 200w, https:\/\/www.gb-mediensysteme.de\/wp-content\/uploads\/2020\/12\/bge-base-1-400x563.jpg 400w, https:\/\/www.gb-mediensysteme.de\/wp-content\/uploads\/2020\/12\/bge-base-1.jpg 558w\" sizes=\"(max-width: 800px) 100vw, (max-width: 640px) 100vw, 558px\" \/><\/span><\/div><div class=\"fusion-title title fusion-title-71 fusion-sep-none fusion-title-text fusion-title-size-two\" style=\"--awb-margin-top:15px;--awb-margin-right:20px;--awb-margin-left:20px;--awb-margin-top-small:20px;--awb-margin-right-small:0px;--awb-margin-bottom-small:2vh;--awb-margin-left-small:20px;--awb-font-size:20px;\"><h2 class=\"fusion-title-heading title-heading-left fusion-responsive-typography-calculated\" style=\"font-family:&quot;Ubuntu&quot;;font-style:normal;font-weight:400;margin:0;font-size:1em;--fontSize:20;line-height:1.2;\">In search of a final repository<\/h2><\/div><div class=\"fusion-text fusion-text-70\" style=\"--awb-content-alignment:left;--awb-font-size:13px;--awb-margin-right:20px;--awb-margin-left:20px;--awb-text-font-family:&quot;Ubuntu Sans&quot;;--awb-text-font-style:normal;--awb-text-font-weight:300;\"><p>Camera and video technology, live streaming, and impromptu video calls made it possible for the conference on specialized fields to bring together around 800 participants and facilitate active discussion\u2014all as a dialogue-oriented online event.<\/p>\n<\/div><div class=\"fusion-separator fusion-full-width-sep\" style=\"align-self: center;margin-left: auto;margin-right: auto;flex-grow:1;width:100%;\"><\/div><div style=\"text-align:left;\"><a class=\"fusion-button button-flat fusion-button-default-size button-scheme-0 fusion-button-scheme-0 button-69 fusion-button-default-span fusion-button-default-type\" style=\"--awb-margin-bottom:20px;--awb-margin-left:20px;--button_accent_color:#003167;--button_border_color:#ffffff;--button_accent_hover_color:#ffffff;--button_border_hover_color:#ffffff;--button_gradient_top_color:#ffffff;--button_gradient_bottom_color:#ffffff;--button_gradient_top_color_hover:#003167;--button_gradient_bottom_color_hover:#003167;\" target=\"_self\" data-hover=\"bg_slide_right\" href=\"https:\/\/www.gb-mediensysteme.de\/en\/projekte\/in-search-of-a-repository\/\"><span class=\"fusion-button-text awb-button__text awb-button__text--default\">View project<\/span><i class=\"fa-angle-right fas awb-button__icon awb-button__icon--default button-icon-right\" aria-hidden=\"true\"><\/i><\/a><\/div><\/div><\/div>\n<div class=\"fusion_builder_column fusion-builder-column-75 fusion-flex-column fusion-animated post-card swiper-slide\" style=\"--awb-bg-color:var(--awb-color2);--awb-bg-color-hover:#d3d3d3;--awb-bg-blend:overlay;--awb-bg-size:cover;--awb-transform:scaleX(1) scaleY(1);--awb-transform-hover:scaleX(1.03) scaleY(1.03);--awb-flex-grow:0;--awb-flex-shrink:0;--awb-flex-grow-medium:;--awb-flex-shrink-medium:;--awb-flex-grow-small:;--awb-flex-shrink-small:;\" data-animationType=\"slideShortInUp\" data-animationDuration=\"0.3\" data-animationOffset=\"top-into-view\" data-scroll-devices=\"small-visibility,medium-visibility,large-visibility\"><div class=\"fusion-column-wrapper fusion-column-has-shadow fusion-flex-justify-content-flex-start fusion-content-layout-column fusion-carousel-item-wrapper\"><div class=\"fusion-image-element\" style=\"--awb-aspect-ratio:4 \/ 3;--awb-caption-title-font-family:var(--h2_typography-font-family);--awb-caption-title-font-weight:var(--h2_typography-font-weight);--awb-caption-title-font-style:var(--h2_typography-font-style);--awb-caption-title-size:var(--h2_typography-font-size);--awb-caption-title-transform:var(--h2_typography-text-transform);--awb-caption-title-line-height:var(--h2_typography-line-height);--awb-caption-title-letter-spacing:var(--h2_typography-letter-spacing);--awb-filter:brightness(100%) contrast(100%);--awb-filter-transition:filter 0.3s ease, -webkit-backdrop-filter 0.3s ease, backdrop-filter 0.3s ease;--awb-filter-hover:brightness(110%) contrast(115%);\"><span class=\" fusion-imageframe imageframe-none imageframe-71 hover-type-zoomin has-aspect-ratio\"><img decoding=\"async\" width=\"558\" height=\"786\" alt=\"AGCS Leadership Week\" title=\"AGCS Leadership Week\" src=\"https:\/\/www.gb-mediensysteme.de\/wp-content\/uploads\/2020\/12\/allianz-agcs-leadership-1.jpg\" class=\"img-responsive wp-image-13739 img-with-aspect-ratio\" data-parent-fit=\"cover\" data-parent-container=\".fusion-image-element\" srcset=\"https:\/\/www.gb-mediensysteme.de\/wp-content\/uploads\/2020\/12\/allianz-agcs-leadership-1-200x282.jpg 200w, https:\/\/www.gb-mediensysteme.de\/wp-content\/uploads\/2020\/12\/allianz-agcs-leadership-1-400x563.jpg 400w, https:\/\/www.gb-mediensysteme.de\/wp-content\/uploads\/2020\/12\/allianz-agcs-leadership-1.jpg 558w\" sizes=\"(max-width: 800px) 100vw, (max-width: 640px) 100vw, 558px\" \/><\/span><\/div><div class=\"fusion-title title fusion-title-72 fusion-sep-none fusion-title-text fusion-title-size-two\" style=\"--awb-margin-top:15px;--awb-margin-right:20px;--awb-margin-left:20px;--awb-margin-top-small:20px;--awb-margin-right-small:0px;--awb-margin-bottom-small:2vh;--awb-margin-left-small:20px;--awb-font-size:20px;\"><h2 class=\"fusion-title-heading title-heading-left fusion-responsive-typography-calculated\" style=\"font-family:&quot;Ubuntu&quot;;font-style:normal;font-weight:400;margin:0;font-size:1em;--fontSize:20;line-height:1.2;\">AGCS Leadership Summit digital<\/h2><\/div><div class=\"fusion-text fusion-text-71\" style=\"--awb-content-alignment:left;--awb-font-size:13px;--awb-margin-right:20px;--awb-margin-left:20px;--awb-text-font-family:&quot;Ubuntu Sans&quot;;--awb-text-font-style:normal;--awb-text-font-weight:300;\"><p>Remote streaming, studio and interactive technology made the AGCS Leadership Summit fully digital \u2013 with live remote speakers, parallel studios and active participation from 200 international executives over three days.<\/p>\n<\/div><div class=\"fusion-separator fusion-full-width-sep\" style=\"align-self: center;margin-left: auto;margin-right: auto;flex-grow:1;width:100%;\"><\/div><div style=\"text-align:left;\"><a class=\"fusion-button button-flat fusion-button-default-size button-scheme-0 fusion-button-scheme-0 button-70 fusion-button-default-span fusion-button-default-type\" style=\"--awb-margin-bottom:20px;--awb-margin-left:20px;--button_accent_color:#003167;--button_border_color:#ffffff;--button_accent_hover_color:#ffffff;--button_border_hover_color:#ffffff;--button_gradient_top_color:#ffffff;--button_gradient_bottom_color:#ffffff;--button_gradient_top_color_hover:#003167;--button_gradient_bottom_color_hover:#003167;\" target=\"_self\" data-hover=\"bg_slide_right\" href=\"https:\/\/www.gb-mediensysteme.de\/en\/projekte\/agcs-leadership-summit-digital\/\"><span class=\"fusion-button-text awb-button__text awb-button__text--default\">View project<\/span><i class=\"fa-angle-right fas awb-button__icon awb-button__icon--default button-icon-right\" aria-hidden=\"true\"><\/i><\/a><\/div><\/div><\/div>\n<div class=\"fusion_builder_column fusion-builder-column-76 fusion-flex-column fusion-animated post-card swiper-slide\" style=\"--awb-bg-color:var(--awb-color2);--awb-bg-color-hover:#d3d3d3;--awb-bg-blend:overlay;--awb-bg-size:cover;--awb-transform:scaleX(1) scaleY(1);--awb-transform-hover:scaleX(1.03) scaleY(1.03);--awb-flex-grow:0;--awb-flex-shrink:0;--awb-flex-grow-medium:;--awb-flex-shrink-medium:;--awb-flex-grow-small:;--awb-flex-shrink-small:;\" data-animationType=\"slideShortInUp\" data-animationDuration=\"0.3\" data-animationOffset=\"top-into-view\" data-scroll-devices=\"small-visibility,medium-visibility,large-visibility\"><div class=\"fusion-column-wrapper fusion-column-has-shadow fusion-flex-justify-content-flex-start fusion-content-layout-column fusion-carousel-item-wrapper\"><div class=\"fusion-image-element\" style=\"--awb-aspect-ratio:4 \/ 3;--awb-caption-title-font-family:var(--h2_typography-font-family);--awb-caption-title-font-weight:var(--h2_typography-font-weight);--awb-caption-title-font-style:var(--h2_typography-font-style);--awb-caption-title-size:var(--h2_typography-font-size);--awb-caption-title-transform:var(--h2_typography-text-transform);--awb-caption-title-line-height:var(--h2_typography-line-height);--awb-caption-title-letter-spacing:var(--h2_typography-letter-spacing);--awb-filter:brightness(100%) contrast(100%);--awb-filter-transition:filter 0.3s ease, -webkit-backdrop-filter 0.3s ease, backdrop-filter 0.3s ease;--awb-filter-hover:brightness(110%) contrast(115%);\"><span class=\" fusion-imageframe imageframe-none imageframe-72 hover-type-zoomin has-aspect-ratio\"><img decoding=\"async\" width=\"558\" height=\"786\" alt=\"Eintracht Braunschweig Assembly\" title=\"Eintracht Braunschweig Assembly\" src=\"https:\/\/www.gb-mediensysteme.de\/wp-content\/uploads\/2020\/12\/eintracht-braunschweig-2.jpg\" class=\"img-responsive wp-image-13734 img-with-aspect-ratio\" data-parent-fit=\"cover\" data-parent-container=\".fusion-image-element\" srcset=\"https:\/\/www.gb-mediensysteme.de\/wp-content\/uploads\/2020\/12\/eintracht-braunschweig-2-200x282.jpg 200w, https:\/\/www.gb-mediensysteme.de\/wp-content\/uploads\/2020\/12\/eintracht-braunschweig-2-400x563.jpg 400w, https:\/\/www.gb-mediensysteme.de\/wp-content\/uploads\/2020\/12\/eintracht-braunschweig-2.jpg 558w\" sizes=\"(max-width: 800px) 100vw, (max-width: 640px) 100vw, 558px\" \/><\/span><\/div><div class=\"fusion-title title fusion-title-73 fusion-sep-none fusion-title-text fusion-title-size-two\" style=\"--awb-margin-top:15px;--awb-margin-right:20px;--awb-margin-left:20px;--awb-margin-top-small:20px;--awb-margin-right-small:0px;--awb-margin-bottom-small:2vh;--awb-margin-left-small:20px;--awb-font-size:20px;\"><h2 class=\"fusion-title-heading title-heading-left fusion-responsive-typography-calculated\" style=\"font-family:&quot;Ubuntu&quot;;font-style:normal;font-weight:400;margin:0;font-size:1em;--fontSize:20;line-height:1.2;\">Digital concept also convinces presidents<\/h2><\/div><div class=\"fusion-text fusion-text-72\" style=\"--awb-content-alignment:left;--awb-font-size:13px;--awb-margin-right:20px;--awb-margin-left:20px;--awb-text-font-family:&quot;Ubuntu Sans&quot;;--awb-text-font-style:normal;--awb-text-font-weight:300;\"><p>An interactive streaming platform enabled Eintracht Braunschweig to hold its digital general meeting, featuring a live broadcast from the stadium, as well as votes and elections\u2014all executed as a fully digital event with seamless proceedings.<\/p>\n<\/div><div class=\"fusion-separator fusion-full-width-sep\" style=\"align-self: center;margin-left: auto;margin-right: auto;flex-grow:1;width:100%;\"><\/div><div style=\"text-align:left;\"><a class=\"fusion-button button-flat fusion-button-default-size button-scheme-0 fusion-button-scheme-0 button-71 fusion-button-default-span fusion-button-default-type\" style=\"--awb-margin-bottom:20px;--awb-margin-left:20px;--button_accent_color:#003167;--button_border_color:#ffffff;--button_accent_hover_color:#ffffff;--button_border_hover_color:#ffffff;--button_gradient_top_color:#ffffff;--button_gradient_bottom_color:#ffffff;--button_gradient_top_color_hover:#003167;--button_gradient_bottom_color_hover:#003167;\" target=\"_self\" data-hover=\"bg_slide_right\" href=\"https:\/\/www.gb-mediensysteme.de\/en\/projekte\/digital-concept-also-convinces-presidents\/\"><span class=\"fusion-button-text awb-button__text awb-button__text--default\">View project<\/span><i class=\"fa-angle-right fas awb-button__icon awb-button__icon--default button-icon-right\" aria-hidden=\"true\"><\/i><\/a><\/div><\/div><\/div>\n<\/div><div class=\"awb-swiper-button awb-swiper-button-prev\"><i class=\"awb-icon-angle-left\" aria-hidden=\"true\"><\/i><\/div><div class=\"awb-swiper-button awb-swiper-button-next\"><i class=\"awb-icon-angle-right\" aria-hidden=\"true\"><\/i><\/div><\/div><\/div><\/div><\/div><\/div><div class=\"fusion-fullwidth fullwidth-box fusion-builder-row-6 fusion-flex-container has-pattern-background has-mask-background nonhundred-percent-fullwidth non-hundred-percent-height-scrolling\" style=\"--awb-border-radius-top-left:0px;--awb-border-radius-top-right:0px;--awb-border-radius-bottom-right:0px;--awb-border-radius-bottom-left:0px;--awb-padding-top:0px;--awb-flex-wrap:wrap;\" ><div class=\"fusion-builder-row fusion-row fusion-flex-align-items-flex-start fusion-flex-content-wrap\" style=\"max-width:1406.08px;margin-left: calc(-4% \/ 2 );margin-right: calc(-4% \/ 2 );\"><div class=\"fusion-layout-column fusion_builder_column fusion-builder-column-77 fusion_builder_column_1_1 1_1 fusion-flex-column\" style=\"--awb-bg-size:cover;--awb-width-large:100%;--awb-flex-grow:0;--awb-flex-shrink:0;--awb-margin-top-large:0px;--awb-spacing-right-large:1.92%;--awb-margin-bottom-large:5vh;--awb-spacing-left-large:1.92%;--awb-width-medium:100%;--awb-order-medium:0;--awb-flex-grow-medium:;--awb-flex-shrink-medium:;--awb-spacing-right-medium:1.92%;--awb-spacing-left-medium:1.92%;--awb-width-small:100%;--awb-order-small:0;--awb-flex-grow-small:;--awb-flex-shrink-small:;--awb-spacing-right-small:1.92%;--awb-spacing-left-small:1.92%;\"><div class=\"fusion-column-wrapper fusion-column-has-shadow fusion-flex-justify-content-flex-start fusion-content-layout-column\"><div class=\"fusion-title title fusion-title-74 fusion-sep-none fusion-title-text fusion-title-size-two\" style=\"--awb-margin-top:0px;--awb-margin-top-small:0px;--awb-margin-right-small:0px;--awb-margin-bottom-small:2vh;--awb-margin-left-small:0px;\"><h2 class=\"fusion-title-heading title-heading-left fusion-responsive-typography-calculated\" style=\"margin:0;--fontSize:38.4;line-height:1.2;\">How does the collaboration work?<\/h2><\/div><\/div><\/div><div class=\"fusion-layout-column fusion_builder_column fusion-builder-column-78 fusion_builder_column_1_4 1_4 fusion-flex-column\" style=\"--awb-bg-size:cover;--awb-width-large:25%;--awb-flex-grow:0;--awb-flex-shrink:0;--awb-margin-top-large:0px;--awb-spacing-right-large:7.68%;--awb-margin-bottom-large:5vh;--awb-spacing-left-large:7.68%;--awb-width-medium:100%;--awb-order-medium:0;--awb-flex-grow-medium:;--awb-flex-shrink-medium:;--awb-spacing-right-medium:1.92%;--awb-spacing-left-medium:1.92%;--awb-width-small:100%;--awb-order-small:0;--awb-flex-grow-small:;--awb-flex-shrink-small:;--awb-spacing-right-small:1.92%;--awb-spacing-left-small:1.92%;\"><div class=\"fusion-column-wrapper fusion-column-has-shadow fusion-flex-justify-content-flex-start fusion-content-layout-column\"><div class=\"fusion-image-element\" style=\"--awb-caption-title-font-family:var(--h2_typography-font-family);--awb-caption-title-font-weight:var(--h2_typography-font-weight);--awb-caption-title-font-style:var(--h2_typography-font-style);--awb-caption-title-size:var(--h2_typography-font-size);--awb-caption-title-transform:var(--h2_typography-text-transform);--awb-caption-title-line-height:var(--h2_typography-line-height);--awb-caption-title-letter-spacing:var(--h2_typography-letter-spacing);\"><span class=\" fusion-imageframe imageframe-none imageframe-73 hover-type-none\"><img decoding=\"async\" width=\"512\" height=\"512\" title=\"one grau\" src=\"https:\/\/www.gb-mediensysteme.de\/wp-content\/uploads\/2026\/01\/one-grau.png\" alt class=\"img-responsive wp-image-90322\" srcset=\"https:\/\/www.gb-mediensysteme.de\/wp-content\/uploads\/2026\/01\/one-grau-200x200.png 200w, https:\/\/www.gb-mediensysteme.de\/wp-content\/uploads\/2026\/01\/one-grau-400x400.png 400w, https:\/\/www.gb-mediensysteme.de\/wp-content\/uploads\/2026\/01\/one-grau.png 512w\" sizes=\"(max-width: 800px) 100vw, (max-width: 640px) 100vw, 400px\" \/><\/span><\/div><div class=\"fusion-title title fusion-title-75 fusion-sep-none fusion-title-text fusion-title-size-three\" style=\"--awb-margin-top:0px;--awb-margin-top-small:0px;--awb-margin-right-small:0px;--awb-margin-bottom-small:2vh;--awb-margin-left-small:0px;\"><h3 class=\"fusion-title-heading title-heading-left fusion-responsive-typography-calculated\" style=\"margin:0;--fontSize:28.8;line-height:1.3;\"><h3>Needs assessment<\/h3><\/h3><\/div><div class=\"fusion-text fusion-text-73\"><p>Together, we\u2019ll work out what your goal is and how we can achieve it.<\/p>\n<\/div><\/div><\/div><div class=\"fusion-layout-column fusion_builder_column fusion-builder-column-79 fusion_builder_column_1_4 1_4 fusion-flex-column\" style=\"--awb-bg-size:cover;--awb-width-large:25%;--awb-flex-grow:0;--awb-flex-shrink:0;--awb-margin-top-large:0px;--awb-spacing-right-large:7.68%;--awb-margin-bottom-large:5vh;--awb-spacing-left-large:7.68%;--awb-width-medium:100%;--awb-order-medium:0;--awb-flex-grow-medium:;--awb-flex-shrink-medium:;--awb-spacing-right-medium:1.92%;--awb-spacing-left-medium:1.92%;--awb-width-small:100%;--awb-order-small:0;--awb-flex-grow-small:;--awb-flex-shrink-small:;--awb-spacing-right-small:1.92%;--awb-spacing-left-small:1.92%;\"><div class=\"fusion-column-wrapper fusion-column-has-shadow fusion-flex-justify-content-flex-start fusion-content-layout-column\"><div class=\"fusion-image-element\" style=\"--awb-caption-title-font-family:var(--h2_typography-font-family);--awb-caption-title-font-weight:var(--h2_typography-font-weight);--awb-caption-title-font-style:var(--h2_typography-font-style);--awb-caption-title-size:var(--h2_typography-font-size);--awb-caption-title-transform:var(--h2_typography-text-transform);--awb-caption-title-line-height:var(--h2_typography-line-height);--awb-caption-title-letter-spacing:var(--h2_typography-letter-spacing);\"><span class=\" fusion-imageframe imageframe-none imageframe-74 hover-type-none\"><img decoding=\"async\" width=\"512\" height=\"512\" title=\"two grau\" src=\"https:\/\/www.gb-mediensysteme.de\/wp-content\/uploads\/2026\/01\/two-grau.png\" alt class=\"img-responsive wp-image-90324\" srcset=\"https:\/\/www.gb-mediensysteme.de\/wp-content\/uploads\/2026\/01\/two-grau-200x200.png 200w, https:\/\/www.gb-mediensysteme.de\/wp-content\/uploads\/2026\/01\/two-grau-400x400.png 400w, https:\/\/www.gb-mediensysteme.de\/wp-content\/uploads\/2026\/01\/two-grau.png 512w\" sizes=\"(max-width: 800px) 100vw, (max-width: 640px) 100vw, 400px\" \/><\/span><\/div><div class=\"fusion-title title fusion-title-76 fusion-sep-none fusion-title-text fusion-title-size-three\" style=\"--awb-margin-top:0px;--awb-margin-top-small:0px;--awb-margin-right-small:0px;--awb-margin-bottom-small:2vh;--awb-margin-left-small:0px;\"><h3 class=\"fusion-title-heading title-heading-left fusion-responsive-typography-calculated\" style=\"margin:0;--fontSize:28.8;line-height:1.3;\"><h3>Concept development<\/h3><\/h3><\/div><div class=\"fusion-text fusion-text-74\"><p>We will draw up the design, complete with a cost breakdown, until it is ready for approval.<\/p>\n<\/div><\/div><\/div><div class=\"fusion-layout-column fusion_builder_column fusion-builder-column-80 fusion_builder_column_1_4 1_4 fusion-flex-column\" style=\"--awb-bg-size:cover;--awb-width-large:25%;--awb-flex-grow:0;--awb-flex-shrink:0;--awb-margin-top-large:0px;--awb-spacing-right-large:7.68%;--awb-margin-bottom-large:5vh;--awb-spacing-left-large:7.68%;--awb-width-medium:100%;--awb-order-medium:0;--awb-flex-grow-medium:;--awb-flex-shrink-medium:;--awb-spacing-right-medium:1.92%;--awb-spacing-left-medium:1.92%;--awb-width-small:100%;--awb-order-small:0;--awb-flex-grow-small:;--awb-flex-shrink-small:;--awb-spacing-right-small:1.92%;--awb-spacing-left-small:1.92%;\"><div class=\"fusion-column-wrapper fusion-column-has-shadow fusion-flex-justify-content-flex-start fusion-content-layout-column\"><div class=\"fusion-image-element\" style=\"--awb-caption-title-font-family:var(--h2_typography-font-family);--awb-caption-title-font-weight:var(--h2_typography-font-weight);--awb-caption-title-font-style:var(--h2_typography-font-style);--awb-caption-title-size:var(--h2_typography-font-size);--awb-caption-title-transform:var(--h2_typography-text-transform);--awb-caption-title-line-height:var(--h2_typography-line-height);--awb-caption-title-letter-spacing:var(--h2_typography-letter-spacing);\"><span class=\" fusion-imageframe imageframe-none imageframe-75 hover-type-none\"><img decoding=\"async\" width=\"512\" height=\"512\" title=\"three grau\" src=\"https:\/\/www.gb-mediensysteme.de\/wp-content\/uploads\/2026\/01\/three-grau.png\" alt class=\"img-responsive wp-image-90326\" srcset=\"https:\/\/www.gb-mediensysteme.de\/wp-content\/uploads\/2026\/01\/three-grau-200x200.png 200w, https:\/\/www.gb-mediensysteme.de\/wp-content\/uploads\/2026\/01\/three-grau-400x400.png 400w, https:\/\/www.gb-mediensysteme.de\/wp-content\/uploads\/2026\/01\/three-grau.png 512w\" sizes=\"(max-width: 800px) 100vw, (max-width: 640px) 100vw, 400px\" \/><\/span><\/div><div class=\"fusion-title title fusion-title-77 fusion-sep-none fusion-title-text fusion-title-size-three\" style=\"--awb-margin-top:0px;--awb-margin-top-small:0px;--awb-margin-right-small:0px;--awb-margin-bottom-small:2vh;--awb-margin-left-small:0px;\"><h3 class=\"fusion-title-heading title-heading-left fusion-responsive-typography-calculated\" style=\"margin:0;--fontSize:28.8;line-height:1.3;\"><h3>Implementation<\/h3><\/h3><\/div><div class=\"fusion-text fusion-text-75\"><p>We are putting our arrangements into action and setting up at the venue for the final check.<\/p>\n<\/div><\/div><\/div><div class=\"fusion-layout-column fusion_builder_column fusion-builder-column-81 fusion_builder_column_1_4 1_4 fusion-flex-column\" style=\"--awb-bg-size:cover;--awb-width-large:25%;--awb-flex-grow:0;--awb-flex-shrink:0;--awb-margin-top-large:0px;--awb-spacing-right-large:7.68%;--awb-margin-bottom-large:5vh;--awb-spacing-left-large:7.68%;--awb-width-medium:100%;--awb-order-medium:0;--awb-flex-grow-medium:;--awb-flex-shrink-medium:;--awb-spacing-right-medium:1.92%;--awb-spacing-left-medium:1.92%;--awb-width-small:100%;--awb-order-small:0;--awb-flex-grow-small:;--awb-flex-shrink-small:;--awb-spacing-right-small:1.92%;--awb-spacing-left-small:1.92%;\"><div class=\"fusion-column-wrapper fusion-column-has-shadow fusion-flex-justify-content-flex-start fusion-content-layout-column\"><div class=\"fusion-image-element\" style=\"--awb-caption-title-font-family:var(--h2_typography-font-family);--awb-caption-title-font-weight:var(--h2_typography-font-weight);--awb-caption-title-font-style:var(--h2_typography-font-style);--awb-caption-title-size:var(--h2_typography-font-size);--awb-caption-title-transform:var(--h2_typography-text-transform);--awb-caption-title-line-height:var(--h2_typography-line-height);--awb-caption-title-letter-spacing:var(--h2_typography-letter-spacing);\"><span class=\" fusion-imageframe imageframe-none imageframe-76 hover-type-none\"><img decoding=\"async\" width=\"512\" height=\"512\" title=\"four grau\" src=\"https:\/\/www.gb-mediensysteme.de\/wp-content\/uploads\/2026\/01\/four-grau.png\" alt class=\"img-responsive wp-image-90328\" srcset=\"https:\/\/www.gb-mediensysteme.de\/wp-content\/uploads\/2026\/01\/four-grau-200x200.png 200w, https:\/\/www.gb-mediensysteme.de\/wp-content\/uploads\/2026\/01\/four-grau-400x400.png 400w, https:\/\/www.gb-mediensysteme.de\/wp-content\/uploads\/2026\/01\/four-grau.png 512w\" sizes=\"(max-width: 800px) 100vw, (max-width: 640px) 100vw, 400px\" \/><\/span><\/div><div class=\"fusion-title title fusion-title-78 fusion-sep-none fusion-title-text fusion-title-size-three\" style=\"--awb-margin-top:0px;--awb-margin-top-small:0px;--awb-margin-right-small:0px;--awb-margin-bottom-small:2vh;--awb-margin-left-small:0px;\"><h3 class=\"fusion-title-heading title-heading-left fusion-responsive-typography-calculated\" style=\"margin:0;--fontSize:28.8;line-height:1.3;\"><h3>Trade fair support<\/h3><\/h3><\/div><div class=\"fusion-text fusion-text-76\"><p>We will support you throughout the trade fair and then review our collaboration.<\/p>\n<\/div><\/div><\/div><\/div><\/div><div class=\"fusion-fullwidth fullwidth-box fusion-builder-row-7 fusion-flex-container has-pattern-background has-mask-background nonhundred-percent-fullwidth non-hundred-percent-height-scrolling\" style=\"--awb-border-radius-top-left:0px;--awb-border-radius-top-right:0px;--awb-border-radius-bottom-right:0px;--awb-border-radius-bottom-left:0px;--awb-background-color:var(--awb-color2);--awb-flex-wrap:wrap;\" ><div class=\"fusion-builder-row fusion-row fusion-flex-align-items-flex-start fusion-flex-content-wrap\" style=\"max-width:1406.08px;margin-left: calc(-4% \/ 2 );margin-right: calc(-4% \/ 2 );\"><div class=\"fusion-layout-column fusion_builder_column fusion-builder-column-82 fusion_builder_column_1_1 1_1 fusion-flex-column\" style=\"--awb-bg-size:cover;--awb-width-large:100%;--awb-flex-grow:0;--awb-flex-shrink:0;--awb-margin-top-large:0px;--awb-spacing-right-large:1.92%;--awb-margin-bottom-large:5vh;--awb-spacing-left-large:1.92%;--awb-width-medium:100%;--awb-order-medium:0;--awb-flex-grow-medium:;--awb-flex-shrink-medium:;--awb-spacing-right-medium:1.92%;--awb-spacing-left-medium:1.92%;--awb-width-small:100%;--awb-order-small:0;--awb-flex-grow-small:;--awb-flex-shrink-small:;--awb-spacing-right-small:1.92%;--awb-spacing-left-small:1.92%;\"><div class=\"fusion-column-wrapper fusion-column-has-shadow fusion-flex-justify-content-flex-start fusion-content-layout-column\"><div class=\"fusion-title title fusion-title-79 fusion-sep-none fusion-title-text fusion-title-size-two\" style=\"--awb-margin-top:0px;--awb-margin-top-small:0px;--awb-margin-right-small:0px;--awb-margin-bottom-small:2vh;--awb-margin-left-small:0px;\"><h2 class=\"fusion-title-heading title-heading-left fusion-responsive-typography-calculated\" style=\"margin:0;--fontSize:38.4;line-height:1.2;\">Virtual trade fairs, hybrid or on-site<\/h2><\/div><div class=\"fusion-text fusion-text-77 \"><p>Whether it\u2019s a virtual, hybrid or in-person trade fair, at G+B tradition and digitalisation come together to form a holistic trade fair concept. We help you design and deliver your trade fair presence in the best possible way. By presenting your brand in the ideal way, you\u2019ll always reach your target audience \u2013 whether in person, with a digital extension, or entirely virtually.<\/p>\n<\/div><div class=\"fusion-text fusion-text-78\"><div class=\"col-xs-12 telefon text-center\"><i class=\"fas fa-phone-alt iconDistance\"><\/i><a href=\"tel:+4922042040\">+49 2204 204-0<\/a><\/div>\n<\/p>\n<div class=\"col-xs-12 email text-center\"><i class=\"fas fa-envelope iconDistance\"><\/i><a href=\"mailto:messekontakt@gb-rental.com\">messekontakt@gb-rental.com<\/a><\/div>\n<\/div><\/div><\/div><\/div><\/div><div class=\"fusion-fullwidth fullwidth-box fusion-builder-row-8 fusion-flex-container has-pattern-background has-mask-background nonhundred-percent-fullwidth non-hundred-percent-height-scrolling\" style=\"--awb-border-radius-top-left:0px;--awb-border-radius-top-right:0px;--awb-border-radius-bottom-right:0px;--awb-border-radius-bottom-left:0px;--awb-padding-bottom:10vh;--awb-flex-wrap:wrap;\" ><div class=\"fusion-builder-row fusion-row fusion-flex-align-items-flex-start fusion-flex-content-wrap\" style=\"max-width:1406.08px;margin-left: calc(-4% \/ 2 );margin-right: calc(-4% \/ 2 );\"><div class=\"fusion-layout-column fusion_builder_column fusion-builder-column-83 fusion_builder_column_1_1 1_1 fusion-flex-column\" style=\"--awb-bg-size:cover;--awb-width-large:100%;--awb-flex-grow:0;--awb-flex-shrink:0;--awb-margin-top-large:0px;--awb-spacing-right-large:1.92%;--awb-margin-bottom-large:0px;--awb-spacing-left-large:1.92%;--awb-width-medium:100%;--awb-order-medium:0;--awb-flex-grow-medium:;--awb-flex-shrink-medium:;--awb-spacing-right-medium:1.92%;--awb-spacing-left-medium:1.92%;--awb-width-small:100%;--awb-order-small:0;--awb-flex-grow-small:;--awb-flex-shrink-small:;--awb-spacing-right-small:1.92%;--awb-spacing-left-small:1.92%;\"><div class=\"fusion-column-wrapper fusion-column-has-shadow fusion-flex-justify-content-flex-start fusion-content-layout-column\"><div class=\"fusion-title title fusion-title-80 fusion-sep-none fusion-title-text fusion-title-size-two\" style=\"--awb-margin-top:0px;--awb-margin-top-small:0px;--awb-margin-right-small:0px;--awb-margin-bottom-small:2vh;--awb-margin-left-small:0px;\"><h2 class=\"fusion-title-heading title-heading-left fusion-responsive-typography-calculated\" style=\"margin:0;--fontSize:38.4;line-height:1.2;\">Gahrens und Battermann is a permanent trade fair partner at the following German trade fair locations<\/h2><\/div><div class=\"fusion-builder-row fusion-builder-row-inner fusion-row fusion-flex-align-items-flex-start fusion-flex-content-wrap\" style=\"--awb-flex-grow:0;--awb-flex-grow-medium:0;--awb-flex-grow-small:0;--awb-flex-shrink:0;--awb-flex-shrink-medium:0;--awb-flex-shrink-small:0;width:104% !important;max-width:104% !important;margin-left: calc(-4% \/ 2 );margin-right: calc(-4% \/ 2 );\"><div class=\"fusion-layout-column fusion_builder_column_inner fusion-builder-nested-column-0 fusion_builder_column_inner_1_5 1_5 fusion-flex-column\" style=\"--awb-bg-size:cover;--awb-width-large:20%;--awb-margin-top-large:0px;--awb-spacing-right-large:9.6%;--awb-margin-bottom-large:5vh;--awb-spacing-left-large:9.6%;--awb-width-medium:100%;--awb-order-medium:0;--awb-spacing-right-medium:1.92%;--awb-spacing-left-medium:1.92%;--awb-width-small:100%;--awb-order-small:0;--awb-spacing-right-small:1.92%;--awb-spacing-left-small:1.92%;\"><div class=\"fusion-column-wrapper fusion-column-has-shadow fusion-flex-justify-content-flex-start fusion-content-layout-column\"><div class=\"fusion-image-element\" style=\"--awb-caption-title-font-family:var(--h2_typography-font-family);--awb-caption-title-font-weight:var(--h2_typography-font-weight);--awb-caption-title-font-style:var(--h2_typography-font-style);--awb-caption-title-size:var(--h2_typography-font-size);--awb-caption-title-transform:var(--h2_typography-text-transform);--awb-caption-title-line-height:var(--h2_typography-line-height);--awb-caption-title-letter-spacing:var(--h2_typography-letter-spacing);\"><span class=\" fusion-imageframe imageframe-none imageframe-77 hover-type-none\"><a class=\"fusion-no-lightbox\" href=\"https:\/\/www.messe-berlin.de\/en\" target=\"_blank\" aria-label=\"Trade fair Berlin\" rel=\"noopener noreferrer\"><img decoding=\"async\" width=\"1200\" height=\"852\" alt=\"Plan and organize trade fairs in Berlin with Gahrens as your permanent trade fair partner Messe Berlin \u2013 exterior view of the exhibition center\" src=\"https:\/\/www.gb-mediensysteme.de\/wp-content\/uploads\/2024\/04\/messe-berlin.jpg\" class=\"img-responsive wp-image-57413\"\/><\/a><\/span><\/div><div class=\"fusion-text fusion-text-79\"><h3>Berlin Exhibition Centre<\/h3>\n<\/div><\/div><\/div><div class=\"fusion-layout-column fusion_builder_column_inner fusion-builder-nested-column-1 fusion_builder_column_inner_1_5 1_5 fusion-flex-column\" style=\"--awb-bg-size:cover;--awb-width-large:20%;--awb-margin-top-large:0px;--awb-spacing-right-large:9.6%;--awb-margin-bottom-large:5vh;--awb-spacing-left-large:9.6%;--awb-width-medium:100%;--awb-order-medium:0;--awb-spacing-right-medium:1.92%;--awb-spacing-left-medium:1.92%;--awb-width-small:100%;--awb-order-small:0;--awb-spacing-right-small:1.92%;--awb-spacing-left-small:1.92%;\"><div class=\"fusion-column-wrapper fusion-column-has-shadow fusion-flex-justify-content-flex-start fusion-content-layout-column\"><div class=\"fusion-image-element\" style=\"--awb-caption-title-font-family:var(--h2_typography-font-family);--awb-caption-title-font-weight:var(--h2_typography-font-weight);--awb-caption-title-font-style:var(--h2_typography-font-style);--awb-caption-title-size:var(--h2_typography-font-size);--awb-caption-title-transform:var(--h2_typography-text-transform);--awb-caption-title-line-height:var(--h2_typography-line-height);--awb-caption-title-letter-spacing:var(--h2_typography-letter-spacing);\"><span class=\" fusion-imageframe imageframe-none imageframe-78 hover-type-none\"><a class=\"fusion-no-lightbox\" href=\"https:\/\/www.hamburg-messe.de\/services\/ausstellen\/servicepartner\" target=\"_blank\" aria-label=\"Hamburg Fair and Congress\" rel=\"noopener noreferrer\"><img decoding=\"async\" width=\"1008\" height=\"715\" alt=\"Regular trade fair partner of Hamburg Messe und Congress - Exterior view of the exhibition building\" src=\"https:\/\/www.gb-mediensysteme.de\/wp-content\/uploads\/2020\/11\/partner-netzwerk-hamburg.jpg\" class=\"img-responsive wp-image-4638\" srcset=\"https:\/\/www.gb-mediensysteme.de\/wp-content\/uploads\/2020\/11\/partner-netzwerk-hamburg-200x142.jpg 200w, https:\/\/www.gb-mediensysteme.de\/wp-content\/uploads\/2020\/11\/partner-netzwerk-hamburg-400x284.jpg 400w, https:\/\/www.gb-mediensysteme.de\/wp-content\/uploads\/2020\/11\/partner-netzwerk-hamburg-600x426.jpg 600w, https:\/\/www.gb-mediensysteme.de\/wp-content\/uploads\/2020\/11\/partner-netzwerk-hamburg-800x567.jpg 800w, https:\/\/www.gb-mediensysteme.de\/wp-content\/uploads\/2020\/11\/partner-netzwerk-hamburg.jpg 1008w\" sizes=\"(max-width: 800px) 100vw, (max-width: 640px) 100vw, 400px\" \/><\/a><\/span><\/div><div class=\"fusion-text fusion-text-80\"><h3>Hamburg Exhibition and Congress Centre<\/h3>\n<\/div><\/div><\/div><div class=\"fusion-layout-column fusion_builder_column_inner fusion-builder-nested-column-2 fusion_builder_column_inner_1_5 1_5 fusion-flex-column\" style=\"--awb-bg-size:cover;--awb-width-large:20%;--awb-margin-top-large:0px;--awb-spacing-right-large:9.6%;--awb-margin-bottom-large:5vh;--awb-spacing-left-large:9.6%;--awb-width-medium:100%;--awb-order-medium:0;--awb-spacing-right-medium:1.92%;--awb-spacing-left-medium:1.92%;--awb-width-small:100%;--awb-order-small:0;--awb-spacing-right-small:1.92%;--awb-spacing-left-small:1.92%;\"><div class=\"fusion-column-wrapper fusion-column-has-shadow fusion-flex-justify-content-flex-start fusion-content-layout-column\"><div class=\"fusion-image-element\" style=\"--awb-caption-title-font-family:var(--h2_typography-font-family);--awb-caption-title-font-weight:var(--h2_typography-font-weight);--awb-caption-title-font-style:var(--h2_typography-font-style);--awb-caption-title-size:var(--h2_typography-font-size);--awb-caption-title-transform:var(--h2_typography-text-transform);--awb-caption-title-line-height:var(--h2_typography-line-height);--awb-caption-title-letter-spacing:var(--h2_typography-letter-spacing);\"><span class=\" fusion-imageframe imageframe-none imageframe-79 hover-type-none\"><a class=\"fusion-no-lightbox\" href=\"https:\/\/www.messe.de\/en\/\" target=\"_blank\" aria-label=\"German Trade Fair Hanover\" rel=\"noopener noreferrer\"><img decoding=\"async\" width=\"1200\" height=\"852\" alt=\"Permanent partner of Hanover Messe - Exterior view\" src=\"https:\/\/www.gb-mediensysteme.de\/wp-content\/uploads\/2020\/11\/partner-netzwerk-deutsche-messe-hannover.jpg\" class=\"img-responsive wp-image-4641\" srcset=\"https:\/\/www.gb-mediensysteme.de\/wp-content\/uploads\/2020\/11\/partner-netzwerk-deutsche-messe-hannover-200x142.jpg 200w, https:\/\/www.gb-mediensysteme.de\/wp-content\/uploads\/2020\/11\/partner-netzwerk-deutsche-messe-hannover-400x284.jpg 400w, https:\/\/www.gb-mediensysteme.de\/wp-content\/uploads\/2020\/11\/partner-netzwerk-deutsche-messe-hannover-600x426.jpg 600w, https:\/\/www.gb-mediensysteme.de\/wp-content\/uploads\/2020\/11\/partner-netzwerk-deutsche-messe-hannover-800x568.jpg 800w, https:\/\/www.gb-mediensysteme.de\/wp-content\/uploads\/2020\/11\/partner-netzwerk-deutsche-messe-hannover.jpg 1200w\" sizes=\"(max-width: 800px) 100vw, (max-width: 640px) 100vw, 400px\" \/><\/a><\/span><\/div><div class=\"fusion-text fusion-text-81\"><h3>German Trade Fair Hanover<\/h3>\n<\/div><\/div><\/div><div class=\"fusion-layout-column fusion_builder_column_inner fusion-builder-nested-column-3 fusion_builder_column_inner_1_5 1_5 fusion-flex-column\" style=\"--awb-bg-size:cover;--awb-width-large:20%;--awb-margin-top-large:0px;--awb-spacing-right-large:9.6%;--awb-margin-bottom-large:5vh;--awb-spacing-left-large:9.6%;--awb-width-medium:100%;--awb-order-medium:0;--awb-spacing-right-medium:1.92%;--awb-spacing-left-medium:1.92%;--awb-width-small:100%;--awb-order-small:0;--awb-spacing-right-small:1.92%;--awb-spacing-left-small:1.92%;\"><div class=\"fusion-column-wrapper fusion-column-has-shadow fusion-flex-justify-content-flex-start fusion-content-layout-column\"><div class=\"fusion-image-element\" style=\"--awb-caption-title-font-family:var(--h2_typography-font-family);--awb-caption-title-font-weight:var(--h2_typography-font-weight);--awb-caption-title-font-style:var(--h2_typography-font-style);--awb-caption-title-size:var(--h2_typography-font-size);--awb-caption-title-transform:var(--h2_typography-text-transform);--awb-caption-title-line-height:var(--h2_typography-line-height);--awb-caption-title-letter-spacing:var(--h2_typography-letter-spacing);\"><span class=\" fusion-imageframe imageframe-none imageframe-80 hover-type-none\"><a class=\"fusion-no-lightbox\" href=\"https:\/\/www.messefrankfurt.com\/frankfurt\/de.html\" target=\"_blank\" aria-label=\"Frankfurt Fair\" rel=\"noopener noreferrer\"><img decoding=\"async\" width=\"1008\" height=\"715\" alt=\"Regular partner of Messe Frankfurt - Exterior view of the exhibition building\" src=\"https:\/\/www.gb-mediensysteme.de\/wp-content\/uploads\/2020\/11\/partner-netzwerk-frankfurt.jpg\" class=\"img-responsive wp-image-4643\" srcset=\"https:\/\/www.gb-mediensysteme.de\/wp-content\/uploads\/2020\/11\/partner-netzwerk-frankfurt-200x142.jpg 200w, https:\/\/www.gb-mediensysteme.de\/wp-content\/uploads\/2020\/11\/partner-netzwerk-frankfurt-400x284.jpg 400w, https:\/\/www.gb-mediensysteme.de\/wp-content\/uploads\/2020\/11\/partner-netzwerk-frankfurt-600x426.jpg 600w, https:\/\/www.gb-mediensysteme.de\/wp-content\/uploads\/2020\/11\/partner-netzwerk-frankfurt-800x567.jpg 800w, https:\/\/www.gb-mediensysteme.de\/wp-content\/uploads\/2020\/11\/partner-netzwerk-frankfurt.jpg 1008w\" sizes=\"(max-width: 800px) 100vw, (max-width: 640px) 100vw, 400px\" \/><\/a><\/span><\/div><div class=\"fusion-text fusion-text-82\"><h3>Frankfurt Trade Fair<\/h3>\n<\/div><\/div><\/div><div class=\"fusion-layout-column fusion_builder_column_inner fusion-builder-nested-column-4 fusion_builder_column_inner_1_5 1_5 fusion-flex-column\" style=\"--awb-bg-size:cover;--awb-width-large:20%;--awb-margin-top-large:0px;--awb-spacing-right-large:9.6%;--awb-margin-bottom-large:5vh;--awb-spacing-left-large:9.6%;--awb-width-medium:100%;--awb-order-medium:0;--awb-spacing-right-medium:1.92%;--awb-spacing-left-medium:1.92%;--awb-width-small:100%;--awb-order-small:0;--awb-spacing-right-small:1.92%;--awb-spacing-left-small:1.92%;\"><div class=\"fusion-column-wrapper fusion-column-has-shadow fusion-flex-justify-content-flex-start fusion-content-layout-column\"><div class=\"fusion-image-element\" style=\"--awb-caption-title-font-family:var(--h2_typography-font-family);--awb-caption-title-font-weight:var(--h2_typography-font-weight);--awb-caption-title-font-style:var(--h2_typography-font-style);--awb-caption-title-size:var(--h2_typography-font-size);--awb-caption-title-transform:var(--h2_typography-text-transform);--awb-caption-title-line-height:var(--h2_typography-line-height);--awb-caption-title-letter-spacing:var(--h2_typography-letter-spacing);\"><span class=\" fusion-imageframe imageframe-none imageframe-81 hover-type-none\"><a class=\"fusion-no-lightbox\" href=\"https:\/\/messe-muenchen.de\/en\/services\/exhibitors.html#standequipment\" target=\"_blank\" aria-label=\"Munich Fair\" rel=\"noopener noreferrer\"><img decoding=\"async\" width=\"1200\" height=\"852\" alt=\"Long-standing partner of Messe M\u00fcnchen - Exterior view of the exhibition center\" src=\"https:\/\/www.gb-mediensysteme.de\/wp-content\/uploads\/2020\/11\/partner-netzwerke-muenchen.jpg\" class=\"img-responsive wp-image-4645\" srcset=\"https:\/\/www.gb-mediensysteme.de\/wp-content\/uploads\/2020\/11\/partner-netzwerke-muenchen-200x142.jpg 200w, https:\/\/www.gb-mediensysteme.de\/wp-content\/uploads\/2020\/11\/partner-netzwerke-muenchen-400x284.jpg 400w, https:\/\/www.gb-mediensysteme.de\/wp-content\/uploads\/2020\/11\/partner-netzwerke-muenchen-600x426.jpg 600w, https:\/\/www.gb-mediensysteme.de\/wp-content\/uploads\/2020\/11\/partner-netzwerke-muenchen-800x568.jpg 800w, https:\/\/www.gb-mediensysteme.de\/wp-content\/uploads\/2020\/11\/partner-netzwerke-muenchen.jpg 1200w\" sizes=\"(max-width: 800px) 100vw, (max-width: 640px) 100vw, 400px\" \/><\/a><\/span><\/div><div class=\"fusion-text fusion-text-83\"><h3>Munich Exhibition Centre<\/h3>\n<\/div><\/div><\/div><\/div><div class=\"fusion-text fusion-text-84\"><h3>Would you like more information? Here are some insights from technology expert G+B.<\/h3>\n<\/div><div ><a class=\"fusion-button button-flat fusion-button-default-size button-default fusion-button-default button-72 fusion-button-default-span fusion-button-default-type\" target=\"_self\" href=\"https:\/\/www.gb-mediensysteme.de\/en\/plan-and-organize-trade-fairs\/\"><span class=\"fusion-button-text awb-button__text awb-button__text--default\">Plan and organize trade shows<\/span><\/a><\/div><\/div><\/div><\/div><\/div><div class=\"fusion-fullwidth fullwidth-box fusion-builder-row-9 fusion-flex-container hundred-percent-fullwidth non-hundred-percent-height-scrolling\" style=\"--awb-border-radius-top-left:0px;--awb-border-radius-top-right:0px;--awb-border-radius-bottom-right:0px;--awb-border-radius-bottom-left:0px;--awb-padding-top:0px;--awb-padding-right:0px;--awb-padding-bottom:0px;--awb-padding-left:0px;--awb-min-height:80vh;--awb-flex-wrap:wrap;\" ><div class=\"fusion-builder-row fusion-row fusion-flex-align-items-flex-start fusion-flex-content-wrap\" style=\"width:104% !important;max-width:104% !important;margin-left: calc(-4% \/ 2 );margin-right: calc(-4% \/ 2 );\"><div class=\"fusion-layout-column fusion_builder_column fusion-builder-column-84 fusion_builder_column_1_1 1_1 fusion-flex-column fusion-flex-align-self-stretch centerItemsVertical\" style=\"--awb-padding-left-small:0px;--awb-bg-size:cover;--awb-width-large:100%;--awb-flex-grow:0;--awb-flex-shrink:0;--awb-margin-top-large:0px;--awb-spacing-right-large:1.92%;--awb-margin-bottom-large:0px;--awb-spacing-left-large:1.92%;--awb-width-medium:100%;--awb-order-medium:0;--awb-flex-grow-medium:;--awb-flex-shrink-medium:;--awb-spacing-right-medium:1.92%;--awb-spacing-left-medium:1.92%;--awb-width-small:100%;--awb-order-small:0;--awb-flex-grow-small:;--awb-flex-shrink-small:;--awb-spacing-right-small:1.92%;--awb-spacing-left-small:1.92%;\"><div class=\"fusion-column-wrapper fusion-column-has-shadow fusion-flex-justify-content-flex-start fusion-content-layout-column\">\t\t\t\t\t<div class=\"fusion-slider-container fusion-slider-sc-messen-zitate-en fusion-slider-136 full-width-slider\" style=\"height:300px; max-width:100%;\" data-id=\"136\" data-full_height=\"1\">\n\t\t\t\t\t\t<style type=\"text\/css\">.fusion-slider-136 .flex-direction-nav a {width:63px;height:63px;line-height:63px;font-size:25px;}<\/style>\t\t\t\t\t\t<div class=\"fusion-slider-loading\">Loading...<\/div>\n\t\t\t\t\t\t<div class=\"tfs-slider flexslider main-flex full-width-slider\" data-slider_width=\"100%\" data-slider_height=\"300px\" data-full_screen=\"\" data-nav_box_width=\"63px\" data-nav_box_height=\"63px\" data-nav_arrow_size=\"25px\" style=\"max-width:100%;\">\n\t\t\t\t\t\t\t<ul class=\"slides\">\n\t\t\t\t\t\t\t\t\t\t\t\t\t\t\t\t\t<li data-mute=\"yes\" data-loop=\"yes\" data-autoplay=\"yes\">\n\t\t\t\t\t\t\t\t\t\t<div class=\"slide-content-container slide-content-center\" style=\"display: none;\">\n\t\t\t\t\t\t\t\t\t\t\t<div class=\"slide-content\" style=\"\">\n\t\t\t\t\t\t\t\t\t\t\t\t\t\t\t\t\t\t\t\t\t\t\t\t\t<div class=\"heading \">\n\t\t\t\t\t\t\t\t\t\t\t\t\t\t<div class=\"fusion-title-sc-wrapper\" style=\"\">\n\t\t\t\t\t\t\t\t\t\t\t\t\t\t\t<div class=\"fusion-title title fusion-title-81 fusion-sep-none fusion-title-center fusion-title-text fusion-title-size-three\" style=\"--awb-text-color:#ffffff;--awb-margin-top:0px;--awb-margin-bottom:0px;--awb-margin-top-small:0px;--awb-margin-right-small:0px;--awb-margin-bottom-small:2vh;--awb-margin-left-small:0px;--awb-sep-color:#ffffff;--awb-font-size:32px;\"><h3 class=\"fusion-title-heading title-heading-center fusion-responsive-typography-calculated\" style=\"margin:0;font-size:1em;--fontSize:32;line-height:1.2;\"><p class=\"sm1-zitat sm1-zitat-slider\">\"For our hybrid events Automechanika Frankfurt Digital Plus and Hypermotion Frankfurt, we couldn't have asked for better technology partners. The team at G+B is always competently available to us with advice and support for digital and hybrid events.\"<\/p><\/h3><\/div>\t\t\t\t\t\t\t\t\t\t\t\t\t\t<\/div>\n\t\t\t\t\t\t\t\t\t\t\t\t\t<\/div>\n\t\t\t\t\t\t\t\t\t\t\t\t\t\t\t\t\t\t\t\t\t\t\t\t\t\t\t\t\t\t\t\t\t\t\t\t\t<div class=\"caption \">\n\t\t\t\t\t\t\t\t\t\t\t\t\t\t<div class=\"fusion-title-sc-wrapper\" style=\"\">\n\t\t\t\t\t\t\t\t\t\t\t\t\t\t\t<div class=\"fusion-title title fusion-title-82 fusion-sep-none fusion-title-center fusion-title-text fusion-title-size-four\" style=\"--awb-text-color:#ffffff;--awb-margin-top:0px;--awb-margin-bottom:0px;--awb-margin-top-small:0px;--awb-margin-right-small:0px;--awb-margin-bottom-small:2vh;--awb-margin-left-small:0px;--awb-sep-color:#ffffff;--awb-font-size:20px;\"><h4 class=\"fusion-title-heading title-heading-center fusion-responsive-typography-calculated\" style=\"margin:0;font-size:1em;--fontSize:20;line-height:1.2;\"><p class=\"sm1-zitat-person\">Helena Harms-Janssen, Project Manager Automechanika Frankfurt<\/p><\/h4><\/div>\t\t\t\t\t\t\t\t\t\t\t\t\t\t<\/div>\n\t\t\t\t\t\t\t\t\t\t\t\t\t<\/div>\n\t\t\t\t\t\t\t\t\t\t\t\t\t\t\t\t\t\t\t\t\t\t\t\t\t\t\t\t\t\t\t\t\t\t\t\t\t<div class=\"buttons\" >\n\t\t\t\t\t\t\t\t\t\t\t\t\t\t\t\t\t\t\t\t\t\t\t\t\t\t\t\t\t\t\t\t\t\t\t\t\t\t\t\t\t<\/div>\n\t\t\t\t\t\t\t\t\t\t\t\t\t\t\t\t\t\t\t\t\t\t\t<\/div>\n\t\t\t\t\t\t\t\t\t\t<\/div>\n\t\t\t\t\t\t\t\t\t\t\t\t\t\t\t\t\t\t\t\t\t\t\t\t\t\t\t\t\t\t\t\t\t\t\t\t\t\t\t\t<div class=\"background background-image\" style=\"background-image: url(https:\/\/www.gb-mediensysteme.de\/wp-content\/uploads\/2026\/07\/automechanika.jpg);max-width:100%;height:300px;filter: progid:DXImageTransform.Microsoft.AlphaImageLoader(src='https:\/\/www.gb-mediensysteme.de\/wp-content\/uploads\/2026\/07\/automechanika.jpg', sizingMethod='scale');\" data-imgwidth=\"1920\">\n\t\t\t\t\t\t\t\t\t\t\t\t\t\t\t\t\t\t\t\t\t\t\t\t\t\t\t\t\t\t\t\t\t\t\t\t\t\t\t\t\t\t\t\t\t\t\t\t\t\t\t\t\t\t\t\t\t\t\t\t\t\t\t\t\t\t<\/div>\n\t\t\t\t\t\t\t\t\t<\/li>\n\t\t\t\t\t\t\t\t\t\t\t\t\t\t\t\t\t\t\t\t\t\t\t<\/ul>\n\t\t\t\t\t\t<\/div>\n\t\t\t\t\t<\/div>\n\t\t\t\t\t\t\t\t<\/div><\/div><\/div><\/div><div class=\"fusion-fullwidth fullwidth-box fusion-builder-row-10 fusion-flex-container has-pattern-background has-mask-background nonhundred-percent-fullwidth non-hundred-percent-height-scrolling sm1-digital-solution-advantages\" style=\"--awb-border-radius-top-left:0px;--awb-border-radius-top-right:0px;--awb-border-radius-bottom-right:0px;--awb-border-radius-bottom-left:0px;--awb-flex-wrap:wrap;\" ><div class=\"fusion-builder-row fusion-row fusion-flex-align-items-center fusion-flex-justify-content-center fusion-flex-content-wrap\" style=\"max-width:1406.08px;margin-left: calc(-4% \/ 2 );margin-right: calc(-4% \/ 2 );\"><div class=\"fusion-layout-column fusion_builder_column fusion-builder-column-85 fusion_builder_column_2_3 2_3 fusion-flex-column secondaryBackground sm1-padding-5\" style=\"--awb-bg-size:cover;--awb-width-large:66.666666666667%;--awb-flex-grow:0;--awb-flex-shrink:0;--awb-margin-top-large:0px;--awb-spacing-right-large:2.88%;--awb-margin-bottom-large:0px;--awb-spacing-left-large:2.88%;--awb-width-medium:100%;--awb-order-medium:0;--awb-flex-grow-medium:;--awb-flex-shrink-medium:;--awb-spacing-right-medium:1.92%;--awb-spacing-left-medium:1.92%;--awb-width-small:100%;--awb-order-small:0;--awb-flex-grow-small:;--awb-flex-shrink-small:;--awb-spacing-right-small:1.92%;--awb-spacing-left-small:1.92%;\" data-scroll-devices=\"small-visibility,medium-visibility,large-visibility\"><div class=\"fusion-column-wrapper fusion-column-has-shadow fusion-flex-justify-content-flex-start fusion-content-layout-column\"><div class=\"fusion-title title fusion-title-83 fusion-sep-none fusion-title-text fusion-title-size-three\" style=\"--awb-margin-top:0px;--awb-margin-top-small:0px;--awb-margin-right-small:0px;--awb-margin-bottom-small:2vh;--awb-margin-left-small:0px;\"><h3 class=\"fusion-title-heading title-heading-left fusion-responsive-typography-calculated\" style=\"margin:0;--fontSize:28.8;line-height:1.3;\"><p style=\"text-align: left;\"><strong>Questions and answers about the trade fair<\/strong><\/p><\/h3><\/div><div class=\"accordian fusion-accordian noTogglePadding\" style=\"--awb-border-size:0px;--awb-icon-size:13px;--awb-content-font-size:16px;--awb-icon-alignment:left;--awb-hover-color:#ffffff;--awb-border-color:#2a2e38;--awb-background-color:#ffffff;--awb-divider-color:#003167;--awb-divider-hover-color:#003167;--awb-icon-color:#ffffff;--awb-title-color:#e30054;--awb-content-color:#001c31;--awb-icon-box-color:#001c31;--awb-toggle-hover-accent-color:#e30054;--awb-title-font-family:&quot;Ubuntu&quot;;--awb-title-font-weight:400;--awb-title-font-style:normal;--awb-title-font-size:24px;--awb-content-font-family:&quot;Ubuntu&quot;;--awb-content-font-style:normal;--awb-content-font-weight:regular;\"><div class=\"panel-group fusion-toggle-icon-boxed\" id=\"accordion-22442-1\"><div class=\"fusion-panel panel-default panel-b5c65356074b92677 fusion-toggle-no-divider fusion-toggle-boxed-mode\"><div class=\"panel-heading\"><h4 class=\"panel-title toggle\" id=\"toggle_b5c65356074b92677\"><a class=\"active\" aria-expanded=\"true\" aria-controls=\"b5c65356074b92677\" role=\"button\" data-toggle=\"collapse\" data-parent=\"#accordion-22442-1\" data-target=\"#b5c65356074b92677\" href=\"#b5c65356074b92677\"><span class=\"fusion-toggle-icon-wrapper\" aria-hidden=\"true\"><i class=\"fa-fusion-box active-icon awb-icon-minus\" aria-hidden=\"true\"><\/i><i class=\"fa-fusion-box inactive-icon awb-icon-plus\" aria-hidden=\"true\"><\/i><\/span><span class=\"fusion-toggle-heading\">What services does G+B offer for my trade fair stand?<\/span><\/a><\/h4><\/div><div id=\"b5c65356074b92677\" class=\"panel-collapse collapse in\" aria-labelledby=\"toggle_b5c65356074b92677\"><div class=\"panel-body toggle-content fusion-clearfix\">\nAs a full-service provider, we supply the entire range of media and event technology required for your trade fair stand: lighting and rigging, audio technology, video and media technology, networking and IT technology. We also have suitable digital solutions for <a title=\"Attendee Management\" href=\"https:\/\/www.gb-mediensysteme.de\/en\/digital-solutions\/participant-management\/\">on-site visitor registration<\/a>, the management of your conference rooms and interactive experiences. We are your expert partner for trade fairs, stand construction and trade fair technology, as well as virtual trade fairs.<\/div><\/div><\/div><div class=\"fusion-panel panel-default panel-26d4c384ecf8f67aa fusion-toggle-no-divider fusion-toggle-boxed-mode\"><div class=\"panel-heading\"><h4 class=\"panel-title toggle\" id=\"toggle_26d4c384ecf8f67aa\"><a aria-expanded=\"false\" aria-controls=\"26d4c384ecf8f67aa\" role=\"button\" data-toggle=\"collapse\" data-parent=\"#accordion-22442-1\" data-target=\"#26d4c384ecf8f67aa\" href=\"#26d4c384ecf8f67aa\"><span class=\"fusion-toggle-icon-wrapper\" aria-hidden=\"true\"><i class=\"fa-fusion-box active-icon awb-icon-minus\" aria-hidden=\"true\"><\/i><i class=\"fa-fusion-box inactive-icon awb-icon-plus\" aria-hidden=\"true\"><\/i><\/span><span class=\"fusion-toggle-heading\">Can G+B support me in hosting a virtual or hybrid trade show?<\/span><\/a><\/h4><\/div><div id=\"26d4c384ecf8f67aa\" class=\"panel-collapse collapse \" aria-labelledby=\"toggle_26d4c384ecf8f67aa\"><div class=\"panel-body toggle-content fusion-clearfix\">\nWe are your expert partner for hybrid or virtual trade fairs. Our digital event solutions have been in use by our clients for many years. As a result, we were able to adapt very quickly to the new challenges posed by the pandemic. Our high-quality event technology, our digital solutions and our experienced staff are ideally suited to organising trade fairs, whether virtual or hybrid. Our expertise lies in <a title=\"Event streaming\" href=\"https:\/\/www.gb-mediensysteme.de\/en\/digital-solutions\/event-streaming\/\">event streaming<\/a>, but we are also your full-service provider for all other aspects of virtual trade fairs.<\/div><\/div><\/div><div class=\"fusion-panel panel-default panel-ca507672bdd7696a3 fusion-toggle-no-divider fusion-toggle-boxed-mode\"><div class=\"panel-heading\"><h4 class=\"panel-title toggle\" id=\"toggle_ca507672bdd7696a3\"><a aria-expanded=\"false\" aria-controls=\"ca507672bdd7696a3\" role=\"button\" data-toggle=\"collapse\" data-parent=\"#accordion-22442-1\" data-target=\"#ca507672bdd7696a3\" href=\"#ca507672bdd7696a3\"><span class=\"fusion-toggle-icon-wrapper\" aria-hidden=\"true\"><i class=\"fa-fusion-box active-icon awb-icon-minus\" aria-hidden=\"true\"><\/i><i class=\"fa-fusion-box inactive-icon awb-icon-plus\" aria-hidden=\"true\"><\/i><\/span><span class=\"fusion-toggle-heading\">How does communication work if I am based in Hanover and a trade fair is taking place in Berlin, for example?<\/span><\/a><\/h4><\/div><div id=\"ca507672bdd7696a3\" class=\"panel-collapse collapse \" aria-labelledby=\"toggle_ca507672bdd7696a3\"><div class=\"panel-body toggle-content fusion-clearfix\">\nYour point of contact will always be the person based closest to you. Throughout the entire trade fair project, you will have a dedicated point of contact who is thoroughly familiar with your project and who will coordinate the team on site for you.<\/div><\/div><\/div><div class=\"fusion-panel panel-default panel-85098ba96756410dc fusion-toggle-no-divider fusion-toggle-boxed-mode\"><div class=\"panel-heading\"><h4 class=\"panel-title toggle\" id=\"toggle_85098ba96756410dc\"><a aria-expanded=\"false\" aria-controls=\"85098ba96756410dc\" role=\"button\" data-toggle=\"collapse\" data-parent=\"#accordion-22442-1\" data-target=\"#85098ba96756410dc\" href=\"#85098ba96756410dc\"><span class=\"fusion-toggle-icon-wrapper\" aria-hidden=\"true\"><i class=\"fa-fusion-box active-icon awb-icon-minus\" aria-hidden=\"true\"><\/i><i class=\"fa-fusion-box inactive-icon awb-icon-plus\" aria-hidden=\"true\"><\/i><\/span><span class=\"fusion-toggle-heading\">How does the exchange of documents take place during trade fair planning?<\/span><\/a><\/h4><\/div><div id=\"85098ba96756410dc\" class=\"panel-collapse collapse \" aria-labelledby=\"toggle_85098ba96756410dc\"><div class=\"panel-body toggle-content fusion-clearfix\">\nWe have access to and use standard planning tools such as CAD, Autostage and VectorWorks when <strong>planning exhibitions<\/strong>. This enables us to exchange data in the file format of your choice and to collaborate. We have created symbols for the equipment in our hire fleet, making visualisation quick and easy. In addition, we have technical drawings showing the dimensions and weights of all the equipment in our hire fleet. For data exchange, we can provide you with cloud storage or set up a Teams group in collaboration with you.<\/div><\/div><\/div><div class=\"fusion-panel panel-default panel-ba77b5b78e7f542cb fusion-toggle-no-divider fusion-toggle-boxed-mode\" style=\"--awb-title-color:#e30054;--awb-content-color:#001c31;\"><div class=\"panel-heading\"><h4 class=\"panel-title toggle\" id=\"toggle_ba77b5b78e7f542cb\"><a aria-expanded=\"false\" aria-controls=\"ba77b5b78e7f542cb\" role=\"button\" data-toggle=\"collapse\" data-parent=\"#accordion-22442-1\" data-target=\"#ba77b5b78e7f542cb\" href=\"#ba77b5b78e7f542cb\"><span class=\"fusion-toggle-icon-wrapper\" aria-hidden=\"true\"><i class=\"fa-fusion-box active-icon awb-icon-minus\" aria-hidden=\"true\"><\/i><i class=\"fa-fusion-box inactive-icon awb-icon-plus\" aria-hidden=\"true\"><\/i><\/span><span class=\"fusion-toggle-heading\">What advantage do I have as a trade fair customer from the partnerships in Berlin, Hamburg, Hanover, Frankfurt and Munich?<\/span><\/a><\/h4><\/div><div id=\"ba77b5b78e7f542cb\" class=\"panel-collapse collapse \" aria-labelledby=\"toggle_ba77b5b78e7f542cb\"><div class=\"panel-body toggle-content fusion-clearfix\">\nIn short: greater security, faster service, low logistics costs and on-site technicians.<\/p>\n<p>Thanks to our proximity to the exhibition venue, our exhibition team has in-depth and excellent local knowledge of the exhibition grounds, the on-site conditions, the requirements, key contacts, etc. Our local warehouse for <strong>exhibition technology<\/strong> and our on-site team are often able to step in at short notice. Our special access permit allows us to operate on the grounds before, during and immediately after a <strong>trade fair <\/strong>. This ensures that everything runs smoothly. Please feel free to contact us if you have any further questions!<\/div><\/div><\/div><\/div><\/div><div class=\"accordian fusion-accordian noTogglePadding\" style=\"--awb-border-size:0px;--awb-icon-size:13px;--awb-content-font-size:16px;--awb-icon-alignment:left;--awb-hover-color:#ffffff;--awb-border-color:#2a2e38;--awb-background-color:#ffffff;--awb-divider-color:#003167;--awb-divider-hover-color:#003167;--awb-icon-color:#ffffff;--awb-title-color:#e30054;--awb-content-color:#001c31;--awb-icon-box-color:#001c31;--awb-toggle-hover-accent-color:#e30054;--awb-title-font-family:&quot;Ubuntu&quot;;--awb-title-font-weight:400;--awb-title-font-style:normal;--awb-title-font-size:24px;--awb-content-font-family:&quot;Ubuntu&quot;;--awb-content-font-style:normal;--awb-content-font-weight:regular;\"><div class=\"panel-group fusion-toggle-icon-boxed\" id=\"accordion-22442-2\"><div class=\"fusion-panel panel-default panel-13e93bb9f88971813 fusion-toggle-no-divider fusion-toggle-boxed-mode\"><div class=\"panel-heading\"><h4 class=\"panel-title toggle\" id=\"toggle_13e93bb9f88971813\"><a aria-expanded=\"false\" aria-controls=\"13e93bb9f88971813\" role=\"button\" data-toggle=\"collapse\" data-parent=\"#accordion-22442-2\" data-target=\"#13e93bb9f88971813\" href=\"#13e93bb9f88971813\"><span class=\"fusion-toggle-icon-wrapper\" aria-hidden=\"true\"><i class=\"fa-fusion-box active-icon awb-icon-minus\" aria-hidden=\"true\"><\/i><i class=\"fa-fusion-box inactive-icon awb-icon-plus\" aria-hidden=\"true\"><\/i><\/span><span class=\"fusion-toggle-heading\">Can G+B also support me at a trade fair abroad?<\/span><\/a><\/h4><\/div><div id=\"13e93bb9f88971813\" class=\"panel-collapse collapse \" aria-labelledby=\"toggle_13e93bb9f88971813\"><div class=\"panel-body toggle-content fusion-clearfix\">\nOf course, we can also assist you with a <strong>trade fair stand<\/strong> abroad. We have already impressed our clients and all trade fair visitors at numerous events across Europe (Amsterdam, Paris, London, Madrid, Barcelona, Birmingham, Glasgow) and worldwide (Detroit, Moscow, Singapore, Tokyo). If you are planning a <strong>trade fair<\/strong> abroad, please do not hesitate to contact us. We\u2019d be happy to advise you in person!<\/div><\/div><\/div><div class=\"fusion-panel panel-default panel-7cfbba40200d9bd71 fusion-toggle-no-divider fusion-toggle-boxed-mode\"><div class=\"panel-heading\"><h4 class=\"panel-title toggle\" id=\"toggle_7cfbba40200d9bd71\"><a aria-expanded=\"false\" aria-controls=\"7cfbba40200d9bd71\" role=\"button\" data-toggle=\"collapse\" data-parent=\"#accordion-22442-2\" data-target=\"#7cfbba40200d9bd71\" href=\"#7cfbba40200d9bd71\"><span class=\"fusion-toggle-icon-wrapper\" aria-hidden=\"true\"><i class=\"fa-fusion-box active-icon awb-icon-minus\" aria-hidden=\"true\"><\/i><i class=\"fa-fusion-box inactive-icon awb-icon-plus\" aria-hidden=\"true\"><\/i><\/span><span class=\"fusion-toggle-heading\">How does G+B visualize my trade fair ideas?<\/span><\/a><\/h4><\/div><div id=\"7cfbba40200d9bd71\" class=\"panel-collapse collapse \" aria-labelledby=\"toggle_7cfbba40200d9bd71\"><div class=\"panel-body toggle-content fusion-clearfix\">\nDo you have a brilliant idea for your <strong> exhibition stand <\/strong> and need help with visualising and bringing it to life? We offer a range of options to help you visualise the final result: using renderings or visualisations, we can give you a 1:1 preview; trial set-ups or the advance dispatch of exhibition equipment to a stand builder for installation are also possible. Our aim is for you to be completely satisfied with your exhibition presence.<\/div><\/div><\/div><div class=\"fusion-panel panel-default panel-fa7759d635f64446d fusion-toggle-no-divider fusion-toggle-boxed-mode\"><div class=\"panel-heading\"><h4 class=\"panel-title toggle\" id=\"toggle_fa7759d635f64446d\"><a aria-expanded=\"false\" aria-controls=\"fa7759d635f64446d\" role=\"button\" data-toggle=\"collapse\" data-parent=\"#accordion-22442-2\" data-target=\"#fa7759d635f64446d\" href=\"#fa7759d635f64446d\"><span class=\"fusion-toggle-icon-wrapper\" aria-hidden=\"true\"><i class=\"fa-fusion-box active-icon awb-icon-minus\" aria-hidden=\"true\"><\/i><i class=\"fa-fusion-box inactive-icon awb-icon-plus\" aria-hidden=\"true\"><\/i><\/span><span class=\"fusion-toggle-heading\">Is it possible to set up the booth ahead of time?<\/span><\/a><\/h4><\/div><div id=\"fa7759d635f64446d\" class=\"panel-collapse collapse \" aria-labelledby=\"toggle_fa7759d635f64446d\"><div class=\"panel-body toggle-content fusion-clearfix\">\nIt is also possible to set up your exhibition stand before the official stand-building period begins. In the case of an early set-up, the materials and <strong>exhibition technology<\/strong> will only be charged for the actual days of use, not for days on which the materials are installed but not in use. However, if the lead time is very long, transport days may be charged. Please do get in touch with us if you are interested!<\/div><\/div><\/div><div class=\"fusion-panel panel-default panel-2834bc3a003549c3e fusion-toggle-no-divider fusion-toggle-boxed-mode\"><div class=\"panel-heading\"><h4 class=\"panel-title toggle\" id=\"toggle_2834bc3a003549c3e\"><a aria-expanded=\"false\" aria-controls=\"2834bc3a003549c3e\" role=\"button\" data-toggle=\"collapse\" data-parent=\"#accordion-22442-2\" data-target=\"#2834bc3a003549c3e\" href=\"#2834bc3a003549c3e\"><span class=\"fusion-toggle-icon-wrapper\" aria-hidden=\"true\"><i class=\"fa-fusion-box active-icon awb-icon-minus\" aria-hidden=\"true\"><\/i><i class=\"fa-fusion-box inactive-icon awb-icon-plus\" aria-hidden=\"true\"><\/i><\/span><span class=\"fusion-toggle-heading\">Do you plan to include hanging points?<\/span><\/a><\/h4><\/div><div id=\"2834bc3a003549c3e\" class=\"panel-collapse collapse \" aria-labelledby=\"toggle_2834bc3a003549c3e\"><div class=\"panel-body toggle-content fusion-clearfix\">\nAs your service provider, we are happy to plan the positioning of the suspension points and place an order with the exhibition organiser. Structural calculations are also part of our service portfolio. Often, the actual installation of the suspension points is carried out by a specialist local company.<\/div><\/div><\/div><div class=\"fusion-panel panel-default panel-4452d11cef5249c71 fusion-toggle-no-divider fusion-toggle-boxed-mode\"><div class=\"panel-heading\"><h4 class=\"panel-title toggle\" id=\"toggle_4452d11cef5249c71\"><a aria-expanded=\"false\" aria-controls=\"4452d11cef5249c71\" role=\"button\" data-toggle=\"collapse\" data-parent=\"#accordion-22442-2\" data-target=\"#4452d11cef5249c71\" href=\"#4452d11cef5249c71\"><span class=\"fusion-toggle-icon-wrapper\" aria-hidden=\"true\"><i class=\"fa-fusion-box active-icon awb-icon-minus\" aria-hidden=\"true\"><\/i><i class=\"fa-fusion-box inactive-icon awb-icon-plus\" aria-hidden=\"true\"><\/i><\/span><span class=\"fusion-toggle-heading\">Is a turn-on service possible on the first day of the fair or every morning?<\/span><\/a><\/h4><\/div><div id=\"4452d11cef5249c71\" class=\"panel-collapse collapse \" aria-labelledby=\"toggle_4452d11cef5249c71\"><div class=\"panel-body toggle-content fusion-clearfix\">\nYou can also count on us to switch on the event and exhibition equipment at the start of the exhibition.<\/div><\/div><\/div><\/div><\/div><\/div><\/div><\/div><\/div><\/p>\n","protected":false},"excerpt":{"rendered":"","protected":false},"author":15,"featured_media":0,"parent":19670,"menu_order":0,"comment_status":"closed","ping_status":"closed","template":"100-width.php","meta":{"footnotes":""},"class_list":["post-91907","page","type-page","status-publish","hentry"],"_links":{"self":[{"href":"https:\/\/www.gb-mediensysteme.de\/en\/wp-json\/wp\/v2\/pages\/91907","targetHints":{"allow":["GET"]}}],"collection":[{"href":"https:\/\/www.gb-mediensysteme.de\/en\/wp-json\/wp\/v2\/pages"}],"about":[{"href":"https:\/\/www.gb-mediensysteme.de\/en\/wp-json\/wp\/v2\/types\/page"}],"author":[{"embeddable":true,"href":"https:\/\/www.gb-mediensysteme.de\/en\/wp-json\/wp\/v2\/users\/15"}],"replies":[{"embeddable":true,"href":"https:\/\/www.gb-mediensysteme.de\/en\/wp-json\/wp\/v2\/comments?post=91907"}],"version-history":[{"count":22,"href":"https:\/\/www.gb-mediensysteme.de\/en\/wp-json\/wp\/v2\/pages\/91907\/revisions"}],"predecessor-version":[{"id":102206,"href":"https:\/\/www.gb-mediensysteme.de\/en\/wp-json\/wp\/v2\/pages\/91907\/revisions\/102206"}],"up":[{"embeddable":true,"href":"https:\/\/www.gb-mediensysteme.de\/en\/wp-json\/wp\/v2\/pages\/19670"}],"wp:attachment":[{"href":"https:\/\/www.gb-mediensysteme.de\/en\/wp-json\/wp\/v2\/media?parent=91907"}],"curies":[{"name":"wp","href":"https:\/\/api.w.org\/{rel}","templated":true}]}}